{"id":11268,"date":"2016-03-21T19:28:26","date_gmt":"2016-03-21T19:28:26","guid":{"rendered":"http:\/\/race01.wp\/resources\/dia-internacional-para-la-eliminacion-de-la-discriminacion-racial\/"},"modified":"2023-05-10T10:39:15","modified_gmt":"2023-05-10T10:39:15","slug":"dia-internacional-para-la-eliminacion-de-la-discriminacion-racial","status":"publish","type":"resources","link":"https:\/\/raceandequality.org\/es\/resources\/dia-internacional-para-la-eliminacion-de-la-discriminacion-racial\/","title":{"rendered":"D\u00eda Internacional para la Eliminaci\u00f3n de la Discriminaci\u00f3n Racial"},"content":{"rendered":"<p><strong>21 de marzo, 2016:<\/strong> D\u00eda Internacional para la Eliminaci\u00f3n de la Discriminaci\u00f3n Racial:<\/p>\n<p>\u201cRetos en la Lucha Contra la Discriminaci\u00f3n en Contra de los Afrodescendientes en las Am\u00e9ricas\u201d<\/p>\n<p>A pesar del hecho de que son casi 200 millones de personas en las Am\u00e9ricas, los afrodescendientes siguen sufriendo una discriminaci\u00f3n generalizada. Desde las calles de Ferguson, Missouri y Baltimore, Maryland en los Estados Unidos hasta las favelas de Rio de Janeiro, Salvador de Bahia o Recife en Brasil; desde las calles de Buenaventura o Cali en Colombia hasta las de Santo Domingo en la Rep\u00fablica Dominicana, en todo el hemisferio los j\u00f3venes afrodescendientes enfrentan la pr\u00e1ctica de perfil racial y la brutalidad policial.<\/p>\n<p>En <strong>Colombia,<\/strong> los afrodescendientes e ind\u00edgenas han sido impactados de manera desproporcionada por la larga guerra civil. En comparaci\u00f3n con otros grupos \u00e9tnicos, tienen un menor nivel de representaci\u00f3n en el gobierno y padecen de tazas m\u00e1s altas de pobreza y violencia; representan el 40% de las personas desplazadas por el conflicto. El Departamento de Choc\u00f3, donde la mayor\u00eda de la poblaci\u00f3n es afrodescendiente, sigue siendo el m\u00e1s pobre del pa\u00eds. En agosto del 2015, mientras el gobierno colombiano y las FARC progresaban con las negociones que dar\u00e1n fin al conflicto armado, durante el \u00faltimo examen de Colombia frente al Comit\u00e9 para la Eliminaci\u00f3n de la Discriminaci\u00f3n Racial de las Naciones Unidas CERD, el Comit\u00e9 enf\u00e1ticamente recomend\u00f3 al Estado colombiano la inclusi\u00f3n de los afrodescendientes e ind\u00edgenas en el Proceso de Paz.<\/p>\n<p>En <strong>Cuba,<\/strong> donde seg\u00fan datos oficiales los afrocubanos son 36% de la poblaci\u00f3n, desde 1961 el r\u00e9gimen castrista ha proclamado la eliminaci\u00f3n de la discriminaci\u00f3n racial en toda la isla. Sin embargo, los afrocubanos todav\u00eda no se han beneficiado de las peque\u00f1as pero importantes oportunidades emergentes en el pa\u00eds, especialmente en el trabajo por cuenta propia o en el turismo, donde el gobierno ha mostrado una preferencia al contratar a \u00a0Cubanos con piel blanca.<\/p>\n<p>En la <strong>Rep\u00fablica Dominicana<\/strong>, afrodominicanos y dominicanos de ascendencia haitiana siguen sufriendo de discriminaci\u00f3n basada en el color de su piel, origen nacional o linaje. Una pol\u00edtica de desnacionalizar a cientos de miles de Dominico-Haitianos y una larga historia de deportaciones masivas sigue demostrando que la discriminaci\u00f3n no siempre es una cuesti\u00f3n de blanco y negro. En la Rep\u00fablica Dominicana, los afrodominicanos siguen discriminando a otros afrodescendientes, sean Haitianos o Dominicano-Haitianos.<\/p>\n<p>En <strong>Brasil<\/strong>, donde las100 millones de personas de ascendencia africana\u201452% de la poblaci\u00f3n\u2014representan la mayor cantidad de afrodescendientes fuera del continente africano, la violencia estructural, la pobreza y el racismo afectan la vida diaria de afrobrasile\u00f1os, en especial a las mujeres y los j\u00f3venes. En un estudio de ONU Mujeres el a\u00f1o pasado, se encontr\u00f3 que mientras la violencia dom\u00e9stica en contra de las brasile\u00f1as blancas decay\u00f3 un 10% durante la \u00faltima d\u00e9cada, en el mismo periodo la violencia dom\u00e9stica sufrida por las afrobrasile\u00f1as increment\u00f3 por 54%.<\/p>\n<p>En <strong>Per\u00fa<\/strong>, donde los afroperuanos no han sido contados en un censo nacional desde 1940, la pobreza, el desempleo, la falta de acceso a servicios de saludo de buena calidad y la sub-representaci\u00f3n en todas las esferas del gobierno sigue siendo la norma, los afroperuanos contin\u00faan su lucha por visibilizar los problemas que enfrentan. Al mismo tiempo, es de suma importancia que los afroperuanos est\u00e9n contados con precisi\u00f3n en el censo del 2017.<\/p>\n<p>En la <strong>Asamblea General de la Organizaci\u00f3n de los Estados Americanos<\/strong> (OEA), celebrada en Antigua Guatemala en el 2013, los Estados miembros de la OEA aprobaron la Convenci\u00f3n Interamericana Contra el Racismo, la Discriminaci\u00f3n Racial y Formas Conexas de Intolerancia. Hasta la fecha, nueve pa\u00edses han firmado la Convenci\u00f3n, pero ninguno la ha ratificado. Nuestro papel durante el Decenio Internacional para los Afrodescendientes es asegurar que la Convenci\u00f3n entre en vigor antes del cierre del Decenio.<\/p>\n<p>El 21 de marzo tiene un significado importante en la lucha por acabar con la pol\u00edtica de apartheid, que segregaba a la gente basado en su raza y denegaba los derechos fundamentales de las personas no blancas. Fue en este d\u00eda, en 1960, que la polic\u00eda sudafricana dispar\u00f3 en contra de una protesta pac\u00edfica, lo cual result\u00f3 en la muerte de 69 personas y muchas mas quedaron heridas. El p\u00fablico se hab\u00eda reunido afuera de una comisar\u00eda del <em>township<\/em> de Sharpeville, para protestar la <em>ley de pases<\/em> del pa\u00eds sudafricano, la cual restring\u00eda el movimiento de personas no-blancas en las \u00e1reas reservadas para la gente blanca.<\/p>\n<p>Solo d\u00edas despu\u00e9s del brutal ataque, la masacre de Sharpeville impuls\u00f3 la primera resoluci\u00f3n del Consejo de Seguridad de las Naciones Unidas que llam\u00f3 al gobierno de Sud\u00e1frica abandonar el apartheid y \u201ciniciar medidas con el fin de crear la harmon\u00eda racial basada en la igualdad\u201d. La masacre tambi\u00e9n condujo a la adopci\u00f3n de la Resoluci\u00f3n 2142 (XXI) de la Asamblea General de la ONU, que proclama el 21 de marzo el D\u00eda Internacional Para la Eliminaci\u00f3n de la Discriminaci\u00f3n Racial, a celebrarse cada a\u00f1o.<\/p>\n","protected":false},"excerpt":{"rendered":"<p>21 de marzo, 2016: D\u00eda Internacional para la Eliminaci\u00f3n de la Discriminaci\u00f3n Racial: \u201cRetos en la Lucha Contra la Discriminaci\u00f3n en Contra de los Afrodescendientes en las Am\u00e9ricas\u201d A pesar [&hellip;]<\/p>\n","protected":false},"author":15,"featured_media":8595,"parent":0,"menu_order":0,"template":"","format":"standard","categories":[1165],"resources_country":[],"resources_language":[],"resources_audience":[],"resources_format":[],"resources_topic":[1109],"resources_year":[],"class_list":["post-11268","resources","type-resources","status-publish","format-standard","has-post-thumbnail","hentry","category-blog-es","resources_topic-raza-e-igualdad"],"acf":[],"aioseo_notices":[],"_links":{"self":[{"href":"https:\/\/raceandequality.org\/es\/wp-json\/wp\/v2\/resources\/11268","targetHints":{"allow":["GET"]}}],"collection":[{"href":"https:\/\/raceandequality.org\/es\/wp-json\/wp\/v2\/resources"}],"about":[{"href":"https:\/\/raceandequality.org\/es\/wp-json\/wp\/v2\/types\/resources"}],"author":[{"embeddable":true,"href":"https:\/\/raceandequality.org\/es\/wp-json\/wp\/v2\/users\/15"}],"wp:featuredmedia":[{"embeddable":true,"href":"https:\/\/raceandequality.org\/es\/wp-json\/wp\/v2\/media\/8595"}],"wp:attachment":[{"href":"https:\/\/raceandequality.org\/es\/wp-json\/wp\/v2\/media?parent=11268"}],"wp:term":[{"taxonomy":"category","embeddable":true,"href":"https:\/\/raceandequality.org\/es\/wp-json\/wp\/v2\/categories?post=11268"},{"taxonomy":"resources_country","embeddable":true,"href":"https:\/\/raceandequality.org\/es\/wp-json\/wp\/v2\/resources_country?post=11268"},{"taxonomy":"resources_language","embeddable":true,"href":"https:\/\/raceandequality.org\/es\/wp-json\/wp\/v2\/resources_language?post=11268"},{"taxonomy":"resources_audience","embeddable":true,"href":"https:\/\/raceandequality.org\/es\/wp-json\/wp\/v2\/resources_audience?post=11268"},{"taxonomy":"resources_format","embeddable":true,"href":"https:\/\/raceandequality.org\/es\/wp-json\/wp\/v2\/resources_format?post=11268"},{"taxonomy":"resources_topic","embeddable":true,"href":"https:\/\/raceandequality.org\/es\/wp-json\/wp\/v2\/resources_topic?post=11268"},{"taxonomy":"resources_year","embeddable":true,"href":"https:\/\/raceandequality.org\/es\/wp-json\/wp\/v2\/resources_year?post=11268"}],"curies":[{"name":"wp","href":"https:\/\/api.w.org\/{rel}","templated":true}]}}