{"id":11269,"date":"2016-03-23T17:44:47","date_gmt":"2016-03-23T17:44:47","guid":{"rendered":"http:\/\/race01.wp\/resources\/comision-etnica-para-la-paz-y-la-defensa-de-los-derechos-territoriales-visita-a-washington-d-c\/"},"modified":"2023-05-15T04:24:13","modified_gmt":"2023-05-15T04:24:13","slug":"comision-etnica-para-la-paz-y-la-defensa-de-los-derechos-territoriales-visita-a-washington-d-c","status":"publish","type":"resources","link":"https:\/\/raceandequality.org\/es\/resources\/comision-etnica-para-la-paz-y-la-defensa-de-los-derechos-territoriales-visita-a-washington-d-c\/","title":{"rendered":"Comisi\u00f3n \u00c9tnica para la Paz y la Defensa de los Derechos Territoriales Visita a Washington, D.C."},"content":{"rendered":"<p>Representantes de la reci\u00e9n formada Comisi\u00f3n \u00c9tnica para la Paz y la Defensa de los Derechos Territoriales de Colombia visitaron a Washington, D.C. este 18 y 19 de marzo, con el prop\u00f3sito de reunir con formuladores de pol\u00edticas, promotores de derechos humanos y medios de comunicaci\u00f3n, para promover la inclusi\u00f3n de los afrocolombianos e ind\u00edgenas en las negociaciones de paz en la Habana, Cuba y en la implementaci\u00f3n de los acuerdos. Previa a la llegada de los activistas en Washington, la formaci\u00f3n de la Comisi\u00f3n \u00c9tnica fue oficialmente anunciada el 7 de marzo en Bogot\u00e1, Colombia. Representa la uni\u00f3n de dos organizaciones coordinadoras, la Organizaci\u00f3n Nacional Ind\u00edgena de Colombia (ONIC) y el Consejo Nacional de Paz Afrocolombiano (CONPA), que juntas incorporan cientas de organizaciones de base en todo el territorio colombiano.<\/p>\n<p>Los l\u00edderes y lideresas se presentaron para informar al p\u00fablico sobre el proceso de paz y los grupos \u00e9tnicos de Colombia, y para dar a conocer la agenda de la Comisi\u00f3n en Washington, la Habana y Colombia.<\/p>\n<p>En representaci\u00f3n de la Organizaci\u00f3n Nacional Ind\u00edgena de Colombia, Arelis Uriana manifest\u00f3 que Estados Unidos, como otros pa\u00edses donantes a Colombia, debe demandar que el gobierno colombiano incluya las voces de las comunidades \u00e9tnicas en el proceso de paz. Uriana agreg\u00f3 que deben ser los ind\u00edgenas y afrocolombianos quienes gu\u00edan el proceso de implementaci\u00f3n de los acuerdos en su territorio, porque ellos mismos tienen el conocimiento necesario para crear una paz duradera. Uriana tambi\u00e9n subray\u00f3 la importancia de hacer escuchar las voces de las mujeres ind\u00edgenas y las afrocolombianas. \u201cSon las mujeres las que saben del dolor de la guerra\u201d, dijo Uriana.<\/p>\n<p>De parte de CONPA y el Proceso de Comunidades Negras, Carlos Rocero explic\u00f3 el tama\u00f1o del reto que enfrentan los afrocolombianos e ind\u00edgenas, y resalt\u00f3 que conjunto poseen el 38% del territorio de Colombia y representan 12.5% de la poblaci\u00f3n. Rocero destac\u00f3 que el n\u00famero de v\u00edctimas afrodescendientes e ind\u00edgenas pas\u00f3 de ser miles a ser millones de personas. Rocero not\u00f3 las inquietudes de la Comisi\u00f3n \u00c9tnica en cuanto al proceso de paz, manifestando su preocupaci\u00f3n por la falta de adecuados mecanismos formales para asegurar un enfoque diferencial para los afrocolombianos e ind\u00edgenas, as\u00ed como su preocupaci\u00f3n sobre el favorecimiento de v\u00edctimas individuales al detrimento de v\u00edctimas colectivas. Respeto a estas preocupaciones, recalc\u00f3 tres propuestas concretas de la Comisi\u00f3n: la inserci\u00f3n en los acuerdos de paz de principios de interpretaci\u00f3n e implementaci\u00f3n con un enfoque \u00e9tnico; notas concretas sobre la implementaci\u00f3n de los acuerdos; y la creaci\u00f3n de salvaguardas para proteger los ya establecidos derechos de los afrocolombianos e ind\u00edgenas.<\/p>\n<p>Marino C\u00f3rdoba, representante de CONPA y la Asociaci\u00f3n Nacional de Afrocolombianos Desplazados, habl\u00f3 de la amplia coalici\u00f3n de CONPA, una coordinaci\u00f3n de nueve redes nacionales que a su vez agrupan cientos de organizaciones de base, como una demostraci\u00f3n de la indiscutible legitimidad de la Comisi\u00f3n \u00c9tnica. C\u00f3rdoba detall\u00f3 el trabajo de incidencia de CONPA y la Comisi\u00f3n, incluyendo el mensaje que le dio personalmente al Presidente Juan Manuel Santos durante la \u00faltima visita del Presidente a Washington: que las comunidades \u00e9tnicas de Colombia tienen que ser invitadas a la Habana para hacer escuchar sus voces. Reiter\u00f3 el valor de buscar socios en la comunidad internacional y habl\u00f3 de las importantes alianzas establecidas en la promoci\u00f3n de la causa de la Comisi\u00f3n, incluyendo conversaciones fruct\u00edferas y colaboraciones con la Embajada Norteamericana en Colombia, la Agencia de los Estados Unidos para el Desarrollo Internacional (USAID), el Bloque de Congresistas Negros de Estados Unidos, el Enviado Especial a Colombia y la organizaci\u00f3n de desarrollo internacional ACDI-VOCA.<\/p>\n<p>Frente al complicado reto de conseguir una participaci\u00f3n efectiva en las negociaciones de paz, los miembros de la Comisi\u00f3n \u00c9tnica reiteraron la importancia de la solidaridad internacional con su lucha, y valoraron positivamente el progreso que hab\u00edan hecho en su visita a Washington. Prometieron, a regresar a Colombia, continuar con su lucha. \u201cSeguiremos hasta que estemos incluidos. No nos cansaremos\u201d, dijo C\u00f3rdoba.<\/p>\n<p>El Instituto Internacional sobre Raza, Igualdad y Derechos Humanos vigorosamente apoya al trabajo de la Comisi\u00f3n \u00c9tnica, y concurre plenamente con los recientes pronunciamientos del Comit\u00e9 para la Eliminaci\u00f3n de la Discriminaci\u00f3n Racial de la Naciones Unidas, que en sus observaciones finales del \u00faltimo examen del Estado de Colombia frente al Comit\u00e9 recomend\u00f3 al gobierno colombiano que garantice que los afrocolombianos e ind\u00edgenas sean consultados apropiadamente, y que se tomen en cuenta sus intereses leg\u00edtimos.<\/p>\n","protected":false},"excerpt":{"rendered":"<p>Representantes de la reci\u00e9n formada Comisi\u00f3n \u00c9tnica para la Paz y la Defensa de los Derechos Territoriales de Colombia visitaron a Washington, D.C. este 18 y 19 de marzo, con [&hellip;]<\/p>\n","protected":false},"author":15,"featured_media":8602,"parent":0,"menu_order":0,"template":"","format":"standard","categories":[1122],"resources_country":[1191],"resources_language":[],"resources_audience":[],"resources_format":[],"resources_topic":[],"resources_year":[],"class_list":["post-11269","resources","type-resources","status-publish","format-standard","has-post-thumbnail","hentry","category-colombia","resources_country-colombia-es"],"acf":[],"aioseo_notices":[],"_links":{"self":[{"href":"https:\/\/raceandequality.org\/es\/wp-json\/wp\/v2\/resources\/11269","targetHints":{"allow":["GET"]}}],"collection":[{"href":"https:\/\/raceandequality.org\/es\/wp-json\/wp\/v2\/resources"}],"about":[{"href":"https:\/\/raceandequality.org\/es\/wp-json\/wp\/v2\/types\/resources"}],"author":[{"embeddable":true,"href":"https:\/\/raceandequality.org\/es\/wp-json\/wp\/v2\/users\/15"}],"wp:featuredmedia":[{"embeddable":true,"href":"https:\/\/raceandequality.org\/es\/wp-json\/wp\/v2\/media\/8602"}],"wp:attachment":[{"href":"https:\/\/raceandequality.org\/es\/wp-json\/wp\/v2\/media?parent=11269"}],"wp:term":[{"taxonomy":"category","embeddable":true,"href":"https:\/\/raceandequality.org\/es\/wp-json\/wp\/v2\/categories?post=11269"},{"taxonomy":"resources_country","embeddable":true,"href":"https:\/\/raceandequality.org\/es\/wp-json\/wp\/v2\/resources_country?post=11269"},{"taxonomy":"resources_language","embeddable":true,"href":"https:\/\/raceandequality.org\/es\/wp-json\/wp\/v2\/resources_language?post=11269"},{"taxonomy":"resources_audience","embeddable":true,"href":"https:\/\/raceandequality.org\/es\/wp-json\/wp\/v2\/resources_audience?post=11269"},{"taxonomy":"resources_format","embeddable":true,"href":"https:\/\/raceandequality.org\/es\/wp-json\/wp\/v2\/resources_format?post=11269"},{"taxonomy":"resources_topic","embeddable":true,"href":"https:\/\/raceandequality.org\/es\/wp-json\/wp\/v2\/resources_topic?post=11269"},{"taxonomy":"resources_year","embeddable":true,"href":"https:\/\/raceandequality.org\/es\/wp-json\/wp\/v2\/resources_year?post=11269"}],"curies":[{"name":"wp","href":"https:\/\/api.w.org\/{rel}","templated":true}]}}