{"id":11271,"date":"2016-04-15T12:42:19","date_gmt":"2016-04-15T12:42:19","guid":{"rendered":"http:\/\/race01.wp\/resources\/comision-interamericana-de-derechos-humanos-reclama-al-estado-dominicano-reconocimiento-de-discriminacion-racial-estructural-en-el-pais\/"},"modified":"2016-04-15T12:45:24","modified_gmt":"2016-04-15T12:45:24","slug":"comision-interamericana-de-derechos-humanos-reclama-al-estado-dominicano-reconocimiento-de-discriminacion-racial-estructural-en-el-pais","status":"publish","type":"resources","link":"https:\/\/raceandequality.org\/es\/resources\/comision-interamericana-de-derechos-humanos-reclama-al-estado-dominicano-reconocimiento-de-discriminacion-racial-estructural-en-el-pais\/","title":{"rendered":"Comisi\u00f3n Interamericana de Derechos Humanos Reclama al Estado Dominicano Reconocimiento de Discriminaci\u00f3n Racial Estructural en el Pa\u00eds"},"content":{"rendered":"<div>Photo courtesy of OAS photographer<span style=\"color: #0000ff;\">\u00a0<a href=\"https:\/\/raceandequality.org\/70\" target=\"_blank\" rel=\"noopener\">Daniel Cima<\/a><\/span>,\u00a0licensed under<span style=\"color: #0000ff;\">\u00a0<\/span><a href=\"https:\/\/raceandequality.org\/65\" target=\"_blank\" rel=\"noopener\">CC BY 2.0<\/a>.<\/div>\n<p><strong>Washington, D.C., 8 de abril, 2016 <\/strong><\/p>\n<p>\u201cLa Rep\u00fablica Dominicana tiene que reconocer la existencia de la discriminaci\u00f3n racial estructural en el pa\u00eds,\u201d expres\u00f3 el Secretario Ejecutivo de la Comisi\u00f3n Interamericana de Derechos Humanos (CIDH), Emilio \u00c1lvarez Icaza, a la delegaci\u00f3n dominicana durante la audiencia tem\u00e1tica celebrada el viernes 8 de abril en la Organizaci\u00f3n de Estados Americanos (OEA).<\/p>\n<p><strong>\u00a0<\/strong>Defensores de derechos humanos de la Rep\u00fablica Dominicana presentaron frente a la CIDH un informe sobre la grave situaci\u00f3n de los derechos pol\u00edticos de los Dominicanos de ascendencia haitiana, en espec\u00edfico sobre la vulnerabilidad del derecho a la nacionalidad de muchas personas de esta comunidad, quienes enfrentan situaciones de discriminaci\u00f3n por agentes del Estado durante sus intentos de conseguir documentos de identidad y credenciales electorales. En vista de que las elecciones en el pa\u00eds se realizar\u00e1n el 15 de mayo, los peticionarios enfocaron su testimonio en los efectos de estas violaciones sobre los derechos pol\u00edticos de los dominicanos de ascendencia haitiana, en particular sobre los derechos de votar y ser elegido.<\/p>\n<p>Lamentablemente, el discurso del Estado dominicano demostr\u00f3 su poca voluntad de participar en un di\u00e1logo constructivo. Representantes del Estado mostraron su malestar con la Comisi\u00f3n por haber otorgado la audiencia y negado su solicitud de postergaci\u00f3n. M\u00e1s preocupante aun, el Estado continu\u00f3 negando la existencia de cualquier tipo de discriminaci\u00f3n en el pa\u00eds.<\/p>\n<p>Frente a la intransigencia del Estado dominicano, la respuesta de la Comisi\u00f3n fue contundente. El Secretario Ejecutivo \u00c1lvarez expres\u00f3 al Estado que, a pesar de las objeciones de la misi\u00f3n dominicana, \u201ccontinuar con este tema es una manifestaci\u00f3n de la m\u00e1s grave preocupaci\u00f3n que tiene la Comisi\u00f3n,\u201d y que la posici\u00f3n del Estado de \u201cnegar que hay un problema de racismo estructural, reproduce institucional, social y culturalmente la violaci\u00f3n de derechos.\u201d El \u00a0Secretario Ejecutivo \u00c1lvarez reiter\u00f3 que el informe de la Comisi\u00f3n sobre derechos humanos en la Rep\u00fablica Dominicana \u201cmanifiesta estructuralmente la negaci\u00f3n de derechos econ\u00f3micos, sociales y culturales de los dominicanos de origen haitiano,\u201d quienes sufren de \u201ccondiciones de pobreza y de negaci\u00f3n de derechos innegables.\u201d Al referirse a la postura del Estado, el Secretario \u00c1lvarez concluy\u00f3 que \u201choy tenemos un cap\u00edtulo m\u00e1s de una expresi\u00f3n de racismo estructural.\u201d<\/p>\n<p>Los representantes de la sociedad civil dominicana informaron a la Comisi\u00f3n de acciones de parte de la Junta Central Electoral que han resultado en la negaci\u00f3n del otorgamiento de documentos b\u00e1sicos a miles de dominicanos de ascendencia haitiana, situaci\u00f3n que podr\u00e1 tener graves consecuencias en las elecciones programadas para mayo. Los peticionarios calificaron a la Junta como el principal obst\u00e1culo para el goce de los derechos pol\u00edticos de los dominico-haitianos, citando \u201cla actitud confrontadora y beligerante\u201d de la instituci\u00f3n, que conduce a la \u201cfalta de di\u00e1logo y voluntad para la b\u00fasqueda de soluciones,\u201d manifestaci\u00f3n a la cual concurri\u00f3 el Secretario \u00c1lvarez, quien sostuvo que \u201cla Junta Central Electoral ha sido un aparato institucional que reproduce la discriminaci\u00f3n.\u201d<\/p>\n<p>En la conclusi\u00f3n de su intervenci\u00f3n, los peticionarios exhortaron a la Comisi\u00f3n que urgiera al Estado dominicano a eliminar las diferencias en el ejercicio de los derechos pol\u00edticos entre las personas dominicanas, sin importar el origen nacional de sus progenitores. Recomendaron reformas en el registro civil y el sistema electoral que garanticen la no discriminaci\u00f3n, as\u00ed como acciones afirmativas para garantizar la protecci\u00f3n de los derechos pol\u00edticos de grupos vulnerables, y propusieron la creaci\u00f3n de un Mesa Nacional de Di\u00e1logo Permanente de donde la sociedad civil y el Estado puedan trabajar conjuntamente para resolver los problemas cr\u00f3nicos de participaci\u00f3n pol\u00edtica, registro civil y documentos de identidad. Los peticionarios tambi\u00e9n solicitaron que el Relator para migrantes de la Comisi\u00f3n sea incluido en la misi\u00f3n de observaci\u00f3n electoral de la OEA la cual visitar\u00e1 al pa\u00eds durante las elecciones del 15 de mayo.<\/p>\n<p>Para acceder al video de la audiencia, siga <a href=\"https:\/\/raceandequality.org\/69\">este enlace<\/a>.<\/p>\n<p>&nbsp;<\/p>\n","protected":false},"excerpt":{"rendered":"<p>Photo courtesy of OAS photographer\u00a0Daniel Cima,\u00a0licensed under\u00a0CC BY 2.0. Washington, D.C., 8 de abril, 2016 \u201cLa Rep\u00fablica Dominicana tiene que reconocer la existencia de la discriminaci\u00f3n racial estructural en el [&hellip;]<\/p>\n","protected":false},"author":15,"featured_media":8621,"parent":0,"menu_order":0,"template":"","format":"standard","categories":[1126],"resources_country":[],"resources_language":[],"resources_audience":[],"resources_format":[],"resources_topic":[1106],"resources_year":[],"class_list":["post-11271","resources","type-resources","status-publish","format-standard","has-post-thumbnail","hentry","category-oas","resources_topic-oea-es"],"acf":[],"aioseo_notices":[],"_links":{"self":[{"href":"https:\/\/raceandequality.org\/es\/wp-json\/wp\/v2\/resources\/11271","targetHints":{"allow":["GET"]}}],"collection":[{"href":"https:\/\/raceandequality.org\/es\/wp-json\/wp\/v2\/resources"}],"about":[{"href":"https:\/\/raceandequality.org\/es\/wp-json\/wp\/v2\/types\/resources"}],"author":[{"embeddable":true,"href":"https:\/\/raceandequality.org\/es\/wp-json\/wp\/v2\/users\/15"}],"wp:featuredmedia":[{"embeddable":true,"href":"https:\/\/raceandequality.org\/es\/wp-json\/wp\/v2\/media\/8621"}],"wp:attachment":[{"href":"https:\/\/raceandequality.org\/es\/wp-json\/wp\/v2\/media?parent=11271"}],"wp:term":[{"taxonomy":"category","embeddable":true,"href":"https:\/\/raceandequality.org\/es\/wp-json\/wp\/v2\/categories?post=11271"},{"taxonomy":"resources_country","embeddable":true,"href":"https:\/\/raceandequality.org\/es\/wp-json\/wp\/v2\/resources_country?post=11271"},{"taxonomy":"resources_language","embeddable":true,"href":"https:\/\/raceandequality.org\/es\/wp-json\/wp\/v2\/resources_language?post=11271"},{"taxonomy":"resources_audience","embeddable":true,"href":"https:\/\/raceandequality.org\/es\/wp-json\/wp\/v2\/resources_audience?post=11271"},{"taxonomy":"resources_format","embeddable":true,"href":"https:\/\/raceandequality.org\/es\/wp-json\/wp\/v2\/resources_format?post=11271"},{"taxonomy":"resources_topic","embeddable":true,"href":"https:\/\/raceandequality.org\/es\/wp-json\/wp\/v2\/resources_topic?post=11271"},{"taxonomy":"resources_year","embeddable":true,"href":"https:\/\/raceandequality.org\/es\/wp-json\/wp\/v2\/resources_year?post=11271"}],"curies":[{"name":"wp","href":"https:\/\/api.w.org\/{rel}","templated":true}]}}