{"id":11284,"date":"2016-05-27T14:52:33","date_gmt":"2016-05-27T14:52:33","guid":{"rendered":"http:\/\/race01.wp\/resources\/salvemoslacidh-sobre-la-crisis-financiera-que-enfrenta-la-comision-interamericana-de-derechos-humanos\/"},"modified":"2023-05-10T11:37:29","modified_gmt":"2023-05-10T11:37:29","slug":"salvemoslacidh-sobre-la-crisis-financiera-que-enfrenta-la-comision-interamericana-de-derechos-humanos","status":"publish","type":"resources","link":"https:\/\/raceandequality.org\/es\/resources\/salvemoslacidh-sobre-la-crisis-financiera-que-enfrenta-la-comision-interamericana-de-derechos-humanos\/","title":{"rendered":"#SalvemosLaCIDH: Sobre la Crisis Financiera que enfrenta la Comisi\u00f3n Interamericana de Derechos Humanos"},"content":{"rendered":"<p><strong>Estados miembro de la Organizaci\u00f3n de los Estados Americanos<\/strong><\/p>\n<p>La Coalici\u00f3n de organizaciones por los Derechos Humanos en las Am\u00e9ricas, adem\u00e1s de otras redes regionales y globales de sociedad civil, queremos mostrar nuestra preocupaci\u00f3n por la grave crisis financiera que atraviesa la Comisi\u00f3n Interamericana de Derechos Humanos (CIDH). Es por eso que suscribimos la presente carta, apelando a todos los Estados miembro de la Organizaci\u00f3n de los Estados Americanos (OEA), para que tomen las medidas necesarias que garanticen su inmediato y adecuado financiamiento. Asimismo, hacemos un llamado urgente a la creaci\u00f3n de un fondo sostenible de financiamiento para los \u00f3rganos del Sistema Interamericano de Derechos Humanos (SIDH), a fin de atender la precaria situaci\u00f3n que se viene dando desde hace a\u00f1os, tanto en la Comisi\u00f3n como en la Corte Interamericana de Derechos Humanos.<\/p>\n<p>La CIDH es uno de los \u00f3rganos principales de protecci\u00f3n cuyo mandato consiste en promover la observancia de los derechos humanos en la regi\u00f3n y actuar como \u00f3rgano consultivo de la OEA en la materia. Es el \u00fanico mecanismo regional que supervisa las obligaciones de todos los pa\u00edses miembros de la OEA en esta materia, y constituye el \u00faltimo recurso de defensa frente a violaciones de los derechos fundamentales en el continente.<\/p>\n<p>La CIDH es un referente internacional por su gran labor de protecci\u00f3n a miles de defensoras y defensores de derechos humanos, que viven amenazados y criminalizados en las Am\u00e9ricas. Este \u00f3rgano, vela por los derechos de los pueblos ind\u00edgenas y afrodescendientes, de las mujeres y ni\u00f1as, personas con discapacidad y de las personas LGTBI, entre otros colectivos, en su lucha por erradicar la discriminaci\u00f3n. El rol de la CIDH, no s\u00f3lo en el \u00e1mbito de protecci\u00f3n de los derechos humanos, sino tambi\u00e9n en el de acci\u00f3n para promover su cumplimiento, alcanza a casi mil millones de habitantes a lo largo y ancho de la regi\u00f3n<\/p>\n<p>A pesar de ello, la Comisi\u00f3n Interamericana ha contado, hist\u00f3ricamente, con un presupuesto exiguo, que actualmente ha llegado al grado de comprometer la efectiva realizaci\u00f3n de sus funciones b\u00e1sicas y de su mandato, asignado por los Estados Miembro de la OEA. La propia Comisi\u00f3n anunci\u00f3 que el 31 de julio de 2016 se vencen los contratos del 40% de su personal y que no cuenta con los fondos, ni con la expectativa de recibirlos, para poder renovarlos. Adem\u00e1s inform\u00f3 la suspensi\u00f3n de las visitas a pa\u00edses previstas para este a\u00f1o, as\u00ed como la de los Per\u00edodos de Sesiones 159 y 160, programados originalmente para julio y octubre de este a\u00f1o.<\/p>\n<p>En contraste con otros \u00f3rganos de protecci\u00f3n de derechos humanos, nacionales e internacionales, el financiamiento que recibe la CIDH del fondo regular de la OEA, es decir, de los Estados miembro, es contradictorio con los deseos de los pa\u00edses de aspirar a una regi\u00f3n m\u00e1s democr\u00e1tica. En 2016, dicho fondo le asign\u00f3 un monto de alrededor de 5.4287,9 millones de d\u00f3lares, lo que constituye un 6,44% del total del presupuesto anual de la OEA \u23afel Consejo de Europa destina el 41,5% de su presupuesto a la promoci\u00f3n y protecci\u00f3n de los derechos humanos.<\/p>\n<p>Si bien la Asamblea General de la OEA, ha aprobado en el pasado resoluciones comprometi\u00e9ndose a atender esta situaci\u00f3n, las mismas no se han materializado con el necesario aumento de recursos que le permita tanto a la Comisi\u00f3n Interamericana como a la Corte \u23afla cual, si nada cambia, ver\u00e1 reducido su presupuesto una tercera parte, para finales de este a\u00f1o\u23af, contar con el financiamiento adecuado para llevar a cabo sus mandatos. As\u00ed, esta petici\u00f3n tiene como fin no s\u00f3lo el que la CIDH pueda continuar con sus actividades programadas para el a\u00f1o en curso, que pueda renovar los contratos del 40% de su personal, as\u00ed como llevar a cabo sus per\u00edodos 159 y 160, sino tambi\u00e9n el que se pueda crear definitivamente una estructura que convierta en una pr\u00e1ctica sostenible la financiaci\u00f3n de este \u00f3rgano y el de la Corte Interamericana de Derechos Humanos, aumentando significativamente el presupuesto que la OEA asigna a la SIDH.<\/p>\n<p>Las organizaciones de la sociedad civil firmantes, vemos en esta crisis una oportunidad \u00fanica para consolidar el compromiso de los Estados miembro de la OEA, con los derechos humanos en el continente. Es por eso que les emplazamos a encontrar la manera de construir una estructura s\u00f3lida y robusta, que garantice la protecci\u00f3n de las herramientas que el SIDH proporciona a millones de personas en las Am\u00e9ricas.<\/p>\n<p style=\"text-align: left;\">Atentamente,<\/p>\n<p style=\"text-align: left;\"><strong>El Instituto Internacional sobre Raza, Igualdad y Derechos Humanos<\/strong><\/p>\n<p style=\"text-align: left;\"><img decoding=\"async\" class=\"wp-image-1085 alignnone lazyload\" data-src=\"https:\/\/raceandequality.org\/wp-content\/uploads\/2023\/04\/RaceEqualitylogoheader.jpg\" alt=\"RaceEqualitylogoheader\" width=\"348\" height=\"80\" src=\"data:image\/svg+xml;base64,PHN2ZyB3aWR0aD0iMSIgaGVpZ2h0PSIxIiB4bWxucz0iaHR0cDovL3d3dy53My5vcmcvMjAwMC9zdmciPjwvc3ZnPg==\" style=\"--smush-placeholder-width: 348px; --smush-placeholder-aspect-ratio: 348\/80;\" \/><\/p>\n<p style=\"text-align: left;\">y mas de 300+ organizaciones civiles y globales<\/p>\n<p><strong>Argentina<\/strong><br \/>\nCl\u00ednica en Discapacidad y Derechos Humanos,<br \/>\nUniversidad Nacional de Mar del Plata<br \/>\nCentro de Estudios Legales y Sociales (CELS)<\/p>\n<p style=\"text-align: left;\"><strong>Brasil<\/strong><br \/>\nAssocia\u00e7\u00e3o Ju\u00edzes para a Democracia (AJD)<br \/>\nArticula\u00e7\u00e3o para o Monitoramento dos Direitos Humanos no Brasil<br \/>\nCentro de Agricultura Alternativa do Norte de Minas (CAA\/NM)<br \/>\nConselho Indigenista Mission\u00e1rio (CIMI)<br \/>\nConectas Direitos Humanos<br \/>\nFIAN Brasil<br \/>\nGrupo Tortura Nunca Mais do Rio de Janeiro<br \/>\nInstituto de Estudos Socioecon\u00f3micos \u2013 INESC<br \/>\nJusti\u00e7a Global<br \/>\nMovimento dos Atingidos e Atingidas por Barragem (MAB)<\/p>\n<p style=\"text-align: left;\"><strong>Bolivia<\/strong><br \/>\nOficina Jur\u00eddica Para la Mujer<\/p>\n<p style=\"text-align: left;\"><strong>Canad\u00e1<\/strong><br \/>\nAbogados sin fronteras<\/p>\n<p style=\"text-align: left;\"><strong>Colombia<\/strong><br \/>\nColectivo de Abogados Jos\u00e9 Alvear Restrepo (CCAJAR)<br \/>\nColectivo Socio jur\u00eddico Orlando Fals Borda<br \/>\nComisi\u00f3n Colombiana de Juristas (CCJ)<br \/>\nComisi\u00f3n Intereclesial de Justicia y Paz de Colombia<br \/>\nConsultorio Jur\u00eddico Internacional de la Facultad de Derecho de la Universidad Santo Tom\u00e1s -Bogot\u00e1-<br \/>\nCorporaci\u00f3n REINICIAR<br \/>\nConsultor\u00eda para los Derechos Humanos y el Desplazamiento Forzado (CODHES) Corporaci\u00f3n Jur\u00eddica Libertad<br \/>\nCorporaci\u00f3n Jur\u00eddica Yira Castro<br \/>\nCorporaci\u00f3n Sisma Mujer<br \/>\nFIAN Colombia<br \/>\nFundaci\u00f3n Comit\u00e9 de Solidaridad con los Presos Pol\u00edticos<br \/>\nRed Colombiana de Mujeres por los Derechos Sexuales y Reproductivos<\/p>\n<p style=\"text-align: left;\"><strong>Costa Rica<\/strong><br \/>\nAgenda Pol\u00edtica de Mujeres<br \/>\nAsociaci\u00f3n Ciudadana ACCEDER<br \/>\nAsociaci\u00f3n Gerontol\u00f3gica Costarricense (AGECO)<br \/>\nAsociaci\u00f3n Manu<br \/>\nBeso Diverso<br \/>\nCentro de Investigaci\u00f3n y Promoci\u00f3n para Am\u00e9rica Central de Derechos Humanos (CIPAC)<br \/>\nCentro Feminista de Informaci\u00f3n y Acci\u00f3n (CEFEMINA)<br \/>\nCentro Internacional para los Derechos Humanos de los Migrantes (CIDEHUM) Colectiva Caminando<br \/>\nColectiva Irreversibles<br \/>\nColectivo de Ciclismo Urbano \u2018Las Luci\u00e9rnagas\u2019<br \/>\nConfederaci\u00f3n de Trabajadores Rerum Novarum (CTRN)<br \/>\nDefensa de Ni\u00f1as y Ni\u00f1os (Internacional DNI)<br \/>\nEste es Mi Cuerpo<br \/>\nFamilias Diversas<br \/>\nFederaci\u00f3n de Estudiantes de la Universidad de Costa Rica<br \/>\nForo por los Derechos de las Personas con Discapacidad<br \/>\nFrente por los Derechos igualitarios<br \/>\nFundaci\u00f3n Bandera Ecol\u00f3gica<br \/>\nFundaci\u00f3n PANIAMOR<br \/>\nFuria Rosa<br \/>\nGrupo Poder Ciudadano<br \/>\nHijas de la Negrita<br \/>\nMULABI &#8211; Espacio Latinoamericano de Sexualidades y Derechos<br \/>\nPeras del Olmo<br \/>\nPersonas, sexualidades y g\u00e9neros (PSG)<br \/>\n\u00bfPiropos o acoso?<br \/>\nProyecto Lyra<br \/>\nPsicology Community<br \/>\nRed Feminista contra la Violencia hacia las Mujeres<br \/>\nServicio Jesuita para Migrantes<br \/>\nT\u00edo Hugo<br \/>\nUni\u00f3n Asesora Afrodescendiente (UNASAF)<\/p>\n<p style=\"text-align: left;\"><strong>Ecuador<\/strong><br \/>\nCentro de Documentaci\u00f3n en Derechos Humanos \u201cSegundo Montes Mozo S.J.\u201d<br \/>\n(CSMM)<br \/>\nComisi\u00f3n Ecum\u00e9nica de Derechos Humanos (CEDHU)<br \/>\nComit\u00e9 Permanente por la Defensa de los Derechos Humanos de Guayaquil (CDH)<br \/>\nComit\u00e9 Nacional de V\u00edctimas de Lesa Humanidad y Graves Violaciones de Derechos Humanos en Ecuador<br \/>\nObservatorio Sociolaboral y Di\u00e1logo Social en el Ecuador OSLADE<br \/>\nPueblo Sarayaku<\/p>\n<p style=\"text-align: left;\"><strong>El Salvador <\/strong><br \/>\nAgrupaci\u00f3n Ciudadana por la Despenalizaci\u00f3n del Aborto Terap\u00e9utico, Etico y Eugen\u00e9sico en El Salvador.<br \/>\nAsociaci\u00f3n Comunicando y Capacitando a Mujeres Trans con VIH en El Salvador(COMCAVIS TRANS)<br \/>\nAsociaci\u00f3n Pro B\u00fasqueda de Ni\u00f1as y Ni\u00f1os<br \/>\nCoalici\u00f3n Salvadore\u00f1a para la Corte Penal Internacional<br \/>\nColectiva Feminista para el Desarrollo Local<br \/>\nComisi\u00f3n de Derechos Humanos de El Salvador (CDHES)<br \/>\nEspacio de Mujeres Lesbianas por la Diversidad (ESMULES)<br \/>\nFundaci\u00f3n de Estudios para la Aplicaci\u00f3n del Derecho (FESPAD)<br \/>\nOficina de Tutela Legal Dra. Mar\u00eda Julia Hern\u00e1ndez<br \/>\nRed de Defensores y Defensoras de El Salvador<br \/>\nRed Salvadore\u00f1a de Defensoras de Derechos Humanos<br \/>\nServicio Social Pasionista SSPAS<\/p>\n<p style=\"text-align: left;\"><strong>Estados Unidos <\/strong><br \/>\nAFL-CIO, Central Sindical de los Estados Unidos<br \/>\nAmerican Civil Liberties Union (ACLU)<br \/>\nCenter for Human Rights &amp; Constitutional Law<br \/>\nChurch World Service<br \/>\nCl\u00ednica de Derechos Humanos de la Universidad de Texas<br \/>\nInstitute for Agriculture and Trade Policy<br \/>\nInstitute for Policy Studies &#8211; Global Economy Program<br \/>\nNational Security Archive<br \/>\nSister Parish, Inc.<br \/>\nUnitarian Universalist Service Committee<\/p>\n<p style=\"text-align: left;\"><strong>Guatemala<\/strong><br \/>\nAlianza frente a la Criminalizaci\u00f3n<br \/>\nAsociaci\u00f3n El Refugio de la Ni\u00f1ez<br \/>\nAsociaci\u00f3n Familiares de Detenidos-Desaparecidos de Guatemala, FAMDEGUA<br \/>\nAsociaci\u00f3n para el Desarrollo Integral de las V\u00edctimas de la Violencia en las Verapaces, Maya Achi. (ADIVIMA)<br \/>\nCentro de Acci\u00f3n Legal-Ambiental y Social de Guatemala (CALAS)<br \/>\nCentro Internacional para Investigaciones en Derechos Humanos (CIIDH)<br \/>\nCentro para la Defensa Legal Ind\u00edgena (DLI)<br \/>\nCentro para la Acci\u00f3n Legal en Derechos Humanos (CALDH)<br \/>\nComisi\u00f3n de Derechos Humanos de Guatemala<br \/>\nComit\u00e9 de Desarrollo Campesino (CODECA)<br \/>\nComunidades en Resistencia del Estor, Izabal<br \/>\nConvergencia por los Derechos Humanos<br \/>\nGrupo de Trabajo contra la Desaparici\u00f3n Forzado de Guatemala<br \/>\nFarmac\u00e9uticos Mundi Guatemala<br \/>\nForo de ONG Internacionales en Guatemala (FONGI)<br \/>\nFundaci\u00f3n Myrna Mack<br \/>\nGrupo Guatemalteco de Mujeres (GGM)<br \/>\nGuatemala Solidarit\u00e4t \u00d6sterreich (Austria-Guatemala)<br \/>\nIniciativa Mesoamericana de Mujeres Defensoras de Derechos Humanos<br \/>\nInstituto de Estudios Comparados en Ciencias Penales de Guatemala (ICCPG)<br \/>\nMujeres en Defensa del Territorio, Guatemala<br \/>\nOficina de Derechos Humanos del Arzobispado de Guatemala (ODHAG)<br \/>\nOrganizaci\u00f3n de Apoyo a una Sexualidad Integral frente al Sida (OASIS)<br \/>\nRed Nacional de Protecci\u00f3n de Defensoras de Guatemala<br \/>\nRed de la No Violencia contra las Mujeres (REDNOVI)<br \/>\nIglesia Luterana ILUGUA de Guatemala<\/p>\n<p style=\"text-align: left;\"><strong>Honduras<\/strong><br \/>\nAsociaci\u00f3n Colectiva de Mujeres Hondure\u00f1as (CODEMUH)<br \/>\nAsociaci\u00f3n de Jueces por la Democracia (AJD)<br \/>\nCasa Alianza Honduras<br \/>\nComit\u00e9 por la Libertad de Expresi\u00f3n (C-Libre)<br \/>\nCentro de Investigaci\u00f3n y Promoci\u00f3n de los Derechos Humanos (CIPRODEH)<br \/>\nComunidad Gay Sampedrana para la Salud Integral<br \/>\nEquipo de Reflexi\u00f3n, Investigaci\u00f3n y Comunicaci\u00f3n de la Compa\u00f1\u00eda de Jes\u00fas en Honduras (ERIC-SJ)<br \/>\nEspacio Asociaci\u00f3n de Cooperaci\u00f3n Internacional (ACI)<br \/>\nForo de Mujeres por la Vida<br \/>\nFundaci\u00f3n para la Salvaguardia del Medio Ambiente en el Democr\u00e1tico Desarrollo Socioecon\u00f3mico y de las Instituciones (FUNDAMENTE)<br \/>\nMovimiento Amplio por la Dignidad y la Justicia (MADJ)<br \/>\nMovimiento de Mujeres por la Paz \u00abVisitaci\u00f3n Padilla\u00bb<br \/>\nOrganizaci\u00f3n Fraternal Negra Hondure\u00f1a, OFRANEH<br \/>\nRed L\u00e9sbica Cattrachas<br \/>\nHonduras Delegation, Honduras-Alemania<br \/>\nCadena de Derechos Humanos Honduras (CADEHO), Honduras-Alemania<\/p>\n<p style=\"text-align: left;\"><strong>M\u00e9xico<\/strong><br \/>\nAsociaci\u00f3n Jalisciense de Apoyo a los Grupos Ind\u00edgenas, A.C. (AJAGI) (Guadalajara, Jal.)<br \/>\nBowerasa, A.C. \u201cHaciendo Camino\u201d (Chihuahua, Chih.)<br \/>\nCasa del Migrante de Saltillo (Saltillo, Coah.)<br \/>\nCat\u00f3licas por el Derecho a Decidir, A.C. (Ciudad de M\u00e9xico)<br \/>\nCentro \u201cFray Juli\u00e1n Garc\u00e9s\u201d Derechos Humanos y Desarrollo Local, A. C. (Tlaxcala, Tlax.)<br \/>\nCentro de Apoyo al Trabajador, A.C. (CAT) (Ciudad de M\u00e9xico)<br \/>\nCentro de Derechos Humanos \u201cDon Sergio\u201d (Jiutepec, Mor.)<br \/>\nCentro de Derechos Humanos \u201cFray Bartolom\u00e9 de Las Casas\u201d, A. C. (San Crist\u00f3bal de Las Casas, Chis)<br \/>\nCentro de Derechos Humanos \u201cFray Francisco de Vitoria O.P.\u201d, A. C. (Ciudad de M\u00e9xico)<br \/>\nCentro de Derechos Humanos \u201cFray Mat\u00edas de C\u00f3rdova\u201d, A.C. (Tapachula, Chis.)<br \/>\nCentro de Derechos Humanos \u201cJuan Gerardi\u201d, A. C. (Torre\u00f3n, Coah.)<br \/>\nCentro de Derechos Humanos \u201cMiguel Agust\u00edn Pro Ju\u00e1rez\u201d, A. C. (Ciudad de M\u00e9xico)<br \/>\nCentro de Derechos Humanos de la Monta\u00f1a, Tlachinollan, A. C. (Tlapa, Gro.)<br \/>\nCentro de Derechos Humanos de las Mujeres (CEDEHM)<br \/>\nCentro de Derechos Humanos de las Mujeres (Chihuahua)<br \/>\nCentro de Derechos Humanos de los Pueblos del Sur de Veracruz \u201cBety Cari\u00f1o\u201d, A.C. (Tatahuicapan de Ju\u00e1rez, Ver.)<br \/>\nCentro de Derechos Humanos Digna Ochoa, A.C (Tonal\u00e1, Chis.)<br \/>\nCentro de Derechos Humanos Paso del Norte (Cd. Ju\u00e1rez, Chih.)<br \/>\nCentro de Derechos Humanos Toaltepeyolo (Orizaba, Veracruz)<br \/>\nCentro de Derechos Humanos Victoria Diez, A.C. (Le\u00f3n, Gto.)<br \/>\nCentro de Derechos Humanos Zeferino Ladrillero (CDHZL) (Estado de M\u00e9xico)<br \/>\nCentro de Derechos Ind\u00edgenas \u201cFlor y Canto\u201d, A. C. (Oaxaca, Oax.)<br \/>\nCentro de Derechos Ind\u00edgenas A. C. (Bachaj\u00f3n, Chis.)<br \/>\nCentro de Investigaci\u00f3n y Capacitaci\u00f3n Propuesta C\u00edvica A. C. (Propuesta C\u00edvica) (Ciudad de M\u00e9xico)<br \/>\nCentro de Justicia para la Paz y el Desarrollo, A. C. (CEPAD) (Guadalajara, Jal.)<br \/>\nCentro de los Derechos del Migrante (Ciudad de M\u00e9xico)<br \/>\nCentro de Reflexi\u00f3n y Acci\u00f3n Laboral (CEREAL-DF) (Ciudad de M\u00e9xico)<br \/>\nCentro de Reflexi\u00f3n y Acci\u00f3n Laboral (CEREAL-Guadalajara) (Guadalajara, Jal.)<br \/>\nCentro Diocesano para los Derechos Humanos \u201cFray Juan de Larios\u201d, A.C. (Saltillo, Coah.)<br \/>\nCentro Juvenil Generando Dignidad (Comalcalco, Tabasco)<br \/>\nCentro Mexicano de Derecho Ambiental (CEMDA) (Ciudad de M\u00e9xico)<br \/>\nCentro Mujeres (La Paz, BCS.)<br \/>\nCentro Regional de Defensa de DDHH Jos\u00e9 Mar\u00eda Morelos y Pav\u00f3n, A.C. (Chilapa, Gro.)<br \/>\nCentro para el Desarrollo Integral de la Mujer (CEDIMAC) &#8211; Ciudad Juarez<br \/>\nCentro Regional de Derechos Humanos \u201cBartolom\u00e9 Carrasco\u201d, A.C. (BARCA) (Oaxaca, Oax.)<br \/>\nCiencia Social Alternativa, A.C. KOOKAY (M\u00e9rida, Yuc.)<br \/>\nCiudadan\u00eda Lagunera por los Derechos Humanos, A.C. (CILADHAC) (Torre\u00f3n, Coah.)<br \/>\nCiudadanos en Apoyo a los Derechos Humanos A.C. (CADHAC), M\u00e9xico<br \/>\nCiudadanos por una Causa en Com\u00fan A.C.<br \/>\nColectivo contra la Tortura y la Impunidad (CCTI) (Ciudad de M\u00e9xico)<br \/>\nColectivo Educaci\u00f3n para la Paz y los Derechos Humanos, A.C. (CEPAZDH) (San Crist\u00f3bal de Las Casas, Chis.)<br \/>\nComisi\u00f3n de Derechos Humanos y Laborales del Valle de Tehuac\u00e1n, A.C. (Tehuac\u00e1n, Pue.)<br \/>\nComisi\u00f3n de Solidaridad y Defensa de los Derechos Humanos, A.C. (COSYDDHAC) (Chihuahua, Chih.)<br \/>\nComisi\u00f3n Independiente de Derechos Humanos de Morelos, A. C. (CIDHMOR)(Cuernavaca, Mor.)<br \/>\nComisi\u00f3n Regional de Derechos Humanos \u201cMahatma Gandhi\u201d, A. C. (Tuxtepec, Oax.)<br \/>\nComit\u00e9 Cerezo (Ciudad de M\u00e9xico)<br \/>\nComit\u00e9 Cristiano de Solidaridad Monse\u00f1or Romero (Ciudad de M\u00e9xico)<br \/>\nComit\u00e9 de Defensa de las Libertades Ind\u00edgenas (Palenque, Chis.)<br \/>\nComit\u00e9 de Defensa Integral de Derechos Humanos Gobixha A.C. (CODIGODH) (Oaxaca, Oax.)<br \/>\nComit\u00e9 de Derechos Humanos \u201cFr. Pedro Lorenzo de la Nada\u201d, A. C. (Ocosingo, Chis.)<br \/>\nComit\u00e9 de Derechos Humanos \u201cSierra Norte de Veracruz\u201d, A. C. (Huayacocotla, Ver.)<br \/>\nComit\u00e9 de Derechos Humanos Ajusco (Ciudad de M\u00e9xico)<br \/>\nComit\u00e9 de Derechos Humanos de Colima, A. C. (Colima, Col.)<br \/>\nComit\u00e9 de Derechos Humanos de Comalcalco, A. C. (CODEHUCO) (Comalcalco, Tab)<br \/>\nComit\u00e9 de Derechos Humanos de Tabasco, A. C. (CODEHUTAB) (Villahermosa, Tab)<br \/>\nComit\u00e9 de Derechos Humanos y Orientaci\u00f3n Miguel Hidalgo, A. C. (Dolores Hidalgo, Gto.)<br \/>\nComit\u00e9 de Familiares de Detenidos Desaparecidos \u201cHasta Encontrarlos\u201d(Ciudad de M\u00e9xico)<br \/>\nComit\u00e9 Sergio M\u00e9ndez Arceo Pro Derechos Humanos de Tulancingo, Hgo A.C.(Tulancingo, Hgo.)<br \/>\nComunicaci\u00f3n e Informaci\u00f3n de la Mujer (CIMAC)<br \/>\nConsultor\u00eda T\u00e9cnica Comunitaria AC (CONTEC) (Chihuahua) El Caracol, A.C (Ciudad de M\u00e9xico)<br \/>\nConsultor\u00eda T\u00e9cnica Comunitaria, A.C. Chihuahua, M\u00e9xico<br \/>\nCoordinaci\u00f3n Alemana por los Derechos Humanos en M\u00e9xico<br \/>\nDirecci\u00f3n de Programas de Incidencia de la Universidad Iberoamericana Ciudad de M\u00e9xico<br \/>\nDocumenta, AC<br \/>\nEstancia del Migrante Gonz\u00e1lez y Mart\u00ednez, A.C. (Quer\u00e9taro, Qro.)<br \/>\nFrente C\u00edvico Sinaloense. Secretar\u00eda de Derechos Humanos (Culiac\u00e1n, Sin.)<br \/>\nFundaci\u00f3n para la Justicia y el Estado Democr\u00e1tico de Derecho (Ciudad de M\u00e9xico)<br \/>\nFundar, Centro de An\u00e1lisis e Investigaci\u00f3n<br \/>\nGrupo de Informaci\u00f3n en Reproducci\u00f3n Elegida (GIRE)<br \/>\nI(DH)EAS, Litigio Estrat\u00e9gico en Derechos Humanos A.C.<br \/>\nIndignaci\u00f3n, A. C. Promoci\u00f3n y Defensa de los Derechos Humanos (M\u00e9rida, Yuc.)<br \/>\nIniciativa Ciudadana y Desarrollo Social, INCIDE Social, A.C.<br \/>\nInstitucional de Derechos Humanos y Paz (Guadalajara, Jal.)<br \/>\nInstituto de Derechos Humanos Ignacio Ellacuria, S.J. Universidad Iberoamericana- Puebla (Puebla, Pue.)<br \/>\nInstituto de Liderazgo Simone de Beauvoir<br \/>\nInstituto Guerrerense de Derechos Humanos, A. C. (Chilpancingo, Gro.)<br \/>\nInstituto Mexicano de Derechos Humanos y Democracia A.C.<br \/>\nInstituto Mexicano para el Desarrollo Comunitario, A. C. (IMDEC) (Guadalajara, Jal.)<br \/>\nInstituto Tecnol\u00f3gico y de Estudios Superiores de Occidente.Programa<br \/>\nJusticia, Derechos Humanos y G\u00e9nero, A.C. (Ciudad de M\u00e9xico)<br \/>\nLa 72, Hogar-Refugio para Personas Migrantes (Tenosique, Tabasco)<br \/>\nMujeres Ind\u00edgenas por la Conservaci\u00f3n, Investigaci\u00f3n y Aprovechamiento de los Recursos Naturales, A. C. (CIARENA)(Oaxaca)<br \/>\nOficina de Defensor\u00eda de los Derechos de la Infancia A.C. (ODI) (Ciudad de M\u00e9xico),<br \/>\nOrganizaciones Mexicanas sin fines de Lucro<br \/>\nPrograma de Asuntos de G\u00e9nero de la Universidad Iberoamericana Ciudad de M\u00e9xico<br \/>\nPrograma de Asuntos Migratorios de la Universidad Iberoamericana Ciudad de M\u00e9xico<br \/>\nPrograma de Derechos Humanos de la Universidad Iberoamericana Ciudad de M\u00e9xico<br \/>\nPrograma de Interculturalidad y Asuntos Ind\u00edgenas de la Universidad Iberoamericana, Ciudad de M\u00e9xico<br \/>\nPrograma de Medio Ambiente de la Universidad Iberoamericana Ciudad de M\u00e9xico<br \/>\nPrograma Institucional de Derechos Humanos y Paz<br \/>\nPrograma Universitario de Derechos Humanos. UIA \u2013Le\u00f3n (Le\u00f3n, Gto.)<br \/>\nPromoci\u00f3n de los Derechos Econ\u00f3micos, Sociales y Culturales (PRODESCAC) (Estado de M\u00e9xico)<br \/>\nProyecto de Derechos Econ\u00f3micos, Sociales y Culturales (ProDESC) (Ciudad de M\u00e9xico)<br \/>\nProyecto sobre Organizaci\u00f3n, Desarrollo, Educaci\u00f3n e Investigaci\u00f3n (PODER) (Ciudad de M\u00e9xico)<br \/>\nRed de Periodistas de a Pie<br \/>\nRed Nacional de Organismos Civiles de Derechos Humanos \u201cTodos los Derechos para Todas y Todos\u201d<br \/>\nRespuesta Alternativa, A. C. Servicio de Derechos Humanos y Desarrollo Comunitario (San Luis Potos\u00ed)<br \/>\nServicio, Paz y Justicia de Tabasco, A.C. (SERPATAB) (Villahermosa, Tab.)<br \/>\nServicios de Inclusi\u00f3n Integral, A.C. (SEIINAC) (Pachuca, Hgo.)<br \/>\nSpatium Libertas, A.C.<br \/>\nTequio Jur\u00eddico A.C. (Oaxaca, Oax.)<br \/>\nVoces Mesoamericanas, Acci\u00f3n con Pueblos Migrantes AC (San Cristobal de las Casas, Chiapas).<\/p>\n<p><strong>Nicaragua<\/strong><br \/>\nCentro de Asistencia Legal a Pueblos Ind\u00edgenas (CALPI)<br \/>\nCentro Nicarag\u00fcense de Derechos Humanos (CENIDH)<br \/>\nCentro por la justicia y Derechos Humanos de la Costa Atl\u00e1ntica de Nicaragua<br \/>\n(CEJUDHCAN)<br \/>\nIniciativa Nicarag\u00fcense de mujeres defensoras de derechos humanos<br \/>\nMovimiento Aut\u00f3nomo de Mujeres<br \/>\nMovimiento contra el abuso sexual<\/p>\n<p><strong>Panam\u00e1<\/strong><br \/>\nAlianza Ciudadana Pro Justicia<br \/>\nAlianza de Mujeres de Panam\u00e1<br \/>\nCentro de Asistencia Legal Popular<br \/>\nMesa Nacional de Migrantes y Refugiados de Panam\u00e1<br \/>\nMovimiento Democr\u00e1tico Popular<br \/>\nRed de Derechos Humanos de Panam\u00e1<\/p>\n<p><strong>Paraguay<\/strong><br \/>\n\u00c1gora Espacio Civil Paraguay<\/p>\n<p><strong>Per\u00fa<\/strong><br \/>\nAsociaci\u00f3n Pro Derechos Humanos (APRODEH)<br \/>\nAsociaci\u00f3n Paz y Esperanza<br \/>\nCentro de Pol\u00edticas P\u00fablicas y Derechos Humanos &#8211; Per\u00fa EQUIDAD<br \/>\nCentro de Promoci\u00f3n y Defensa de los Derechos Sexuales y Reproductivos \u2013 Promsex<br \/>\nCoordinadora Nacional de Derechos Humanos (CNDDHH)<\/p>\n<p><strong>Uruguay<\/strong><br \/>\nInstituto de Estudios Legales y Sociales del Uruguay (IELSUR)<\/p>\n<p><strong>Venezuela<\/strong><br \/>\nCentro de Derechos Humanos de la Universidad Cat\u00f3lica Andr\u00e9s Bello<br \/>\nEspacio P\u00fablico<br \/>\nVicar\u00eda de derechos humanos de Caracas<\/p>\n<p><strong>Regionales y Globales<\/strong><br \/>\nAcompa\u00f1amiento de Austria (ADA)<br \/>\nAlianza de Redes Ambientales (ARA)<br \/>\nAmerican Friends Service Committee (AFSC)<br \/>\nAmnist\u00eda Internacional<br \/>\nAsociaci\u00f3n de Investigaci\u00f3n y Especializaci\u00f3n sobre temas Iberoamericanos (AIETI) Asociaci\u00f3n Interamericana para la Defensa del Ambiente (AIDA)<br \/>\nAsociaci\u00f3n Paz con Dignidad, Espa\u00f1a<br \/>\nAsociaci\u00f3n Regional Centroamericana para el Agua y el Ambiente. ARCA<br \/>\nAssociation for Women&#8217;s Rights in Development (Awid)<br \/>\nAyuda de la Iglesia Noruega (AIN)<br \/>\nCentro de Derechos Reproductivos (CDR)<br \/>\nCentro por la Justicia y el Derecho Internacional (CEJIL)<br \/>\nCoalici\u00f3n Centroamericana Democr\u00e1tica (CAD)<br \/>\nComit\u00e9 de Am\u00e9rica Latina y el Caribe para la Defensa de los Derechos de las Mujeres (CLADEM)<br \/>\nConsejer\u00eda en Proyectos para Refugiados Latinoamericanos (PCS Centroam\u00e9rica) DanChurchAid<br \/>\nDepartamento internacional de la Iglesia sueca<br \/>\nDiakonia<br \/>\nFederaci\u00f3n Internacional de Derechos Humanos (FIDH)<br \/>\nFellowship of Reconciliation Peace Presence (FOR) Presente por la Paz<br \/>\nFIAN Indonesia<br \/>\nForo Suizo para los Derechos Humanos y la Paz en Guatemala y Honduras<br \/>\nFundaci\u00f3n para el Debido Proceso (DPLF)<br \/>\nFundaci\u00f3n Sueca para los Derechos Humanos<br \/>\nGrupo de Informaci\u00f3n sobre Am\u00e9rica Latina (IGLA), Viena, Austria<br \/>\nIglesia Sueca<br \/>\nIM- Swedish Development Partner, oficina para Centroam\u00e9rica<br \/>\nInstituto Interamericano sobre Discapacidad y Desarrollo Inclusivo (IIDI)<br \/>\n<strong><span style=\"text-decoration: underline;\">Instituto Internacional sobre Raza, Igualdad y Derechos Humanos<\/span><\/strong><br \/>\nInteRed, Espa\u00f1a<br \/>\nIpas<br \/>\nJASS (Asociadas por lo Justo) Mesoam\u00e9rica<br \/>\nLatin America Working Group (LAWG)<br \/>\nMISEREOR, obra episcopal para el desarrollo, Alemania<br \/>\nMovimiento por la Paz (MPDL)<br \/>\nMovimiento Sueco por la Reconciliaci\u00f3n (SweFOR)<br \/>\nOficina Ecum\u00e9nica por la Paz y la Justicia de M\u00fanich, Alemania (\u00d6ku-B\u00fcro M\u00fcnchen) Oficina Regional de We Effect para Am\u00e9rica Latina<br \/>\nOXFAM IBIS<br \/>\nOxfam Internacional<br \/>\nPeace Brigades International (PBI)<br \/>\nPlataforma Interamericana de Derechos humanos, Democracia y Desarrollo (PIDHDD Regional)<br \/>\nPlataforma Internacional contra la Impunidad<br \/>\nProtection International<br \/>\nRed Centroamericana de Acci\u00f3n del Agua. FANCA<br \/>\nRed de Organizaciones de Personas con Discapacidad de Centroam\u00e9rica y El Caribe (REDODICEC)<br \/>\nRed Europea de Comit\u00e9s Oscar Romero<br \/>\nRed Latinoamericana de G\u00e9nero y Salud Colectiva de la Asociaci\u00f3n Latinoamericana de Medicina Social RLGSC \u2013 ALAMES<br \/>\nRed Regional de Organizaciones Civiles para las Migraciones (RROCM)<br \/>\nRed Euro-Latinoamericana para la Prevenci\u00f3n de la Tortura y la Violencia Institucional (RELAPT), integrada por los siguientes organismos: Observatorio del Sistema Penal y los Derechos Humanos (OSPDH) Universidad de Barcelona, Espa\u00f1a; Universidad Santo Tom\u00e1s, Colombia; Defensa P\u00fablica de Santa Fe, Argentina; Secretaria de Derechos Humanos &#8211; Provincia de Chaco, Argentina; Defensor\u00eda de Casaci\u00f3n de la Provincia de Buenos Aires, Argentina;<br \/>\nProcuraci\u00f3n Penitenciaria de la Argentina, Argentina; Grupo Cr\u00edtica Penal Universidad Nacional de Mar del Plata, Argentina; Mecanismo Nacional de Prevenci\u00f3n de la Tortura (MNPT), Costa Rica; UniCUB, Brasil; UnB Brasil; Defensa P\u00fablica, Costa Rica; Universidad Nacional de Jos\u00e9 C Paz (UNPAZ ), Buenos Aires, Argentina; Servicio Paz y Justicia (SERPAJ), Uruguay; Universidad para la Cooperaci\u00f3n Internacional (UCI), Costa Rica; Universidad La Gran Colombia (UGC), Bogot\u00e1, Colombia; Centro de Estudios en Seguridad Ciudadana (CESC) del Instituto de Asuntos P\u00fablicos de la Universidad de Chile, Chile; Defensora General de la Naci\u00f3n, Argentina; Asociaci\u00f3n Interamericana de Defensor\u00edas P\u00fablicas (AIDEF), Argentina y Bloque de Defensores P\u00fablicos Oficiales del Mercosur (BLODEPM).<br \/>\nRobert F. Kennedy Human Rights<br \/>\nSolidaridad Mundial B\u00e9lgica<br \/>\nTerre des Hommes, Alemania<br \/>\nTr\u00f3caire<br \/>\nJusticia Alimentaria Global (VSF)<br \/>\nWashington Office on Latin America (WOLA)<\/p>\n<p><strong>Personas individuales<\/strong><br \/>\nDra. Julia E. Mon\u00e1rrez Fragoso, profesora e investigadora, El Colegio de la Frontera Norte (M\u00e9xico)<br \/>\nHannia Franceschi Barraza, profesora jubilada, Universidad de Costa Rica (Costa Rica) Gabriela Delgado Ballesteros, investigadora UNAM M\u00e9xico (M\u00e9xico)<br \/>\nSeidy Salas V\u00edquez, periodista (Costa Rica)<br \/>\nDavid Augusto D\u00e1vila Navarro, defensor de derechos humanos y Profesor Universitario (Guatemala)<br \/>\nRoc\u00edo Culebro, defensora de derechos humanos (M\u00e9xico)<br \/>\nEdgar Cortez, defensor de derechos humanos (M\u00e9xico)<br \/>\nSonia Sol\u00eds Uma\u00f1a, antrop\u00f3loga social, profesora de la Universidad de Costa Rica<br \/>\n(Costa Rica)<br \/>\nMaritza Muralles, bibliotecaria (Guatemala)<br \/>\nJose Montero Pe\u00f1a, defensor de derechos humanos, Costa Rica<br \/>\nFarith Simon Campa\u00f1a, decano del Colegio de Jurisprudencia de la Universidad San Francisco de Quito, Ecuador<br \/>\nDaniela Salazar Mar\u00edn, vicedecana del Colegio de Jurisprudencia de la Universidad San Francisco de Quito, Ecuador<br \/>\nJuan Pablo Alb\u00e1n Alencastro, director del Consultorio Jur\u00eddico Gratuito del Colegio de Jurisprudencia de la Universidad San Francisco de Quito, Ecuador<br \/>\nNatalia Serrano \u00c1lvarez, activista y defensora de derechos humanos, Costa Rica<br \/>\nLuis Diego Molina Moreira, activista y defensor de derechos humanos, Costa Rica Nadiezda Serrano \u00c1lvarez, ingeniera agr\u00f3noma y activista, Costa Rica<br \/>\nLuisa Ochoa Chaves, profesora, Universidad de Costa Rica<br \/>\nJos\u00e9 Luis Ospina, defensor de derechos humanos (Colombia)<br \/>\nM.A. Helen Amrhein, abogada y consultora independiente, Costa Rica<br \/>\nRobert Mercatante, defensor de derechos humanos, Estados Unidos<br \/>\nReina Auxiliadora Rivera Joya, defensora de Derechos humanos Honduras<br \/>\nAnabella Sibri\u00e1n, defensora de los derechos humanos, Guatemala<br \/>\nAura Lolita Ch\u00e1vez, defensora de los derechos humanos, Guatemala<br \/>\nJos\u00e9 Antonio Caballero, defensor de los derechos humanos, M\u00e9xico<br \/>\nPedro Carrera, defensor de los derechos humanos, Guatemala<br \/>\nVictoria Mar\u00eda Napky Talavera, Abogada, Honduras<\/p>\n","protected":false},"excerpt":{"rendered":"<p>Estados miembro de la Organizaci\u00f3n de los Estados Americanos La Coalici\u00f3n de organizaciones por los Derechos Humanos en las Am\u00e9ricas, adem\u00e1s de otras redes regionales y globales de sociedad civil, [&hellip;]<\/p>\n","protected":false},"author":15,"featured_media":8657,"parent":0,"menu_order":0,"template":"","format":"standard","categories":[1162,1126,1161],"resources_country":[],"resources_language":[],"resources_audience":[],"resources_format":[],"resources_topic":[1100,1106],"resources_year":[],"class_list":["post-11284","resources","type-resources","status-publish","format-standard","has-post-thumbnail","hentry","category-cidh","category-oas","category-oea","resources_topic-cidh","resources_topic-oea-es"],"acf":[],"aioseo_notices":[],"_links":{"self":[{"href":"https:\/\/raceandequality.org\/es\/wp-json\/wp\/v2\/resources\/11284","targetHints":{"allow":["GET"]}}],"collection":[{"href":"https:\/\/raceandequality.org\/es\/wp-json\/wp\/v2\/resources"}],"about":[{"href":"https:\/\/raceandequality.org\/es\/wp-json\/wp\/v2\/types\/resources"}],"author":[{"embeddable":true,"href":"https:\/\/raceandequality.org\/es\/wp-json\/wp\/v2\/users\/15"}],"wp:featuredmedia":[{"embeddable":true,"href":"https:\/\/raceandequality.org\/es\/wp-json\/wp\/v2\/media\/8657"}],"wp:attachment":[{"href":"https:\/\/raceandequality.org\/es\/wp-json\/wp\/v2\/media?parent=11284"}],"wp:term":[{"taxonomy":"category","embeddable":true,"href":"https:\/\/raceandequality.org\/es\/wp-json\/wp\/v2\/categories?post=11284"},{"taxonomy":"resources_country","embeddable":true,"href":"https:\/\/raceandequality.org\/es\/wp-json\/wp\/v2\/resources_country?post=11284"},{"taxonomy":"resources_language","embeddable":true,"href":"https:\/\/raceandequality.org\/es\/wp-json\/wp\/v2\/resources_language?post=11284"},{"taxonomy":"resources_audience","embeddable":true,"href":"https:\/\/raceandequality.org\/es\/wp-json\/wp\/v2\/resources_audience?post=11284"},{"taxonomy":"resources_format","embeddable":true,"href":"https:\/\/raceandequality.org\/es\/wp-json\/wp\/v2\/resources_format?post=11284"},{"taxonomy":"resources_topic","embeddable":true,"href":"https:\/\/raceandequality.org\/es\/wp-json\/wp\/v2\/resources_topic?post=11284"},{"taxonomy":"resources_year","embeddable":true,"href":"https:\/\/raceandequality.org\/es\/wp-json\/wp\/v2\/resources_year?post=11284"}],"curies":[{"name":"wp","href":"https:\/\/api.w.org\/{rel}","templated":true}]}}