{"id":11293,"date":"2016-06-24T21:18:56","date_gmt":"2016-06-24T21:18:56","guid":{"rendered":"http:\/\/race01.wp\/resources\/asamblea-general-de-la-oea-presentacion-del-informe-sobre-violencia-en-contra-las-personas-del-lgbti-en-las-americas-santo-domingo-republica-dominicana\/"},"modified":"2023-05-10T11:37:33","modified_gmt":"2023-05-10T11:37:33","slug":"asamblea-general-de-la-oea-presentacion-del-informe-sobre-violencia-en-contra-las-personas-del-lgbti-en-las-americas-santo-domingo-republica-dominicana","status":"publish","type":"resources","link":"https:\/\/raceandequality.org\/es\/resources\/asamblea-general-de-la-oea-presentacion-del-informe-sobre-violencia-en-contra-las-personas-del-lgbti-en-las-americas-santo-domingo-republica-dominicana\/","title":{"rendered":"Asamblea General de la OEA &#8211; Presentaci\u00f3n del Informe sobre Violencia en contra las personas del LGBTI en las Am\u00e9ricas Santo Domingo, Rep\u00fablica Dominicana."},"content":{"rendered":"<p><strong>El Instituto sobre Raza, Igualdad y Derechos Humanos<\/strong> junto a la <strong>Comisi\u00f3n Interamericana de Derechos Humanos<\/strong>, la organizaci\u00f3n <strong>Trans <em>Este Podemos Avanzar &#8211;<\/em> TEPA<\/strong>, y <strong><em>Trans Siempre Amigas<\/em> -TRANSSA<\/strong>, estos dos \u00faltimas organizaciones de derechos de las personas LGBTI Dominicanas en Santo Domingo, Rep\u00fablica Dominicana el pasado 14 de Junio. El prop\u00f3sito del evento, que se celebr\u00f3 durante la Asamblea General de la Organizaci\u00f3n de los Estados Americanos (OEA) fue presentar el informe de la Comisi\u00f3n Interamericana sobre <em>Violencia en contra de las personas del LGBTI en las Am\u00e9ricas<\/em>.<\/p>\n<p>Los co-organizadores dieron la bienvenida a la participaci\u00f3n de <strong>Emilio \u00c1lvarez Icaza<\/strong>, Secretario Ejecutivo de la Comisi\u00f3n Interamericana, quien comenz\u00f3 con un resumen de las resultados del informe y haciendo hincapi\u00e9 en las m\u00faltiples discriminaciones que enfrentan las personas lesbianas, homosexuales, bisexuales, trans y intersexuales en las Am\u00e9ricas, as\u00ed como las violentas consecuencias producidas por esta discriminaci\u00f3n. El presidente de la Comisi\u00f3n Interamericana, <strong>James Cavallaro<\/strong>, y el Relator Especial para la Libertad de Expresi\u00f3n, <strong>Edison Lanza<\/strong>, tambi\u00e9n estuvieron presentes.<\/p>\n<p>El Sr. <strong>Jos\u00e9 Luiz Machado e Costa,<\/strong> Embajador de Brasil ante la OEA, se\u00f1al\u00f3 que su pa\u00eds ha estado a la vanguardia por la inclusi\u00f3n de los derechos del LGBTI en la agenda de la OEA, y que las organizaciones de la sociedad civil han jugado un papel importante en este esfuerzo; incluyendo la resoluci\u00f3n sobre orientaci\u00f3n sexual e identidad de g\u00e9nero que Brasil siempre propone y co-auspicia ente el Consejo Permanente.<\/p>\n<p><strong>Carlos Quesada<\/strong>, Director Ejecutivo del Instituto, habl\u00f3 sobre la importancia del informe de la Comisi\u00f3n para los activistas de derechos humanos LGBTI en la regi\u00f3n, y la necesidad de utilizar las recomendaciones incluidas en dicho informe para fines de incidencia. Los representantes de las otras dos organizaciones co-patrocinadoras tambi\u00e9n instaron a los m\u00e1s de noventa asistentes a que estrat\u00e9gicamente incidan en las entidades nacionales \u00a0para la implementaci\u00f3n de las recomendaciones hechas por la Comisi\u00f3n.<\/p>\n<p>Este evento tambi\u00e9n estuvo marcado por las discusiones que resaltaron la interseccionalidad y los beneficios de la formaci\u00f3n de alianzas con otros grupos que sufren diversas formas de discriminaci\u00f3n, especialmente a nivel regional e internacional. <strong>Alejandra Sarda<\/strong> de las organizaciones de la Coalici\u00f3n LGBTI en las Am\u00e9ricas expres\u00f3 que en Argentina ya se han utilizado datos del informe. <strong>Cristian King<\/strong>, Director Ejecutivo de TRANSSA expres\u00f3 que el informe incluye todos los problemas que enfrentan los miembros de la comunidad LGBTI en la Rep\u00fablica Dominicana; mientras que <strong>M\u00f3nica Ruiz<\/strong>, de TEPA destac\u00f3 toda la violencia que la comunidad Trans enfrent\u00f3, no s\u00f3lo en la Rep\u00fablica Dominicana, sino en todo el continente; especialmente de parte de la polic\u00eda y otros actores estatales.<\/p>\n<p>&nbsp;<\/p>\n","protected":false},"excerpt":{"rendered":"<p>El Instituto sobre Raza, Igualdad y Derechos Humanos junto a la Comisi\u00f3n Interamericana de Derechos Humanos, la organizaci\u00f3n Trans Este Podemos Avanzar &#8211; TEPA, y Trans Siempre Amigas -TRANSSA, estos [&hellip;]<\/p>\n","protected":false},"author":15,"featured_media":8687,"parent":0,"menu_order":0,"template":"","format":"standard","categories":[1138,1161],"resources_country":[1195],"resources_language":[],"resources_audience":[],"resources_format":[],"resources_topic":[1106],"resources_year":[],"class_list":["post-11293","resources","type-resources","status-publish","format-standard","has-post-thumbnail","hentry","category-dominican-republic","category-oea","resources_country-republica-dominicana","resources_topic-oea-es"],"acf":[],"aioseo_notices":[],"_links":{"self":[{"href":"https:\/\/raceandequality.org\/es\/wp-json\/wp\/v2\/resources\/11293","targetHints":{"allow":["GET"]}}],"collection":[{"href":"https:\/\/raceandequality.org\/es\/wp-json\/wp\/v2\/resources"}],"about":[{"href":"https:\/\/raceandequality.org\/es\/wp-json\/wp\/v2\/types\/resources"}],"author":[{"embeddable":true,"href":"https:\/\/raceandequality.org\/es\/wp-json\/wp\/v2\/users\/15"}],"wp:featuredmedia":[{"embeddable":true,"href":"https:\/\/raceandequality.org\/es\/wp-json\/wp\/v2\/media\/8687"}],"wp:attachment":[{"href":"https:\/\/raceandequality.org\/es\/wp-json\/wp\/v2\/media?parent=11293"}],"wp:term":[{"taxonomy":"category","embeddable":true,"href":"https:\/\/raceandequality.org\/es\/wp-json\/wp\/v2\/categories?post=11293"},{"taxonomy":"resources_country","embeddable":true,"href":"https:\/\/raceandequality.org\/es\/wp-json\/wp\/v2\/resources_country?post=11293"},{"taxonomy":"resources_language","embeddable":true,"href":"https:\/\/raceandequality.org\/es\/wp-json\/wp\/v2\/resources_language?post=11293"},{"taxonomy":"resources_audience","embeddable":true,"href":"https:\/\/raceandequality.org\/es\/wp-json\/wp\/v2\/resources_audience?post=11293"},{"taxonomy":"resources_format","embeddable":true,"href":"https:\/\/raceandequality.org\/es\/wp-json\/wp\/v2\/resources_format?post=11293"},{"taxonomy":"resources_topic","embeddable":true,"href":"https:\/\/raceandequality.org\/es\/wp-json\/wp\/v2\/resources_topic?post=11293"},{"taxonomy":"resources_year","embeddable":true,"href":"https:\/\/raceandequality.org\/es\/wp-json\/wp\/v2\/resources_year?post=11293"}],"curies":[{"name":"wp","href":"https:\/\/api.w.org\/{rel}","templated":true}]}}