{"id":11301,"date":"2016-07-01T20:50:00","date_gmt":"2016-07-01T20:50:00","guid":{"rendered":"http:\/\/race01.wp\/resources\/consejo-de-derechos-humanos-habla-sobre-el-racismo-la-discriminacion-racial-la-xenofobia-y-las-formas-conexas-de-intolerancia\/"},"modified":"2023-05-10T11:52:26","modified_gmt":"2023-05-10T11:52:26","slug":"consejo-de-derechos-humanos-habla-sobre-el-racismo-la-discriminacion-racial-la-xenofobia-y-las-formas-conexas-de-intolerancia","status":"publish","type":"resources","link":"https:\/\/raceandequality.org\/es\/resources\/consejo-de-derechos-humanos-habla-sobre-el-racismo-la-discriminacion-racial-la-xenofobia-y-las-formas-conexas-de-intolerancia\/","title":{"rendered":"Consejo de Derechos Humanos habla sobre el Racismo, la Discriminaci\u00f3n Racial, la Xenofobia y las Formas Conexas de Intolerancia"},"content":{"rendered":"<p><strong>Ginebra, Suiza, 29 de Junio<\/strong>. El Consejo de Derechos Humanos llev\u00f3 a cabo a principios de esta semana, un di\u00e1logo interactivo con el <strong>Sr. Mutuma Ruteere<\/strong>, el Relator Especial sobre el racismo, la discriminaci\u00f3n racial, la xenofobia y otras formas conexas de intolerancia, quien present\u00f3 tres informes al Consejo, seguidos por un debate general sobre el racismo y la discriminaci\u00f3n racial.<\/p>\n<p>En la presentaci\u00f3n de los informes, el Sr. Ruteere dijo que el primero de sus documentos tem\u00e1ticos se enfoca en la xenofobia, sus tendencias y manifestaciones, especialmente en el contexto de la crisis actual de migraci\u00f3n. El Sr. Ruteere record\u00f3 a los Estados que las estrategias para la lucha contra la discriminaci\u00f3n xen\u00f3foba deben estar adaptadas al contexto espec\u00edfico y cuidadosamente enfocadas en las realidades dom\u00e9sticas, en la que el papel de los actores locales es de suma importancia en el dise\u00f1o e implementaci\u00f3n de pol\u00edticas para superar las barreras locales para la integraci\u00f3n y la convivencia pac\u00edfica. Posteriormente, hizo referencia a su segundo informe, sobre la lucha contra la glorificaci\u00f3n del nazismo y el neo-nazismo, el Sr. Ruteere mencion\u00f3 la violencia que se ejerce contra los roman\u00edes, musulmanes, jud\u00edos y otras minor\u00edas y grupos vulnerables, tambi\u00e9n, expres\u00f3 su preocupaci\u00f3n por el ciber-racismo y la propaganda de odio a trav\u00e9s de las plataformas de redes sociales, as\u00ed como por la proliferaci\u00f3n de grupos extremistas en los deportes. En su tercer informe hablo sobre su visita de pa\u00eds a Grecia.<\/p>\n<p>Tras la presentaci\u00f3n de los informes, se llev\u00f3 a cabo el di\u00e1logo interactivo, donde las delegaciones expresaron su preocupaci\u00f3n, pues muchas de las cuestiones planteadas en el informe no muestran signos de mejora y notan que continua la amenaza para los derechos humanos y la democracia, los movimientos pol\u00edticos extremistas, cuya influencia ha aumentado en varias zonas del mundo, especialmente en Europa, donde los partidos extremistas ocupan esca\u00f1os en los parlamentos nacionales y regionales. Los participantes hicieron hincapi\u00e9 en la necesidad de una fuerte respuesta de los gobiernos al racismo y al odio, incluso contra los refugiados y los migrantes, y llamaron a crear estrategias integrales que incorporen aspectos legales y \u00a0educativos que desarrollen capacidad. Los Estados participantes tambi\u00e9n resaltaron el papel crucial que la sociedad civil desempe\u00f1a en la lucha contra la xenofobia en el \u00e1mbito de la comunidad y dijo que sus iniciativas deben ser apoyadas y no reprimidas por las autoridades estatales.<\/p>\n<p>Tambi\u00e9n dijo que en la era actual, con el aumento de la movilidad, las formas generalizadas de violencia\u00a0 f\u00edsica, las expresiones de odio y la discriminaci\u00f3n, tienen sus ra\u00edces en la xenofobia. \u00c9l recomend\u00f3 que los gobiernos y las partes interesadas pongan la debida atenci\u00f3n al conjunto de elementos clave en el dise\u00f1o e implementaci\u00f3n de estrategias m\u00e1s eficaces. Estos incluyen un diagn\u00f3stico local de la situaci\u00f3n, la implementaci\u00f3n de acciones preventiva, avance de la solidaridad social, la identificaci\u00f3n de la escala apropiada de intervenci\u00f3n, la complementariedad de las estrategias, y la revisi\u00f3n y evaluaci\u00f3n.<\/p>\n<p>El Relator Especial enfatizo la importancia de la cooperaci\u00f3n entre los Estados, las organizaciones de la sociedad civil y los actores tecnol\u00f3gicos para hacer frente a las manifestaciones de racismo en l\u00ednea. Tambi\u00e9n subray\u00f3 el papel de las organizaciones de la sociedad civil que trabajan con migrantes a nivel local en el apoyo de acceso a la justicia para las v\u00edctimas de la discriminaci\u00f3n xen\u00f3foba o violencia xen\u00f3foba. Tambi\u00e9n afirm\u00f3 que los Estados tienen la obligaci\u00f3n de prohibir la proliferaci\u00f3n del racismo en consistencia con sus obligaciones de derechos humanos. En cuanto a la intersecci\u00f3n con las cuestiones de g\u00e9nero, dijo que muchas mujeres migrantes son sometidas a violencia sexual. Reconocer la interseccionalidad entre el g\u00e9nero y la raza es crucial para abordar plenamente el problema en todas sus dimensiones. El pr\u00f3ximo a\u00f1o, su informe ser\u00e1 sobre lucha contra el terrorismo y el problema de la xenofobia.<\/p>\n<p>El Instituto Internacional sobre la Raza, Igualdad y Derechos Humanos acoge con satisfacci\u00f3n los informes del Relator Especial sobre el racismo, la discriminaci\u00f3n racial, la xenofobia y las formas conexas de intolerancia, en particular la menci\u00f3n de la interseccionalidad entre g\u00e9nero y raza. Hacemos un llamado a los Estados Miembros para dar seguimiento a los compromisos de la Declaraci\u00f3n y Programa de Acci\u00f3n de Durban y dar prioridad a la lucha contra el racismo, la discriminaci\u00f3n racial, la xenofobia y las formas conexas de intolerancia.<\/p>\n<p>&nbsp;<\/p>\n<p>El reporte complete se encuentra <a href=\"https:\/\/raceandequality.org\/76\">aqui.<\/a><\/p>\n<p><em>Para m\u00e1s informaci\u00f3n sobre el Consejo de Derechos Humanos, favor de contactar a nuestra Asesora Legal en Ginebra, Laia Evia, al correo <a href=\"mailto:Evia@oldrace.wp\">Evia@oldrace.wp <\/a><\/em><\/p>\n","protected":false},"excerpt":{"rendered":"<p>Ginebra, Suiza, 29 de Junio. El Consejo de Derechos Humanos llev\u00f3 a cabo a principios de esta semana, un di\u00e1logo interactivo con el Sr. Mutuma Ruteere, el Relator Especial sobre [&hellip;]<\/p>\n","protected":false},"author":15,"featured_media":8695,"parent":0,"menu_order":0,"template":"","format":"standard","categories":[1159,1163],"resources_country":[],"resources_language":[],"resources_audience":[],"resources_format":[],"resources_topic":[1117,1109],"resources_year":[],"class_list":["post-11301","resources","type-resources","status-publish","format-standard","has-post-thumbnail","hentry","category-onu","category-regional","resources_topic-onu","resources_topic-raza-e-igualdad"],"acf":[],"aioseo_notices":[],"_links":{"self":[{"href":"https:\/\/raceandequality.org\/es\/wp-json\/wp\/v2\/resources\/11301","targetHints":{"allow":["GET"]}}],"collection":[{"href":"https:\/\/raceandequality.org\/es\/wp-json\/wp\/v2\/resources"}],"about":[{"href":"https:\/\/raceandequality.org\/es\/wp-json\/wp\/v2\/types\/resources"}],"author":[{"embeddable":true,"href":"https:\/\/raceandequality.org\/es\/wp-json\/wp\/v2\/users\/15"}],"wp:featuredmedia":[{"embeddable":true,"href":"https:\/\/raceandequality.org\/es\/wp-json\/wp\/v2\/media\/8695"}],"wp:attachment":[{"href":"https:\/\/raceandequality.org\/es\/wp-json\/wp\/v2\/media?parent=11301"}],"wp:term":[{"taxonomy":"category","embeddable":true,"href":"https:\/\/raceandequality.org\/es\/wp-json\/wp\/v2\/categories?post=11301"},{"taxonomy":"resources_country","embeddable":true,"href":"https:\/\/raceandequality.org\/es\/wp-json\/wp\/v2\/resources_country?post=11301"},{"taxonomy":"resources_language","embeddable":true,"href":"https:\/\/raceandequality.org\/es\/wp-json\/wp\/v2\/resources_language?post=11301"},{"taxonomy":"resources_audience","embeddable":true,"href":"https:\/\/raceandequality.org\/es\/wp-json\/wp\/v2\/resources_audience?post=11301"},{"taxonomy":"resources_format","embeddable":true,"href":"https:\/\/raceandequality.org\/es\/wp-json\/wp\/v2\/resources_format?post=11301"},{"taxonomy":"resources_topic","embeddable":true,"href":"https:\/\/raceandequality.org\/es\/wp-json\/wp\/v2\/resources_topic?post=11301"},{"taxonomy":"resources_year","embeddable":true,"href":"https:\/\/raceandequality.org\/es\/wp-json\/wp\/v2\/resources_year?post=11301"}],"curies":[{"name":"wp","href":"https:\/\/api.w.org\/{rel}","templated":true}]}}