{"id":11312,"date":"2016-09-16T17:49:34","date_gmt":"2016-09-16T17:49:34","guid":{"rendered":"http:\/\/race01.wp\/resources\/el-voto-mayoritario-del-si-en-el-plebiscito-para-apoyar-el-acuerdo-final-de-paz-en-colombia-fortalecera-condiciones-para-garantizar-los-derechos-de-los-grupos-etnicos\/"},"modified":"2016-09-16T17:45:52","modified_gmt":"2016-09-16T17:45:52","slug":"el-voto-mayoritario-del-si-en-el-plebiscito-para-apoyar-el-acuerdo-final-de-paz-en-colombia-fortalecera-condiciones-para-garantizar-los-derechos-de-los-grupos-etnicos","status":"publish","type":"resources","link":"https:\/\/raceandequality.org\/es\/resources\/el-voto-mayoritario-del-si-en-el-plebiscito-para-apoyar-el-acuerdo-final-de-paz-en-colombia-fortalecera-condiciones-para-garantizar-los-derechos-de-los-grupos-etnicos\/","title":{"rendered":"El voto mayoritario del S\u00cd en el plebiscito para apoyar el Acuerdo Final de Paz en Colombia fortalecer\u00e1 condiciones para garantizar los derechos de los grupos \u00e9tnicos."},"content":{"rendered":"<p><strong>Bogot\u00e1, 13 de septiembre de 2016. <\/strong>Despu\u00e9s de la firma del Acuerdo Final por parte de los representantes del gobierno colombiano y las FARC-EP el 24 de agosto de 2016, el Congreso de Colombia autoriz\u00f3 al presidente Juan Manuel Santos convocar un plebiscito el d\u00eda 2 de octubre para que los ciudadanos expresen su voto positivo o negativo frente a lo acordado. La pregunta del plebiscito ser\u00e1<em>: \u00bfApoya usted el acuerdo final para la terminaci\u00f3n del conflicto y la construcci\u00f3n de una paz estable y duradera?<\/em> El Instituto sobre Raza, Igualdad y Derechos Humanos expresa su apoyo a las organizaciones y comunidades \u00e9tnicas que p\u00fablicamente vienen adelantando acciones pedag\u00f3gicas para convocar a los colombianos para votar por el S\u00cd.<\/p>\n<p>Son varias las razones que sustentan la conveniencia para las comunidades \u00e9tnicas, y para la sociedad en general, de que el resultado del plebiscito sea favorable a apoyar el Acuerdo Final. Algunas se relacionan con las din\u00e1micas institucionales de la implementaci\u00f3n de los Acuerdos. Otras trascienden este nivel formal, y se relacionan con imaginarios y percepciones que tambi\u00e9n son fundamentales para que la construcci\u00f3n de la paz sea incluyente con los grupos \u00e9tnicos.<\/p>\n<p><strong>El voto por el S\u00cd, al expresar el apoyo popular a lo acordado, tambi\u00e9n estar\u00eda legitimando el enfoque diferencial \u00e9tnico que contiene el Acuerdo Final<\/strong>.\u00a0 En un <a href=\"https:\/\/raceandequality.org\/83\">comunicado<\/a> del 5 de septiembre de 2016, la Comisi\u00f3n \u00c9tnica para la Paz y la Defensa de los Derechos Territoriales, argumenta que la inclusi\u00f3n de un \u201ccap\u00edtulo \u00e9tnico\u201d en el Acuerdo Final contiene compromisos para la aplicaci\u00f3n de principios que garanticen los derechos de sus comunidades en la implementaci\u00f3n de los Acuerdos. De ah\u00ed, que est\u00e9n moviliz\u00e1ndose a favor del S\u00cd al plebiscito:<\/p>\n<p><em>Despu\u00e9s que las partes del conflicto llegaron al Acuerdo Final de Paz el 24 de agosto del presente a\u00f1o, los pueblos \u00e9tnicos seguimos en Asamblea Permanente en todo el pa\u00eds, haciendo Pedagog\u00eda de Paz para la pervivencia de los pueblos y comunidades de todo lo acordado en el proceso paz. En m\u00e1s del 35% del territorio nacional le estamos diciendo \u00a1S\u00cd A LA PAZ, S\u00cd A LA VIDA!, por tanto invitamos a los Colombianos a lograr la paz entre todos, dici\u00e9ndoles a los que quieren perpetuar la guerra, que aqu\u00ed no cabe el NO de los partidos pol\u00edticos, en alianza con medios de comunicaci\u00f3n que le hacen apolog\u00eda a la guerra; ser\u00eda vergonzoso con todos los pueblos del mundo, que despu\u00e9s de m\u00e1s de 50 a\u00f1os de guerra, hayan colombianos apoyando la guerra y no a las v\u00edctimas que queremos la PAZ , solo les decimos aqu\u00ed va ganar la Verdad\u2026 la verdad nos har\u00e1 libres, la verdad nos har\u00e1 vivir en PAZ.<\/em><\/p>\n<p><strong>Un resultado del plebiscito favorable al S\u00cd contribuir\u00e1 a consolidar las condiciones para la construcci\u00f3n de la paz<\/strong> <strong>en los territorios y lugares donde habitan las comunidades \u00e9tnicas. <\/strong>Las comunidades \u00e9tnicas son conscientes que la firma del Acuerdo Final y el apoyo ciudadano mayoritario constituyen un punto de partida para la construcci\u00f3n de la paz. Pero tambi\u00e9n saben que m\u00e1s all\u00e1 del cumplimiento de estos requisitos institucionales, el consenso ciudadano sobre la conveniencia de aplicar el Acuerdo Final propiciar\u00e1 actitudes de los ciudadanos e instituciones que son necesarias para que reconozcan los impactos diferenciales que han experimentando y apoyen la ejecuci\u00f3n de pol\u00edticas y programas que se orientar\u00e1n a la restauraci\u00f3n de sus derechos.<\/p>\n<p><strong>El apoyo mayoritario al S\u00cd tambi\u00e9n ayudara a que la implementaci\u00f3n de los Acuerdos se consolide como oportunidad para que los grupos \u00e9tnicos puedan superar las exclusiones hist\u00f3ricas estructurales<\/strong>. Las organizaciones \u00e9tnicas agrupadas en la Comisi\u00f3n \u00c9tnica para la Paz y la Defensa de los Derechos Territoriales<em>,<\/em> que lideraron los procesos de incidencia para la inclusi\u00f3n del cap\u00edtulo \u00e9tnico en el Acuerdo Final, desde un principio resaltaron que el Acuerdo para poner fin al conflicto puede ser una oportunidad para que el Estado y la sociedad colombiana finalmente adopte las pol\u00edticas p\u00fablicas necesarias para superar la exclusi\u00f3n estructural que se vio profundizada como consecuencia del conflicto. Desde esa perspectiva, el voto por el S\u00cd tambi\u00e9n fortalecer\u00e1 la legitimidad y conveniencia para que las agendas de los grupos \u00e9tnicos sean finalmente atendidas en forma adecuada y suficiente.<\/p>\n<p><strong>El voto mayoritario por el S\u00cd tambi\u00e9n significar\u00e1 que la sociedad colombiana expresa su compromiso para eliminar la discriminaci\u00f3n racial y otras formas de exclusi\u00f3n que afectan a los grupos \u00e9tnicos<\/strong>. El Acuerdo Final, al reconocer los impactos diferenciales del conflicto sobre los grupos \u00e9tnicos, e incorporar principios para garantizar un enfoque diferencial, estar\u00e1 contribuyendo con su implementaci\u00f3n a que se avance en corregir los efectos negativos de la discriminaci\u00f3n racial que siguen experimentando las comunidades \u00e9tnicas. De manera especial, las inversiones p\u00fablicas orientadas a mejorar la calidad de vida de los sectores rurales ofrecer\u00e1n una oportunidad para eliminar uno de las mayores expresiones del racismo institucional: la indiferencia estatal ante las condiciones de vida de los grupos \u00e9tnicos.<\/p>\n<p><strong>El voto mayoritario por el S\u00cd significar\u00e1 dar luz verde para que la sociedad colombiana construya y reconozca la \u201cverdad\u201d sobre los impactos del conflicto armado sobre los grupos \u00e9tnicos. <\/strong>Las comunidades y organizaciones \u00e9tnicas, durante los \u00faltimos 20 a\u00f1os en especial, han denunciado como un \u201cgenocidio\u201d el patr\u00f3n sistem\u00e1tico de violencias y violaciones que han ejercido sobre ellos todos los actores armados. Estos hechos, que ya han sido ampliamente documentados por organizaciones e instituciones de derechos humanos nacionales e internacionales, demuestran que el conflicto armado ha destruido condiciones fundamentales para la supervivencia f\u00edsica y cultural de las comunidades ind\u00edgenas y afrocolombianos. Hasta el momento parecer\u00eda que la sociedad y el Estado colombiano no han reconocido plenamente la magnitud y la calidad de estos impactos. El voto por el S\u00cd, que dar\u00e1 luz verde a la implementaci\u00f3n de los mecanismos para la construcci\u00f3n de la verdad, ofrecer\u00e1 finalmente la oportunidad para este reconocimiento.<\/p>\n<p>El <em>Instituto sobre Raza, Igualdad y Derechos Humanos<\/em> reitera su compromiso para apoyar a las comunidades y organizaciones afrocolombianas e ind\u00edgenas en sus esfuerzos para que en la implementaci\u00f3n del Acuerdo Final se adopte un enfoque diferencial \u00e9tnico que garantice la protecci\u00f3n y restituci\u00f3n de sus derechos.<\/p>\n","protected":false},"excerpt":{"rendered":"<p>Bogot\u00e1, 13 de septiembre de 2016. Despu\u00e9s de la firma del Acuerdo Final por parte de los representantes del gobierno colombiano y las FARC-EP el 24 de agosto de 2016, [&hellip;]<\/p>\n","protected":false},"author":15,"featured_media":8727,"parent":0,"menu_order":0,"template":"","format":"standard","categories":[1122],"resources_country":[1191],"resources_language":[],"resources_audience":[],"resources_format":[],"resources_topic":[],"resources_year":[],"class_list":["post-11312","resources","type-resources","status-publish","format-standard","has-post-thumbnail","hentry","category-colombia","resources_country-colombia-es"],"acf":[],"aioseo_notices":[],"_links":{"self":[{"href":"https:\/\/raceandequality.org\/es\/wp-json\/wp\/v2\/resources\/11312","targetHints":{"allow":["GET"]}}],"collection":[{"href":"https:\/\/raceandequality.org\/es\/wp-json\/wp\/v2\/resources"}],"about":[{"href":"https:\/\/raceandequality.org\/es\/wp-json\/wp\/v2\/types\/resources"}],"author":[{"embeddable":true,"href":"https:\/\/raceandequality.org\/es\/wp-json\/wp\/v2\/users\/15"}],"wp:featuredmedia":[{"embeddable":true,"href":"https:\/\/raceandequality.org\/es\/wp-json\/wp\/v2\/media\/8727"}],"wp:attachment":[{"href":"https:\/\/raceandequality.org\/es\/wp-json\/wp\/v2\/media?parent=11312"}],"wp:term":[{"taxonomy":"category","embeddable":true,"href":"https:\/\/raceandequality.org\/es\/wp-json\/wp\/v2\/categories?post=11312"},{"taxonomy":"resources_country","embeddable":true,"href":"https:\/\/raceandequality.org\/es\/wp-json\/wp\/v2\/resources_country?post=11312"},{"taxonomy":"resources_language","embeddable":true,"href":"https:\/\/raceandequality.org\/es\/wp-json\/wp\/v2\/resources_language?post=11312"},{"taxonomy":"resources_audience","embeddable":true,"href":"https:\/\/raceandequality.org\/es\/wp-json\/wp\/v2\/resources_audience?post=11312"},{"taxonomy":"resources_format","embeddable":true,"href":"https:\/\/raceandequality.org\/es\/wp-json\/wp\/v2\/resources_format?post=11312"},{"taxonomy":"resources_topic","embeddable":true,"href":"https:\/\/raceandequality.org\/es\/wp-json\/wp\/v2\/resources_topic?post=11312"},{"taxonomy":"resources_year","embeddable":true,"href":"https:\/\/raceandequality.org\/es\/wp-json\/wp\/v2\/resources_year?post=11312"}],"curies":[{"name":"wp","href":"https:\/\/api.w.org\/{rel}","templated":true}]}}