{"id":11313,"date":"2016-09-21T19:56:55","date_gmt":"2016-09-21T19:56:55","guid":{"rendered":"http:\/\/race01.wp\/resources\/peru-anuncia-firma-de-la-convencion-interamericana-contra-el-racismo-discriminacion-racial-y-formas-conexas-de-intolerancia-y-de-la-convencion-interamericana-contra-toda-forma-de-discriminacion-e-int\/"},"modified":"2016-09-21T19:51:15","modified_gmt":"2016-09-21T19:51:15","slug":"peru-anuncia-firma-de-la-convencion-interamericana-contra-el-racismo-discriminacion-racial-y-formas-conexas-de-intolerancia-y-de-la-convencion-interamericana-contra-toda-forma-de-discriminacion-e-int","status":"publish","type":"resources","link":"https:\/\/raceandequality.org\/es\/resources\/peru-anuncia-firma-de-la-convencion-interamericana-contra-el-racismo-discriminacion-racial-y-formas-conexas-de-intolerancia-y-de-la-convencion-interamericana-contra-toda-forma-de-discriminacion-e-int\/","title":{"rendered":"Per\u00fa anuncia firma de la Convenci\u00f3n Interamericana contra el Racismo, Discriminaci\u00f3n Racial y Formas Conexas de Intolerancia y de la Convenci\u00f3n Interamericana contra Toda Forma de Discriminaci\u00f3n e Intolerancia."},"content":{"rendered":"<p><strong>Lima, Per\u00fa. 20 de septiembre, 2016.<\/strong> Augusto Buz\u00e1n, Ministro de Derechos Humanos del Ministerio de Relaciones Exteriores del Per\u00fa anunci\u00f3 el 20 de septiembre que Per\u00fa ha \u201csuscrito\u201d la Convenci\u00f3n Interamericana contra el Racismo, Discriminaci\u00f3n Racial y Formas Conexas de Intolerancia y la Convenci\u00f3n Interamericana contra Toda Forma de Discriminaci\u00f3n e Intolerancia. As\u00ed lo dio a conocer durante el evento \u201cProceso Actual de la Convenci\u00f3n Interamericana contra el Racismo, Discriminaci\u00f3n Racial y Formas Conexas de Intolerancia\u201d, organizado por el Instituto sobre Raza, Igualdad y Derechos Humanos y el Centro de Desarrollo de la Mujer Negra Peruana (CEDEMUNEP) en Lima.<\/p>\n<p>En el texto dado a conocer en el diario oficial <em>El Peruano<\/em> del 7 de setiembre, y del que tenemos copia, en su Art. 1 se resuelve \u201c<strong><em>Delegar en la persona de la Embajadora Ana Rosa Valdivieso Santa Mar\u00eda, Representante Permanente del Per\u00fa ante la Organizaci\u00f3n de Estados Americanos (OEA), las facultades suficientes para que suscriba la Convenci\u00f3n Interamericana contra el Racismo, la Discriminaci\u00f3n Racial y Formas Conexas de Intolerancia<\/em>\u201d. <\/strong><\/p>\n<p>\u201cEl objetivo del evento se cumpli\u00f3 con esta noticia\u201d, expres\u00f3 Cecilia Ram\u00edrez, Directora Ejecutiva del CEDEMUNEP; quien adem\u00e1s agreg\u00f3 que \u201ctenemos la mitad de la tarea cumplida y refleja la importancia que el tema racial y de discriminaci\u00f3n en general tiene el nuevo gobierno del Presidente Pedro Pablo Kuczynsky\u201d.<\/p>\n<p>En el evento adem\u00e1s particip\u00f3 como ponente Mariela Noles Cotito, abogada afroperuana, que estuvo a cargo de elaborar un informe anal\u00edtico sobre la importancia de la adhesi\u00f3n del Per\u00fa a la Convenci\u00f3n. Participantes al evento felicitaron al Per\u00fa por la firma de las Convenciones y plantearon que iniciaran las acciones de incidencia correspondientes para que el Congreso del Per\u00fa las ratifique.<\/p>\n<p>\u201cLa firma del Per\u00fa de ambas Convenciones representa un paso en la direcci\u00f3n correcta para reconocer y enfrentar el racismo estructural que afecta no solo a los afroperuanos sino tambi\u00e9n en contra de la poblaci\u00f3n ind\u00edgena\u201d, afirm\u00f3 el Director del Instituto, Carlos Quesada.<\/p>\n<p>Con su firma, Per\u00fa se convierte en el 12\u00ba pa\u00eds de la regi\u00f3n que firma la Convenci\u00f3n; que fue ratificada por Costa Rica en agosto pasado.<\/p>\n","protected":false},"excerpt":{"rendered":"<p>Lima, Per\u00fa. 20 de septiembre, 2016. Augusto Buz\u00e1n, Ministro de Derechos Humanos del Ministerio de Relaciones Exteriores del Per\u00fa anunci\u00f3 el 20 de septiembre que Per\u00fa ha \u201csuscrito\u201d la Convenci\u00f3n [&hellip;]<\/p>\n","protected":false},"author":15,"featured_media":8731,"parent":0,"menu_order":0,"template":"","format":"standard","categories":[1124],"resources_country":[1201],"resources_language":[],"resources_audience":[],"resources_format":[],"resources_topic":[],"resources_year":[],"class_list":["post-11313","resources","type-resources","status-publish","format-standard","has-post-thumbnail","hentry","category-peru","resources_country-peru-es"],"acf":[],"aioseo_notices":[],"_links":{"self":[{"href":"https:\/\/raceandequality.org\/es\/wp-json\/wp\/v2\/resources\/11313","targetHints":{"allow":["GET"]}}],"collection":[{"href":"https:\/\/raceandequality.org\/es\/wp-json\/wp\/v2\/resources"}],"about":[{"href":"https:\/\/raceandequality.org\/es\/wp-json\/wp\/v2\/types\/resources"}],"author":[{"embeddable":true,"href":"https:\/\/raceandequality.org\/es\/wp-json\/wp\/v2\/users\/15"}],"wp:featuredmedia":[{"embeddable":true,"href":"https:\/\/raceandequality.org\/es\/wp-json\/wp\/v2\/media\/8731"}],"wp:attachment":[{"href":"https:\/\/raceandequality.org\/es\/wp-json\/wp\/v2\/media?parent=11313"}],"wp:term":[{"taxonomy":"category","embeddable":true,"href":"https:\/\/raceandequality.org\/es\/wp-json\/wp\/v2\/categories?post=11313"},{"taxonomy":"resources_country","embeddable":true,"href":"https:\/\/raceandequality.org\/es\/wp-json\/wp\/v2\/resources_country?post=11313"},{"taxonomy":"resources_language","embeddable":true,"href":"https:\/\/raceandequality.org\/es\/wp-json\/wp\/v2\/resources_language?post=11313"},{"taxonomy":"resources_audience","embeddable":true,"href":"https:\/\/raceandequality.org\/es\/wp-json\/wp\/v2\/resources_audience?post=11313"},{"taxonomy":"resources_format","embeddable":true,"href":"https:\/\/raceandequality.org\/es\/wp-json\/wp\/v2\/resources_format?post=11313"},{"taxonomy":"resources_topic","embeddable":true,"href":"https:\/\/raceandequality.org\/es\/wp-json\/wp\/v2\/resources_topic?post=11313"},{"taxonomy":"resources_year","embeddable":true,"href":"https:\/\/raceandequality.org\/es\/wp-json\/wp\/v2\/resources_year?post=11313"}],"curies":[{"name":"wp","href":"https:\/\/api.w.org\/{rel}","templated":true}]}}