{"id":11350,"date":"2017-02-09T22:00:40","date_gmt":"2017-02-09T22:00:40","guid":{"rendered":"http:\/\/race01.wp\/resources\/desafios-y-recomendaciones-al-cerd-resultado-de-la-consulta-con-ongs\/"},"modified":"2023-05-10T11:41:12","modified_gmt":"2023-05-10T11:41:12","slug":"desafios-y-recomendaciones-al-cerd-resultado-de-la-consulta-con-ongs","status":"publish","type":"resources","link":"https:\/\/raceandequality.org\/es\/resources\/desafios-y-recomendaciones-al-cerd-resultado-de-la-consulta-con-ongs\/","title":{"rendered":"Desaf\u00edos y Recomendaciones al CERD resultado de la Consulta con ONGs"},"content":{"rendered":"<p>Ginebra, Suiza. Febrero 2017<\/p>\n<p>El 23 de noviembre de 2016 se celebr\u00f3 en Ginebra (Suiza) una consulta p\u00fablica con diversos actores de la sociedad civil, titulada \u00abUniendo manos para acabar con la discriminaci\u00f3n racial\u00bb. El Instituto y representantes de diversas organizaciones asociadas de Latinoam\u00e9rica participaron, junto con los miembros del Comit\u00e9 y otros representantes de la sociedad civil de otras regiones, como se detalla en un <a href=\"https:\/\/raceandequality.org\/731\">art\u00edculo anterior<\/a>.<\/p>\n<p>El reporte sobre los resultados de la consulta se ha publicado recientemente e incluye una recopilaci\u00f3n de retos y recomendaciones clave, formulados al Comit\u00e9 en declaraciones escritas y orales de los actores de la sociedad civil que asistieron a la reuni\u00f3n o participaron v\u00eda la web.<\/p>\n<p>La consulta ten\u00eda tres objetivos principales: 1) Obtener una imagen actual de los principales retos a los que se enfrenta la sociedad civil en su lucha contra la discriminaci\u00f3n racial alrededor del mundo; 2) Obtener una visi\u00f3n general de las experiencias recientes de las organizaciones de la sociedad civil en su trabajo con el CERD; y 3) Recibir ideas de la sociedad civil sobre c\u00f3mo mejorar el trabajo del Comit\u00e9 con la sociedad civil para el cumplimiento de su mandato.<\/p>\n<p>Al referirse a desaf\u00edos clave, el di\u00e1logo en la sala y las declaraciones enviadas, criticaron el matiz racial que se le da a las disparidades econ\u00f3micas y los nocivos conceptos de superioridad social que conducen a la polarizaci\u00f3n de los grupos. Tambi\u00e9n resaltaron las manifestaciones actuales de discriminaci\u00f3n racial en diversas zonas del mundo e identificaron grupos particularmente vulnerables. Por ejemplo, el racismo y la discriminaci\u00f3n racial contra los dalits, los afrodescendientes, los roman\u00edes, los pueblos ind\u00edgenas, los trabajadores migrantes, las comunidades musulmanas y las comunidades de refugiados y migrantes, fueron los m\u00e1s mencionados.<\/p>\n<p>El racismo institucionalizado, la falta de leyes e infraestructuras nacionales para proteger a las v\u00edctimas y las disparidades pol\u00edticas, sociales y econ\u00f3micas a las que se enfrentan las minor\u00edas raciales, \u00e9tnicas y religiosas fueron temas centrales durante la consulta.<\/p>\n<p>El debate tambi\u00e9n resalt\u00f3 los problemas relacionados con la falta de recopilaci\u00f3n de informaci\u00f3n sobre la discriminaci\u00f3n racial y se cuestion\u00f3 c\u00f3mo mejorar dicha recopilaci\u00f3n en los pa\u00edses. Las ONGs comentaron su preocupaci\u00f3n por el hecho de que los Estados a veces no implementan plenamente las recomendaciones del Comit\u00e9. Algunas ONGs tambi\u00e9n compartieron informaci\u00f3n sobre las din\u00e1micas de cabildeo que llevan a cabo con sus respectivos gobiernos para promover, proteger los derechos humanos y reducir la discriminaci\u00f3n racial.<\/p>\n<p>Tambi\u00e9n se plante\u00f3 la cuesti\u00f3n de la diversidad ling\u00fc\u00edstica, ya que los documentos y procedimientos del Comit\u00e9 no son accesibles para muchas ONG que trabajan en idiomas distintos de los idiomas oficiales de las Naciones Unidas.<\/p>\n<p>Algunas de las recomendaciones para que el CERD fortalezca su compromiso con la sociedad civil incluyeron:<\/p>\n<ul>\n<li>Viajar a los Estados Partes para presentar informes y provocar discusiones en los pa\u00edses y regiones.<\/li>\n<li>Asegurar que el enfoque del CERD en los ex\u00e1menes peri\u00f3dicos de los Estados Parte y en las observaciones finales no sea s\u00f3lo para el estado federal sino tambi\u00e9n sobre las acciones de los gobiernos y autoridades provinciales.<\/li>\n<li>Desarrollar un mecanismo de denuncia colectiva que trate la violaci\u00f3n de derechos de naturaleza colectiva, como los de los pueblos ind\u00edgenas.<\/li>\n<li>Establecer un mecanismo de quejas y seguimiento conjunto que alcance todos los \u00f3rganos de tratados.<\/li>\n<li>Proporcionar programas de capacitaci\u00f3n a organizaciones de la sociedad civil.<\/li>\n<li>Incrementar los esfuerzos para comprender y trabajar con la din\u00e1mica espec\u00edfica de las estructuras estatales descentralizadas en relaci\u00f3n con la discriminaci\u00f3n racial en la ley y la pr\u00e1ctica.<\/li>\n<li>Considerar un procedimiento oficial para las revisiones de los Estados Partes en ausencia de un informe peri\u00f3dico por parte del Estado.<\/li>\n<li>Aumentar el alcance de las redes sociales para compartir m\u00e1s informaci\u00f3n a las ONGs sobre c\u00f3mo involucrarse y trabajar con el CERD.<\/li>\n<\/ul>\n<p>Finalmente, el reporte expresa que muchos activistas y la sociedad civil en general no conocen la Convenci\u00f3n Internacional para la Eliminaci\u00f3n de la Discriminaci\u00f3n Racial (ICERD) y tampoco los procedimientos que existen bajo el mandato del Comit\u00e9 (CERD). Actualmente, existe una aut\u00e9ntica oportunidad para maximizar el v\u00ednculo entre los actores de la sociedad civil y el Comit\u00e9.<\/p>\n<p>El reporte final logra informar a la sociedad civil sobre la Convenci\u00f3n y sobre el Comit\u00e9, en un momento donde dicha informaci\u00f3n es indispensable, ya que \u00faltimamente hemos sido testigos de diversas formas de discriminaci\u00f3n racial, incluyendo los discursos de odio, los cr\u00edmenes con motivos raciales y las actitudes negativas hacia los refugiados, los migrantes y las minor\u00edas.<\/p>\n<p>El texto completo del reporte final se puede encontrar <a href=\"https:\/\/raceandequality.org\/91\">aqu\u00ed.<\/a> Versi\u00f3n solo en ingl\u00e9s.<\/p>\n","protected":false},"excerpt":{"rendered":"<p>Ginebra, Suiza. Febrero 2017 El 23 de noviembre de 2016 se celebr\u00f3 en Ginebra (Suiza) una consulta p\u00fablica con diversos actores de la sociedad civil, titulada \u00abUniendo manos para acabar [&hellip;]<\/p>\n","protected":false},"author":15,"featured_media":8786,"parent":0,"menu_order":0,"template":"","format":"standard","categories":[1159],"resources_country":[],"resources_language":[],"resources_audience":[],"resources_format":[],"resources_topic":[1117],"resources_year":[],"class_list":["post-11350","resources","type-resources","status-publish","format-standard","has-post-thumbnail","hentry","category-onu","resources_topic-onu"],"acf":[],"aioseo_notices":[],"_links":{"self":[{"href":"https:\/\/raceandequality.org\/es\/wp-json\/wp\/v2\/resources\/11350","targetHints":{"allow":["GET"]}}],"collection":[{"href":"https:\/\/raceandequality.org\/es\/wp-json\/wp\/v2\/resources"}],"about":[{"href":"https:\/\/raceandequality.org\/es\/wp-json\/wp\/v2\/types\/resources"}],"author":[{"embeddable":true,"href":"https:\/\/raceandequality.org\/es\/wp-json\/wp\/v2\/users\/15"}],"wp:featuredmedia":[{"embeddable":true,"href":"https:\/\/raceandequality.org\/es\/wp-json\/wp\/v2\/media\/8786"}],"wp:attachment":[{"href":"https:\/\/raceandequality.org\/es\/wp-json\/wp\/v2\/media?parent=11350"}],"wp:term":[{"taxonomy":"category","embeddable":true,"href":"https:\/\/raceandequality.org\/es\/wp-json\/wp\/v2\/categories?post=11350"},{"taxonomy":"resources_country","embeddable":true,"href":"https:\/\/raceandequality.org\/es\/wp-json\/wp\/v2\/resources_country?post=11350"},{"taxonomy":"resources_language","embeddable":true,"href":"https:\/\/raceandequality.org\/es\/wp-json\/wp\/v2\/resources_language?post=11350"},{"taxonomy":"resources_audience","embeddable":true,"href":"https:\/\/raceandequality.org\/es\/wp-json\/wp\/v2\/resources_audience?post=11350"},{"taxonomy":"resources_format","embeddable":true,"href":"https:\/\/raceandequality.org\/es\/wp-json\/wp\/v2\/resources_format?post=11350"},{"taxonomy":"resources_topic","embeddable":true,"href":"https:\/\/raceandequality.org\/es\/wp-json\/wp\/v2\/resources_topic?post=11350"},{"taxonomy":"resources_year","embeddable":true,"href":"https:\/\/raceandequality.org\/es\/wp-json\/wp\/v2\/resources_year?post=11350"}],"curies":[{"name":"wp","href":"https:\/\/api.w.org\/{rel}","templated":true}]}}