{"id":11351,"date":"2017-03-15T14:29:35","date_gmt":"2017-03-15T14:29:35","guid":{"rendered":"http:\/\/race01.wp\/resources\/la-onu-examina-la-situacion-de-las-desapariciones-forzadas-en-cuba\/"},"modified":"2023-05-15T04:48:23","modified_gmt":"2023-05-15T04:48:23","slug":"la-onu-examina-la-situacion-de-las-desapariciones-forzadas-en-cuba","status":"publish","type":"resources","link":"https:\/\/raceandequality.org\/es\/resources\/la-onu-examina-la-situacion-de-las-desapariciones-forzadas-en-cuba\/","title":{"rendered":"La ONU examina la situaci\u00f3n de las desapariciones forzadas en Cuba"},"content":{"rendered":"<p><strong>Ginebra, Suiza<\/strong>.<strong> 9 de marzo 2017. &#8211;\u00a0<\/strong>El Comit\u00e9 de expertos independientes sobre desaparici\u00f3n forzosa de la ONU (CED, por sus siglas en ingles) examin\u00f3 a Cuba los pasados d\u00edas 6 y 7 de marzo, para evaluar el cumplimiento de los compromisos internacionales que contrajo el pa\u00eds en la materia al firmar la Convenci\u00f3n Internacional para la Protecci\u00f3n de todas las Personas contra las Desapariciones Forzadas, la cual Cuba ratific\u00f3 en 2009. Esta es la primera vez que el Estado cubano se somete a la revisi\u00f3n por parte del Comit\u00e9, el examen se realiz\u00f3 en el Palacio Wilson, una de las sedes de la ONU en Ginebra, Suiza.<\/p>\n<p>Como primera parte del proceso de revisi\u00f3n, Cuba present\u00f3 un <a href=\"https:\/\/raceandequality.org\/732\">informe escrito<\/a> para describir los avances en la implementaci\u00f3n de la Convenci\u00f3n sobre Desaparici\u00f3n Forzada, donde aclar\u00f3 que \u201clos derechos a la vida, a la libertad y a la seguridad de las personas han constituido siempre pilares en la actuaci\u00f3n de la Revoluci\u00f3n cubana, sus autoridades y del funcionamiento de la sociedad en general\u201d,\u00a0 y que, \u201cen su pol\u00edtica interna y exterior, Cuba pone en pr\u00e1ctica el respeto a la integridad f\u00edsica y moral del individuo\u201d, afirmando que, \u201cdesde el triunfo de la Revoluci\u00f3n en 1959 se elimin\u00f3 la tortura y no ha existido ni un solo caso de desaparici\u00f3n forzada o ejecuci\u00f3n extrajudicial\u201d, postura que sostuvo durante el di\u00e1logo con el Comit\u00e9 de expertos.<\/p>\n<p>La <a href=\"https:\/\/raceandequality.org\/93\">delegaci\u00f3n cubana<\/a>, encabezada por el Sr. Abelardo Moreno, Viceministro del Ministerio de Relaciones Exteriores, realiz\u00f3 su discurso de apertura, donde resalt\u00f3 que el informe presentado se realiz\u00f3 despu\u00e9s de un amplio proceso de consulta con numerosas instituciones gubernamentales y no gubernamentales, las cuales evaluaron el cumplimiento de la Convenci\u00f3n, reiterando que despu\u00e9s de la Revoluci\u00f3n cubana se puso fin a la pol\u00edtica de desapariciones forzadas t\u00edpicas de la dictadura y que actualmente en Cuba no existen desapariciones forzadas ni detenciones secretas.<\/p>\n<p>Posteriormente, los relatores de pa\u00eds, Sres. Juan Jos\u00e9 L\u00f3pez Ortega y Daniel Figallo, hicieron preguntas dirigidas a la delegaci\u00f3n cubana con el fin de aclarar cuestiones del informe de pa\u00eds, otros miembros del Comit\u00e9 de expertos tambi\u00e9n realizaron preguntas pertinentes.<\/p>\n<p>Dichas preguntas se enfocaron en la tipificaci\u00f3n del delito de desaparici\u00f3n forzada; las dificultades de Cuba para permitir que el CED trate casos particulares; y la falta de ratificaci\u00f3n de Protocolos Facultativos de los \u00d3rganos de Tratado, del Pacto Internacional de Derechos Civiles y Pol\u00edticos y del Estatuto de Roma, siendo estos pilares fundamentales del Derecho Internacional de los Derechos Humanos.<\/p>\n<p>Los relatores de pa\u00eds tambi\u00e9n pidieron detalles sobre la metodolog\u00eda participativa que utiliz\u00f3 el Estado para redactar el informe de pa\u00eds y sobre todo la manera en la que se articul\u00f3 el di\u00e1logo con la sociedad civil y si se incluy\u00f3 la informaci\u00f3n de ONGs reconocidas internacionalmente.<\/p>\n<p>Los expertos pidieron aclaraci\u00f3n sobre las desapariciones forzadas de corta duraci\u00f3n; las fallas estructurales de independencia judicial \u2013 resaltadas por otros \u00f3rganos de Naciones Unidas- cuando se refiere a la resoluci\u00f3n de los casos y el amplio papel de los tribunales militares en el tratamiento de los delitos en cuesti\u00f3n; las detenciones arbitrarias y los plazos de detenci\u00f3n; la manera en la que se contacta y mantiene informada a la familia del detenido sobre su situaci\u00f3n; el derecho a un abogado y la existencia de enfoque de g\u00e9nero en la materia, entre otras.<\/p>\n<p>La delegaci\u00f3n contest\u00f3 algunas de las preguntas mencionadas, refiri\u00e9ndose al reporte de pa\u00eds previamente mencionado, dichas respuestas pueden verse en <a href=\"https:\/\/raceandequality.org\/94\">el video de la sesi\u00f3n<\/a>.<\/p>\n<p>La Convenci\u00f3n ha sido ratificada, al d\u00eda de hoy por 56 de los 193 Estados miembros que integran las Naciones Unidas. Durante esta decimosegunda sesi\u00f3n del Comit\u00e9, los expertos tambi\u00e9n examinar\u00e1n a Ecuador y Senegal, haciendo p\u00fablicas sus recomendaciones a los 3 pa\u00edses el 17 de marzo. Las Observaciones Finales para Cuba pueden encontrarse en <a href=\"https:\/\/raceandequality.org\/95\">este link.\u00a0<\/a><\/p>\n","protected":false},"excerpt":{"rendered":"<p>Ginebra, Suiza. 9 de marzo 2017. &#8211;\u00a0El Comit\u00e9 de expertos independientes sobre desaparici\u00f3n forzosa de la ONU (CED, por sus siglas en ingles) examin\u00f3 a Cuba los pasados d\u00edas 6 [&hellip;]<\/p>\n","protected":false},"author":15,"featured_media":8790,"parent":0,"menu_order":0,"template":"","format":"standard","categories":[1123,1154,1159],"resources_country":[1193],"resources_language":[],"resources_audience":[],"resources_format":[],"resources_topic":[1117],"resources_year":[],"class_list":["post-11351","resources","type-resources","status-publish","format-standard","has-post-thumbnail","hentry","category-cuba","category-espanol","category-onu","resources_country-cuba-es","resources_topic-onu"],"acf":[],"aioseo_notices":[],"_links":{"self":[{"href":"https:\/\/raceandequality.org\/es\/wp-json\/wp\/v2\/resources\/11351","targetHints":{"allow":["GET"]}}],"collection":[{"href":"https:\/\/raceandequality.org\/es\/wp-json\/wp\/v2\/resources"}],"about":[{"href":"https:\/\/raceandequality.org\/es\/wp-json\/wp\/v2\/types\/resources"}],"author":[{"embeddable":true,"href":"https:\/\/raceandequality.org\/es\/wp-json\/wp\/v2\/users\/15"}],"wp:featuredmedia":[{"embeddable":true,"href":"https:\/\/raceandequality.org\/es\/wp-json\/wp\/v2\/media\/8790"}],"wp:attachment":[{"href":"https:\/\/raceandequality.org\/es\/wp-json\/wp\/v2\/media?parent=11351"}],"wp:term":[{"taxonomy":"category","embeddable":true,"href":"https:\/\/raceandequality.org\/es\/wp-json\/wp\/v2\/categories?post=11351"},{"taxonomy":"resources_country","embeddable":true,"href":"https:\/\/raceandequality.org\/es\/wp-json\/wp\/v2\/resources_country?post=11351"},{"taxonomy":"resources_language","embeddable":true,"href":"https:\/\/raceandequality.org\/es\/wp-json\/wp\/v2\/resources_language?post=11351"},{"taxonomy":"resources_audience","embeddable":true,"href":"https:\/\/raceandequality.org\/es\/wp-json\/wp\/v2\/resources_audience?post=11351"},{"taxonomy":"resources_format","embeddable":true,"href":"https:\/\/raceandequality.org\/es\/wp-json\/wp\/v2\/resources_format?post=11351"},{"taxonomy":"resources_topic","embeddable":true,"href":"https:\/\/raceandequality.org\/es\/wp-json\/wp\/v2\/resources_topic?post=11351"},{"taxonomy":"resources_year","embeddable":true,"href":"https:\/\/raceandequality.org\/es\/wp-json\/wp\/v2\/resources_year?post=11351"}],"curies":[{"name":"wp","href":"https:\/\/api.w.org\/{rel}","templated":true}]}}