{"id":11352,"date":"2017-03-16T14:00:57","date_gmt":"2017-03-16T14:00:57","guid":{"rendered":"http:\/\/race01.wp\/resources\/el-instituto-honra-al-presidente-de-costa-rica-por-la-ratificacion-de-la-convencion-interamericana-contra-el-racismo-y-la-discriminacion-racial\/"},"modified":"2023-05-10T11:37:44","modified_gmt":"2023-05-10T11:37:44","slug":"el-instituto-honra-al-presidente-de-costa-rica-por-la-ratificacion-de-la-convencion-interamericana-contra-el-racismo-y-la-discriminacion-racial","status":"publish","type":"resources","link":"https:\/\/raceandequality.org\/es\/resources\/el-instituto-honra-al-presidente-de-costa-rica-por-la-ratificacion-de-la-convencion-interamericana-contra-el-racismo-y-la-discriminacion-racial\/","title":{"rendered":"El Instituto Honra al Presidente de Costa Rica por la Ratificaci\u00f3n de la Convenci\u00f3n Interamericana Contra el Racismo y la Discriminaci\u00f3n Racial"},"content":{"rendered":"<p>Washington, D.C. 16 de marzo, 2017. Con la presencia del Presidente de Costa Rica, Lu\u00eds Guillermo Sol\u00eds, el Instituto sobre Raza, Igualdad y Derechos Humanos organiz\u00f3 un Acto de Reconocimiento en honor de Costa Rica por haber sido el primer pa\u00eds del hemisferio en ratificar la Convenci\u00f3n Interamericana contra el Racismo, la Discriminaci\u00f3n Racial y Formas Conexas de Intolerancia.<\/p>\n<p>El evento de celebraci\u00f3n tuvo lugar el jueves, 16 de marzo en el Museo de las Am\u00e9ricas. Tambi\u00e9n asisti\u00f3 como invitada especial Margarette May Macaulay, Comisionada de la Comisi\u00f3n Interamericana de Derechos Humanos y Relatora sobre los Derechos de los Afrodescendientes y contra la Discriminaci\u00f3n Racial.<\/p>\n<p>Carlos Quesada, Director Ejecutivo del Instituto ofreci\u00f3 una bienvenida a los invitados y las palabras de apertura, felicitando al gobierno de Costa Rica por su liderazgo en la promoci\u00f3n de la Convenci\u00f3n. Agreg\u00f3 que la ratificaci\u00f3n de la Convenci\u00f3n culmin\u00f3 un proceso que se inici\u00f3 en 2003, cuando la sociedad civil empez\u00f3 a reclamar la creaci\u00f3n de un tratado sobre la discriminaci\u00f3n. Quesada manifest\u00f3 que la sociedad civil qued\u00f3 \u201cmuy entusiasmada cuando el gobierno de Costa Rica ratific\u00f3 la Convenci\u00f3n\u201d, y alent\u00f3 \u201ca todos los Estados miembros a ratificar la Convenci\u00f3n\u201d.<\/p>\n<p>La Comisionada Margarette May Macaulay manifest\u00f3 que fue una ocasi\u00f3n hist\u00f3rica cuando fue testiga de la ratificaci\u00f3n de la Convenci\u00f3n en Costa Rica. La Comisionada Macaulay afirm\u00f3 que \u201cla discriminaci\u00f3n racial existe en todas partes, y la ratificaci\u00f3n de la Convenci\u00f3n significa que lleg\u00f3 la hora de solucionar el problema\u201d. Agreg\u00f3 que \u201ccon demasiada frecuencia las personas que sufren de discriminaci\u00f3n no se pueden expresar, y las personas que no sufren de discriminaci\u00f3n no pueden comprenderla\u201d. Macaulay alab\u00f3 a Costa Rica y pidi\u00f3 a los once Estados miembros que han firmado la Convenci\u00f3n sin ratificarla, \u201cque sean tan valientes, fuertes e incisivos como Costa Rica\u201d, para ratificar la Convenci\u00f3n, \u201cpara que todos puedan gozar de la igualdad\u201d.<\/p>\n<p>El Presidente Sol\u00eds recibi\u00f3 el honor \u201ccon un gran placer y humildad\u201d. Afirm\u00f3 que \u201clos afrodescendientes son una parte importante de Costa Rica\u201d, y que \u201ctenemos que seguir haciendo el m\u00e1ximo esfuerzo para erradicar el racismo\u201d. El Presidente concluy\u00f3 afirmando que \u201ceste es un buen momento para esperar que muy pronto la Convenci\u00f3n entre en vigencia\u201d.<\/p>\n<p>Al evento acudieron tambi\u00e9n Embajadores de varias otras misiones de la Organizaci\u00f3n de Estados Americanos (OAS), as\u00ed como representativos de la propia OEA, la Comisi\u00f3n Interamericana de Derechos Humanos, y miembros de la sociedad civil basados en EE.UU y la regi\u00f3n.<\/p>\n<p>La Convenci\u00f3n, tratado regional que ofrece protecciones adicionales contra la discriminaci\u00f3n racial, fue aprobada por la Organizaci\u00f3n de Estados Americanos en junio de 2013 y ratificada por Costa Rica el 5 de agosto del 2016; el documento entrar\u00e1 en vigencia para los pa\u00edses suscriptores despu\u00e9s de que otro pa\u00eds miembro de la OEA m\u00e1s la ratifique.<\/p>\n<p>El evento ofreci\u00f3 una oportunidad de visibilizar este importante e hist\u00f3rico paso tomado por el gobierno costarricense, y de subrayar la importancia de la Convenci\u00f3n como una herramienta fundamental en la lucha contra el racismo y la discriminaci\u00f3n racial en las Am\u00e9ricas. Tambi\u00e9n sirvi\u00f3 como impulso para continuar la iniciativa iniciada por Costa Rica y as\u00ed promover su adopci\u00f3n amplia por los pa\u00edses de la regi\u00f3n.<\/p>\n","protected":false},"excerpt":{"rendered":"<p>Washington, D.C. 16 de marzo, 2017. Con la presencia del Presidente de Costa Rica, Lu\u00eds Guillermo Sol\u00eds, el Instituto sobre Raza, Igualdad y Derechos Humanos organiz\u00f3 un Acto de Reconocimiento [&hellip;]<\/p>\n","protected":false},"author":15,"featured_media":8794,"parent":0,"menu_order":0,"template":"","format":"standard","categories":[1154,1126,1161],"resources_country":[],"resources_language":[],"resources_audience":[],"resources_format":[],"resources_topic":[1106],"resources_year":[],"class_list":["post-11352","resources","type-resources","status-publish","format-standard","has-post-thumbnail","hentry","category-espanol","category-oas","category-oea","resources_topic-oea-es"],"acf":[],"aioseo_notices":[],"_links":{"self":[{"href":"https:\/\/raceandequality.org\/es\/wp-json\/wp\/v2\/resources\/11352","targetHints":{"allow":["GET"]}}],"collection":[{"href":"https:\/\/raceandequality.org\/es\/wp-json\/wp\/v2\/resources"}],"about":[{"href":"https:\/\/raceandequality.org\/es\/wp-json\/wp\/v2\/types\/resources"}],"author":[{"embeddable":true,"href":"https:\/\/raceandequality.org\/es\/wp-json\/wp\/v2\/users\/15"}],"wp:featuredmedia":[{"embeddable":true,"href":"https:\/\/raceandequality.org\/es\/wp-json\/wp\/v2\/media\/8794"}],"wp:attachment":[{"href":"https:\/\/raceandequality.org\/es\/wp-json\/wp\/v2\/media?parent=11352"}],"wp:term":[{"taxonomy":"category","embeddable":true,"href":"https:\/\/raceandequality.org\/es\/wp-json\/wp\/v2\/categories?post=11352"},{"taxonomy":"resources_country","embeddable":true,"href":"https:\/\/raceandequality.org\/es\/wp-json\/wp\/v2\/resources_country?post=11352"},{"taxonomy":"resources_language","embeddable":true,"href":"https:\/\/raceandequality.org\/es\/wp-json\/wp\/v2\/resources_language?post=11352"},{"taxonomy":"resources_audience","embeddable":true,"href":"https:\/\/raceandequality.org\/es\/wp-json\/wp\/v2\/resources_audience?post=11352"},{"taxonomy":"resources_format","embeddable":true,"href":"https:\/\/raceandequality.org\/es\/wp-json\/wp\/v2\/resources_format?post=11352"},{"taxonomy":"resources_topic","embeddable":true,"href":"https:\/\/raceandequality.org\/es\/wp-json\/wp\/v2\/resources_topic?post=11352"},{"taxonomy":"resources_year","embeddable":true,"href":"https:\/\/raceandequality.org\/es\/wp-json\/wp\/v2\/resources_year?post=11352"}],"curies":[{"name":"wp","href":"https:\/\/api.w.org\/{rel}","templated":true}]}}