{"id":11367,"date":"2017-05-08T22:12:34","date_gmt":"2017-05-08T22:12:34","guid":{"rendered":"http:\/\/race01.wp\/resources\/instituto-conduce-taller-sobre-la-organizacion-de-los-estados-americanos\/"},"modified":"2017-05-08T22:10:16","modified_gmt":"2017-05-08T22:10:16","slug":"instituto-conduce-taller-sobre-la-organizacion-de-los-estados-americanos","status":"publish","type":"resources","link":"https:\/\/raceandequality.org\/es\/resources\/instituto-conduce-taller-sobre-la-organizacion-de-los-estados-americanos\/","title":{"rendered":"Instituto conduce taller sobre la Organizaci\u00f3n de los Estados Americanos"},"content":{"rendered":"<p>De cara a la 47<sup>a<\/sup> Asamblea General de la <strong>Organizaci\u00f3n de los Estados Americanos<\/strong> (<strong>OEA<\/strong>) \u201c<em>Fortaleciendo el di\u00e1logo y la concertaci\u00f3n para la prosperidad,\u201d<\/em> a llevarse a cabo este a\u00f1o en Canc\u00fan, M\u00e9xico del 19 al 21 de junio, el <strong>Instituto Internacional sobre Raza, Igualdad y Derechos Humanos<\/strong> condujo un taller de cuatro d\u00edas para l\u00edderes y lideresas Afrodescendientes y LGBTI de la sociedad civil del Hemisferio Occidental en San Jos\u00e9, Costa Rica del 2 al 4 de mayo. El taller fue enfocado en los mecanismos de protecci\u00f3n de los derechos humanos y estrategias para la incidencia ante la Asamblea General de la OEA.<\/p>\n<p>A los participantes, quienes vinieron de una docena de pa\u00edses de Am\u00e9rica Latina y el Caribe, se les dio un vistazo general \u00a0de la estructura y funci\u00f3n de la OEA. Personal del Instituto junto con ponentes invitados, hablaron de las distintas formas para la participaci\u00f3n de la sociedad civil, incluyendo la Asamblea General y la <strong>Comisi\u00f3n Interamericana sobre Derechos Humanos<\/strong> (<strong>CIDH<\/strong>). Se destac\u00f3 adem\u00e1s el uso de las audiencias tem\u00e1ticas ante la CIDH, tal como las Relator\u00edas sobre los Derechos de las Personas Afrodescendientes y contra la Discriminaci\u00f3n Racial, y sobre los Derechos de las Personas Lesbianas, Gays, Bisexuales, Trans e Intersex.<\/p>\n<p>Otro tema abordado fue la importancia de la ratificaci\u00f3n de la Convenci\u00f3n Interamericana contra el Racismo, la Discriminaci\u00f3n Racial y Formas Conexas de Intolerancia, actualmente ratificada solamente por Costa Rica; y la Convenci\u00f3n Interamericana contra toda Forma de Discriminaci\u00f3n e Intolerancia. Una vez que otro Estado Miembro de la OEA ratifique la primera convenci\u00f3n, entrar\u00e1 en vigor. Los participantes conversaron sobre la importancia de esta convenci\u00f3n para su trabajo contra la discriminaci\u00f3n, tanto a nivel regional como a nivel nacional, ya que los Estados Partes tendr\u00e1n que adecuar su legislaci\u00f3n dom\u00e9stica a las provisiones de la Convenci\u00f3n.<\/p>\n<p>Catherine Pognat, Jefa de Secci\u00f3n \u2013 Relaciones con la Sociedad Civil en la OEA, habl\u00f3 durante sus sesiones con los participantes del taller sobre la pr\u00f3xima Asamblea General, la importancia de la participaci\u00f3n de la sociedad civil y las distintas posibilidades para tal participaci\u00f3n en junio. Ella enfatiz\u00f3 el proceso de registro para poder asistir a la Asamblea General y la necesidad de trabajar en coaliciones para que la voz de la sociedad civil sea escuchada.<\/p>\n<p>Finalmente, los asistentes tuvieron la oportunidad de trabajar juntos para desarrollar una estrategia de participaci\u00f3n en la Asamblea General, enfatizando la no discriminaci\u00f3n, la cu\u00e1l ser\u00e1 \u00a0presentadas durante la Asamblea General. Temas de interseccionalidad para los Afrodescendientes y la comunidad LGBTI fueron abordadas, tal como temas generales de derechos humanos de importancia regional. Al finalizar el taller, los participantes estaban emocionados y preparados para asistir a la Asamblea General y hacer incidencia a favor de sus organizaciones.<\/p>\n<p>El Instituto Internacional sobre Raza, Igualdad y Derechos Humanos tambi\u00e9n llevar\u00e1 a cabo un Foro Interamericano contra la Discriminaci\u00f3n el 16 y 17 de junio en Canc\u00fan, M\u00e9xico, con la participaci\u00f3n de Margarette May Macaulay, Relatora de la CIDH sobre los Derechos de los Afrodescendientes y contra la Discriminaci\u00f3n Racial, donde los participantes del taller de Costa Rica van a poder compartir la estrategia que desarrollaron.<\/p>\n<p>&nbsp;<\/p>\n","protected":false},"excerpt":{"rendered":"<p>De cara a la 47a Asamblea General de la Organizaci\u00f3n de los Estados Americanos (OEA) \u201cFortaleciendo el di\u00e1logo y la concertaci\u00f3n para la prosperidad,\u201d a llevarse a cabo este a\u00f1o [&hellip;]<\/p>\n","protected":false},"author":15,"featured_media":8822,"parent":0,"menu_order":0,"template":"","format":"standard","categories":[1154,1126],"resources_country":[],"resources_language":[],"resources_audience":[],"resources_format":[],"resources_topic":[1106],"resources_year":[],"class_list":["post-11367","resources","type-resources","status-publish","format-standard","has-post-thumbnail","hentry","category-espanol","category-oas","resources_topic-oea-es"],"acf":[],"aioseo_notices":[],"_links":{"self":[{"href":"https:\/\/raceandequality.org\/es\/wp-json\/wp\/v2\/resources\/11367","targetHints":{"allow":["GET"]}}],"collection":[{"href":"https:\/\/raceandequality.org\/es\/wp-json\/wp\/v2\/resources"}],"about":[{"href":"https:\/\/raceandequality.org\/es\/wp-json\/wp\/v2\/types\/resources"}],"author":[{"embeddable":true,"href":"https:\/\/raceandequality.org\/es\/wp-json\/wp\/v2\/users\/15"}],"wp:featuredmedia":[{"embeddable":true,"href":"https:\/\/raceandequality.org\/es\/wp-json\/wp\/v2\/media\/8822"}],"wp:attachment":[{"href":"https:\/\/raceandequality.org\/es\/wp-json\/wp\/v2\/media?parent=11367"}],"wp:term":[{"taxonomy":"category","embeddable":true,"href":"https:\/\/raceandequality.org\/es\/wp-json\/wp\/v2\/categories?post=11367"},{"taxonomy":"resources_country","embeddable":true,"href":"https:\/\/raceandequality.org\/es\/wp-json\/wp\/v2\/resources_country?post=11367"},{"taxonomy":"resources_language","embeddable":true,"href":"https:\/\/raceandequality.org\/es\/wp-json\/wp\/v2\/resources_language?post=11367"},{"taxonomy":"resources_audience","embeddable":true,"href":"https:\/\/raceandequality.org\/es\/wp-json\/wp\/v2\/resources_audience?post=11367"},{"taxonomy":"resources_format","embeddable":true,"href":"https:\/\/raceandequality.org\/es\/wp-json\/wp\/v2\/resources_format?post=11367"},{"taxonomy":"resources_topic","embeddable":true,"href":"https:\/\/raceandequality.org\/es\/wp-json\/wp\/v2\/resources_topic?post=11367"},{"taxonomy":"resources_year","embeddable":true,"href":"https:\/\/raceandequality.org\/es\/wp-json\/wp\/v2\/resources_year?post=11367"}],"curies":[{"name":"wp","href":"https:\/\/api.w.org\/{rel}","templated":true}]}}