{"id":11568,"date":"2018-10-17T16:16:41","date_gmt":"2018-10-17T16:16:41","guid":{"rendered":"http:\/\/race01.wp\/resources\/actos-de-violencia-y-represion-en-contextos-de-protesta-fueron-denunciados-por-periodistas-y-defensores-sociales-nicaraguenses-ante-la-cidh\/"},"modified":"2023-05-10T11:37:32","modified_gmt":"2023-05-10T11:37:32","slug":"actos-de-violencia-y-represion-en-contextos-de-protesta-fueron-denunciados-por-periodistas-y-defensores-sociales-nicaraguenses-ante-la-cidh","status":"publish","type":"resources","link":"https:\/\/raceandequality.org\/es\/resources\/actos-de-violencia-y-represion-en-contextos-de-protesta-fueron-denunciados-por-periodistas-y-defensores-sociales-nicaraguenses-ante-la-cidh\/","title":{"rendered":"Actos de violencia y represi\u00f3n en contextos de protesta fueron denunciados por periodistas y defensores sociales nicarag\u00fcenses ante la CIDH"},"content":{"rendered":"<p style=\"text-align: justify;\"><strong>Boulder, Colorado. 2 de Octubre de 2018<\/strong>.\u00a0 Periodistas y defensores de derechos humanos participaron el pasado 2 de octubre en el 169\u00ba Per\u00edodo de Audiencias de la Comisi\u00f3n Interamericana de Derechos Humanos (CIDH) para denunciar la represi\u00f3n y violencia del gobierno de Daniel Ortega y Rosario Murillo en contexto de las protestas sociales.<\/p>\n<p style=\"text-align: justify;\">Desde el 18 de abril de 2018 Nicaragua se encuentra inmersa en una grave crisis de derechos humanos. Hasta la fecha la respuesta del gobierno de Daniel Ortega hacia quienes han ejercido su derecho a la protesta social, ha sido represiva y violenta. Esta situaci\u00f3n se ha ido agravando hasta llegar al punto de oficializar la criminalizaci\u00f3n de las protestas por medio de un decreto policial emitido el pasado 28 de septiembre. Dicho decreto responsabiliza a la ciudadan\u00eda por supuestas agresiones y da\u00f1os a la polic\u00eda y a particulares, y adem\u00e1s prohibe las manifestaciones p\u00fablicas y amenaza con procesar judicialmente a quienes las convoquen y participen en ellas; lo que quiere decir, una pol\u00edtica de terror para sumar a la desproporcionada cifra de presos pol\u00edticos del gobierno nacional.<\/p>\n<p style=\"text-align: justify;\">Durante la audiencia p\u00fablica defensores de derechos humanos y periodistas describieron la evoluci\u00f3n de la crisis en Nicaragua, que ha estado atravesada, como se ha mencionado en informes oficiales de la Comisi\u00f3n Interamericana de Derechos Humanos (CIDH), por distintas etapas represivas \u00a0y niveles de intensidad que obedecen a pr\u00e1cticas violentas contra manifestantes, defensores y defensoras de derechos humanos, medios de comunicaci\u00f3n y ciudadan\u00eda en general.\u00a0 Adicionalmente, se expuso las graves violaciones a la libertad de expresi\u00f3n y libertad prensa, sometidas en el \u00faltimo tiempo a agresiones, intimidaci\u00f3n, ataques, robos, persecuci\u00f3n y censura.<\/p>\n<p style=\"text-align: justify;\"><img decoding=\"async\" class=\"aligncenter size-large wp-image-3989 lazyload\" data-src=\"https:\/\/raceandequality.org\/wp-content\/uploads\/2023\/04\/WhatsApp-Image-2018-10-03-at-60351-PM-1024x672.jpeg\" alt=\"\" width=\"640\" height=\"420\" src=\"data:image\/svg+xml;base64,PHN2ZyB3aWR0aD0iMSIgaGVpZ2h0PSIxIiB4bWxucz0iaHR0cDovL3d3dy53My5vcmcvMjAwMC9zdmciPjwvc3ZnPg==\" style=\"--smush-placeholder-width: 640px; --smush-placeholder-aspect-ratio: 640\/420;\" \/><\/p>\n<p style=\"text-align: justify;\">Seg\u00fan el reporte ofrecido por Marco Carmona de la Comisi\u00f3n Permanente de Derechos Humanos de Nicaragua (CPDH) los grupos paramilitares y para-policiales contin\u00faan operando en el territorio en coordinaci\u00f3n con la Polic\u00eda Nacional, quienes adem\u00e1s son responsables de m\u00e1s de 320 asesinatos en el pa\u00eds, dentro de los cuales se encuentran 5 ni\u00f1os, 27 adolescentes y 13 mujeres. En su discurso, Carmona advirti\u00f3 que m\u00e1s de 3000 personas han resultado heridas y 1500 han sido detenidas arbitrariamente, de las cuales un 90% han sido torturadas con pr\u00e1cticas violentas como golpes, choques el\u00e9ctricos, extracci\u00f3n de u\u00f1as, violencias sexuales, entre otras. \u201cDe las 603 personas que todav\u00eda contin\u00faan detenidas, s\u00f3lo 203 han sido puestas a orden de un juez acusadas por delitos graves como terrorismo, portaci\u00f3n y tenencia ilegal de armas y crimen organizado, a quienes tambi\u00e9n se le ha violado el derecho a un debido proceso\u201d se\u00f1al\u00f3 el representante nicarag\u00fcense.<\/p>\n<p style=\"text-align: justify;\">Por otra parte, Carmona indic\u00f3 que las represalias contras las organizaciones no cesan, por lo que promotores, que incluso gozan de medidas cautelares, se han visto obligados a salir del pa\u00eds por amenazas de muerte recibidas, lo que confirma un estado de indefensi\u00f3n del pueblo y un recrudecimiento de la violencia por los llamados a \u201cmantener el orden p\u00fablico\u201d quienes por orden del jefe de estado est\u00e1n arremetiendo contra quienes tan s\u00f3lo portan banderas o globos azules y blancos, colores insignia de la bandera nicarag\u00fcense.<\/p>\n<p style=\"text-align: justify;\"><img decoding=\"async\" class=\"aligncenter size-full wp-image-3987 lazyload\" data-src=\"https:\/\/raceandequality.org\/wp-content\/uploads\/2023\/04\/Captura-de-pantalla-2018-10-03-a-las-55350-pm.png\" alt=\"\" width=\"781\" height=\"414\" src=\"data:image\/svg+xml;base64,PHN2ZyB3aWR0aD0iMSIgaGVpZ2h0PSIxIiB4bWxucz0iaHR0cDovL3d3dy53My5vcmcvMjAwMC9zdmciPjwvc3ZnPg==\" style=\"--smush-placeholder-width: 781px; --smush-placeholder-aspect-ratio: 781\/414;\" \/><\/p>\n<p style=\"text-align: justify;\">En su intervenci\u00f3n, Patricia Orozco, representante de la radio independiente Onda Local, se\u00f1al\u00f3 que ejercer la libertad de expresi\u00f3n y de prensa, leg\u00edtimo derecho de los periodistas, es un delito para el r\u00e9gimen de Ortega por el hecho de no estar alienados con las pol\u00edticas dictatoriales de su gobierno. \u201cLos medios de comunicaci\u00f3n independientes no escapamos a la pol\u00edtica de terror del gobierno. Menos a\u00fan las radioemisoras locales, quienes enfrentan el asedio frontal de fuerzas policiales, y paramilitares, por informar lo que sucede\u201d testific\u00f3 la periodista.<\/p>\n<p style=\"text-align: justify;\"><img decoding=\"async\" class=\"aligncenter size-full wp-image-3984 lazyload\" data-src=\"https:\/\/raceandequality.org\/wp-content\/uploads\/2023\/04\/Captura-de-pantalla-2018-10-03-a-las-55306-pm-1.png\" alt=\"\" width=\"820\" height=\"393\" src=\"data:image\/svg+xml;base64,PHN2ZyB3aWR0aD0iMSIgaGVpZ2h0PSIxIiB4bWxucz0iaHR0cDovL3d3dy53My5vcmcvMjAwMC9zdmciPjwvc3ZnPg==\" style=\"--smush-placeholder-width: 820px; --smush-placeholder-aspect-ratio: 820\/393;\" \/><\/p>\n<p style=\"text-align: justify;\">En relaci\u00f3n a lo planteado, Joel Hern\u00e1ndez, comisionado encargado de la Relator\u00eda sobre los Derechos de las Personas Privadas de Libertad lament\u00f3 la ausencia del estado nicarag\u00fcense, y su falta de voluntad pol\u00edtica para tramitar un di\u00e1logo y\u00a0 la crisis hoy latente en el pa\u00eds.\u00a0 Adem\u00e1s plante\u00f3 con mucha preocupaci\u00f3n que el asedio hac\u00eda medios de comunicaci\u00f3n y\/o periodistas independientes puede constituirse como una cuarta etapa de represi\u00f3n del gobierno de turno, despu\u00e9s de las ya denunciadas por la misma Comisi\u00f3n en relaci\u00f3n al asesinato, intimidaci\u00f3n, se\u00f1alamiento y amenazas por parte del r\u00e9gimen.<\/p>\n<p style=\"text-align: justify;\">En adici\u00f3n, el Comisionado Hern\u00e1ndez, declar\u00f3 que producto de la visita recientemente realizada al pa\u00eds, de la cu\u00e1l no recibi\u00f3 respuesta del gobierno nacional, pudo identificar un patr\u00f3n regular, hallado en los testimonios de diferentes representantes de organizaciones de sociedad civil.\u00a0 Este patr\u00f3n est\u00e1 relacionado con los procesos penales, condiciones de internaci\u00f3n y centros penitenciarios que enfrentan los presos pol\u00edticos del r\u00e9gimen. El Comisionado advirti\u00f3, que el poder judicial debe ejercer un mayor escrutinio a las acusaciones formuladas por terrorismo, sobre todo cuando un elemento de tipo penal, el relativo a la \u201calteraci\u00f3n del orden constitucional\u201d, es sumamente subjetivo y no forma parte de la pr\u00e1ctica internacional para la represi\u00f3n del terrorismo; acusaci\u00f3n utilizada frecuentemente como argumento de enjuiciamientos y sentencia hac\u00eda los presos pol\u00edticos.<\/p>\n<p style=\"text-align: justify;\"><img decoding=\"async\" class=\"aligncenter size-full wp-image-3982 lazyload\" data-src=\"https:\/\/raceandequality.org\/wp-content\/uploads\/2023\/04\/Captura-de-pantalla-2018-10-03-a-las-55242-pm.png\" alt=\"\" width=\"785\" height=\"417\" src=\"data:image\/svg+xml;base64,PHN2ZyB3aWR0aD0iMSIgaGVpZ2h0PSIxIiB4bWxucz0iaHR0cDovL3d3dy53My5vcmcvMjAwMC9zdmciPjwvc3ZnPg==\" style=\"--smush-placeholder-width: 785px; --smush-placeholder-aspect-ratio: 785\/417;\" \/><\/p>\n<p style=\"text-align: justify;\">En este sentido, Paulo\u00a0Abr\u00e3o, Secretario General de la Comisi\u00f3n Interamericana de Derechos Humanos (CIDH), plante\u00f3 con preocupaci\u00f3n que se est\u00e1 avizorando en el pa\u00eds una situaci\u00f3n muy grave relacionada con la normalizaci\u00f3n o normatizaci\u00f3n del conjunto de excepciones a las reglas del estado de derecho.\u00a0 Seg\u00fan lo planteado por el representante, es necesario estar muy pendientes, pues todo parece apuntar a una intenci\u00f3n de transformaci\u00f3n de un estado de derecho a un estado de excepci\u00f3n. As\u00ed mismo, Abr\u00e3o se\u00f1al\u00f3 que la forma de resolver \u00a0la normalizaci\u00f3n de la excepci\u00f3n, ser\u00eda respetando la independencia judicial, a trav\u00e9s de las denuncias de los jueces por las injerencias y abusos de poder por parte de la polic\u00eda al no permitir detenciones arbitrarias, lo que a la fecha no est\u00e1 sucediendo.<\/p>\n<p style=\"text-align: justify;\">Sergio Le\u00f3n, director de la \u00abLa Costen\u00edsima\u00bb se declar\u00f3 v\u00edctima de constantes amenazas por su labor, alegando que ser periodista hoy representa un gran peligro en el pa\u00eds, especialmente en el Caribe, zona donde fue asesinado el periodista \u00c1ngel Gahona, delito por el cual fueron procesados y condenados dos j\u00f3venes afrodescendientes bajo un proceso judicial inconsistente.\u00a0 En este sentido, Edison Lanza Relator\u00a0 Especial para la Libertad de Expresi\u00f3n se\u00f1al\u00f3: \u201cLa persecuci\u00f3n se intensifica pues hay una intenci\u00f3n del estado de falsear la realidad a trav\u00e9s de una narrativa que no corresponda al contexto nacional para as\u00ed encubrir un ejercicio de terror\u201d<\/p>\n<p style=\"text-align: justify;\"><img decoding=\"async\" class=\"aligncenter size-full wp-image-3981 lazyload\" data-src=\"https:\/\/raceandequality.org\/wp-content\/uploads\/2023\/04\/Captura-de-pantalla-2018-10-03-a-las-55233-pm.png\" alt=\"\" width=\"783\" height=\"415\" src=\"data:image\/svg+xml;base64,PHN2ZyB3aWR0aD0iMSIgaGVpZ2h0PSIxIiB4bWxucz0iaHR0cDovL3d3dy53My5vcmcvMjAwMC9zdmciPjwvc3ZnPg==\" style=\"--smush-placeholder-width: 783px; --smush-placeholder-aspect-ratio: 783\/415;\" \/><\/p>\n<p style=\"text-align: justify;\">La Comisionada y Relatora para el Estado de Nicaragua de la Comisi\u00f3n IDH, Antonia Urrejola, hizo un llamado urgente al gobierno de Nicaragua a no tomar represalias contra las personas part\u00edcipes en la audiencia, por lo que inst\u00f3 velar por su protecci\u00f3n.<\/p>\n<p style=\"text-align: justify;\">Representantes de la sociedad civil presentes en la audiencia p\u00fablica solicitaron ante la Comisi\u00f3n Interamericana de Derechos Humanos que se contin\u00fae pronunciando p\u00fablicamente sobre la grave situaci\u00f3n de vulnerabilidad en la que se encuentran los periodistas y defensores de derechos humanos en el pa\u00eds. Adem\u00e1s, pidieron que la CIDH inste al gobierno a cesar de inmediato la represi\u00f3n contra el pueblo desarmado y a que revoque el comunicado policial que pretende servir de fundamento para criminalizar la protesta social.\u00a0 As\u00ed mismo, se solicit\u00f3 instar al gobierno cesar el acoso, intimidaci\u00f3n, ataques f\u00edsicos y la censura a periodistas y medios de comunicaci\u00f3n locales y nacionales.\u00a0 Por otra parte,\u00a0 se solicit\u00f3\u00a0 al Estado de Nicaragua la libertad inmediata de todos los presos pol\u00edticos, otorgar oportunamente las medidas cautelares que evidencian el entorno de riesgo en el que se encuentran periodistas y defensores de derechos humanos y finalmente, que la Comisi\u00f3n coordine con el gobierno un protocolo para la implementaci\u00f3n efectiva de las medidas cautelares.<\/p>\n<p>Vea audiencia completa aqu\u00ed:\u00a0\u00a0<a href=\"https:\/\/raceandequality.org\/156\">https:\/\/www.youtube.com\/watch?v=XECN6lLBEUU&amp;t=2063s\u00a0<\/a><\/p>\n","protected":false},"excerpt":{"rendered":"<p>Boulder, Colorado. 2 de Octubre de 2018.\u00a0 Periodistas y defensores de derechos humanos participaron el pasado 2 de octubre en el 169\u00ba Per\u00edodo de Audiencias de la Comisi\u00f3n Interamericana de [&hellip;]<\/p>\n","protected":false},"author":15,"featured_media":9151,"parent":0,"menu_order":0,"template":"","format":"standard","categories":[1162,1154,1169,1161],"resources_country":[1199],"resources_language":[],"resources_audience":[],"resources_format":[],"resources_topic":[1100,1106,1109],"resources_year":[],"class_list":["post-11568","resources","type-resources","status-publish","format-standard","has-post-thumbnail","hentry","category-cidh","category-espanol","category-nicaragua","category-oea","resources_country-nicaragua-es","resources_topic-cidh","resources_topic-oea-es","resources_topic-raza-e-igualdad"],"acf":[],"aioseo_notices":[],"_links":{"self":[{"href":"https:\/\/raceandequality.org\/es\/wp-json\/wp\/v2\/resources\/11568","targetHints":{"allow":["GET"]}}],"collection":[{"href":"https:\/\/raceandequality.org\/es\/wp-json\/wp\/v2\/resources"}],"about":[{"href":"https:\/\/raceandequality.org\/es\/wp-json\/wp\/v2\/types\/resources"}],"author":[{"embeddable":true,"href":"https:\/\/raceandequality.org\/es\/wp-json\/wp\/v2\/users\/15"}],"wp:featuredmedia":[{"embeddable":true,"href":"https:\/\/raceandequality.org\/es\/wp-json\/wp\/v2\/media\/9151"}],"wp:attachment":[{"href":"https:\/\/raceandequality.org\/es\/wp-json\/wp\/v2\/media?parent=11568"}],"wp:term":[{"taxonomy":"category","embeddable":true,"href":"https:\/\/raceandequality.org\/es\/wp-json\/wp\/v2\/categories?post=11568"},{"taxonomy":"resources_country","embeddable":true,"href":"https:\/\/raceandequality.org\/es\/wp-json\/wp\/v2\/resources_country?post=11568"},{"taxonomy":"resources_language","embeddable":true,"href":"https:\/\/raceandequality.org\/es\/wp-json\/wp\/v2\/resources_language?post=11568"},{"taxonomy":"resources_audience","embeddable":true,"href":"https:\/\/raceandequality.org\/es\/wp-json\/wp\/v2\/resources_audience?post=11568"},{"taxonomy":"resources_format","embeddable":true,"href":"https:\/\/raceandequality.org\/es\/wp-json\/wp\/v2\/resources_format?post=11568"},{"taxonomy":"resources_topic","embeddable":true,"href":"https:\/\/raceandequality.org\/es\/wp-json\/wp\/v2\/resources_topic?post=11568"},{"taxonomy":"resources_year","embeddable":true,"href":"https:\/\/raceandequality.org\/es\/wp-json\/wp\/v2\/resources_year?post=11568"}],"curies":[{"name":"wp","href":"https:\/\/api.w.org\/{rel}","templated":true}]}}