{"id":11581,"date":"2018-10-04T22:55:02","date_gmt":"2018-10-04T22:55:02","guid":{"rendered":"http:\/\/race01.wp\/resources\/vice-presidente-de-costa-rica-y-relatores-del-comite-antirracismo-de-las-naciones-unidas-resaltan-la-necesidad-de-los-estados-a-desarrollar-planes-de-accion-en-el-marco-del-decenio-de-los-afrodescendi\/"},"modified":"2023-05-10T11:46:55","modified_gmt":"2023-05-10T11:46:55","slug":"vice-presidente-de-costa-rica-y-relatores-del-comite-antirracismo-de-las-naciones-unidas-resaltan-la-necesidad-de-los-estados-a-desarrollar-planes-de-accion-en-el-marco-del-decenio-de-los-afrodescendi","status":"publish","type":"resources","link":"https:\/\/raceandequality.org\/es\/resources\/vice-presidente-de-costa-rica-y-relatores-del-comite-antirracismo-de-las-naciones-unidas-resaltan-la-necesidad-de-los-estados-a-desarrollar-planes-de-accion-en-el-marco-del-decenio-de-los-afrodescendi\/","title":{"rendered":"Vice-Presidente de Costa Rica y Relatores del Comit\u00e9 Antirracismo de las Naciones Unidas resaltan la necesidad de los Estados a desarrollar Planes de Acci\u00f3n en el marco del Decenio de los Afrodescendientes"},"content":{"rendered":"<div class=\"wpb-content-wrapper\"><p>&nbsp;<\/p>\n<blockquote>\n<h4><strong><em>\u201cNo podemos hablar de los objetivos de desarrollo sostenible sin tomar en cuenta a las poblaciones hist\u00f3ricamente marginalizadas\u201d<\/em><\/strong><\/h4>\n<\/blockquote>\n<p>&nbsp;<\/p>\n<p style=\"text-align: justify;\"><strong>Nueva York, 27 de Septiembre de 2018<\/strong>.En el marco de La 73\u00aa Asamblea General de las Naciones Unidas, la Misi\u00f3n de Costa Rica ante las Naciones Unidas en colaboraci\u00f3n con el Instituto Internacional de Raza, Igualdad y Derechos Humanos (Raza e Igualdad) llevaron a cabo, el panel titulado\u00a0<strong><em>\u201cD\u00e9cada de las Naciones Unidas para los Afrodescendientes: Reconocimiento, Justicia y Desarrollo.\u00a0Necesidad de planes de Acci\u00f3n para combatir las desigualdades hist\u00f3ricas enfrentadas por los Afrodescendientes<\/em><\/strong>\u201d, un espacio de reflexi\u00f3n que cont\u00f3 con la participaci\u00f3n de la Vice-Presidenta y Ministra de Relaciones Exteriores de Costa Rica Epsy Campbell Barr, adem\u00e1s de la participaci\u00f3n de los relatores del Comit\u00e9 para la Eliminaci\u00f3n de la Discriminaci\u00f3n Racial (CERD) de las Naciones Unidas Gay McDougall y Pastor Murillo.<\/p>\n<p style=\"text-align: justify;\">Este espacio tenia por objetivo explorar estrategias para el desarrollo de planes de acci\u00f3n concretos para combatir las desigualdades hist\u00f3ricas que enfrentan los afrodescendientes en Am\u00e9rica y el Caribe. Los panelistas compartieron su experiencia en est\u00e1ndares internacionales para combatir el racismo, la discriminaci\u00f3n racial, la xenofobia y las formas conexas de intolerancia; adem\u00e1s se discuti\u00f3 sobre las posibilidades de desarrollar mejores pr\u00e1cticas para que sean consideradas por los Estados en la elaboraci\u00f3n y aplicaci\u00f3n de sus planes de acci\u00f3n.<\/p>\n<p style=\"text-align: justify;\">Durante el panel se destac\u00f3 la importancia en avanzar en planes de acci\u00f3n concretos, que den respuesta a las necesidades de inclusi\u00f3n y reconocimiento de la poblaci\u00f3n afrodescendiente en el mundo, pues cumplidos 5 a\u00f1os desde que promulg\u00f3 la D\u00e9cada a\u00fan hay muchos retos por abordar, acci\u00f3n afirmativas por construir y planes que trabajar.\u00a0 En este sentido, Carlos Quesada director ejecutivo de Raza e Igualdad y moderador del panel se\u00f1al\u00f3 \u201cNosotros no queremos una segunda d\u00e9cada de los afrodescendientes sin planes concretos.\u00a0 Necesitamos soluciones.\u00a0 Nosotros merecemos m\u00e1s que declaraciones e intenciones\u201d.<\/p>\n<p style=\"text-align: justify;\"><img decoding=\"async\" class=\"aligncenter size-full wp-image-3999 lazyload\" data-src=\"https:\/\/raceandequality.org\/wp-content\/uploads\/2023\/04\/Captura-de-pantalla-2018-10-04-a-las-53636-pm.png\" alt=\"\" width=\"510\" height=\"355\" src=\"data:image\/svg+xml;base64,PHN2ZyB3aWR0aD0iMSIgaGVpZ2h0PSIxIiB4bWxucz0iaHR0cDovL3d3dy53My5vcmcvMjAwMC9zdmciPjwvc3ZnPg==\" style=\"--smush-placeholder-width: 510px; --smush-placeholder-aspect-ratio: 510\/355;\" \/><\/p>\n<p style=\"text-align: justify;\">En este sentido,\u00a0 la relatora del Comit\u00e9 para la Eliminaci\u00f3n de la Discriminaci\u00f3n Racial (CERD) Gay McDougall enfatiz\u00f3 sobre los obst\u00e1culos estructurales que han impedido que los afrodescendientes desarrollen todo su potencial, as\u00ed como hizo un llamado a los estados a revisar sus legislaciones para ponerla en di\u00e1logo con los objetivos de la d\u00e9cada, indicando que s\u00f3lo la voluntad pol\u00edtica de los estados permitir\u00e1 que la D\u00e9cada de los Afrodescendientes se materialice en planes concretos de acci\u00f3n que den respuesta directa a sus objetivos.<\/p>\n<p style=\"text-align: justify;\"><img decoding=\"async\" class=\"aligncenter size-full wp-image-4000 lazyload\" data-src=\"https:\/\/raceandequality.org\/wp-content\/uploads\/2023\/04\/Captura-de-pantalla-2018-10-04-a-las-53259-pm.png\" alt=\"\" width=\"506\" height=\"386\" src=\"data:image\/svg+xml;base64,PHN2ZyB3aWR0aD0iMSIgaGVpZ2h0PSIxIiB4bWxucz0iaHR0cDovL3d3dy53My5vcmcvMjAwMC9zdmciPjwvc3ZnPg==\" style=\"--smush-placeholder-width: 506px; --smush-placeholder-aspect-ratio: 506\/386;\" \/><\/p>\n<p style=\"text-align: justify;\">Por su parte, Epsy Campbell Barr indic\u00f3 que todos los pa\u00edses deber\u00edan estar comprometidos con la superaci\u00f3n de las brechas de exclusi\u00f3n, racismo o discriminaci\u00f3n, pues en todos los Estados hay una brecha que llenar cuando se trata de inclusi\u00f3n racial <em>\u201cLos temas de los pueblos afrodescendientes no son s\u00f3lo de los afrodescendientes, los temas de las mujeres no son s\u00f3lo tema de las mujeres, son temas de todos los Estados\u201d<\/em> se\u00f1al\u00f3 la mandataria.\u00a0 As\u00ed mismo, inst\u00f3 sobre la eminente necesidad de construir preguntas de auto \u2013 identificaci\u00f3n racial en los censos que dialoguen con la realidad de los pueblos afrodescendientes.\u00a0 Adem\u00e1s, Campbell Barr llam\u00f3 la atenci\u00f3n sobre la necesidad de emprender acciones concretas de trabajo por y para los afrodescendientes, pues seg\u00fan lo se\u00f1alado por representante del estado costarricense no podemos hablar de los objetivos de desarrollo sostenible sin tomar en cuenta a las poblaciones hist\u00f3ricamente marginalizadas.\u00a0 Por tal raz\u00f3n, llam\u00f3 la atenci\u00f3n sobre la urgente situaci\u00f3n, pues los \u00edndices estad\u00edsticos de salud, empleo, educaci\u00f3n, acceso y violencia, especialmente contra las mujeres, siguen indicando preocupantes m\u00e1rgenes de desigualdad y marginaci\u00f3n.<\/p>\n<p style=\"text-align: justify;\"><img decoding=\"async\" class=\"aligncenter size-large wp-image-4002 lazyload\" data-src=\"https:\/\/raceandequality.org\/wp-content\/uploads\/2023\/04\/PASTOR-MURILLO-768x1024.jpg\" alt=\"\" width=\"640\" height=\"853\" src=\"data:image\/svg+xml;base64,PHN2ZyB3aWR0aD0iMSIgaGVpZ2h0PSIxIiB4bWxucz0iaHR0cDovL3d3dy53My5vcmcvMjAwMC9zdmciPjwvc3ZnPg==\" style=\"--smush-placeholder-width: 640px; --smush-placeholder-aspect-ratio: 640\/853;\" \/><\/p>\n<p style=\"text-align: justify;\">En su intervenci\u00f3n, Pastor Murillo, Relator del Comit\u00e9 para la Eliminaci\u00f3n de la Discriminaci\u00f3n Racial (CERD) advirti\u00f3 sobre la dificultad de los Estados de alcanzar los Objetivos de Desarrollo Sostenible sin considerar a la poblaci\u00f3n afrodescendiente.\u00a0 En este sentido, se\u00f1al\u00f3 que s\u00f3lo seis pa\u00edses en las Am\u00e9ricas tiene planes de acci\u00f3n afirmativa, as\u00ed como pocos afrodescendientes prestan servicios en los parlamentos; raz\u00f3n por la cu\u00e1l, seg\u00fan el mandatorio, se puede evidenciar que fen\u00f3menos como la xenofobia y el racismo son fen\u00f3menos globales arraigados a las historias de los pueblos \u201cAs\u00ed como las causas profundas de desigualdad de la mujer tienen que ver con la discriminaci\u00f3n hist\u00f3rica que han estado marcadas en disposiciones legales o disposiciones institucionalizadas de los diferentes Estados, la lucha contra la discriminaci\u00f3n racial surte un efecto parecido, por esto, es necesario reparar las injusticias cometidas para poder cimentar planes, proyectos y leyes que nos permitan seguir adelante\u201d plante\u00f3 Murillo.<\/p>\n<p style=\"text-align: justify;\">Aunque muchos son los avances en materia de inclusi\u00f3n y reconocimiento para los afrodescendientes a\u00fan son muchos los retos que se deben asumir en los siguientes siete a\u00f1os del Decenio, desaf\u00edos que seg\u00fan lo planteado por \u00a0los panelistas se traducen en:\u00a0 La necesidad de tejer puentes entre los objetivos de desarrollo sostenible y los del Decenio; emprender esfuerzos en materia de acciones concretas para la poblaci\u00f3n afrodescendiente que contribuyan a la implementaci\u00f3n de planes nacionales de desarrollo de los Estados a trav\u00e9s de acciones concretas en las pol\u00edticas universales de los mismos.<\/p>\n<p style=\"text-align: justify;\">Para efectos de lo anterior, los expertos se\u00f1alaron que es imperativo reconocer la realidad diferenciada de las mujeres, ni\u00f1os, ni\u00f1as y adolescentes, poniendo especial atenci\u00f3n a la situaci\u00f3n de embarazos no deseados en ni\u00f1as y j\u00f3venes afrodescendientes y los respectivos\u00a0 mecanismos de prevenci\u00f3n. Por otra parte, se advirti\u00f3 sobre la importancia de continuar trabajando en procesos educativos con perspectivas culturales y \u00e9tnicas de la poblaci\u00f3n que incorporen la historia de los pueblos; as\u00ed como trabajar por la implementaci\u00f3n de censos respondan a las realidades de auto identificaci\u00f3n de los pueblos afrodescendientes en sus diferentes contextos hist\u00f3ricos, sociales y culturales. \u00a0Finalmente, se hizo un llamado a los pa\u00edses que a\u00fan no ratifican la Convenci\u00f3n Interamericana contra el Racismo y la Discriminaci\u00f3n Racial para sumarse al compromiso por la construcci\u00f3n de un mundo diverso, inclusivo y con justicia social para todas y todos, especialmente las poblaciones hist\u00f3ricamente marginadas.<\/p>\n<p style=\"text-align: justify;\">El Instituto sobre Raza, Igualdad y Derechos Humanos, est\u00e1 convencido que el Decenio Internacional para los Afrodescendientes es un compromiso importante con la lucha contra el racismo, por tal raz\u00f3n, los escenarios de di\u00e1logo para sensibilizar y reflexionar sobre la urgente necesidad de dise\u00f1ar mecanismos de acci\u00f3n que fomenten el respeto, la protecci\u00f3n y el ejercicio de todos los derechos humanos y las libertades fundamentales de los afrodescendientes, debe constituirse como un compromiso prioritario de los Estados.<\/p>\n<p style=\"text-align: left;\">Puede ver detalles del evento a trav\u00e9s de la transmisi\u00f3n online:\u00a0 <a href=\"https:\/\/raceandequality.org\/es\/11-2\/\">https:\/\/www.facebook.com\/raceandequality\/videos\/905253373008442\/<\/a><\/p>\n<p style=\"text-align: justify;\">[\/vc_column_text][\/vc_column][\/vc_row]<\/p>\n<\/div>","protected":false},"excerpt":{"rendered":"<p>&nbsp; \u201cNo podemos hablar de los objetivos de desarrollo sostenible sin tomar en cuenta a las poblaciones hist\u00f3ricamente marginalizadas\u201d &nbsp; Nueva York, 27 de Septiembre de 2018.En el marco de [&hellip;]<\/p>\n","protected":false},"author":15,"featured_media":9128,"parent":0,"menu_order":0,"template":"","format":"standard","categories":[1154,1159],"resources_country":[],"resources_language":[],"resources_audience":[],"resources_format":[],"resources_topic":[1091,1117,1109],"resources_year":[],"class_list":["post-11581","resources","type-resources","status-publish","format-standard","has-post-thumbnail","hentry","category-espanol","category-onu","resources_topic-afrodescendientes","resources_topic-onu","resources_topic-raza-e-igualdad"],"acf":[],"aioseo_notices":[],"_links":{"self":[{"href":"https:\/\/raceandequality.org\/es\/wp-json\/wp\/v2\/resources\/11581","targetHints":{"allow":["GET"]}}],"collection":[{"href":"https:\/\/raceandequality.org\/es\/wp-json\/wp\/v2\/resources"}],"about":[{"href":"https:\/\/raceandequality.org\/es\/wp-json\/wp\/v2\/types\/resources"}],"author":[{"embeddable":true,"href":"https:\/\/raceandequality.org\/es\/wp-json\/wp\/v2\/users\/15"}],"wp:featuredmedia":[{"embeddable":true,"href":"https:\/\/raceandequality.org\/es\/wp-json\/wp\/v2\/media\/9128"}],"wp:attachment":[{"href":"https:\/\/raceandequality.org\/es\/wp-json\/wp\/v2\/media?parent=11581"}],"wp:term":[{"taxonomy":"category","embeddable":true,"href":"https:\/\/raceandequality.org\/es\/wp-json\/wp\/v2\/categories?post=11581"},{"taxonomy":"resources_country","embeddable":true,"href":"https:\/\/raceandequality.org\/es\/wp-json\/wp\/v2\/resources_country?post=11581"},{"taxonomy":"resources_language","embeddable":true,"href":"https:\/\/raceandequality.org\/es\/wp-json\/wp\/v2\/resources_language?post=11581"},{"taxonomy":"resources_audience","embeddable":true,"href":"https:\/\/raceandequality.org\/es\/wp-json\/wp\/v2\/resources_audience?post=11581"},{"taxonomy":"resources_format","embeddable":true,"href":"https:\/\/raceandequality.org\/es\/wp-json\/wp\/v2\/resources_format?post=11581"},{"taxonomy":"resources_topic","embeddable":true,"href":"https:\/\/raceandequality.org\/es\/wp-json\/wp\/v2\/resources_topic?post=11581"},{"taxonomy":"resources_year","embeddable":true,"href":"https:\/\/raceandequality.org\/es\/wp-json\/wp\/v2\/resources_year?post=11581"}],"curies":[{"name":"wp","href":"https:\/\/api.w.org\/{rel}","templated":true}]}}