{"id":11654,"date":"2018-11-28T00:08:01","date_gmt":"2018-11-28T00:08:01","guid":{"rendered":"http:\/\/race01.wp\/resources\/defensora-de-derechos-humanos-fue-despojada-de-su-nacionalidad-y-expulsada-arbitrariamente-por-las-autoridades-de-nicaragua\/"},"modified":"2023-05-10T11:52:28","modified_gmt":"2023-05-10T11:52:28","slug":"defensora-de-derechos-humanos-fue-despojada-de-su-nacionalidad-y-expulsada-arbitrariamente-por-las-autoridades-de-nicaragua","status":"publish","type":"resources","link":"https:\/\/raceandequality.org\/es\/resources\/defensora-de-derechos-humanos-fue-despojada-de-su-nacionalidad-y-expulsada-arbitrariamente-por-las-autoridades-de-nicaragua\/","title":{"rendered":"Defensora de derechos humanos fue despojada de su nacionalidad y\u00a0expulsada arbitrariamente por las autoridades de Nicaragua"},"content":{"rendered":"<div class=\"wpb-content-wrapper\"><p>[vc_row][vc_column][vc_column_text]<\/p>\n<p style=\"text-align: justify;\"><strong>Washington, DC. noviembre 27 de 2018.\u00a0<\/strong>Ana Quir\u00f3s V\u00edquez, Directora del Centro de Informaci\u00f3n y Servicios de Asesor\u00eda en Salud (CISAS), de nacionalidad nicarag\u00fcense, fue expulsada ilegalmente de Nicaragua el lunes 26 de noviembre, luego de que las autoridades migratorias le anularan la nacionalidad nicarag\u00fcense que la activista adquiri\u00f3 \u00a0hace 21 a\u00f1os.<\/p>\n<p style=\"text-align: justify;\">La decisi\u00f3n de las autoridades es claramente arbitraria, ya que Quir\u00f3s fue citada ante las autoridades que le leyeron una resoluci\u00f3n en la que se anulaba su nacionalidad, sin respetar su derecho a la defensa y a presentar los recursos establecidos en la Ley. Adem\u00e1s, las autoridades le prohibieron regresar al pa\u00eds en los pr\u00f3ximos cinco a\u00f1os.<\/p>\n<p style=\"text-align: justify;\">En entrevista brindada por Quir\u00f3s desde Costa Rica, al periodista Carlos Salinas de Confidencial, la activista declar\u00f3 que las autoridades le expresaron que el motivo por el cual le anulaban la nacionalidad era porque ella ten\u00eda dos nacionalidades y que solamente respecto de pa\u00edses centroamericanos cab\u00eda tener doble nacionalidad. Entonces, seg\u00fan afirm\u00f3, ella pregunt\u00f3 si Costa Rica no era un pa\u00eds centroamericano, a lo que las autoridades guardaron silencio.<\/p>\n<p style=\"text-align: justify;\">Quir\u00f3s, quien tambi\u00e9n es parte de la Articulaci\u00f3n Nacional Feminista y miembro de la Unidad Nacional Azul y Blanco (UNAB) naci\u00f3 en Costa Rica pero viv\u00eda en Nicaragua desde hace m\u00e1s de 40 a\u00f1os y se nacionaliz\u00f3 como nicarag\u00fcense en 1997.<\/p>\n<p style=\"text-align: justify;\">La activista, de 62 a\u00f1os, se present\u00f3 a la Direcci\u00f3n General de Migraci\u00f3n y Extranjer\u00eda (DGME) a las 10 a.m. del lunes pasado, asistiendo a una cita que le hab\u00eda sido entregada el s\u00e1bado por oficiales de esa direcci\u00f3n. Si bien el documento no explicaba cu\u00e1l era el motivo de la citatoria, advert\u00eda que de no presentarse se enfrentar\u00eda a consecuencias legales.<\/p>\n<p style=\"text-align: justify;\">\u201cLa cita en Migraci\u00f3n fue casi que fugaz. Me dijeron que mi nacionalidad quedaba anulada. Pregunt\u00e9 cu\u00e1l era el siguiente paso y en qu\u00e9 condici\u00f3n quedaba. No me respondieron. Fue hasta despu\u00e9s por la tarde que me leyeron la resoluci\u00f3n de expulsi\u00f3n del pa\u00eds\u201d, relat\u00f3 Quir\u00f3s a periodistas un d\u00eda despu\u00e9s desde San Jos\u00e9, Costa Rica.<\/p>\n<p style=\"text-align: justify;\">En las afueras de la DGME permanecieron durante horas un grupo de feministas, defensores de derechos humanos y periodistas, sin que las autoridades les dieran alguna informaci\u00f3n sobre Quir\u00f3s. La activista, sin embargo, hab\u00eda sido trasladada por agentes migratorios hacia la Direcci\u00f3n de Auxilio Judicial, mejor conocido como El Chipote.<\/p>\n<p style=\"text-align: justify;\">\u201cMe metieron en una celda preventiva que en realidad es un asiento con rejas\u201d, cont\u00f3 Quir\u00f3s, a quien le tomaron las huellas dactilares y fotografiaron. \u201cEn ning\u00fan momento me interrogaron ni recib\u00ed maltrato f\u00edsico. Por supuesto que s\u00ed recib\u00ed agresiones verbales m\u00faltiples, amenazas y una constante intimidaci\u00f3n\u201d, cont\u00f3 durante conferencia de prensa brindada desde Costa Rica.<\/p>\n<p style=\"text-align: justify;\">A las 6 p.m. del lunes, el C\u00f3nsul General de Costa Rica en Nicaragua, Oscar Camacho, inform\u00f3 a trav\u00e9s de redes sociales que las autoridades nicarag\u00fcenses expulsar\u00edan a Quir\u00f3s del pa\u00eds.<\/p>\n<p style=\"text-align: justify;\">\u201cMe llevaron esposada en un bus, rodeada de polic\u00edas armados y acompa\u00f1ados de gente de Migraci\u00f3n en otros veh\u00edculos hasta la frontera de Pe\u00f1as Blancas. Insistieron en no quitarme las esposas hasta que lleg\u00e1ramos, y a\u00fan abajo del bus, segu\u00eda esposada. Me quitaron mi camiseta y mi gorra de Nicaragua. Todo el camino estuvieron hostig\u00e1ndome, agredi\u00e9ndome verbalmente\u201d, denunci\u00f3 Quir\u00f3s.<\/p>\n<p style=\"text-align: justify;\"><span style=\"color: #993366;\"><strong>Persecuci\u00f3n dirigida<\/strong><\/span><\/p>\n<p style=\"text-align: justify;\">\u00a0Vilma N\u00fa\u00f1ez, Presidenta del Centro Nicarag\u00fcense de Derechos Humanos (CENIDH), asegur\u00f3 que las acciones contra Quir\u00f3s forman parte de \u201cuna persecuci\u00f3n dirigida contra todas las personas que respaldan los reclamos de los y las nicarag\u00fcenses\u201d.<\/p>\n<p style=\"text-align: justify;\">Quir\u00f3s ha sido una de las voces m\u00e1s beligerantes en la defensa de los derechos humanos de los nicarag\u00fcenses que exigen democracia, justicia y libertad en el contexto de la actual crisis de derechos humanos que atraviesa el pa\u00eds.<\/p>\n<p style=\"text-align: justify;\">De hecho, la defensora fue una de las primeras v\u00edctimas de la represi\u00f3n que estall\u00f3 en abril. El 18 de ese mes, durante la primera protesta que hubo en Managua por las reformas a la Ley de Seguridad Social, en Camino de Oriente, una turba de simpatizantes afines al Gobierno la golpe\u00f3 con un tubo en la cabeza, en los brazos y en el resto del cuerpo. La foto en que aparec\u00eda ensangrentada se distribuy\u00f3 r\u00e1pidamente a trav\u00e9s de redes sociales.<\/p>\n<p style=\"text-align: justify;\">En los meses subsiguientes, Quir\u00f3s asegur\u00f3 fue v\u00edctima de \u201cm\u00faltiples amenazas de manera sistem\u00e1tica\u201d, expresando que: \u201cHab\u00edan llegado a visitar a vecinos de nuestra casa para preguntar d\u00f3nde estaba yo y en algunas salidas m\u00edas del pa\u00eds me hab\u00edan retenido en migraci\u00f3n por ratos, interrog\u00e1ndome\u201d, cont\u00f3 desde San Jos\u00e9.<\/p>\n<p style=\"text-align: justify;\">Por lo pronto, la activista asegur\u00f3 que desde Costa Rica continuar\u00e1 denunciando las violaciones de derechos humanos que ocurren en Nicaragua. Adem\u00e1s, plante\u00f3 la posibilidad de demandar al Estado nicarag\u00fcense por su expulsi\u00f3n arbitraria del pa\u00eds.<\/p>\n<p style=\"text-align: justify;\"><span style=\"color: #993366;\"><strong>Intimidan a otras defensoras de los derechos de las mujeres <\/strong><\/span><\/p>\n<p style=\"text-align: justify;\">El mismo lunes tambi\u00e9n fueron citadas por la DGME tres activistas con residencia nicarag\u00fcense que trabajan con el Colectivo de Mujeres de Matagalpa: la suiza Beatriz Huber y las hermanas espa\u00f1olas Ana y Mar\u00eda Jes\u00fas Ara. A estas \u00faltimas, se les hizo firmar un documento en el que se compromet\u00edan a no participar m\u00e1s de actividades pol\u00edticas para permanecer en el pa\u00eds, seg\u00fan defensoras feministas que las acompa\u00f1aban.<\/p>\n<p style=\"text-align: justify;\">Juanita Jim\u00e9nez, del Movimiento Aut\u00f3nomo de Mujeres (MAM) de Nicaragua, advirti\u00f3 que el proceso contra Quir\u00f3s y otras tres activistas de Matagalpa se enmarca \u201cen ese discurso de odio visceral y de descalificaci\u00f3n que el Gobierno realiza contra el feminismo nicarag\u00fcense\u201d.<\/p>\n<p style=\"text-align: justify;\">Jim\u00e9nez record\u00f3 que d\u00edas atr\u00e1s, las autoridades negaron la autorizaci\u00f3n a grupos feministas y ciudadanos agrupados en la Unidad Azul y Blanco (UNAB) para que realizaran una marcha el pasado 25 de noviembre, D\u00eda Internacional para la Eliminaci\u00f3n de la Violencia contra las Mujeres.<\/p>\n<p>[\/vc_column_text][\/vc_column][\/vc_row][vc_row][vc_column width=\u00bb1\/4&#8243;][vc_icon icon_fontawesome=\u00bbfa fa-bullhorn\u00bb color=\u00bbjuicy_pink\u00bb background_style=\u00bbboxed-outline\u00bb size=\u00bbxl\u00bb align=\u00bbright\u00bb css_animation=\u00bbleft-to-right\u00bb][\/vc_column][vc_column width=\u00bb3\/4&#8243;][vc_column_text]<\/p>\n<blockquote>\n<p style=\"text-align: justify;\"><strong>El Instituto Internacional sobre Raza, Igualdad y Derechos Humanos rechaza en\u00e9rgicamente la expulsi\u00f3n de Nicaragua de la defensora de derechos humanos Ana Quir\u00f3s.\u00a0 Este se constituye como otro acto de represi\u00f3n de la dictadura que azota al pa\u00eds desde hace m\u00e1s de siete meses y que de manera sistem\u00e1tica se ha evidenciado a trav\u00e9s de asesinatos, coerci\u00f3n a la liberta de expresi\u00f3n y protesta social, intimidaci\u00f3n a medios de comunicaci\u00f3n y periodistas independientes, uso excesivo de la fuerza por parte de grupos para-policiales y polic\u00eda nacional, procesos judiciales irregulares y un ambiente de temor colectivo que imposibilita la libertad del pueblo de Nicaragua.\u00a0 As\u00ed mismo, solicitamos a la comunidad internacional no cesar las denuncias y mantener la atenci\u00f3n sobre la grave crisis humanitaria que hoy atraviesa el pa\u00eds.<\/strong><\/p>\n<\/blockquote>\n<p>[\/vc_column_text][\/vc_column][\/vc_row]<\/p>\n<\/div>","protected":false},"excerpt":{"rendered":"<p>[vc_row][vc_column][vc_column_text] Washington, DC. noviembre 27 de 2018.\u00a0Ana Quir\u00f3s V\u00edquez, Directora del Centro de Informaci\u00f3n y Servicios de Asesor\u00eda en Salud (CISAS), de nacionalidad nicarag\u00fcense, fue expulsada ilegalmente de Nicaragua el [&hellip;]<\/p>\n","protected":false},"author":15,"featured_media":9305,"parent":0,"menu_order":0,"template":"","format":"standard","categories":[1162,1154,1169,1161,1163],"resources_country":[1199],"resources_language":[],"resources_audience":[],"resources_format":[],"resources_topic":[1100,1106,1109],"resources_year":[],"class_list":["post-11654","resources","type-resources","status-publish","format-standard","has-post-thumbnail","hentry","category-cidh","category-espanol","category-nicaragua","category-oea","category-regional","resources_country-nicaragua-es","resources_topic-cidh","resources_topic-oea-es","resources_topic-raza-e-igualdad"],"acf":[],"aioseo_notices":[],"_links":{"self":[{"href":"https:\/\/raceandequality.org\/es\/wp-json\/wp\/v2\/resources\/11654","targetHints":{"allow":["GET"]}}],"collection":[{"href":"https:\/\/raceandequality.org\/es\/wp-json\/wp\/v2\/resources"}],"about":[{"href":"https:\/\/raceandequality.org\/es\/wp-json\/wp\/v2\/types\/resources"}],"author":[{"embeddable":true,"href":"https:\/\/raceandequality.org\/es\/wp-json\/wp\/v2\/users\/15"}],"wp:featuredmedia":[{"embeddable":true,"href":"https:\/\/raceandequality.org\/es\/wp-json\/wp\/v2\/media\/9305"}],"wp:attachment":[{"href":"https:\/\/raceandequality.org\/es\/wp-json\/wp\/v2\/media?parent=11654"}],"wp:term":[{"taxonomy":"category","embeddable":true,"href":"https:\/\/raceandequality.org\/es\/wp-json\/wp\/v2\/categories?post=11654"},{"taxonomy":"resources_country","embeddable":true,"href":"https:\/\/raceandequality.org\/es\/wp-json\/wp\/v2\/resources_country?post=11654"},{"taxonomy":"resources_language","embeddable":true,"href":"https:\/\/raceandequality.org\/es\/wp-json\/wp\/v2\/resources_language?post=11654"},{"taxonomy":"resources_audience","embeddable":true,"href":"https:\/\/raceandequality.org\/es\/wp-json\/wp\/v2\/resources_audience?post=11654"},{"taxonomy":"resources_format","embeddable":true,"href":"https:\/\/raceandequality.org\/es\/wp-json\/wp\/v2\/resources_format?post=11654"},{"taxonomy":"resources_topic","embeddable":true,"href":"https:\/\/raceandequality.org\/es\/wp-json\/wp\/v2\/resources_topic?post=11654"},{"taxonomy":"resources_year","embeddable":true,"href":"https:\/\/raceandequality.org\/es\/wp-json\/wp\/v2\/resources_year?post=11654"}],"curies":[{"name":"wp","href":"https:\/\/api.w.org\/{rel}","templated":true}]}}