{"id":11655,"date":"2018-11-30T19:10:12","date_gmt":"2018-11-30T19:10:12","guid":{"rendered":"http:\/\/race01.wp\/resources\/comunidad-lgbti-es-mas-vulnerable-tras-el-inicio-de-la-crisis-de-nicaragua-afirman-defensores\/"},"modified":"2023-05-10T11:32:30","modified_gmt":"2023-05-10T11:32:30","slug":"comunidad-lgbti-es-mas-vulnerable-tras-el-inicio-de-la-crisis-de-nicaragua-afirman-defensores","status":"publish","type":"resources","link":"https:\/\/raceandequality.org\/es\/resources\/comunidad-lgbti-es-mas-vulnerable-tras-el-inicio-de-la-crisis-de-nicaragua-afirman-defensores\/","title":{"rendered":"Comunidad LGBTI es m\u00e1s vulnerable tras el inicio de la crisis de Nicaragua, afirman defensores"},"content":{"rendered":"<div class=\"wpb-content-wrapper\"><p style=\"text-align: justify;\"><strong>Washington, DC. Noviembre 30 de 2018.\u00a0<\/strong>Los derechos de la comunidad LGBTI han sido vulnerados reiteradamente durante la crisis de derechos humanos que atraviesa Nicaragua desde abril pasado. Seg\u00fan activistas y defensores que conversaron con el Instituto Internacional sobre Raza, Igualdad y Derechos Humanos (Raza e Igualdad), esta comunidad ha sufrido en los \u00faltimos meses discriminaci\u00f3n y asedio de forma m\u00e1s dirigida y sistem\u00e1tica.<\/p>\n<p style=\"text-align: justify;\">\u201cEl ser gay o el ser lesbiana en Nicaragua, y a\u00fan en este contexto en que la violencia est\u00e1 m\u00e1s justificada socialmente, es una condici\u00f3n de vulnerabilidad m\u00e1s\u201d, sostiene Alex, un joven gay de 25 a\u00f1os que vive en un municipio al norte de Nicaragua. Seg\u00fan el joven activista, est\u00e1n expuestos \u201cno solamente porque no est\u00e1s de acuerdo con un sistema pol\u00edtico totalitario, sino porque sos disidente sexual\u201d.<\/p>\n<p style=\"text-align: justify;\">De tal forma, que \u201cen la calle no solamente te van a atacar por ser Azul y Blanco sino porque van a decir \u2018el coch\u00f3n\u2019 Azul y Blanco, \u2018la lesbiana\u2019 Azul y Blanco\u201d, relata Alex.<\/p>\n<p style=\"text-align: justify;\">\u00c9l es parte de los miles de ciudadanos que se unieron a las protestas pac\u00edficas que en un primer momento exig\u00edan anular unas reformas del Instituto de Seguridad Social, pero que tras una brutal represi\u00f3n gubernamental que ha dejado al menos 325 muertos, m\u00e1s de 2000 heridos y cientos de presos y presas pol\u00edticas, se volcaron a las calles a reclamar justicia y respeto a los derechos humanos. Los llaman \u201cAzul y Blanco\u201d porque utilizan la bandera de Nicaragua como s\u00edmbolo de protesta.<\/p>\n<p style=\"text-align: justify;\">[\/vc_column_text][\/vc_column][\/vc_row][vc_row][vc_column width=\u00bb2\/3&#8243;][vc_raw_html]JTNDaWZyYW1lJTIwd2lkdGglM0QlMjIxMDAlMjUlMjIlMjBoZWlnaHQlM0QlMjIzMDAlMjIlMjBzY3JvbGxpbmclM0QlMjJubyUyMiUyMGZyYW1lYm9yZGVyJTNEJTIybm8lMjIlMjBhbGxvdyUzRCUyMmF1dG9wbGF5JTIyJTIwc3JjJTNEJTIyaHR0cHMlM0ElMkYlMkZ3LnNvdW5kY2xvdWQuY29tJTJGcGxheWVyJTJGJTNGdXJsJTNEaHR0cHMlMjUzQSUyRiUyRmFwaS5zb3VuZGNsb3VkLmNvbSUyRnRyYWNrcyUyRjUzNjk4MDY4MCUyNmNvbG9yJTNEJTI1MjNmZjU1MDAlMjZhdXRvX3BsYXklM0RmYWxzZSUyNmhpZGVfcmVsYXRlZCUzRGZhbHNlJTI2c2hvd19jb21tZW50cyUzRHRydWUlMjZzaG93X3VzZXIlM0R0cnVlJTI2c2hvd19yZXBvc3RzJTNEZmFsc2UlMjZzaG93X3RlYXNlciUzRHRydWUlMjZ2aXN1YWwlM0R0cnVlJTIyJTNFJTNDJTJGaWZyYW1lJTNF[\/vc_raw_html][\/vc_column][vc_column width=\u00bb1\/3&#8243;][vc_column_text]\u201cA partir de mi participaci\u00f3n en las protestas he sufrido asedio, persecuci\u00f3n\u201d, relata, a\u00f1adiendo que continuamente pasan frente a su casa grupos de motorizados afines al Gobierno que le gritan frases como \u201cgolpista\u201d o lo amenazan con que lo van a matar \u201cpor coch\u00f3n\u201d. \u201cHacen bastante \u00e9nfasis en el tema de mi identidad y de mi opci\u00f3n sexual y de vida\u201d, asegura Alex.[\/vc_column_text][\/vc_column][\/vc_row][vc_row][vc_column][vc_column_text]Francisca, una mujer lesbiana que prefiere omitir su nombre real por temor, sostiene que antes de la crisis la comunidad LGBTI hab\u00eda avanzado significativamente en el campo del respeto y la igualdad. \u201cPero en estos tiempos de crisis, muchas cosas en las cuales hab\u00edamos avanzado, han retrocedido\u201d, asegura.<\/p>\n<p style=\"text-align: justify;\">Al igual que Alex, Francisca particip\u00f3 de las manifestaciones c\u00edvicas, tras lo cual empez\u00f3 a recibir amenazas y una intensa campa\u00f1a de descalificaci\u00f3n en las redes sociales.<\/p>\n<p style=\"text-align: justify;\">\u201cMe amenazaban directamente, me dec\u00edan \u2018esta es la cochona\u2019, o \u2018mir\u00e1, ya sabemos d\u00f3nde viv\u00eds, te vamos a caer, al\u00edstate\u2019 o \u2018te vamos a ense\u00f1ar lo que es un hombre, talvez as\u00ed te cur\u00e1s\u2019. Hasta incluso, me sacaron en listas de Whatsapp y de Facebook en las que me pon\u00edan como la pro aborto, la feminista loca\u201d.<\/p>\n<p style=\"text-align: justify;\">Esta situaci\u00f3n, m\u00e1s una llamada en la que le alertaban que su captura era inminente, oblig\u00f3 a Francisca a huir de su hogar. \u201cYa llevo casi cinco meses fuera de casa, extra\u00f1ando la familia, extra\u00f1ando todo lo que dej\u00e9 all\u00e1. Me toc\u00f3 salir solo con una mochila\u201d, relata la joven.<\/p>\n<p style=\"text-align: justify;\">Ahora vive pr\u00e1cticamente escondida en otra ciudad, junto con su novia. Pero el miedo a que la apresen es constante. La situaci\u00f3n de Alex es similar. Seg\u00fan el activista, los que decidieron quedarse en Nicaragua deben vivir \u201cpr\u00e1cticamente en la clandestinidad\u201d.[\/vc_column_text][\/vc_column][\/vc_row][vc_row][vc_column width=\u00bb1\/2&#8243;][vc_icon icon_fontawesome=\u00bbfa fa-quote-left\u00bb color=\u00bbjuicy_pink\u00bb size=\u00bblg\u00bb css_animation=\u00bbtop-to-bottom\u00bb][vc_column_text]<\/p>\n<h5 style=\"text-align: justify;\"><em>\u201cYa llevo casi cinco meses fuera de casa, extra\u00f1ando la familia, extra\u00f1ando todo lo que dej\u00e9 all\u00e1. Me toc\u00f3 salir solo con una mochila\u201d. Mujer lesbiana, 33 a\u00f1os.<\/em><\/h5>\n<p style=\"text-align: justify;\">[\/vc_column_text][vc_icon icon_fontawesome=\u00bbfa fa-quote-right\u00bb color=\u00bbjuicy_pink\u00bb size=\u00bblg\u00bb align=\u00bbright\u00bb css_animation=\u00bbtop-to-bottom\u00bb][\/vc_column][vc_column width=\u00bb1\/2&#8243;][vc_raw_html]JTNDaWZyYW1lJTIwd2lkdGglM0QlMjIxMDAlMjUlMjIlMjBoZWlnaHQlM0QlMjIzMDAlMjIlMjBzY3JvbGxpbmclM0QlMjJubyUyMiUyMGZyYW1lYm9yZGVyJTNEJTIybm8lMjIlMjBhbGxvdyUzRCUyMmF1dG9wbGF5JTIyJTIwc3JjJTNEJTIyaHR0cHMlM0ElMkYlMkZ3LnNvdW5kY2xvdWQuY29tJTJGcGxheWVyJTJGJTNGdXJsJTNEaHR0cHMlMjUzQSUyRiUyRmFwaS5zb3VuZGNsb3VkLmNvbSUyRnRyYWNrcyUyRjUzNzgyNDk4OCUyNmNvbG9yJTNEJTI1MjNmZjU1MDAlMjZhdXRvX3BsYXklM0RmYWxzZSUyNmhpZGVfcmVsYXRlZCUzRGZhbHNlJTI2c2hvd19jb21tZW50cyUzRHRydWUlMjZzaG93X3VzZXIlM0R0cnVlJTI2c2hvd19yZXBvc3RzJTNEZmFsc2UlMjZzaG93X3RlYXNlciUzRHRydWUlMjZ2aXN1YWwlM0R0cnVlJTIyJTNFJTNDJTJGaWZyYW1lJTNF[\/vc_raw_html][\/vc_column][\/vc_row][vc_row][vc_column][vc_column_text]Desde el 13 de octubre, la Polic\u00eda de Nicaragua prohibi\u00f3 la realizaci\u00f3n de cualquier tipo de movilizaci\u00f3n que no fuera autorizada por esa instituci\u00f3n. Un d\u00eda despu\u00e9s, un grupo de 38 ciudadanos y activistas fueron detenidos por agentes policiales por realizar un plant\u00f3n sin haber solicitado dichos permisos.<\/p>\n<p style=\"text-align: justify;\">\u201cEstamos en mayor peligro, porque como no hay marchas, no hay movilizaciones, el Estado y su aparato represor tiene m\u00e1s facilidad de encontrarte, buscarte y hacer cualquier acci\u00f3n con tu vida y con tu cuerpo. Ahora la represi\u00f3n, las detenciones y las ejecuciones extrajudiciales, incluso para los defensores y defensoras LGBT, son m\u00e1s focalizados\u201d, explica Alex.<\/p>\n<p style=\"text-align: justify;\"><strong><span style=\"color: #800080;\">M\u00e1s agresiones<\/span><\/strong><\/p>\n<p style=\"text-align: justify;\">Las mujeres transg\u00e9nero tambi\u00e9n han sufrido distintos tipos de agresiones. \u201cHay casos de compa\u00f1eras transg\u00e9nero que han sido tomadas por la polic\u00eda o fuerzas paramilitares, que han sido agredidas salvajemente, golpeadas y dejadas tiradas en las calles. Lo que dicen es que eso es una muestra de lo que les va a seguir pasando a los \u2018Azul y Blanco\u2019\u201d, cuenta D\u00e1maso Vargas, una mujer transg\u00e9nero de 25 a\u00f1os y activista de Managua.<\/p>\n<p style=\"text-align: justify;\">Una de las formas de protesta que encontr\u00f3 D\u00e1maso fue abandonar el sistema educativo p\u00fablico. Este a\u00f1o cursaba el \u00faltimo a\u00f1o de bachillerato. \u201cEstoy en desacuerdo con todo lo que est\u00e1 pasando y para m\u00ed tambi\u00e9n es un modo de decir que no estoy de acuerdo, que no voy a seguir dando validez a un Estado que en realidad no est\u00e1 haciendo el trabajo que deber\u00eda hacer\u201d, sostiene.<\/p>\n<p style=\"text-align: justify;\">Adem\u00e1s, hay cuatro mujeres trans que est\u00e1n actualmente apresadas en el sistema penitenciario varonil de La Modelo, seg\u00fan el Centro Nicarag\u00fcense de Derechos Humanos (Cenidh).<\/p>\n<p style=\"text-align: justify;\">El caso m\u00e1s medi\u00e1tico es el de Victoria Obando, una mujer trans de 27 a\u00f1os y estudiante de la Universidad Nacional Aut\u00f3noma de Nicaragua (UNAN-Managua), quien se atrincher\u00f3 en su centro de estudios y pertenec\u00eda a la Coordinadora Universitaria. Desde finales de agosto fue apresada y las autoridades la acusan de varios delitos como terrorismo, homicidio, incendio, secuestro, robo con intimidaci\u00f3n y amenazas de muerte.[\/vc_column_text][\/vc_column][\/vc_row][vc_row][vc_column width=\u00bb2\/3&#8243;][vc_raw_html]JTNDaWZyYW1lJTIwd2lkdGglM0QlMjIxMDAlMjUlMjIlMjBoZWlnaHQlM0QlMjIzMDAlMjIlMjBzY3JvbGxpbmclM0QlMjJubyUyMiUyMGZyYW1lYm9yZGVyJTNEJTIybm8lMjIlMjBhbGxvdyUzRCUyMmF1dG9wbGF5JTIyJTIwc3JjJTNEJTIyaHR0cHMlM0ElMkYlMkZ3LnNvdW5kY2xvdWQuY29tJTJGcGxheWVyJTJGJTNGdXJsJTNEaHR0cHMlMjUzQSUyRiUyRmFwaS5zb3VuZGNsb3VkLmNvbSUyRnRyYWNrcyUyRjUzNzAwODA0NiUyNmNvbG9yJTNEJTI1MjNmZjU1MDAlMjZhdXRvX3BsYXklM0RmYWxzZSUyNmhpZGVfcmVsYXRlZCUzRGZhbHNlJTI2c2hvd19jb21tZW50cyUzRHRydWUlMjZzaG93X3VzZXIlM0R0cnVlJTI2c2hvd19yZXBvc3RzJTNEZmFsc2UlMjZzaG93X3RlYXNlciUzRHRydWUlMjZ2aXN1YWwlM0R0cnVlJTIyJTNFJTNDJTJGaWZyYW1lJTNF[\/vc_raw_html][\/vc_column][vc_column width=\u00bb1\/3&#8243;][vc_column_text]\u201cLa compa\u00f1era Victoria dice que la desnudan delante del resto de reos, los abucheos de parte de los polic\u00edas, frases como de que \u2018aqu\u00ed lo que hay son huevones, hombres, machos\u2019, sabiendo que no queremos sentirnos as\u00ed y no nos sentimos as\u00ed\u201d, comenta D\u00e1maso, quien asegura sentir impotencia y tristeza ante tal situaci\u00f3n.[\/vc_column_text][\/vc_column][\/vc_row][vc_row][vc_column][vc_column_text]Las violaciones sexuales tambi\u00e9n se han convertido en una forma de represi\u00f3n. El Centro Nicarag\u00fcense de Derechos Humanos (Cenidh) ha registrado 12 casos de hombres y mujeres que fueron v\u00edctimas de violencia sexual durante detenciones ilegales o secuestros cometidos por agentes policiales y parapoliciales.<\/p>\n<p style=\"text-align: justify;\">\u201cSon testimonios totalmente terribles que en la actualidad no pueden aspirar a justicia en este contexto precisamente por los miedos y los temores porque no hay instituciones que puedan investigar a las autoridades\u201d, coment\u00f3 Wendy Flores, abogada del Cenidh, durante el conversatorio \u201cMujeres en resistencia ante la represi\u00f3n\u201d, organizado por DeHumo la semana pasada.<\/p>\n<p style=\"text-align: justify;\">En el mismo conversatorio Tania S\u00e1nchez denunci\u00f3 que a su hermana, Kisha L\u00f3pez, mujer trans apresada en La Modelo, un hombre la intent\u00f3 abusar dentro de la c\u00e1rcel para hombres en la que se encuentra. \u201cKisha se defendi\u00f3 y le dio con una escoba en las costillas, porque ella dice que independientemente de lo que ella sea, la tienen que respetar\u201d, se\u00f1al\u00f3 S\u00e1nchez.<\/p>\n<p style=\"text-align: justify;\"><span style=\"color: #800080;\"><strong>Ind\u00edgenas<\/strong><\/span><\/p>\n<p style=\"text-align: justify;\">Para las comunidades ind\u00edgenas, pertenecer a la poblaci\u00f3n LGBTI es un doble factor de vulnerabilidad, indica un ind\u00edgena miskitu gay, quien prefiere identificarse como Arturo.[\/vc_column_text][\/vc_column][\/vc_row][vc_row][vc_column width=\u00bb1\/3&#8243;][vc_message]Desde 2013, 23 personas de la comunidad LGBTI han sido asesinadas en la Costa Caribe de Nicaragua.[\/vc_message][\/vc_column][vc_column width=\u00bb2\/3&#8243;][vc_raw_html]JTNDaWZyYW1lJTIwd2lkdGglM0QlMjIxMDAlMjUlMjIlMjBoZWlnaHQlM0QlMjIzMDAlMjIlMjBzY3JvbGxpbmclM0QlMjJubyUyMiUyMGZyYW1lYm9yZGVyJTNEJTIybm8lMjIlMjBhbGxvdyUzRCUyMmF1dG9wbGF5JTIyJTIwc3JjJTNEJTIyaHR0cHMlM0ElMkYlMkZ3LnNvdW5kY2xvdWQuY29tJTJGcGxheWVyJTJGJTNGdXJsJTNEaHR0cHMlMjUzQSUyRiUyRmFwaS5zb3VuZGNsb3VkLmNvbSUyRnRyYWNrcyUyRjUzNzgyOTE5NCUyNmNvbG9yJTNEJTI1MjNmZjU1MDAlMjZhdXRvX3BsYXklM0RmYWxzZSUyNmhpZGVfcmVsYXRlZCUzRGZhbHNlJTI2c2hvd19jb21tZW50cyUzRHRydWUlMjZzaG93X3VzZXIlM0R0cnVlJTI2c2hvd19yZXBvc3RzJTNEZmFsc2UlMjZzaG93X3RlYXNlciUzRHRydWUlMjZ2aXN1YWwlM0R0cnVlJTIyJTNFJTNDJTJGaWZyYW1lJTNF[\/vc_raw_html][\/vc_column][\/vc_row][vc_row][vc_column][vc_column_text]En la opini\u00f3n del activista y abogado, en la Costa Caribe de Nicaragua \u201cla crisis no es de 7 meses, sino que es una situaci\u00f3n que se ha mantenido en el conflicto por la misma exclusi\u00f3n y la discriminaci\u00f3n que los poderes del Estado imponen a la sociedad en las comunidades\u201d. Y esto lo ejemplifica con el siguiente dato: desde 2013, 23 personas de la comunidad LGBTI han sido asesinadas. \u201cEl trasfondo tambi\u00e9n es una persecuci\u00f3n a esta comunidad\u201d, asegura.<\/p>\n<p style=\"text-align: justify;\">El mismo Arturo afirma haber sido atacado y amenazado en las redes sociales, tanto por su orientaci\u00f3n sexual como por \u201cser defensor de derechos humanos, y por promover los derechos colectivos de los pueblos ind\u00edgenas, espec\u00edficamente los derechos territoriales\u201d.<\/p>\n<p style=\"text-align: justify;\"><span style=\"color: #800080;\"><strong>Continuar\u00e1n trabajando<\/strong><\/span><\/p>\n<p style=\"text-align: justify;\">Aunque las vulneraciones de derechos humanos en el contexto actual de crisis en Nicaragua no son exclusivas hacia la comunidad LGBTI, los activistas que conversaron con Raza e Igualdad insistieron en la necesidad de que se visibilicen sus problem\u00e1ticas y desaf\u00edos.<\/p>\n<p style=\"text-align: justify;\">Tal como mencion\u00f3 Alex, \u201clas acciones que hacemos d\u00eda a d\u00eda, las reuniones, las estrategias de movilizaci\u00f3n, los contenidos de redes, la defensa y denuncia de nuestras presas y presos pol\u00edticos, con \u00e9nfasis en los LGBTI, es lo que nos mueve\u201d.[\/vc_column_text][\/vc_column][\/vc_row]<\/p>\n<\/div>","protected":false},"excerpt":{"rendered":"<p>Washington, DC. Noviembre 30 de 2018.\u00a0Los derechos de la comunidad LGBTI han sido vulnerados reiteradamente durante la crisis de derechos humanos que atraviesa Nicaragua desde abril pasado. Seg\u00fan activistas y [&hellip;]<\/p>\n","protected":false},"author":15,"featured_media":9309,"parent":0,"menu_order":0,"template":"","format":"standard","categories":[1154,1169],"resources_country":[1199],"resources_language":[],"resources_audience":[],"resources_format":[],"resources_topic":[1104,1109],"resources_year":[],"class_list":["post-11655","resources","type-resources","status-publish","format-standard","has-post-thumbnail","hentry","category-espanol","category-nicaragua","resources_country-nicaragua-es","resources_topic-lgbti-es","resources_topic-raza-e-igualdad"],"acf":[],"aioseo_notices":[],"_links":{"self":[{"href":"https:\/\/raceandequality.org\/es\/wp-json\/wp\/v2\/resources\/11655","targetHints":{"allow":["GET"]}}],"collection":[{"href":"https:\/\/raceandequality.org\/es\/wp-json\/wp\/v2\/resources"}],"about":[{"href":"https:\/\/raceandequality.org\/es\/wp-json\/wp\/v2\/types\/resources"}],"author":[{"embeddable":true,"href":"https:\/\/raceandequality.org\/es\/wp-json\/wp\/v2\/users\/15"}],"wp:featuredmedia":[{"embeddable":true,"href":"https:\/\/raceandequality.org\/es\/wp-json\/wp\/v2\/media\/9309"}],"wp:attachment":[{"href":"https:\/\/raceandequality.org\/es\/wp-json\/wp\/v2\/media?parent=11655"}],"wp:term":[{"taxonomy":"category","embeddable":true,"href":"https:\/\/raceandequality.org\/es\/wp-json\/wp\/v2\/categories?post=11655"},{"taxonomy":"resources_country","embeddable":true,"href":"https:\/\/raceandequality.org\/es\/wp-json\/wp\/v2\/resources_country?post=11655"},{"taxonomy":"resources_language","embeddable":true,"href":"https:\/\/raceandequality.org\/es\/wp-json\/wp\/v2\/resources_language?post=11655"},{"taxonomy":"resources_audience","embeddable":true,"href":"https:\/\/raceandequality.org\/es\/wp-json\/wp\/v2\/resources_audience?post=11655"},{"taxonomy":"resources_format","embeddable":true,"href":"https:\/\/raceandequality.org\/es\/wp-json\/wp\/v2\/resources_format?post=11655"},{"taxonomy":"resources_topic","embeddable":true,"href":"https:\/\/raceandequality.org\/es\/wp-json\/wp\/v2\/resources_topic?post=11655"},{"taxonomy":"resources_year","embeddable":true,"href":"https:\/\/raceandequality.org\/es\/wp-json\/wp\/v2\/resources_year?post=11655"}],"curies":[{"name":"wp","href":"https:\/\/api.w.org\/{rel}","templated":true}]}}