{"id":11671,"date":"2018-12-11T14:00:26","date_gmt":"2018-12-11T14:00:26","guid":{"rendered":"http:\/\/race01.wp\/resources\/fortaleciendo-alianzas-para-el-uso-de-herramientas-nacionales-y-regionales-a-favor-del-pueblo-afroperuano\/"},"modified":"2023-05-10T11:37:48","modified_gmt":"2023-05-10T11:37:48","slug":"fortaleciendo-alianzas-para-el-uso-de-herramientas-nacionales-y-regionales-a-favor-del-pueblo-afroperuano","status":"publish","type":"resources","link":"https:\/\/raceandequality.org\/es\/resources\/fortaleciendo-alianzas-para-el-uso-de-herramientas-nacionales-y-regionales-a-favor-del-pueblo-afroperuano\/","title":{"rendered":"Fortaleciendo Alianzas para el Uso de herramientas Nacionales y Regionales a Favor del Pueblo Afroperuano"},"content":{"rendered":"<p style=\"text-align: justify;\">Washington, D.C., 11 de diciembre de 2018. El Instituto sobre Raza, Igualdad y Derechos Humanos (Raza e Igualdad) de la mano del Centro de Desarrollo de la Mujer Negra Peruana (CDEMUNEP) coordin\u00f3 el panel denominado \u201cFortaleciendo Alianzas para la Implementaci\u00f3n del PLANDEPA y el Uso del Sistema Interamericano de Derechos Humanos\u201d, realizado el pasado \u00a05 de diciembre de 2018 en Lima, Per\u00fa.<\/p>\n<p style=\"text-align: justify;\"><img decoding=\"async\" class=\"aligncenter size-full wp-image-4760 lazyload\" data-src=\"https:\/\/raceandequality.org\/wp-content\/uploads\/2023\/04\/WhatsApp-Image-2018-12-12-at-53817-PM.jpeg\" alt=\"\" width=\"1024\" height=\"768\" src=\"data:image\/svg+xml;base64,PHN2ZyB3aWR0aD0iMSIgaGVpZ2h0PSIxIiB4bWxucz0iaHR0cDovL3d3dy53My5vcmcvMjAwMC9zdmciPjwvc3ZnPg==\" style=\"--smush-placeholder-width: 1024px; --smush-placeholder-aspect-ratio: 1024\/768;\" \/><\/p>\n<p style=\"text-align: justify;\">El panel que ten\u00eda objetivo de identificar los logros alcanzados por el PLANDEPA y sus proyecciones para pr\u00f3ximos periodos, as\u00ed como capacitar a los activistas sobre las oportunidades que ofrece el Sistema Interamericano de Derechos Humanos para empoderarlos y aportar al dise\u00f1o de una incidencia m\u00e1s efectiva en estas \u00e1reas; cont\u00f3 con la participaci\u00f3n de Susana Matute, Directora de Pol\u00edticas para la Poblaci\u00f3n Afroperuana del Ministerio de Cultura, Cecilia Ram\u00edrez, Directora Ejecutiva de CEDEMUNEP, y Elvia Duque Oficial del Programa de Am\u00e9rica Latina en <em>Raza e Igualdad<\/em>, adem\u00e1s de la especial participaci\u00f3n de activistas de las organizaciones Afroperuanas m\u00e1s reconocidas del Per\u00fa.<\/p>\n<p style=\"text-align: justify;\"><img decoding=\"async\" class=\"aligncenter size-full wp-image-4763 lazyload\" data-src=\"https:\/\/raceandequality.org\/wp-content\/uploads\/2023\/04\/WhatsApp-Image-2018-12-12-at-53816-PM-1.jpeg\" alt=\"\" width=\"1024\" height=\"768\" src=\"data:image\/svg+xml;base64,PHN2ZyB3aWR0aD0iMSIgaGVpZ2h0PSIxIiB4bWxucz0iaHR0cDovL3d3dy53My5vcmcvMjAwMC9zdmciPjwvc3ZnPg==\" style=\"--smush-placeholder-width: 1024px; --smush-placeholder-aspect-ratio: 1024\/768;\" \/><\/p>\n<p style=\"text-align: justify;\">Durante el espacio, Susana Matute del Ministerio de Cultura, enfatiz\u00f3 en los logros del PLANDEPA desde su creaci\u00f3n, en relaci\u00f3n a la incorporaci\u00f3n de la pregunta de auto-identificaci\u00f3n \u00e9tnico\/racial en el Censo 2017 y dem\u00e1s actividades claves que ha permitido el di\u00e1logo m\u00e1s directo con los activistas Afroperuanos denominadas \u201cSomos Familia\u201d. As\u00ed mismo, manifest\u00f3 que el PLANDEPA presenta diferentes falencias, como la falta de financiaci\u00f3n, que ha limitado sus accionar y por ende su alcance. Despu\u00e9s de un gran debate con miembros del p\u00fablico, entre otros puntos discutidos, concluy\u00f3 sobre la necesidad de incorporar nuevos temas dentro de la nueva propuesta en construcci\u00f3n del PLANDEPA.<\/p>\n<p style=\"text-align: justify;\">El espacio, por su parte, tambi\u00e9n permiti\u00f3 identificar a fondo las din\u00e1micas de Grupo de Trabajo con Poblaci\u00f3n Afroperuana (GTPA) y la necesidad de que el Estado Peruano reconozca a los Afroperuanos como \u201cPueblo\u201d, lo cual permitir\u00eda una respuesta m\u00e1s efectiva mediante pol\u00edticas p\u00fablicas a las principales brechas socioecon\u00f3micas que estos enfrentan.<\/p>\n<p style=\"text-align: justify;\"><img decoding=\"async\" class=\"aligncenter size-full wp-image-4761 lazyload\" data-src=\"https:\/\/raceandequality.org\/wp-content\/uploads\/2023\/04\/WhatsApp-Image-2018-12-12-at-53817-PM-2.jpeg\" alt=\"\" width=\"1024\" height=\"768\" src=\"data:image\/svg+xml;base64,PHN2ZyB3aWR0aD0iMSIgaGVpZ2h0PSIxIiB4bWxucz0iaHR0cDovL3d3dy53My5vcmcvMjAwMC9zdmciPjwvc3ZnPg==\" style=\"--smush-placeholder-width: 1024px; --smush-placeholder-aspect-ratio: 1024\/768;\" \/><\/p>\n<p style=\"text-align: justify;\">Una vez terminadas las discusiones sobre el PLANDEPA, Elvia Duque de Raza e Igualdad realiz\u00f3 su presentaci\u00f3n sobre el Sistema Interamericano de Derechos Humanos. El objetivo de la segunda parte del panel consinti\u00f3 en informar al p\u00fablico sobre las diferentes herramientas y espacios de participaci\u00f3n que ofrece el Sistema Interamericano de Derechos Humanos y motivarlos hacer m\u00e1s pro-activos ante estos. La discusi\u00f3n se focaliz\u00f3 en la importancia de obtener un status consultivo ante la OEA, las audiencias tem\u00e1ticas, la Relator\u00eda sobre las Personas Afrodescendientes y en Contra la Discriminaci\u00f3n Racial, y la Convenci\u00f3n contra el Racismo. El p\u00fablico acord\u00f3 coordinar entre las organizaciones presentes la solicitud de una audiencia tem\u00e1tica sobre el PLANDEPA y la No ratificaci\u00f3n hasta el momento de la Convenci\u00f3n contra el Racismo por parte del Estado Peruano.<\/p>\n<p style=\"text-align: justify;\"><img decoding=\"async\" class=\"aligncenter size-full wp-image-4762 lazyload\" data-src=\"https:\/\/raceandequality.org\/wp-content\/uploads\/2023\/04\/WhatsApp-Image-2018-12-12-at-53817-PM-1.jpeg\" alt=\"\" width=\"1024\" height=\"768\" src=\"data:image\/svg+xml;base64,PHN2ZyB3aWR0aD0iMSIgaGVpZ2h0PSIxIiB4bWxucz0iaHR0cDovL3d3dy53My5vcmcvMjAwMC9zdmciPjwvc3ZnPg==\" style=\"--smush-placeholder-width: 1024px; --smush-placeholder-aspect-ratio: 1024\/768;\" \/><\/p>\n<p style=\"text-align: justify;\">Raza e Igualdad, a trav\u00e9s de Elvia Duque, ofreci\u00f3 otorgar el apoyo t\u00e9cnico necesario a los activistas Afroperuanos para solicitar esta audiencia y cualquier otra iniciativa discutida en el panel y de esta forma continuar aportando al empoderamiento de tan importantes herramientas tanto nacionales como regionales.<\/p>\n","protected":false},"excerpt":{"rendered":"<p>Washington, D.C., 11 de diciembre de 2018. El Instituto sobre Raza, Igualdad y Derechos Humanos (Raza e Igualdad) de la mano del Centro de Desarrollo de la Mujer Negra Peruana [&hellip;]<\/p>\n","protected":false},"author":15,"featured_media":9363,"parent":0,"menu_order":0,"template":"","format":"standard","categories":[1162,1154,1161,1124],"resources_country":[1201],"resources_language":[],"resources_audience":[],"resources_format":[],"resources_topic":[1100,1106],"resources_year":[],"class_list":["post-11671","resources","type-resources","status-publish","format-standard","has-post-thumbnail","hentry","category-cidh","category-espanol","category-oea","category-peru","resources_country-peru-es","resources_topic-cidh","resources_topic-oea-es"],"acf":[],"aioseo_notices":[],"_links":{"self":[{"href":"https:\/\/raceandequality.org\/es\/wp-json\/wp\/v2\/resources\/11671","targetHints":{"allow":["GET"]}}],"collection":[{"href":"https:\/\/raceandequality.org\/es\/wp-json\/wp\/v2\/resources"}],"about":[{"href":"https:\/\/raceandequality.org\/es\/wp-json\/wp\/v2\/types\/resources"}],"author":[{"embeddable":true,"href":"https:\/\/raceandequality.org\/es\/wp-json\/wp\/v2\/users\/15"}],"wp:featuredmedia":[{"embeddable":true,"href":"https:\/\/raceandequality.org\/es\/wp-json\/wp\/v2\/media\/9363"}],"wp:attachment":[{"href":"https:\/\/raceandequality.org\/es\/wp-json\/wp\/v2\/media?parent=11671"}],"wp:term":[{"taxonomy":"category","embeddable":true,"href":"https:\/\/raceandequality.org\/es\/wp-json\/wp\/v2\/categories?post=11671"},{"taxonomy":"resources_country","embeddable":true,"href":"https:\/\/raceandequality.org\/es\/wp-json\/wp\/v2\/resources_country?post=11671"},{"taxonomy":"resources_language","embeddable":true,"href":"https:\/\/raceandequality.org\/es\/wp-json\/wp\/v2\/resources_language?post=11671"},{"taxonomy":"resources_audience","embeddable":true,"href":"https:\/\/raceandequality.org\/es\/wp-json\/wp\/v2\/resources_audience?post=11671"},{"taxonomy":"resources_format","embeddable":true,"href":"https:\/\/raceandequality.org\/es\/wp-json\/wp\/v2\/resources_format?post=11671"},{"taxonomy":"resources_topic","embeddable":true,"href":"https:\/\/raceandequality.org\/es\/wp-json\/wp\/v2\/resources_topic?post=11671"},{"taxonomy":"resources_year","embeddable":true,"href":"https:\/\/raceandequality.org\/es\/wp-json\/wp\/v2\/resources_year?post=11671"}],"curies":[{"name":"wp","href":"https:\/\/api.w.org\/{rel}","templated":true}]}}