{"id":11672,"date":"2018-12-14T16:58:46","date_gmt":"2018-12-14T16:58:46","guid":{"rendered":"http:\/\/race01.wp\/resources\/pronunciamiento-continuan-agresiones-contra-organizaciones-defensoras-de-derechos-humanos-en-nicaragua\/"},"modified":"2023-05-10T11:53:06","modified_gmt":"2023-05-10T11:53:06","slug":"pronunciamiento-continuan-agresiones-contra-organizaciones-defensoras-de-derechos-humanos-en-nicaragua","status":"publish","type":"resources","link":"https:\/\/raceandequality.org\/es\/resources\/pronunciamiento-continuan-agresiones-contra-organizaciones-defensoras-de-derechos-humanos-en-nicaragua\/","title":{"rendered":"PRONUNCIAMIENTO Contin\u00faan agresiones contra organizaciones defensoras de derechos humanos en Nicaragua"},"content":{"rendered":"<p style=\"text-align: justify;\"><strong>Washington D.C., 14 de diciembre de 2018.\u00a0<\/strong>El Instituto Internacional sobre Raza, Igualdad y Derechos Humanos (Raza e Igualdad) condena en\u00e9rgicamente los violentos allanamientos ilegales cometidos a partir de la madrugada de este viernes por la Polic\u00eda de Nicaragua a las instalaciones del\u00a0Centro Nicarag\u00fcense de Derechos Humanos (CENIDH), Instituto de Liderazgo de las\u00a0Segovias\u00a0(ILLS), Centro de Informaci\u00f3n y Servicios de Asesor\u00eda en Salud (CISAS), Fundaci\u00f3n Popol\u00a0Na, Fundaci\u00f3n del R\u00edo,\u00a0Instituto para el Desarrollo y la Democracia (Ipade), y el\u00a0Instituto de Estudios Estrat\u00e9gicos y Pol\u00edticas P\u00fablicas (IEEPP), todas\u00a0estas\u00a0 organizaciones\u00a0a las cuales la Asamblea Nacional les hab\u00eda cancelado su personalidad jur\u00eddica de forma arbitraria. Asimismo, Raza e Igualdad repudia el allanamiento realizado al medio de comunicaci\u00f3n digital Confidencial, en donde tambi\u00e9n funcionan los estudios de los programas televisivos Esta Noche y Esta Semana y la ocupaci\u00f3n ilegal de sus equipos de trabajo.<\/p>\n<p style=\"text-align: justify;\">Las organizaciones\u00a0denunciaron\u00a0que\u00a0para ingresar,\u00a0los agentes de la Polic\u00eda abusaron de su autoridad, agredieron f\u00edsicamente\u00a0a\u00a0vigilantes, rompieron puertas, destrozaron mobiliario\u00a0e incautaron ilegalmente\u00a0documentos, equipos de trabajo, computadoras e incluso veh\u00edculos.<\/p>\n<p style=\"text-align: justify;\">Ante este hecho sin precedentes en la historia reciente nicarag\u00fcense, expresamos nuestro repudio a la arbitrariedad e impunidad con la que act\u00faan las autoridades nicarag\u00fcenses dispuestas a violar las libertades fundamentales de asociaci\u00f3n y reuni\u00f3n pac\u00edfica de los defensores y defensoras de derechos humanos, medios de comunicaci\u00f3n y activistas disidentes,\u00a0para servir a los fines de la dictadura Ortega Murillo. Tal proceder confirma una abrupta reducci\u00f3n y restricci\u00f3n de los espacios de participaci\u00f3n democr\u00e1tica y los derechos pol\u00edticos de los grupos que han decidido reclamar por justicia y paz en Nicaragua.<\/p>\n<p style=\"text-align: justify;\">As\u00ed mismo, declaramos que los allanamientos ilegales realizados por la Polic\u00eda no s\u00f3lo transgreden el derecho a la propiedad e intimidad de las y los defensores directamente implicados y persistentemente agredidos, criminalizados\u00a0y perseguidos, sino que son una contundente expresi\u00f3n del totalitarismo y pol\u00edtica de miedo que el Estado de Daniel Ortega y Rosario Murillo han instalado en el pa\u00eds centroamericano.<\/p>\n<p style=\"text-align: justify;\"><strong>Demandamos al gobierno de Ortega restablecer la personalidad jur\u00eddica de las asociaciones antes mencionadas y regresar los bienes sustra\u00eddos. <\/strong><\/p>\n<p style=\"text-align: justify;\">Estos hechos\u00a0son evidencia del estado de represi\u00f3n y crisis de derechos humanos que enfrenta el pueblo de Nicaragua, por tal raz\u00f3n, urgimos a la \u00a0comunidad internacional pronunciarse ante estos actos que transgreden el bienestar de todo ser humano, coartan la participaci\u00f3n e imposibilitan la construcci\u00f3n de sociedades democr\u00e1ticas que buscan alcanzar el bienestar, la justicia y la paz.<\/p>\n<p style=\"text-align: justify;\">\n","protected":false},"excerpt":{"rendered":"<p>Washington D.C., 14 de diciembre de 2018.\u00a0El Instituto Internacional sobre Raza, Igualdad y Derechos Humanos (Raza e Igualdad) condena en\u00e9rgicamente los violentos allanamientos ilegales cometidos a partir de la madrugada [&hellip;]<\/p>\n","protected":false},"author":15,"featured_media":9422,"parent":0,"menu_order":0,"template":"","format":"standard","categories":[1154,1169,1163],"resources_country":[1199],"resources_language":[],"resources_audience":[],"resources_format":[],"resources_topic":[1109],"resources_year":[],"class_list":["post-11672","resources","type-resources","status-publish","format-standard","has-post-thumbnail","hentry","category-espanol","category-nicaragua","category-regional","resources_country-nicaragua-es","resources_topic-raza-e-igualdad"],"acf":[],"aioseo_notices":[],"_links":{"self":[{"href":"https:\/\/raceandequality.org\/es\/wp-json\/wp\/v2\/resources\/11672","targetHints":{"allow":["GET"]}}],"collection":[{"href":"https:\/\/raceandequality.org\/es\/wp-json\/wp\/v2\/resources"}],"about":[{"href":"https:\/\/raceandequality.org\/es\/wp-json\/wp\/v2\/types\/resources"}],"author":[{"embeddable":true,"href":"https:\/\/raceandequality.org\/es\/wp-json\/wp\/v2\/users\/15"}],"wp:featuredmedia":[{"embeddable":true,"href":"https:\/\/raceandequality.org\/es\/wp-json\/wp\/v2\/media\/9422"}],"wp:attachment":[{"href":"https:\/\/raceandequality.org\/es\/wp-json\/wp\/v2\/media?parent=11672"}],"wp:term":[{"taxonomy":"category","embeddable":true,"href":"https:\/\/raceandequality.org\/es\/wp-json\/wp\/v2\/categories?post=11672"},{"taxonomy":"resources_country","embeddable":true,"href":"https:\/\/raceandequality.org\/es\/wp-json\/wp\/v2\/resources_country?post=11672"},{"taxonomy":"resources_language","embeddable":true,"href":"https:\/\/raceandequality.org\/es\/wp-json\/wp\/v2\/resources_language?post=11672"},{"taxonomy":"resources_audience","embeddable":true,"href":"https:\/\/raceandequality.org\/es\/wp-json\/wp\/v2\/resources_audience?post=11672"},{"taxonomy":"resources_format","embeddable":true,"href":"https:\/\/raceandequality.org\/es\/wp-json\/wp\/v2\/resources_format?post=11672"},{"taxonomy":"resources_topic","embeddable":true,"href":"https:\/\/raceandequality.org\/es\/wp-json\/wp\/v2\/resources_topic?post=11672"},{"taxonomy":"resources_year","embeddable":true,"href":"https:\/\/raceandequality.org\/es\/wp-json\/wp\/v2\/resources_year?post=11672"}],"curies":[{"name":"wp","href":"https:\/\/api.w.org\/{rel}","templated":true}]}}