{"id":11690,"date":"2018-12-28T10:28:09","date_gmt":"2018-12-28T10:28:09","guid":{"rendered":"http:\/\/race01.wp\/resources\/oea-anuncia-que-aplicara-carta-democratica-interamericana-a-nicaragua-tras-conocer-que-en-ese-pais-se-cometieron-crimenes-de-lesa-humanidad\/"},"modified":"2023-05-10T11:52:59","modified_gmt":"2023-05-10T11:52:59","slug":"oea-anuncia-que-aplicara-carta-democratica-interamericana-a-nicaragua-tras-conocer-que-en-ese-pais-se-cometieron-crimenes-de-lesa-humanidad","status":"publish","type":"resources","link":"https:\/\/raceandequality.org\/es\/resources\/oea-anuncia-que-aplicara-carta-democratica-interamericana-a-nicaragua-tras-conocer-que-en-ese-pais-se-cometieron-crimenes-de-lesa-humanidad\/","title":{"rendered":"OEA anuncia que aplicar\u00e1 Carta Democr\u00e1tica Interamericana a Nicaragua tras conocer que en ese pa\u00eds se cometieron cr\u00edmenes de lesa humanidad"},"content":{"rendered":"<div class=\"wpb-content-wrapper\"><p style=\"text-align: justify;\"><strong>Washington D.C. 28 de diciembre 2018.<\/strong> La Organizaci\u00f3n de Estados Americanos (OEA) iniciar\u00e1 el proceso para aplicar la Carta Democr\u00e1tica Interamericana a Nicaragua, asegur\u00f3 ayer el Secretario General Luis Almagro, luego de que la Vice Presidenta de la CIDH, Comisionada Esmeralda Arosamena de Troiti\u00f1o, \u00a0(CIDH) presentara un informe realizado por expertos de distintas disciplinas e independientes, \u00a0que revela que el Estado de Nicaragua cometi\u00f3 cr\u00edmenes de lesa humanidad contra la poblaci\u00f3n que se manifestaba c\u00edvicamente.<\/p>\n<p style=\"text-align: justify;\">Almagro detall\u00f3 que la aplicaci\u00f3n comenzar\u00e1 con la convocatoria del Consejo Permanente conforme el art\u00edculo 20 de la Carta, el cual establece que cuando en un Estado miembro se produzca una alteraci\u00f3n del orden constitucional que afecte gravemente su orden democr\u00e1tico, se podr\u00e1 realizar una apreciaci\u00f3n colectiva de la situaci\u00f3n y adoptar decisiones al respecto.<\/p>\n<p style=\"text-align: justify;\"><strong>\u201c<\/strong>Nos vemos obligados a empezar la aplicaci\u00f3n de la Carta Democr\u00e1tica Interamericana a Nicaragua. La soluci\u00f3n es todav\u00eda pol\u00edtica y diplom\u00e1tica y contamos con los instrumentos normativos interamericanos para abordarlos\u201d, asegur\u00f3 Almagro durante una sesi\u00f3n extraordinaria del Consejo Permanente realizada en Washington D.C.<\/p>\n<p style=\"text-align: justify;\">El Secretario General de la OEA destac\u00f3 que al comenzar el camino a la Carta Democr\u00e1tica Interamericana se abre tambi\u00e9n un camino para que el Gobierno de Nicaragua reconsidere sus acciones, y es que en los ocho meses de crisis de derechos humanos y crisis sociopol\u00edtica, al menos 325 personas perdieron la vida producto de la represi\u00f3n a manifestaciones y m\u00e1s de 2,000 resultaron heridas, seg\u00fan la CIDH, mientras que otras 50,000 han tenido que salir del pa\u00eds y unos 565 se encuentran <a href=\"https:\/\/raceandequality.org\/790\">privados de libertad.<\/a><\/p>\n<p style=\"text-align: justify;\">En el \u00faltimo mes, el Gobierno de Daniel Ortega y Rosario Murillo ha iniciado una nueva <a href=\"https:\/\/raceandequality.org\/788\">escalada represiva contra organizaciones defensoras de derechos humanos<\/a> y medios de comunicaci\u00f3n, a trav\u00e9s de su cierre arbitrario y la criminalizaci\u00f3n de periodistas. Incluso las <a href=\"https:\/\/raceandequality.org\/791\">misiones de la CIDH que se encontraban en el pa\u00eds fueron expulsadas<\/a> la semana pasada, acusadas de ser \u201cintervencionistas\u201d y \u201cparcializadas\u201d.<\/p>\n<p>[vc_row][vc_column width=\u00bb1\/2&#8243;][vc_raw_html]JTNDYmxvY2txdW90ZSUyMGNsYXNzJTNEJTIydHdpdHRlci10d2VldCUyMiUyMGRhdGEtbGFuZyUzRCUyMmVzJTIyJTNFJTNDcCUyMGxhbmclM0QlMjJlcyUyMiUyMGRpciUzRCUyMmx0ciUyMiUzRVNlY3JldGFyaW8lMjBHZW5lcmFsJTIwJTNDYSUyMGhyZWYlM0QlMjJodHRwcyUzQSUyRiUyRnR3aXR0ZXIuY29tJTJGQWxtYWdyb19PRUEyMDE1JTNGcmVmX3NyYyUzRHR3c3JjJTI1NUV0ZnclMjIlM0UlNDBBbG1hZ3JvX09FQTIwMTUlM0MlMkZhJTNFJTIwc29icmUlMjAlM0NhJTIwaHJlZiUzRCUyMmh0dHBzJTNBJTJGJTJGdHdpdHRlci5jb20lMkZoYXNodGFnJTJGTmljYXJhZ3VhJTNGc3JjJTNEaGFzaCUyNmFtcCUzQnJlZl9zcmMlM0R0d3NyYyUyNTVFdGZ3JTIyJTNFJTIzTmljYXJhZ3VhJTNDJTJGYSUzRSUzQSUyMCUyNnF1b3QlM0JOb3MlMjB2ZW1vcyUyMG9ibGlnYWRvcyUyMGElMjBlbXBlemFyJTIwbGElMjBhcGxpY2FjaSVDMyVCM24lMjBkZSUyMGxhJTIwQ2FydGElMjBEZW1vY3IlQzMlQTF0aWNhJTIwSW50ZXJhbWVyaWNhbmElMjBlbiUyME5pY2FyYWd1YSUyQyUyMGxhJTIwc29sdWNpJUMzJUIzbiUyMGElMjBsYSUyMGZhbHRhJTIwZGUlMjBkZW1vY3JhY2lhJTIweSUyMERESEglMjBlbiUyME5pY2FyYWd1YSUyMGVzJTIwdW4lMjBhc3VudG8lMjBkZSUyMGxhJTIwcmVnaSVDMyVCM24lMjBlbnRlcmElMjZxdW90JTNCJTIwJTNDYSUyMGhyZWYlM0QlMjJodHRwcyUzQSUyRiUyRnR3aXR0ZXIuY29tJTJGaGFzaHRhZyUyRlNPU05pY2FyYWd1YSUzRnNyYyUzRGhhc2glMjZhbXAlM0JyZWZfc3JjJTNEdHdzcmMlMjU1RXRmdyUyMiUzRSUyM1NPU05pY2FyYWd1YSUzQyUyRmElM0UlMjAlM0NhJTIwaHJlZiUzRCUyMmh0dHBzJTNBJTJGJTJGdC5jbyUyRkdpSmk2WWRINGglMjIlM0VwaWMudHdpdHRlci5jb20lMkZHaUppNllkSDRoJTNDJTJGYSUzRSUzQyUyRnAlM0UlMjZtZGFzaCUzQiUyMFJhY2UlMjBhbmQlMjBFcXVhbGl0eSUyMCUyOCU0MHJhY2VhbmRlcXVhbGl0eSUyOSUyMCUzQ2ElMjBocmVmJTNEJTIyaHR0cHMlM0ElMkYlMkZ0d2l0dGVyLmNvbSUyRnJhY2VhbmRlcXVhbGl0eSUyRnN0YXR1cyUyRjEwNzgzNDA3MjQ3NTQ2OTQxNDQlM0ZyZWZfc3JjJTNEdHdzcmMlMjU1RXRmdyUyMiUzRTI3JTIwZGUlMjBkaWNpZW1icmUlMjBkZSUyMDIwMTglM0MlMkZhJTNFJTNDJTJGYmxvY2txdW90ZSUzRSUwQSUzQ3NjcmlwdCUyMGFzeW5jJTIwc3JjJTNEJTIyaHR0cHMlM0ElMkYlMkZwbGF0Zm9ybS50d2l0dGVyLmNvbSUyRndpZGdldHMuanMlMjIlMjBjaGFyc2V0JTNEJTIydXRmLTglMjIlM0UlM0MlMkZzY3JpcHQlM0UlMEE=[\/vc_raw_html][\/vc_column][vc_column width=\u00bb1\/2&#8243;][vc_raw_html]JTNDYmxvY2txdW90ZSUyMGNsYXNzJTNEJTIydHdpdHRlci10d2VldCUyMiUyMGRhdGEtbGFuZyUzRCUyMmVzJTIyJTNFJTNDcCUyMGxhbmclM0QlMjJlcyUyMiUyMGRpciUzRCUyMmx0ciUyMiUzRSUzQ2ElMjBocmVmJTNEJTIyaHR0cHMlM0ElMkYlMkZ0d2l0dGVyLmNvbSUyRmhhc2h0YWclMkZTT1NOaWNhcmFndWElM0ZzcmMlM0RoYXNoJTI2YW1wJTNCcmVmX3NyYyUzRHR3c3JjJTI1NUV0ZnclMjIlM0UlMjNTT1NOaWNhcmFndWElM0MlMkZhJTNFJTIwLSUyMFZpY2UlMjBQcmVzaWRlbnRhJTIwZGUlMjBsYSUyMENJREglMjBkZXN0YWNhJTIwcmVjcnVkZWNpbWllbnRvJTIwZGUlMjBsYSUyMHJlcHJlc2klQzMlQjNuJTIwZW4lMjBOaWNhcmFndWElMjBjb24lMjBhY2Npb25lcyUyMHBhcmElMjBzaWxlbmNpYXIlMjB5JTIwY3JpbWluYWxpemFyJTIwYSUyMHBlcmlvZGlzdGFzJTJDJTIwZGVmZW5zb3JlcyUyMHklMjBtZWRpb3MlMjBkZSUyMGNvbXVuaWNhY2klQzMlQjNuJTIwaW5kZXBlbmRpZW50ZXMuJTIwJTNDYSUyMGhyZWYlM0QlMjJodHRwcyUzQSUyRiUyRnQuY28lMkZYRVAxWWo3V0JXJTIyJTNFcGljLnR3aXR0ZXIuY29tJTJGWEVQMVlqN1dCVyUzQyUyRmElM0UlM0MlMkZwJTNFJTI2bWRhc2glM0IlMjBSYWNlJTIwYW5kJTIwRXF1YWxpdHklMjAlMjglNDByYWNlYW5kZXF1YWxpdHklMjklMjAlM0NhJTIwaHJlZiUzRCUyMmh0dHBzJTNBJTJGJTJGdHdpdHRlci5jb20lMkZyYWNlYW5kZXF1YWxpdHklMkZzdGF0dXMlMkYxMDc4MzA5NjYxMjI3NTI0MDk3JTNGcmVmX3NyYyUzRHR3c3JjJTI1NUV0ZnclMjIlM0UyNyUyMGRlJTIwZGljaWVtYnJlJTIwZGUlMjAyMDE4JTNDJTJGYSUzRSUzQyUyRmJsb2NrcXVvdGUlM0UlMEElM0NzY3JpcHQlMjBhc3luYyUyMHNyYyUzRCUyMmh0dHBzJTNBJTJGJTJGcGxhdGZvcm0udHdpdHRlci5jb20lMkZ3aWRnZXRzLmpzJTIyJTIwY2hhcnNldCUzRCUyMnV0Zi04JTIyJTNFJTNDJTJGc2NyaXB0JTNFJTBB[\/vc_raw_html][\/vc_column][\/vc_row][vc_row][vc_column][vc_column_text]<\/p>\n<p style=\"text-align: justify;\">Bajo el contexto actual de represi\u00f3n en Nicaragua, representantes diplom\u00e1ticos de varios pa\u00edses del continente instaron al Gobierno nicarag\u00fcense a que cese la represi\u00f3n, propicie el retorno de las misiones de la CIDH, acate las recomendaciones de los expertos en derechos humanos, regrese al di\u00e1logo nacional de forma comprometida y aplique reformas al sistema electoral para celebrar nuevas elecciones.<\/p>\n<p style=\"text-align: justify;\">Estados Unidos, Colombia, Argentina y Chile adem\u00e1s solicitaron la aplicaci\u00f3n de la Carta Democr\u00e1tica Interamericana, cuyas \u00faltimas consecuencias podr\u00edan resultar en la suspensi\u00f3n de Nicaragua de su derecho de participaci\u00f3n en la OEA.<\/p>\n<p style=\"text-align: justify;\">Paula Bertol, embajadora de Argentina ante la OEA, destac\u00f3 que \u201cla falta de democracia y libertad en Nicaragua\u201d ha quedado expuesta en los informes de expertos, y esa es la raz\u00f3n por la que \u201cmuchos de nuestros Estados estamos pensando en la aplicaci\u00f3n de la Carta Democr\u00e1tica\u201d. \u201cMuchos de nuestros Estados tambi\u00e9n estamos pensando en una reuni\u00f3n de consulta extraordinaria porque estamos preocupados por lo que est\u00e1 pasando en Nicaragua, porque no queremos m\u00e1s que existan personas que mueren producto del abuso de la fuerza del Estado\u201d, destac\u00f3.<\/p>\n<p style=\"text-align: justify;\">El embajador de Chile ante la OEA, Jaime Francisco Alliende, tambi\u00e9n llam\u00f3 a que \u201cla soluci\u00f3n de la crisis pol\u00edtica de Nicaragua se desarrolle bajo los principios y valores de instrumentos interamericanos, incluida la Carta Democr\u00e1tica Interamericana\u201d, pues sostuvo que ante una ruptura del Estado de Derecho, \u201ctodos los Estados miembros de la OEA debemos alzar la voz para llamar a ese r\u00e9gimen a aceptar una salida pac\u00edfica y democr\u00e1tica a esta grave crisis\u201d.<\/p>\n<p>Tambi\u00e9n la vicepresidenta de la CIDH respald\u00f3 que se active la Carta Democr\u00e1tica Interamericana al Gobierno de Nicaragua: \u201cLa CIDH llama a los Estados miembros de la OEA a rechazar las violaciones a los derechos humanos, los actos de represi\u00f3n contra la poblaci\u00f3n nicarag\u00fcense y a considerar el cumplimiento de las condiciones que hacen aplicable la Carta Democr\u00e1tica Interamericana al pa\u00eds\u201d, afirm\u00f3 Arosemena de Troiti\u00f1o.<\/p>\n<p><span style=\"color: #993366;\"><strong>Futuras acciones<\/strong><\/span><\/p>\n<p>El Secretario General, en su intervenci\u00f3n, detall\u00f3 adem\u00e1s que las acciones a futuro en las que trabajar\u00e1 la OEA incluyen solicitar a la CIDH que denuncie los cr\u00edmenes documentados en su informe ante la Corte Interamericana de Derechos Humanos y solicitar al Consejo Permanente que pida una reuni\u00f3n al Consejo de Seguridad de las Naciones Unidas para exponer el informe sobre los cr\u00edmenes de lesa humanidad.<\/p>\n<p style=\"text-align: justify;\">Esta \u00faltima acci\u00f3n tambi\u00e9n dar\u00eda paso a que el Consejo de Seguridad de la ONU remita la investigaci\u00f3n de dichos cr\u00edmenes a la Corte Penal Internacional, un organismo de justicia del que actualmente Nicaragua no es parte.<\/p>\n<p style=\"text-align: justify;\">\u201cDe continuarse cometiendo cr\u00edmenes de lesa humanidad, solicitaremos a los Estados parte de la OEA, as\u00ed como a todos los Estados democr\u00e1ticos que bajo el concepto de justicia universal, los funcionarios nombrados como instructores y ejecutores en el informe de expertos sean detenidos y juzgados en sus respectivos territorios por dichos cr\u00edmenes, activando as\u00ed la Justicia Universal\u201d,\u00a0 advirti\u00f3 Almagro.<\/p>\n<p>El representante de Nicaragua ante la OEA, Luis Alvarado, desconoci\u00f3 el informe presentado en la OEA, acusando a varios pa\u00edses de ser \u201cinjerencistas\u201d y de estar \u201cparcializados\u201d por solicitar justicia y democracia para Nicaragua y afirm\u00f3 que Almagro no merec\u00eda ser el Secretario General de la OEA, organizaci\u00f3n a la que intent\u00f3 descalificar recurriendo a palabras del desaparecido dictador cubano, Fidel Castro, se\u00f1al\u00e1ndole de ser un \u201cMinisterio de las Colonias\u201d. La representaci\u00f3n de Venezuela fue la \u00fanica que respald\u00f3 abiertamente el discurso de Alvarado.<\/p>\n<p>[\/vc_column_text][\/vc_column][\/vc_row][vc_row][vc_column][vc_video link=\u00bbhttps:\/\/www.youtube.com\/watch?v=cYta14H0wwo\u00bb][\/vc_column][\/vc_row][vc_row][vc_column][vc_column_text]<\/p>\n<p style=\"text-align: justify;\"><span style=\"color: #993366;\"><strong>El informe del GIEI<\/strong><\/span><\/p>\n<p style=\"text-align: justify;\">El Grupo Interdisciplinario de Expertos Independientes (GIEI) determin\u00f3, <a href=\"https:\/\/raceandequality.org\/792\">en su informe final<\/a> elaborado despu\u00e9s de seis meses de trabajo en el pa\u00eds centroamericano, que \u201cel Estado de Nicaragua ha llevado a cabo conductas que de acuerdo con el derecho internacional deben considerarse cr\u00edmenes de lesa humanidad\u201d, seg\u00fan dieron a conocer los expertos de la CIDH la semana pasada.<\/p>\n<p style=\"text-align: justify;\">El informe, presentado en Washington D.C. dos d\u00edas despu\u00e9s de que el grupo fuera expulsado de Nicaragua por las autoridades, se\u00f1ala que los cr\u00edmenes cometidos con la anuencia de los m\u00e1s altos mandos de la estructura gubernamental fueron asesinatos, encarcelaci\u00f3n, persecuci\u00f3n, violaci\u00f3n, tortura y desaparici\u00f3n forzada.<\/p>\n<p style=\"text-align: justify;\">Lo anterior lo afirman despu\u00e9s de un arduo proceso de recolecci\u00f3n de informaci\u00f3n a trav\u00e9s de entrevistas directas a familiares de v\u00edctimas y a v\u00edctimas sobrevivientes, visitas y observaciones en donde se dieron los hechos de violencia, reuniones con periodistas, examinaci\u00f3n de documentos como videos, fotograf\u00edas y art\u00edculos period\u00edsticos y material de medios de comunicaci\u00f3n y redes sociales. El Estado se neg\u00f3 a proporcionarles informaci\u00f3n, a pesar de que hab\u00eda aceptado que su misi\u00f3n principal fuera coadyuvar a la Fiscal\u00eda de Nicaragua al esclarecimiento de los hechos violentos ocurridos al inicio de la crisis.<\/p>\n<p style=\"text-align: justify;\">Los expertos encontraron que entre el 18 de abril y el 30 de mayo, al menos 109 personas fueron asesinadas y otras 1,400 fueron heridas como resultado de un \u201cun ataque generalizado y sistem\u00e1tico contra la poblaci\u00f3n civil\u201d que se manifestaba contra el Gobierno.<\/p>\n<p>[\/vc_column_text][\/vc_column][\/vc_row][vc_row][vc_column width=\u00bb2\/3&#8243;][vc_raw_html]JTNDYmxvY2txdW90ZSUyMGNsYXNzJTNEJTIydHdpdHRlci10d2VldCUyMiUyMGRhdGEtbGFuZyUzRCUyMmVzJTIyJTNFJTNDcCUyMGxhbmclM0QlMjJlcyUyMiUyMGRpciUzRCUyMmx0ciUyMiUzRSUzQ2ElMjBocmVmJTNEJTIyaHR0cHMlM0ElMkYlMkZ0d2l0dGVyLmNvbSUyRmhhc2h0YWclMkZTT1NOaWNhcmFndWElM0ZzcmMlM0RoYXNoJTI2YW1wJTNCcmVmX3NyYyUzRHR3c3JjJTI1NUV0ZnclMjIlM0UlMjNTT1NOaWNhcmFndWElM0MlMkZhJTNFJTIwLSUyMCUyNnF1b3QlM0JObyUyMGhheSUyMGR1ZGElMjBxdWUlMjBlbCUyMHByaW5jaXBhbCUyMHJlcHJlc29yJTIwZGUlMjBsYSUyMGNyaXNpcyUyMGRlJTIwdmlvbGVuY2lhJTIwZGUlMjBOaWNhcmFndWElMjBmdWUlMjBsYSUyMFBvbGljJUMzJUFEYSUyME5hY2lvbmFsJTIweSUyMGxhJTIwc2lzdGVtYXRpY2lkYWQlMjBkZSUyMGxvcyUyMGFjdG9zJTIwbm9zJTIwcGVybWl0ZSUyMGlkZW50aWZpY2FyJTIwcXVlJTIwZnVlcm9uJTIwYWN0b3MlMjBvcmRlbmFkb3MlMjBwb3IlMjBlbCUyMHNpc3RlbWElMjBndWJlcm5hbWVudGFsJTI2cXVvdCUzQiUyMCUzQ2ElMjBocmVmJTNEJTIyaHR0cHMlM0ElMkYlMkZ0LmNvJTJGYjlCVGhHWFU5TiUyMiUzRXBpYy50d2l0dGVyLmNvbSUyRmI5QlRoR1hVOU4lM0MlMkZhJTNFJTNDJTJGcCUzRSUyNm1kYXNoJTNCJTIwUmFjZSUyMGFuZCUyMEVxdWFsaXR5JTIwJTI4JTQwcmFjZWFuZGVxdWFsaXR5JTI5JTIwJTNDYSUyMGhyZWYlM0QlMjJodHRwcyUzQSUyRiUyRnR3aXR0ZXIuY29tJTJGcmFjZWFuZGVxdWFsaXR5JTJGc3RhdHVzJTJGMTA3NjIxOTk2NTI5NDk0ODM1MyUzRnJlZl9zcmMlM0R0d3NyYyUyNTVFdGZ3JTIyJTNFMjElMjBkZSUyMGRpY2llbWJyZSUyMGRlJTIwMjAxOCUzQyUyRmElM0UlM0MlMkZibG9ja3F1b3RlJTNFJTBBJTNDc2NyaXB0JTIwYXN5bmMlMjBzcmMlM0QlMjJodHRwcyUzQSUyRiUyRnBsYXRmb3JtLnR3aXR0ZXIuY29tJTJGd2lkZ2V0cy5qcyUyMiUyMGNoYXJzZXQlM0QlMjJ1dGYtOCUyMiUzRSUzQyUyRnNjcmlwdCUzRSUwQQ==[\/vc_raw_html][\/vc_column][vc_column width=\u00bb1\/3&#8243;][vc_column_text]<\/p>\n<p style=\"text-align: justify;\">\u201cEl patr\u00f3n de conducta m\u00e1s claro y de mayor gravedad consisti\u00f3 en el uso de armas de fuego, incluyendo armas de guerra, directamente contra personas que participaban en acciones de protesta\u201d, indica el informe, que se\u00f1ala a la Polic\u00eda Nacional como la fuerza al mando de dichas conductas, las cuales actuaron acompa\u00f1adas por grupos armados paraestatales y con el apoyo de autoridades pol\u00edticas locales.<\/p>\n<p>Por esta misma raz\u00f3n, el GIEI recomienda que se investigue la responsabilidad del Presidente Ortega, en su calidad de jefe supremo de la Polic\u00eda Nacional, en dichos hechos.[\/vc_column_text][\/vc_column][\/vc_row][vc_row][vc_column][vc_column_text]<\/p>\n<p style=\"text-align: justify;\">Otro de las violaciones de derechos humanos que expone el informe del GIEI es que el Estado de Nicaragua infringi\u00f3 su deber\u00a0 de debida diligencia respecto a la investigaci\u00f3n de los casos de muertes violentas del 18 de abril al 30 de mayo de 2018.<\/p>\n<p style=\"text-align: justify;\">\u201cDe los 109 casos por muertes violentas registrados por el GIEI, apenas nueve han sido judicializados, lo que significa que 100 permanecen todav\u00eda en la impunidad\u201d, dijo Claudia Paz y Paz durante la presentaci\u00f3n del informe.<\/p>\n<p style=\"text-align: justify;\">Y aun as\u00ed, en los nueve casos que han sido judicializados, seis corresponden a v\u00edctimas que tienen alguna relaci\u00f3n con el Estado de Nicaragua o con el partido de gobierno. \u201cEn ning\u00fan caso se ha iniciado proceso en contra de fuerzas de seguridad del Estado, a pesar de las diferentes evidencias que se\u00f1alan su posible responsabilidad\u201d, lament\u00f3 la experta guatemalteca.<\/p>\n<p>&nbsp;<\/p>\n<p><em>Foto principal:\u00a0Juan Manuel Herrera\/OAS<\/em>[\/vc_column_text][\/vc_column][\/vc_row]<\/p>\n<\/div>","protected":false},"excerpt":{"rendered":"<p>Washington D.C. 28 de diciembre 2018. La Organizaci\u00f3n de Estados Americanos (OEA) iniciar\u00e1 el proceso para aplicar la Carta Democr\u00e1tica Interamericana a Nicaragua, asegur\u00f3 ayer el Secretario General Luis Almagro, [&hellip;]<\/p>\n","protected":false},"author":15,"featured_media":9379,"parent":0,"menu_order":0,"template":"","format":"standard","categories":[1162,1154,1169,1161,1163],"resources_country":[1199],"resources_language":[],"resources_audience":[],"resources_format":[],"resources_topic":[1100,1106,1109],"resources_year":[],"class_list":["post-11690","resources","type-resources","status-publish","format-standard","has-post-thumbnail","hentry","category-cidh","category-espanol","category-nicaragua","category-oea","category-regional","resources_country-nicaragua-es","resources_topic-cidh","resources_topic-oea-es","resources_topic-raza-e-igualdad"],"acf":[],"aioseo_notices":[],"_links":{"self":[{"href":"https:\/\/raceandequality.org\/es\/wp-json\/wp\/v2\/resources\/11690","targetHints":{"allow":["GET"]}}],"collection":[{"href":"https:\/\/raceandequality.org\/es\/wp-json\/wp\/v2\/resources"}],"about":[{"href":"https:\/\/raceandequality.org\/es\/wp-json\/wp\/v2\/types\/resources"}],"author":[{"embeddable":true,"href":"https:\/\/raceandequality.org\/es\/wp-json\/wp\/v2\/users\/15"}],"wp:featuredmedia":[{"embeddable":true,"href":"https:\/\/raceandequality.org\/es\/wp-json\/wp\/v2\/media\/9379"}],"wp:attachment":[{"href":"https:\/\/raceandequality.org\/es\/wp-json\/wp\/v2\/media?parent=11690"}],"wp:term":[{"taxonomy":"category","embeddable":true,"href":"https:\/\/raceandequality.org\/es\/wp-json\/wp\/v2\/categories?post=11690"},{"taxonomy":"resources_country","embeddable":true,"href":"https:\/\/raceandequality.org\/es\/wp-json\/wp\/v2\/resources_country?post=11690"},{"taxonomy":"resources_language","embeddable":true,"href":"https:\/\/raceandequality.org\/es\/wp-json\/wp\/v2\/resources_language?post=11690"},{"taxonomy":"resources_audience","embeddable":true,"href":"https:\/\/raceandequality.org\/es\/wp-json\/wp\/v2\/resources_audience?post=11690"},{"taxonomy":"resources_format","embeddable":true,"href":"https:\/\/raceandequality.org\/es\/wp-json\/wp\/v2\/resources_format?post=11690"},{"taxonomy":"resources_topic","embeddable":true,"href":"https:\/\/raceandequality.org\/es\/wp-json\/wp\/v2\/resources_topic?post=11690"},{"taxonomy":"resources_year","embeddable":true,"href":"https:\/\/raceandequality.org\/es\/wp-json\/wp\/v2\/resources_year?post=11690"}],"curies":[{"name":"wp","href":"https:\/\/api.w.org\/{rel}","templated":true}]}}