{"id":11880,"date":"2019-03-31T13:33:20","date_gmt":"2019-03-31T13:33:20","guid":{"rendered":"http:\/\/race01.wp\/resources\/dia-internacional-de-la-visibilidad-trans-2019\/"},"modified":"2023-05-15T05:03:28","modified_gmt":"2023-05-15T05:03:28","slug":"dia-internacional-de-la-visibilidad-trans-2019","status":"publish","type":"resources","link":"https:\/\/raceandequality.org\/es\/resources\/dia-internacional-de-la-visibilidad-trans-2019\/","title":{"rendered":"D\u00eda Internacional de la Visibilidad Trans 2019"},"content":{"rendered":"<div class=\"wpb-content-wrapper\"><p style=\"text-align: justify;\"><em><strong>Washington, DC. 31 de Marzo, 2019.<\/strong><\/em>\u00a0 Hoy 31 de marzo con ocasi\u00f3n de la celebraci\u00f3n del D\u00eda Internacional de la Visibilidad Trans, recordamos la deuda hist\u00f3rica que tenemos con las personas trans en el acceso a sus derechos fundamentales, y nos unimos para recalcar la inmensa tarea que todas y todos tenemos para eliminar los prejuicios que recaen sobre esta poblaci\u00f3n, propendiendo por brindar sus debidas garant\u00edas y protecciones b\u00e1sicas.<\/p>\n<p style=\"text-align: justify;\">Debemos hacer frente a la des-protecci\u00f3n e inseguridad que viven las personas trans en la regi\u00f3n, haciendo a\u00fan m\u00e1s visible c\u00f3mo son sujetos de un tipo de violencia mucho m\u00e1s cruel, y que tienen una clara barrera de acceso a derechos humanos y garant\u00edas de dignidad humana debido al prejuicio generado por la sociedad.<\/p>\n<p style=\"text-align: justify;\">Las personas trans continuamente ven vulnerados sus derechos a la identidad, a la vida e integridad personal, la salud integral, el trabajo, y a la vivienda, lo que genera mayor riesgo de morir a edades tempranas o hacer parte de c\u00edrculos de pobreza y delincuencia com\u00fan.<\/p>\n<p style=\"text-align: justify;\">Es tarea de las instituciones estatales el garantizar que las personas trans no sean sometidas a tratos violentos, psiquiatrizaci\u00f3n forzada o intervenciones abusivas sobre sus cuerpos como requisito para reconocer su identidad. El reconocimiento social y jur\u00eddico de la identidad de g\u00e9nero de las personas trans significa una garant\u00eda b\u00e1sica de sus derechos. Adicionalmente, deben promoverse las medidas necesarias para que estas personas tengan programas especiales de acceso al trabajo y a la salud en condiciones libres de discriminaci\u00f3n. De la misma forma, \u00a0la sociedad civil en general juega un papel fundamental en la eliminaci\u00f3n de prejuicios y estereotipos negativos que existen sobre las personas trans.<\/p>\n<p style=\"text-align: justify;\">Es imprescindible considerar las m\u00faltiples intersecciones que pueden coexistir con la experiencia de vida trans, y c\u00f3mo suponen barreras y fuentes de violencia y discriminaci\u00f3n m\u00e1s fuertes. As\u00ed, debemos recordar c\u00f3mo el racismo, las situaciones de movilidad humana por el conflicto internos o crisis econ\u00f3micas que generan migraciones, la pobreza y las condiciones de privaci\u00f3n de la libertad, impactan de forma m\u00e1s brutal la vida de personas trans y las privan cada vez m\u00e1s<\/p>\n<p style=\"text-align: justify;\">Insistimos en la necesidad por parte de los Estados de no dar la espalda al problema estructural al que se enfrenta la poblaci\u00f3n trans, y donde el apoyo de organizaciones de la sociedad civil juega un papel supremamente importante desde su rol.\u00a0 As\u00ed mismo, es de suma importancia que prontamente se realicen reformas legislativas y proyectos de pol\u00edtica p\u00fablica que impactan aspectos de las experiencias de vida trans en los que existen a\u00fan muchas barreras. El reconocer la identidad de g\u00e9nero de las personas trans, brindar garant\u00edas para su autodeterminaci\u00f3n como elemento constitutivo de su identidad y ligado a su dignidad humana, es una tarea primordial que los Estados deben tomar en sus manos. Adicionalmente, debe ser un imperativo el buscar derogar todas las leyes que condenen la plena existencia de las personas con identidad sexual o expresiones de g\u00e9nero diverso, o que impongan barreras de reconocimiento de su identidad de g\u00e9nero a trav\u00e9s de la vulneraci\u00f3n de otros derechos fundamentales.<\/p>\n<p style=\"text-align: justify;\">La regi\u00f3n actualmente vive un ambiente pol\u00edtico tenso de retroceso en materia de protecci\u00f3n de los derechos de personas LGBTI y especialmente de la poblaci\u00f3n trans; tales como la eliminaci\u00f3n del cap\u00edtulo de diversidad sexual y de g\u00e9nero en el Plan Nacional de Desarrollo en Colombia; las demostraciones p\u00fablicas por parte de miembros del gobierno de Brasil; y la resiente propuesta impulsada por miembros del Partido Nacional de Uruguay en aras de convocar a un referendum que derogue la \u201cLey Trans\u201d que con mucho esfuerzo fue aprobada por el Senado el a\u00f1o pasado. \u00a0Para Raza e Igualdad es claro que el acceso a los derechos de una poblaci\u00f3n especialmente vulnerable no puede quedar en manos del voto de las mayor\u00edas, vulnerando as\u00ed las garant\u00edas b\u00e1sicas de igualdad material para esta poblaci\u00f3n. Estamos convencidos que la meta dentro de una sociedad democr\u00e1tica que considere como base de sus cimientos el pluralismo y la diversidad, debe ser la de eliminar toda forma de discriminaci\u00f3n e intolerancia.<\/p>\n<p style=\"text-align: justify;\">[vc_row][vc_column][vc_gallery interval=\u00bb10&#8243; images=\u00bb5652,5653,5654,5657,5658,5659&#8243;][\/vc_column][\/vc_row]<\/p>\n<\/div>","protected":false},"excerpt":{"rendered":"<p>Washington, DC. 31 de Marzo, 2019.\u00a0 Hoy 31 de marzo con ocasi\u00f3n de la celebraci\u00f3n del D\u00eda Internacional de la Visibilidad Trans, recordamos la deuda hist\u00f3rica que tenemos con las [&hellip;]<\/p>\n","protected":false},"author":15,"featured_media":11881,"parent":0,"menu_order":0,"template":"","format":"standard","categories":[1160,1122,1123,1138,1154,1172,1166,1169,1168,1124],"resources_country":[1189,1191,1193,1197,1199,1205,1201,1195],"resources_language":[],"resources_audience":[],"resources_format":[],"resources_topic":[1104],"resources_year":[],"class_list":["post-11880","resources","type-resources","status-publish","format-standard","has-post-thumbnail","hentry","category-brazil-es","category-colombia","category-cuba","category-dominican-republic","category-espanol","category-lgbti","category-mexico","category-nicaragua","category-panama","category-peru","resources_country-brasil","resources_country-colombia-es","resources_country-cuba-es","resources_country-mexico-es","resources_country-nicaragua-es","resources_country-panama-es","resources_country-peru-es","resources_country-republica-dominicana","resources_topic-lgbti-es"],"acf":[],"aioseo_notices":[],"_links":{"self":[{"href":"https:\/\/raceandequality.org\/es\/wp-json\/wp\/v2\/resources\/11880","targetHints":{"allow":["GET"]}}],"collection":[{"href":"https:\/\/raceandequality.org\/es\/wp-json\/wp\/v2\/resources"}],"about":[{"href":"https:\/\/raceandequality.org\/es\/wp-json\/wp\/v2\/types\/resources"}],"author":[{"embeddable":true,"href":"https:\/\/raceandequality.org\/es\/wp-json\/wp\/v2\/users\/15"}],"wp:featuredmedia":[{"embeddable":true,"href":"https:\/\/raceandequality.org\/es\/wp-json\/wp\/v2\/media\/11881"}],"wp:attachment":[{"href":"https:\/\/raceandequality.org\/es\/wp-json\/wp\/v2\/media?parent=11880"}],"wp:term":[{"taxonomy":"category","embeddable":true,"href":"https:\/\/raceandequality.org\/es\/wp-json\/wp\/v2\/categories?post=11880"},{"taxonomy":"resources_country","embeddable":true,"href":"https:\/\/raceandequality.org\/es\/wp-json\/wp\/v2\/resources_country?post=11880"},{"taxonomy":"resources_language","embeddable":true,"href":"https:\/\/raceandequality.org\/es\/wp-json\/wp\/v2\/resources_language?post=11880"},{"taxonomy":"resources_audience","embeddable":true,"href":"https:\/\/raceandequality.org\/es\/wp-json\/wp\/v2\/resources_audience?post=11880"},{"taxonomy":"resources_format","embeddable":true,"href":"https:\/\/raceandequality.org\/es\/wp-json\/wp\/v2\/resources_format?post=11880"},{"taxonomy":"resources_topic","embeddable":true,"href":"https:\/\/raceandequality.org\/es\/wp-json\/wp\/v2\/resources_topic?post=11880"},{"taxonomy":"resources_year","embeddable":true,"href":"https:\/\/raceandequality.org\/es\/wp-json\/wp\/v2\/resources_year?post=11880"}],"curies":[{"name":"wp","href":"https:\/\/api.w.org\/{rel}","templated":true}]}}