{"id":11925,"date":"2019-04-18T14:01:14","date_gmt":"2019-04-18T14:01:14","guid":{"rendered":"http:\/\/race01.wp\/resources\/seguimos-exigiendo-libertad-justicia-y-democracia-para-nicaragua\/"},"modified":"2023-05-10T11:53:17","modified_gmt":"2023-05-10T11:53:17","slug":"seguimos-exigiendo-libertad-justicia-y-democracia-para-nicaragua","status":"publish","type":"resources","link":"https:\/\/raceandequality.org\/es\/resources\/seguimos-exigiendo-libertad-justicia-y-democracia-para-nicaragua\/","title":{"rendered":"Seguimos exigiendo libertad, justicia y democracia para Nicaragua"},"content":{"rendered":"<div class=\"wpb-content-wrapper\"><p style=\"text-align: justify;\"><strong>Washington, D.C. 18 de abril de 2019.<\/strong> Un a\u00f1o se cumple este 18 de abril de haber empezado en Nicaragua un levantamiento popular genuino encabezado por j\u00f3venes, el cual ha terminado por cambiar el rumbo del pa\u00eds en busca de tres demandas concretas: libertad para los apresados arbitrariamente y restablecimiento de las libertades, derechos y garant\u00edas constitucionales; justicia para las v\u00edctimas de la represi\u00f3n, garant\u00edas de reparaci\u00f3n y no repetici\u00f3n y democracia para el pa\u00eds.<\/p>\n<p>[vc_row][vc_column width=\u00bb2\/3&#8243;][vc_column_text]<\/p>\n<p style=\"text-align: justify;\"><span style=\"color: #993366;\"><strong>\u00bfQu\u00e9 ha pasado en Nicaragua?<\/strong><\/span><\/p>\n<p style=\"text-align: justify;\">Hace 12 meses, un grupo de universitarios, en su mayor\u00eda, y personas mayores, organizaron protestas en las ciudades de Le\u00f3n y Managua por unas reformas inconsultas a la Ley de Seguridad Social. La represi\u00f3n de ese 18 de abril a personas mayores, j\u00f3venes y periodistas por parte de turbas y grupos afines al partido de gobierno caus\u00f3 tanta indignaci\u00f3n en la poblaci\u00f3n que las protestas se extendieron por varias ciudades del pa\u00eds. Sin embargo, la represi\u00f3n tambi\u00e9n escal\u00f3, y comenz\u00f3 a ejecutarse con apoyo de la Polic\u00eda y paraestatales con armas de guerra. El 19 de abril se reportaron las primeras tres muertes.<\/p>\n<p style=\"text-align: justify;\">As\u00ed, en los primeros seis meses de crisis la violenta represi\u00f3n estatal dej\u00f3 como resultado al menos 325 personas muertas y otras 2 mil heridas, de acuerdo con cifras de la Comisi\u00f3n Interamericana de Derechos Humanas (CIDH), organismo que instal\u00f3 en el pa\u00eds la misi\u00f3n en terreno m\u00e1s extensa en su historia: desde julio a diciembre el Mecanismo de Seguimiento para Nicaragua (MESENI) y el Grupo Interdisciplinario de Expertos Independientes (GIEI) trabajaron en el registro de los hechos de violencia y en el acompa\u00f1amiento a las v\u00edctimas, hasta que el Gobierno decidi\u00f3 dar por concluida la misi\u00f3n de la primera y no extender el mandato al segundo, adem\u00e1s de instarle al inmediato abandono del pa\u00eds.<\/p>\n<p style=\"text-align: justify;\">Hasta agosto, las misiones de la CIDH trabajaron en conjunto con una misi\u00f3n de la Oficina del Alto Comisionado de las Naciones Unidas para los Derechos Humanos (OACNUDH), misma que fue expulsada tras presentar un informe en el que aseguraba que el Estado hab\u00eda abusado de su autoridad y causado ejecuciones extrajudiciales, desapariciones forzadas, detenciones arbitrarias, torturas y violencia sexual. \u00a0A estos mismos hechos el GIEI los calific\u00f3 como cr\u00edmenes de lesa humanidad.<\/p>\n<p style=\"text-align: justify;\">Por miedo a la violencia mortal, a las posibles torturas o al apresamiento, miles de personas huyeron del pa\u00eds: solamente en Costa Rica, se estima que se exiliaron entre 40 y 60 mil nicarag\u00fcenses.<\/p>\n<p style=\"text-align: justify;\">En el segundo semestre de la crisis, la represi\u00f3n fue selectiva. Las autoridades procedieron a capturar a m\u00e1s de 700 personas y cientos de ellas fueron procesadas por delitos como terrorismo, asesinato, robos, alteraci\u00f3n al orden p\u00fablico, simplemente por haber participado en las protestas. A ello le sigui\u00f3 la prohibici\u00f3n de las manifestaciones de cualquier tipo por parte de ciudadanos opositores; el cierre y confiscaci\u00f3n de medios de comunicaci\u00f3n independientes y el exilio impuesto a decenas de periodistas ante su inminente captura, la persecuci\u00f3n y hostigamiento a defensores de derechos humanos de origen nicarag\u00fcense y deportaci\u00f3n para aquellos nacionalizados; cancelaci\u00f3n arbitraria de la personer\u00eda jur\u00eddica de organizaciones no gubernamentales dedicadas a proteger derechos humanos, derechos ambientales o enfocadas en la investigaci\u00f3n.<\/p>\n<p style=\"text-align: justify;\">En febrero de este a\u00f1o, un nuevo intento de di\u00e1logo ha abierto las puertas a una posible salida pac\u00edfica a la crisis, pero aunque el gobierno se ha comprometido a la liberaci\u00f3n de todos los presos pol\u00edticos y a la cancelaci\u00f3n de sus procesos judiciales, as\u00ed como al respeto de derechos y garant\u00edas ciudadanas que han sido anuladas desde hace un a\u00f1o, estos compromisos no han sido respetados y la Polic\u00eda contin\u00faa prohibiendo las manifestaciones pac\u00edficas y manteniendo una presencia intimidatoria en las calles.<\/p>\n<p><span style=\"color: #993366;\"><strong>\u00bfQu\u00e9 opinan las y los defensores nicarag\u00fcenses?<\/strong><\/span><\/p>\n<p style=\"text-align: justify;\">\u201cHa sido un a\u00f1o de dolor, indignaci\u00f3n e impotencia, un a\u00f1o donde se ha desencadenado la m\u00e1s cruda y perversa represi\u00f3n que se haya registrado en nuestra historia\u201d, consideran defensores y defensoras del Centro Nicarag\u00fcense de Derechos Humanos (CENIDH).<\/p>\n<p style=\"text-align: justify;\">No obstante, aseguran que la crisis \u201cha revelado la capacidad incansable de los y las nicarag\u00fcenses por persistir en su demanda de justicia\u201d y adem\u00e1s su alta capacidad de organizaci\u00f3n \u201ca pesar de todas las v\u00edctimas, agresiones y la amenaza latente de sufrir una agresi\u00f3n por parte de la Polic\u00eda Nacional, paramilitares y fuerzas de choque\u201d.<\/p>\n<p style=\"text-align: justify;\">Por parte del Centro por la Justicia y Derechos Humanos de la Costa Atl\u00e1ntica de Nicaragua (CEJUDHCAN), tambi\u00e9n resalta que en el pa\u00eds contin\u00faan las violaciones a los derechos humanos, y a pesar de que los acuerdos en la actual negociaci\u00f3n no han sido cumplidos por el Gobierno, siguen confiando en que el di\u00e1logo es necesario y urgente porque la crisis en el pa\u00eds es insostenible.<\/p>\n<p style=\"text-align: justify;\">Desde CEJUDHCAN creen que otro de los temas que no han sido incluidos dentro de la negociaci\u00f3n es la justicia de los pueblos ind\u00edgenas y afrodescendientes, con respecto a violaciones al derecho de autodeterminaci\u00f3n de los pueblos ind\u00edgenas, la falta de garant\u00eda a la propiedad comunal de los pueblos ind\u00edgenas, la vulnerabilidad de defensores y defensoras, l\u00edderes comunales y territoriales de las comunidades ind\u00edgenas, entre otros.<\/p>\n<p style=\"text-align: justify;\">La Asociaci\u00f3n Diversidad Sexual Nicarag\u00fcense (ADISNIC), opina que tres temas sumamente importantes que deben priorizarse dentro de las actuales negociaciones son: \u201cel retorno de los organismos internacionales de derechos humanos, la restauraci\u00f3n de personer\u00edas jur\u00eddicas de las organizaciones de sociedad civil a quienes les fueron canceladas y el cese de la persecuci\u00f3n a defensores y activistas\u201d.<\/p>\n<p style=\"text-align: justify;\">Para cumplir estos acuerdos, los organismos de derechos humanos coinciden en que es necesario el acompa\u00f1amiento de organismos internacionales de derechos humanos como la CIDH y el OACNUDH para que se materialicen los acuerdos establecidos por las partes, as\u00ed como la creaci\u00f3n de comisiones intersectoriales que incluyan a sociedad civil, gobierno y movimientos sociales que act\u00faen como fiscalizadores internos del cumplimiento de los mismos.<\/p>\n<p style=\"text-align: justify;\">Sin embargo, el CENIDH considera que \u201cmientras no exista una voluntad pol\u00edtica de garantizar y respetar los derechos humanos, todas las demandas de la poblaci\u00f3n nicarag\u00fcense continuar\u00e1n sin cumplirse\u201d.<\/p>\n<p style=\"text-align: justify;\">A la comunidad internacional, las organizaciones recomiendan apoyar a Nicaragua de las siguientes maneras: seguir exponiendo, denunciando y exigiendo el cese de la represi\u00f3n en el marco de la legislaci\u00f3n regional e internacional en materia de derechos humanos; actuar como un puente indispensable para la b\u00fasqueda de una salida pac\u00edfica que garantice el cumplimiento de los acuerdos; continuar con las conversaciones en los diversos foros internacionales para generar mayor compromiso de otros actores internacionales; seguimiento y monitoreo constante de la situaci\u00f3n de derechos humanos de los pueblos ind\u00edgenas en Nicaragua; acciones de apoyo y monitoreo de la situaci\u00f3n de las personas nicarag\u00fcenses desplazadas a otros pa\u00edses, especialmente a pa\u00edses de la regi\u00f3n centroamericana.<\/p>\n<p style=\"text-align: justify;\">Otras formas en que pueden mostrar su apoyo, si las negociaciones no tiene el resultado esperado, son: impulsar la aplicaci\u00f3n de la Carta Democr\u00e1tica Interamericana ante la falta de garant\u00eda de derechos humanos y las afectaciones a la democracia nicarag\u00fcense; la activaci\u00f3n de mecanismos extraordinarios de presi\u00f3n pol\u00edtica y financiaci\u00f3n para hacer frente a la crisis de derechos humanos \u00a0(incluida en la Costa Caribe Norte de Nicaragua) que no ha sido declarada por el gobierno nacional; y acciones de apoyo y financiamiento a las organizaciones de la sociedad civil, ante el cierre de espacios y la imposici\u00f3n de obst\u00e1culos administrativos y financieros, para garantizar su labor en la defensa de los derechos humanos.<\/p>\n<p>[\/vc_column_text][\/vc_column][vc_column width=\u00bb1\/3&#8243;][vc_single_image image=\u00bb5749&#8243; img_size=\u00bbfull\u00bb onclick=\u00bbimg_link_large\u00bb][vc_single_image image=\u00bb5749&#8243; img_size=\u00bbfull\u00bb onclick=\u00bbimg_link_large\u00bb][vc_single_image image=\u00bb5751&#8243; img_size=\u00bbfull\u00bb onclick=\u00bbimg_link_large\u00bb][vc_single_image image=\u00bb5751&#8243; img_size=\u00bbfull\u00bb onclick=\u00bbimg_link_large\u00bb][vc_single_image image=\u00bb5753&#8243; img_size=\u00bbfull\u00bb onclick=\u00bbimg_link_large\u00bb][vc_single_image image=\u00bb5753&#8243; img_size=\u00bbfull\u00bb onclick=\u00bbimg_link_large\u00bb][vc_single_image image=\u00bb5755&#8243; img_size=\u00bbfull\u00bb onclick=\u00bbimg_link_large\u00bb][vc_single_image image=\u00bb5755&#8243; img_size=\u00bbfull\u00bb onclick=\u00bbimg_link_large\u00bb][vc_single_image image=\u00bb5783&#8243; img_size=\u00bbfull\u00bb onclick=\u00bbimg_link_large\u00bb][vc_single_image image=\u00bb5787&#8243; img_size=\u00bbfull\u00bb onclick=\u00bbimg_link_large\u00bb][\/vc_column][\/vc_row][vc_row][vc_column width=\u00bb1\/2&#8243;][vc_single_image image=\u00bb5787&#8243; img_size=\u00bbfull\u00bb onclick=\u00bbimg_link_large\u00bb][\/vc_column][vc_column width=\u00bb1\/2&#8243;][vc_single_image image=\u00bb5789&#8243; img_size=\u00bbfull\u00bb onclick=\u00bbimg_link_large\u00bb][\/vc_column][\/vc_row][vc_row][vc_column][vc_separator color=\u00bbviolet\u00bb border_width=\u00bb3&#8243;][\/vc_column][\/vc_row][vc_row][vc_column width=\u00bb1\/4&#8243;][vc_column_text]<span style=\"color: #993366;\"><strong>Nuestro posicionamiento<\/strong><\/span>[\/vc_column_text][vc_icon icon_fontawesome=\u00bbfa fa-bullhorn\u00bb color=\u00bbjuicy_pink\u00bb size=\u00bbxl\u00bb align=\u00bbcenter\u00bb css_animation=\u00bbbottom-to-top\u00bb][\/vc_column][vc_column width=\u00bb3\/4&#8243;][vc_column_text]<\/p>\n<p style=\"text-align: justify;\"><strong>Raza e Igualdad<\/strong> en este d\u00eda, une su voz al clamor por la libertad, justicia y democracia para el pueblo de Nicaragua. \u00a0Nos sumamos al llamado urgente que amplios sectores nacionales y de la comunidad internacional han hecho de forma reiterada al Estado de Nicaragua para que se comprometa con los esfuerzos emprendidos por amplios sectores sociales para restablecer la paz y el Estado de Derecho, debilitadas desde que Daniel Ortega regres\u00f3 al poder en el a\u00f1o 2008.<\/p>\n<p>[\/vc_column_text][\/vc_column][\/vc_row][vc_row][vc_column][vc_column_text]<\/p>\n<p style=\"text-align: justify;\">Deseamos que la soluci\u00f3n a este conflicto que ha dejado tanto dolor y p\u00e9rdidas econ\u00f3micas al pueblo nicarag\u00fcense sea por la v\u00eda del di\u00e1logo, garantizando los indispensables espacios para la participaci\u00f3n pol\u00edtica, la libertad de expresi\u00f3n y asociaci\u00f3n, as\u00ed como el pleno y efectivo goce de los derechos humanos consagrados en la Constituci\u00f3n de Nicaragua y en los instrumentos internacionales de derechos humanos.<\/p>\n<p style=\"text-align: justify;\">Instamos al Estado de Nicaragua para que las garant\u00edas de reparaci\u00f3n y no repetici\u00f3n sean insignia de la voluntad pol\u00edtica necesaria para que no queden impunes los cr\u00edmenes de lesa humanidad que en el marco de este conflicto han marcado para siempre la historia del pueblo nicarag\u00fcense. Por tal raz\u00f3n, consideramos de extrema importancia la participaci\u00f3n de la comunidad internacional como mediadora en los espacios de negociaci\u00f3n hoy efectivamente establecidos en el pa\u00eds; especialmente para garantizar que las voces de las v\u00edctimas, los nicarag\u00fcenses en el exilio y los sectores hist\u00f3ricamente invisibilizados sean escuchadas y tenidas en cuenta como parte de un proceso de justicia que conduzca al restablecimiento de la paz y la democracia.<\/p>\n<p style=\"text-align: justify;\">Exhortamos al Gobierno de Nicaragua a brindar las condiciones necesarias para materializar los acuerdos ya alcanzados en la mesa de negociaci\u00f3n para la exigibilidad de los derechos inherentes a cada nicarag\u00fcense, por tal raz\u00f3n, demandamos la liberaci\u00f3n de los m\u00e1s de 700 presos y presas pol\u00edticas, arbitrariamente detenidos e injustamente procesados. As\u00ed mismo, solicitamos el cese de la criminalizaci\u00f3n y el hostigamiento hacia los prisioneros pol\u00edticos, para que su reincorporaci\u00f3n a la vida en sociedad sea con las debidas garant\u00edas de sus derechos fundamentales y no bajo condiciones de temor y persecuci\u00f3n que atentan contra su integridad y sus proyectos de vida.<\/p>\n<p style=\"text-align: justify;\">Urgimos al Estado a garantizar el leg\u00edtimo derecho a la libertad de expresi\u00f3n, opini\u00f3n y protesta social, mecanismos de participaci\u00f3n que garantizan el equilibrio social y por esta v\u00eda, entornos propicios para la \u00a0vida en democracia. As\u00ed mismo, demandamos que las organizaciones sociales, defensores y defensoras de derechos humanos, medios de comunicaci\u00f3n independientes y dem\u00e1s l\u00edderes de opini\u00f3n dejen de ser v\u00edctimas de persecuci\u00f3n, criminalizaci\u00f3n y se\u00f1alamientos como \u201cincitadores del desorden social\u201d, y se les permita en libertad participar plenamente en la discusi\u00f3n y el di\u00e1logo como corresponde en una naci\u00f3n pluralista e inclusiva.\u00a0\u00a0 En este sentido, solicitamos urgentemente se garantice el derecho a la libertad de asociaci\u00f3n a trav\u00e9s de la restituci\u00f3n de la personer\u00eda jur\u00eddica de las organizaciones de sociedad civil independiente que son hoy v\u00edctimas de las decisiones arbitrarias del Gobierno de Daniel Ortega<\/p>\n<p style=\"text-align: justify;\">Hacemos un especial llamado a la comunidad internacional a continuar monitoreando la situaci\u00f3n de los derechos humanos en el pa\u00eds centroamericano, especialmente en este momento de supuesta apertura al di\u00e1logo y la negociaci\u00f3n, para que la verdad, la justicia, reparaci\u00f3n y garant\u00edas de no repetici\u00f3n reconozcan las afectaciones diferenciadas que el impacto de la crisis ha tenido en la vida de mujeres, poblaci\u00f3n ind\u00edgena, afrodescendiente y comunidad LGBTI; grupos sociales hist\u00f3rica y estructuralmente invisibilizados y marginados que se convierten en blanco de m\u00faltiples agresiones en el contexto del conflicto sociopol\u00edtico aun sin resolver.<\/p>\n<p style=\"text-align: justify;\">Como instituci\u00f3n que trabaja por la defensa y reconocimiento de los derechos humanos, desde <strong>Raza e Igualdad<\/strong> nos comprometemos a continuar trabajando para que la voz de las y los nicarag\u00fcenses sea escuchada, tomada en cuenta de forma efectiva y para que los cr\u00edmenes contra quienes entregaron sus vidas por defender la libertad de Nicaragua, no queden en la impunidad.<\/p>\n<p>[\/vc_column_text][\/vc_column][\/vc_row]<\/p>\n<\/div>","protected":false},"excerpt":{"rendered":"<p>Washington, D.C. 18 de abril de 2019. Un a\u00f1o se cumple este 18 de abril de haber empezado en Nicaragua un levantamiento popular genuino encabezado por j\u00f3venes, el cual ha [&hellip;]<\/p>\n","protected":false},"author":15,"featured_media":11926,"parent":0,"menu_order":0,"template":"","format":"standard","categories":[1162,1169,1161,1159,1163],"resources_country":[1199],"resources_language":[],"resources_audience":[],"resources_format":[],"resources_topic":[1100,1106,1117,1109],"resources_year":[],"class_list":["post-11925","resources","type-resources","status-publish","format-standard","has-post-thumbnail","hentry","category-cidh","category-nicaragua","category-oea","category-onu","category-regional","resources_country-nicaragua-es","resources_topic-cidh","resources_topic-oea-es","resources_topic-onu","resources_topic-raza-e-igualdad"],"acf":[],"aioseo_notices":[],"_links":{"self":[{"href":"https:\/\/raceandequality.org\/es\/wp-json\/wp\/v2\/resources\/11925","targetHints":{"allow":["GET"]}}],"collection":[{"href":"https:\/\/raceandequality.org\/es\/wp-json\/wp\/v2\/resources"}],"about":[{"href":"https:\/\/raceandequality.org\/es\/wp-json\/wp\/v2\/types\/resources"}],"author":[{"embeddable":true,"href":"https:\/\/raceandequality.org\/es\/wp-json\/wp\/v2\/users\/15"}],"wp:featuredmedia":[{"embeddable":true,"href":"https:\/\/raceandequality.org\/es\/wp-json\/wp\/v2\/media\/11926"}],"wp:attachment":[{"href":"https:\/\/raceandequality.org\/es\/wp-json\/wp\/v2\/media?parent=11925"}],"wp:term":[{"taxonomy":"category","embeddable":true,"href":"https:\/\/raceandequality.org\/es\/wp-json\/wp\/v2\/categories?post=11925"},{"taxonomy":"resources_country","embeddable":true,"href":"https:\/\/raceandequality.org\/es\/wp-json\/wp\/v2\/resources_country?post=11925"},{"taxonomy":"resources_language","embeddable":true,"href":"https:\/\/raceandequality.org\/es\/wp-json\/wp\/v2\/resources_language?post=11925"},{"taxonomy":"resources_audience","embeddable":true,"href":"https:\/\/raceandequality.org\/es\/wp-json\/wp\/v2\/resources_audience?post=11925"},{"taxonomy":"resources_format","embeddable":true,"href":"https:\/\/raceandequality.org\/es\/wp-json\/wp\/v2\/resources_format?post=11925"},{"taxonomy":"resources_topic","embeddable":true,"href":"https:\/\/raceandequality.org\/es\/wp-json\/wp\/v2\/resources_topic?post=11925"},{"taxonomy":"resources_year","embeddable":true,"href":"https:\/\/raceandequality.org\/es\/wp-json\/wp\/v2\/resources_year?post=11925"}],"curies":[{"name":"wp","href":"https:\/\/api.w.org\/{rel}","templated":true}]}}