{"id":12039,"date":"2019-05-15T18:04:22","date_gmt":"2019-05-15T18:04:22","guid":{"rendered":"http:\/\/race01.wp\/resources\/epu-recomiendan-a-nicaragua-asegurar-el-respeto-a-los-derechos-humanos-de-sus-ciudadanos\/"},"modified":"2023-05-10T11:41:39","modified_gmt":"2023-05-10T11:41:39","slug":"epu-recomiendan-a-nicaragua-asegurar-el-respeto-a-los-derechos-humanos-de-sus-ciudadanos","status":"publish","type":"resources","link":"https:\/\/raceandequality.org\/es\/resources\/epu-recomiendan-a-nicaragua-asegurar-el-respeto-a-los-derechos-humanos-de-sus-ciudadanos\/","title":{"rendered":"EPU: recomiendan a Nicaragua asegurar el respeto a los derechos humanos de sus ciudadanos"},"content":{"rendered":"<div class=\"wpb-content-wrapper\"><p style=\"text-align: justify;\"><strong>15 de mayo de 2019. <\/strong>El llamado al Estado de Nicaragua a respetar los derechos humanos de los nicarag\u00fcenses, incluidas la libertad de expresi\u00f3n, manifestaci\u00f3n pac\u00edfica y asociaci\u00f3n, fue una de las recomendaciones m\u00e1s recurrentes de parte de m\u00e1s de 90 Estados de todo el mundo ante los que Nicaragua rindi\u00f3 hoy su tercer Examen Peri\u00f3dico Universal (EPU), en el seno del Consejo de Derechos Humanos de las Naciones Unidas en Ginebra.<\/p>\n<p style=\"text-align: justify;\">Las recomendaciones al Estado nicarag\u00fcense se dan luego de un a\u00f1o de crisis durante la cual se documentaron graves violaciones a derechos humanos cometidas por parte de las autoridades y grupos paraestatales hacia la poblaci\u00f3n manifestante resultando al menos 325 personas muertas, m\u00e1s de 2,000 lesionadas y 62,000 que debieron salir del pa\u00eds para resguardarse de la violencia.<\/p>\n<p style=\"text-align: justify;\">Otros pa\u00edses tambi\u00e9n recomendaron la liberaci\u00f3n de m\u00e1s de 300 presos pol\u00edticos del Gobierno del presidente Daniel Ortega, la investigaci\u00f3n de los hechos de violencia ocurridos en el contexto de la represi\u00f3n a protestas ciudadanas que iniciaron en abril de 2018 y la aceptaci\u00f3n de escrutinio internacional por parte de organizaciones internacionales de derechos humanos como la Comisi\u00f3n Interamericana de Derechos Humanos (CIDH) y la Oficina del Alto Comisionado de la ONU para los Derechos Humanos (OACNUDH), ambas expulsadas del pa\u00eds por las autoridades.<\/p>\n<p style=\"text-align: justify;\">El Estado de Nicaragua, representado por el vicecanciller Valdrack Jaentschke, present\u00f3 un resumen de su informe de pa\u00eds sobre el avance de las medidas que han adoptado los Estados en los \u00faltimos cinco a\u00f1os para mejorar la situaci\u00f3n de los derechos humanos, y retom\u00f3 la versi\u00f3n oficinal del Gobierno seg\u00fan la cual en Nicaragua no hubo manifestaciones espont\u00e1neas, sino un fallido golpe de Estado.<\/p>\n<p style=\"text-align: justify;\">Jaentschke, tomando distancia de una realidad ampliamente documentada, se empe\u00f1\u00f3 en defender al Gobierno de Daniel Ortega, se\u00f1alado por el Grupo Interdisciplinario de Expertos Independientes (GIEI) de haber cometido cr\u00edmenes de lesa humanidad en el contexto de la crisis, y neg\u00f3 que las autoridades nicarag\u00fcenses coartaran la libertad de expresi\u00f3n, reprimieran las protestas, encarcelaran injustamente a manifestantes o se auxiliaran de grupos paraestatales para reprimir las manifestaciones.<\/p>\n<p style=\"text-align: justify;\">[vc_row][vc_column][vc_raw_html]JTNDZGl2JTIwc3R5bGUlM0QlMjdkaXNwbGF5JTNBJTIwYmxvY2slM0IlMjBwb3NpdGlvbiUzQSUyMHJlbGF0aXZlJTNCJTIwbWF4LXdpZHRoJTNBJTIwNDgwcHglM0IlMjBtYXgtaGVpZ2h0JTNBJTIwMjcwcHglMjclM0UlM0NkaXYlMjBzdHlsZSUzRCUyN3BhZGRpbmctdG9wJTNBJTIwNTYuMjUlMjUlM0IlMjclM0UlM0NpZnJhbWUlMjBzdHlsZSUzRCUyN3dpZHRoJTNBJTIwMTAwJTI1JTNCJTIwaGVpZ2h0JTNBJTIwMTAwJTI1JTNCJTIwcG9zaXRpb24lM0ElMjBhYnNvbHV0ZSUzQiUyMHRvcCUzQSUyMDBweCUzQiUyMGJvdHRvbSUzQSUyMDBweCUzQiUyMHJpZ2h0JTNBJTIwMHB4JTNCJTIwbGVmdCUzQSUyMDBweCUzQiUyNyUyMHNyYyUzRCUyNyUyRiUyRnd3dy51bi5vcmclMkZ3ZWJjYXN0JTJGMTM2MjIzNTkxNDAwMSUyRkIxSjNERFFKZl9kZWZhdWx0JTJGaW5kZXguaHRtbCUzRnZpZGVvSWQlM0Q2MDM3MTg5Mzk3MDAxJTI3JTIwYWxsb3dmdWxsc2NyZWVuJTIwd2Via2l0YWxsb3dmdWxsc2NyZWVuJTIwbW96YWxsb3dmdWxsc2NyZWVuJTIwZnJhbWVib3JkZXIlM0QlMjcwJTI3JTNFJTNDJTJGaWZyYW1lJTNFJTNDJTJGZGl2JTNFJTNDJTJGZGl2JTNF[\/vc_raw_html][\/vc_column][\/vc_row][vc_row][vc_column][vc_column_text]<\/p>\n<p style=\"text-align: justify;\"><span style=\"color: #993366;\"><strong>Participaci\u00f3n de los Estados<\/strong><\/span><\/p>\n<p style=\"text-align: justify;\">Un total de 94 Estados hicieron recomendaciones a Nicaragua para que mejore la situaci\u00f3n de derechos humanos, entre ellos varias delegaciones de Iberoam\u00e9rica como Honduras, M\u00e9xico, El Salvador, Argentina, Per\u00fa, Uruguay, Paraguay, Venezuela, Cuba, Bolivia, Chile, Colombia, Costa Rica, Ecuador, Hait\u00ed, Bahamas, Rep\u00fablica Dominicana y Espa\u00f1a.<\/p>\n<p style=\"text-align: justify;\">\u201cMi pa\u00eds recomienda (a Nicaragua) despenalizar el derecho a realizar protestas pac\u00edficas y liberar a las personas detenidas arbitrariamente en el contexto de las protestas civiles; restablecer el respeto a la libertad de expresi\u00f3n y de prensa y liberar a los periodistas que se encuentran encarcelados; garantizar el regreso, permanencia segura y sin represalias a todas las personas que se vieron forzadas a abandonar Nicaragua desde el inicio de la crisis; erradicar la pr\u00e1ctica de violencia sexual contra mujeres privadas de libertad; y retomar la cooperaci\u00f3n de Nicaragua con la Oficina de la Alta Comisionada, la CIDH y sus mecanismos y asegurarles todas las garant\u00edas necesarias para el cumplimiento de su mandato\u201d, expres\u00f3 el representante de Costa Rica.<\/p>\n<p style=\"text-align: justify;\">Tambi\u00e9n la delegaci\u00f3n de Espa\u00f1a manifest\u00f3 su preocupaci\u00f3n por la crisis de derechos humanos en Nicaragua, junto con otros pa\u00edses europeos como Alemania, Francia, Grecia, Italia, Luxemburgo, Pa\u00edses Bajos, Portugal, Polonia, Suiza, Suecia, Austria, B\u00e9lgica, Dinamarca y Malta.<\/p>\n<p style=\"text-align: justify;\">La delegaci\u00f3n estadounidense, por su parte, recomend\u00f3 a Nicaragua que castigue a los funcionarios, agentes y parapolic\u00edas que han sido responsables de abusos a los derechos humanos, que se hagan investigaciones sobre los hechos de violencia, y que se permita a las organizaciones sociales y religiosas que trabajen sin restricciones ni amenazas jur\u00eddicas o contra su vida.<\/p>\n<p style=\"text-align: justify;\">Otras recomendaciones que se hicieron a Nicaragua est\u00e1n enfocadas en que se respeten las garant\u00edas a los derechos sexuales y reproductivos de las mujeres, como que se permita el acceso al aborto voluntario y que se ampl\u00eden medidas para disminuir niveles de embarazo adolescente. Adem\u00e1s, que se implementen medidas para reforzar y promover la igualdad con las personas afrodescendientes e ind\u00edgenas, y que se realice un censo LGBTI que permita ampliar las medidas de protecci\u00f3n para estas comunidades.<\/p>\n<p style=\"text-align: justify;\"><span style=\"color: #993366;\"><strong>Procedimiento<\/strong><\/span><\/p>\n<p style=\"text-align: justify;\">El EPU es una de las\u00a0herramientas principales del Consejo\u00a0de Derechos Humanos en la que los pa\u00edses se examinan entre s\u00ed. Estas recomendaciones son fundamentales para que Nicaragua supere la situaci\u00f3n actual de graves violaciones de derechos humanos y cumpla con las obligaciones internacionales adquiridas a trav\u00e9s de la ratificaci\u00f3n de las convenciones de derechos humanos de las que Nicaragua es parte.<\/p>\n<p>[\/vc_column_text][\/vc_column][\/vc_row][vc_row][vc_column width=\u00bb1\/2&#8243;][vc_raw_html]JTNDYmxvY2txdW90ZSUyMGNsYXNzJTNEJTIydHdpdHRlci10d2VldCUyMiUyMGRhdGEtbGFuZyUzRCUyMmVuJTIyJTNFJTNDcCUyMGxhbmclM0QlMjJlcyUyMiUyMGRpciUzRCUyMmx0ciUyMiUzRSVGMCU5RiU5NCVCNCUzQ2ElMjBocmVmJTNEJTIyaHR0cHMlM0ElMkYlMkZ0d2l0dGVyLmNvbSUyRmhhc2h0YWclMkZFUFUlM0ZzcmMlM0RoYXNoJTI2YW1wJTNCcmVmX3NyYyUzRHR3c3JjJTI1NUV0ZnclMjIlM0UlMjNFUFUlM0MlMkZhJTNFJTIwTG9zJTIwRXN0YWRvcyUyMGluaWNpYW4lMjBhJTIwZGFyJTIwcmVjb21lbmRhY2lvbmVzJTIwYWwlMjBFc3RhZG8lMjBkZSUyMCUzQ2ElMjBocmVmJTNEJTIyaHR0cHMlM0ElMkYlMkZ0d2l0dGVyLmNvbSUyRmhhc2h0YWclMkZOaWNhcmFndWElM0ZzcmMlM0RoYXNoJTI2YW1wJTNCcmVmX3NyYyUzRHR3c3JjJTI1NUV0ZnclMjIlM0UlMjNOaWNhcmFndWElM0MlMkZhJTNFJTJDJTIwbWlzbWFzJTIwcXVlJTIwcG9kciVDMyVBMW4lMjBzZXIlMjBhcHJvYmFkYXMlMjBvJTIwbm8uJTIwRXN0YXMlMjByZWNvbWVuZGFjaW9uZXMlMjBzb24lMjBmdW5kYW1lbnRhbGVzJTIwcGFyYSUyMHF1ZSUyME5pY2FyYWd1YSUyMGN1bXBsYSUyMGNvbiUyMHN1cyUyMGNvbXByb21pc29zJTIwaW50ZXJuYWNpb25hbGVzJTIwZW4lMjBtYXRlcmlhJTIwZGUlMjBkZXJlY2hvcyUyMGh1bWFub3MuJTIwJTNDYSUyMGhyZWYlM0QlMjJodHRwcyUzQSUyRiUyRnQuY28lMkZzcXFrZ2dhUEVWJTIyJTNFcGljLnR3aXR0ZXIuY29tJTJGc3Fxa2dnYVBFViUzQyUyRmElM0UlM0MlMkZwJTNFJTI2bWRhc2glM0IlMjBSYWNlJTIwYW5kJTIwRXF1YWxpdHklMjAlMjglNDByYWNlYW5kZXF1YWxpdHklMjklMjAlM0NhJTIwaHJlZiUzRCUyMmh0dHBzJTNBJTJGJTJGdHdpdHRlci5jb20lMkZyYWNlYW5kZXF1YWxpdHklMkZzdGF0dXMlMkYxMTI4NjUwMDA4OTYwNjE0NDAwJTNGcmVmX3NyYyUzRHR3c3JjJTI1NUV0ZnclMjIlM0VNYXklMjAxNSUyQyUyMDIwMTklM0MlMkZhJTNFJTNDJTJGYmxvY2txdW90ZSUzRSUwQSUzQ3NjcmlwdCUyMGFzeW5jJTIwc3JjJTNEJTIyaHR0cHMlM0ElMkYlMkZwbGF0Zm9ybS50d2l0dGVyLmNvbSUyRndpZGdldHMuanMlMjIlMjBjaGFyc2V0JTNEJTIydXRmLTglMjIlM0UlM0MlMkZzY3JpcHQlM0UlMEE=[\/vc_raw_html][\/vc_column][vc_column width=\u00bb1\/2&#8243;][vc_raw_html]JTNDYmxvY2txdW90ZSUyMGNsYXNzJTNEJTIydHdpdHRlci10d2VldCUyMiUyMGRhdGEtbGFuZyUzRCUyMmVuJTIyJTNFJTNDcCUyMGxhbmclM0QlMjJlcyUyMiUyMGRpciUzRCUyMmx0ciUyMiUzRSVGMCU5RiU5NCVCNCUzQ2ElMjBocmVmJTNEJTIyaHR0cHMlM0ElMkYlMkZ0d2l0dGVyLmNvbSUyRmhhc2h0YWclMkZFUFUlM0ZzcmMlM0RoYXNoJTI2YW1wJTNCcmVmX3NyYyUzRHR3c3JjJTI1NUV0ZnclMjIlM0UlMjNFUFUlM0MlMkZhJTNFJTIwJTNDYSUyMGhyZWYlM0QlMjJodHRwcyUzQSUyRiUyRnR3aXR0ZXIuY29tJTJGaGFzaHRhZyUyRk5pY2FyYWd1YSUzRnNyYyUzRGhhc2glMjZhbXAlM0JyZWZfc3JjJTNEdHdzcmMlMjU1RXRmdyUyMiUzRSUyM05pY2FyYWd1YSUzQyUyRmElM0UlMjBFbCUyMHZpY2VjYW5jaWxsZXIlMjBWYWxkcmFjayUyMEphZW50c2Noa2UlMjBleHBvbmUlMjBlbCUyMGluZm9ybWUlMjBkZWwlMjBFc3RhZG8lMjBzb2JyZSUyMGVsJTIwY3VtcGxpbWllbnRvJTIwZGUlMjBkZXJlY2hvcyUyMGh1bWFub3MlMjBlbiUyMGxvcyUyMCVDMyVCQWx0aW1vcyUyMDUlMjBhJUMzJUIxb3MuJTIwJTNDYnIlM0VFbCUyMGdydXBvJTIwZGUlMjB0cmFiYWpvJTIwZGVsJTIwRVBVJTJDJTIwY29tcHVlc3RvJTIwcG9yJTIwNDclMjBFc3RhZG9zJTJDJTIwY3Vlc3Rpb25hciVDMyVBMSUyMGxvJTIwZXhwdWVzdG8lMjBwb3IlMjBKYWVudHNjaGtlLiUyMCUzQ2ElMjBocmVmJTNEJTIyaHR0cHMlM0ElMkYlMkZ0LmNvJTJGcWg5c0dpUkVWdyUyMiUzRXBpYy50d2l0dGVyLmNvbSUyRnFoOXNHaVJFVnclM0MlMkZhJTNFJTNDJTJGcCUzRSUyNm1kYXNoJTNCJTIwUmFjZSUyMGFuZCUyMEVxdWFsaXR5JTIwJTI4JTQwcmFjZWFuZGVxdWFsaXR5JTI5JTIwJTNDYSUyMGhyZWYlM0QlMjJodHRwcyUzQSUyRiUyRnR3aXR0ZXIuY29tJTJGcmFjZWFuZGVxdWFsaXR5JTJGc3RhdHVzJTJGMTEyODY0NTk4OTk0MDgzMDIwOCUzRnJlZl9zcmMlM0R0d3NyYyUyNTVFdGZ3JTIyJTNFTWF5JTIwMTUlMkMlMjAyMDE5JTNDJTJGYSUzRSUzQyUyRmJsb2NrcXVvdGUlM0UlMEElM0NzY3JpcHQlMjBhc3luYyUyMHNyYyUzRCUyMmh0dHBzJTNBJTJGJTJGcGxhdGZvcm0udHdpdHRlci5jb20lMkZ3aWRnZXRzLmpzJTIyJTIwY2hhcnNldCUzRCUyMnV0Zi04JTIyJTNFJTNDJTJGc2NyaXB0JTNFJTBB[\/vc_raw_html][\/vc_column][\/vc_row][vc_row][vc_column][vc_column_text]<\/p>\n<p style=\"text-align: justify;\">Las recomendaciones brindadas hoy por las delegaciones de todo el mundo ser\u00e1n revisadas por el Estado de Nicaragua, la cual finalmente decidir\u00e1 este viernes 17 qu\u00e9 recomendaciones se comprometer\u00e1 a cumplir o de cu\u00e1les solamente tomar\u00e1 nota.<\/p>\n<p style=\"text-align: justify;\">Esta es la tercera vez que Nicaragua se somete al escrutinio del EPU, pero defensores de derechos humanos que trabajan en el pa\u00eds denunciaron recientemente que una parte importante de las 164 recomendaciones adquiridas por Nicaragua en el EPU de 2014 no fueron plenamente implementadas.<\/p>\n<p style=\"text-align: justify;\">Recientemente, el Consejo de Derechos Humanos de las Naciones Unidas aprob\u00f3 una resoluci\u00f3n que permite a dicho \u00f3rgano establecer un sistema de vigilancia y presentaci\u00f3n de informes peri\u00f3dicos sobre la actual crisis de derechos humanos que se vive en Nicaragua.<\/p>\n<p>[\/vc_column_text][\/vc_column][\/vc_row][vc_row][vc_column][vc_separator border_width=\u00bb3&#8243;][vc_column_text]<\/p>\n<h3 style=\"text-align: center;\"><span style=\"color: #993366;\">Pronunciamiento<\/span><\/h3>\n<p>[\/vc_column_text][\/vc_column][\/vc_row][vc_row][vc_column width=\u00bb1\/4&#8243;][vc_icon icon_fontawesome=\u00bbfa fa-bullhorn\u00bb color=\u00bbjuicy_pink\u00bb size=\u00bbxl\u00bb][\/vc_column][vc_column width=\u00bb3\/4&#8243;][vc_column_text]<\/p>\n<p style=\"text-align: justify;\">La delegaci\u00f3n gubernamental de Nicaragua afirm\u00f3 durante la revisi\u00f3n del Examen Peri\u00f3dico Universal que se ha avanzado en acceso a la justicia, particularmente para las v\u00edctimas de los hechos de abril y que los medios de comunicaci\u00f3n ejercen su labor sin censura previa ni limitaciones.<\/p>\n<p>[\/vc_column_text][\/vc_column][\/vc_row][vc_row][vc_column][vc_column_text]<\/p>\n<p style=\"text-align: justify;\">Incluso lleg\u00f3 al extremo de afirmar que ning\u00fan periodista ha sido apresado por ejercer el derecho de informar sugiriendo que los que guardan prisi\u00f3n han incurrido en il\u00edcitos, aunque los periodistas Miguel Mora, Luc\u00eda Pineda y Marlon Powell fueron apresados por su desempe\u00f1o period\u00edstico.<\/p>\n<p style=\"text-align: justify;\">Adem\u00e1s, descalific\u00f3 a OACNUDH y la CIDH, insisti\u00f3 en que los tranques o cortes de v\u00edas fueron centros de operaciones delincuenciales. Intent\u00f3 justificar el uso desproporcionado de la fuerza utilizada por la Polic\u00eda, se\u00f1alada de haber ejecutado cr\u00edmenes de lesa humanidad, argumentando que estas fuerzas reestablecieron el orden p\u00fablico, actuando contra lo que calific\u00f3 como \u201cfocos de violencia y terror\u201d.<\/p>\n<p style=\"text-align: justify;\">En relaci\u00f3n a la libertad de asociaci\u00f3n, expres\u00f3 que a las organizaciones a las que se les cancel\u00f3 su personalidad jur\u00eddica se procedi\u00f3 porque las mismas fueron utilizadas para fraguar el supuesto intento de Golpe de Estado buscando minimizar los atropellos cometidos, argumentando que son miles las ONGs que funcionan en el pa\u00eds.<\/p>\n<p style=\"text-align: justify;\">Raza e Igualdad considera inaceptable que a un a\u00f1o de las protestas de abril, la narrativa del Gobierno contin\u00fae empe\u00f1ada en hacer de un lado tantas evidencias existentes, sin aceptar su responsabilidad en la represi\u00f3n de las protestas.<\/p>\n<p style=\"text-align: justify;\">Creemos que es inaceptable que \u00a0se siga negando las vidas de los ciudadanos que protestaron y encontraron la muerte, producto de la represi\u00f3n estatal. Adem\u00e1s, consideramos inexcusable que en vez de aprovechar la asistencia t\u00e9cnica que podr\u00edan representar los \u00f3rganos de protecci\u00f3n del sistema regional y universal de derechos humanos, sea la descalificaci\u00f3n el camino elegido por el r\u00e9gimen.<\/p>\n<p style=\"text-align: justify;\">Esperamos que el Estado de Nicaragua acepte las recomendaciones formuladas, y d\u00e9 los pasos necesarios para el respeto de las libertades y el restablecimiento de la democracia con la urgencia que la situaci\u00f3n amerita.<\/p>\n<p>[\/vc_column_text][\/vc_column][\/vc_row]<\/p>\n<\/div>","protected":false},"excerpt":{"rendered":"<p>15 de mayo de 2019. El llamado al Estado de Nicaragua a respetar los derechos humanos de los nicarag\u00fcenses, incluidas la libertad de expresi\u00f3n, manifestaci\u00f3n pac\u00edfica y asociaci\u00f3n, fue una [&hellip;]<\/p>\n","protected":false},"author":15,"featured_media":9603,"parent":0,"menu_order":0,"template":"","format":"standard","categories":[1154,1169,1159],"resources_country":[1199],"resources_language":[],"resources_audience":[],"resources_format":[],"resources_topic":[1117],"resources_year":[],"class_list":["post-12039","resources","type-resources","status-publish","format-standard","has-post-thumbnail","hentry","category-espanol","category-nicaragua","category-onu","resources_country-nicaragua-es","resources_topic-onu"],"acf":[],"aioseo_notices":[],"_links":{"self":[{"href":"https:\/\/raceandequality.org\/es\/wp-json\/wp\/v2\/resources\/12039","targetHints":{"allow":["GET"]}}],"collection":[{"href":"https:\/\/raceandequality.org\/es\/wp-json\/wp\/v2\/resources"}],"about":[{"href":"https:\/\/raceandequality.org\/es\/wp-json\/wp\/v2\/types\/resources"}],"author":[{"embeddable":true,"href":"https:\/\/raceandequality.org\/es\/wp-json\/wp\/v2\/users\/15"}],"wp:featuredmedia":[{"embeddable":true,"href":"https:\/\/raceandequality.org\/es\/wp-json\/wp\/v2\/media\/9603"}],"wp:attachment":[{"href":"https:\/\/raceandequality.org\/es\/wp-json\/wp\/v2\/media?parent=12039"}],"wp:term":[{"taxonomy":"category","embeddable":true,"href":"https:\/\/raceandequality.org\/es\/wp-json\/wp\/v2\/categories?post=12039"},{"taxonomy":"resources_country","embeddable":true,"href":"https:\/\/raceandequality.org\/es\/wp-json\/wp\/v2\/resources_country?post=12039"},{"taxonomy":"resources_language","embeddable":true,"href":"https:\/\/raceandequality.org\/es\/wp-json\/wp\/v2\/resources_language?post=12039"},{"taxonomy":"resources_audience","embeddable":true,"href":"https:\/\/raceandequality.org\/es\/wp-json\/wp\/v2\/resources_audience?post=12039"},{"taxonomy":"resources_format","embeddable":true,"href":"https:\/\/raceandequality.org\/es\/wp-json\/wp\/v2\/resources_format?post=12039"},{"taxonomy":"resources_topic","embeddable":true,"href":"https:\/\/raceandequality.org\/es\/wp-json\/wp\/v2\/resources_topic?post=12039"},{"taxonomy":"resources_year","embeddable":true,"href":"https:\/\/raceandequality.org\/es\/wp-json\/wp\/v2\/resources_year?post=12039"}],"curies":[{"name":"wp","href":"https:\/\/api.w.org\/{rel}","templated":true}]}}