{"id":12040,"date":"2019-05-17T15:05:20","date_gmt":"2019-05-17T15:05:20","guid":{"rendered":"http:\/\/race01.wp\/resources\/pronunciamiento-condenamos-la-muerte-de-eddy-montes-preso-politico-nicaraguense\/"},"modified":"2023-05-10T11:34:53","modified_gmt":"2023-05-10T11:34:53","slug":"pronunciamiento-condenamos-la-muerte-de-eddy-montes-preso-politico-nicaraguense","status":"publish","type":"resources","link":"https:\/\/raceandequality.org\/es\/resources\/pronunciamiento-condenamos-la-muerte-de-eddy-montes-preso-politico-nicaraguense\/","title":{"rendered":"PRONUNCIAMIENTO: Condenamos la muerte de Eddy Montes, preso pol\u00edtico nicarag\u00fcense"},"content":{"rendered":"<p style=\"text-align: justify;\"><strong>Washington, D.C. 17 de mayo de 2019.<\/strong> El d\u00eda de ayer, el se\u00f1or Eddy Antonio Montes Praslin, prisionero pol\u00edtico del Gobierno nicarag\u00fcense quien estaba bajo la custodia de las autoridades de la c\u00e1rcel Jorge Navarro, mejor conocida como \u201cLa Modelo\u201d, falleci\u00f3 producto de un disparo propinado por un centinela penitenciario.<\/p>\n<p style=\"text-align: justify;\">El Ministro de Gobernaci\u00f3n nicarag\u00fcense, Luis Ca\u00f1as, expres\u00f3 que Montes Praslin, de 57 a\u00f1os, falleci\u00f3 a las 16: 05 horas \u201cmientras era atendido por personal m\u00e9dico de emergencia que le realizaba procedimiento de reanimaci\u00f3n\u201d.<\/p>\n<p style=\"text-align: justify;\">De acuerdo con la versi\u00f3n oficial, el centinela realiz\u00f3 un disparo en defensa propia luego de que Montes Praslin \u201cse abalanz\u00f3 contra personal penitenciario del per\u00edmetro de seguridad\u201d, forcejeando con \u201cclaras intenciones de quitarle el arma reglamentaria y atentar contra la vida de los funcionarios\u201d.<\/p>\n<p style=\"text-align: justify;\">No obstante, la versi\u00f3n de otros prisioneros pol\u00edticos documentada por medios de comunicaci\u00f3n \u00a0locales es que se trat\u00f3 de un operativo en el que los funcionarios abrieron fuego contra varios reos que se encontraban en la Galer\u00eda 16 de La Modelo. Fuentes extraoficiales han asegurado que producto del ataque resultaron heridos entre 17 y 33 prisioneros. Recordamos que Nicaragua est\u00e1 sumida desde hace ya un a\u00f1o en un contexto de graves violaciones de derechos humanos e impunidad.<\/p>\n<p style=\"text-align: justify;\">El se\u00f1or Montes guardaba prisi\u00f3n desde octubre de 2018 y fue acusado por supuestos delitos en el contexto de las protestas de abril y de forma desproporcional el Juez S\u00e9ptimo de Audiencia, Abelardo Alvir Ramos dict\u00f3 prisi\u00f3n preventiva, duplic\u00e1ndose adem\u00e1s los plazos y otras violaciones al debido proceso como el hecho que fue sustra\u00eddo de su juez natural, se viol\u00f3 la presunci\u00f3n de inocencia, la publicidad del proceso y otras violaciones. El juicio, radicado en el Juzgado S\u00e9ptimo de Distrito Penal de Juicio de Managua a cargo del Juez Melvin Leopoldo Vargas Garc\u00eda, estaba previsto para iniciar el pasado 13 de mayo y fue reprogramado.<\/p>\n<p style=\"text-align: justify;\">Raza e Igualdad expresa su en\u00e9rgica condena a las graves violaciones de derechos humanos cometidas por custodios penitenciarios el d\u00eda de ayer en la c\u00e1rcel Jorge Navarro, contra el derecho a la vida, el m\u00e1s fundamental de los derechos humanos. Han quedado as\u00ed evidenciados los elevados riesgos en los que se encuentra la vida e integridad personal de los presos pol\u00edticos.<\/p>\n<p style=\"text-align: justify;\">Recordamos que el Estado frente a las personas privadas de libertad tiene la posici\u00f3n de garante, de tal forma que resulta obligado a respetar y garantizar los derechos de las personas privadas de libertad, en tanto \u00e9stas est\u00e1n sometidas al control efectivo del Estado. As\u00ed lo ha recordado la Comisi\u00f3n Interamericana de Derechos Humanos, desde hace ya dos d\u00e9cadas, en su Informe Especial sobre la Situaci\u00f3n de los Derechos Humanos en la C\u00e1rcel de Challapalca, al afirmar que el Estado al privar de la libertad a una persona, se coloca en una posici\u00f3n de garante de su vida e integridad f\u00edsica.<\/p>\n<p style=\"text-align: justify;\">Por ello, exigimos que los hechos aqu\u00ed denunciados sean investigados de forma independiente y exhaustiva, y se sancione a los responsables de la muerte del se\u00f1or Eddy Montes, as\u00ed como los dem\u00e1s hechos cometidos contra los presos pol\u00edticos que tambi\u00e9n resultaron heridos el d\u00eda de ayer.<\/p>\n<p style=\"text-align: justify;\">Instamos a tomar todas las medidas preventivas a fin de que hechos como el aqu\u00ed denunciado no se repitan y demandamos la inmediata liberaci\u00f3n de todas las personas privadas de libertad en el contexto de las protestas de abril.<\/p>\n<p>&nbsp;<\/p>\n<p><em>Foto principal: EFE<\/em><\/p>\n<p style=\"text-align: justify;\">\n","protected":false},"excerpt":{"rendered":"<p>Washington, D.C. 17 de mayo de 2019. El d\u00eda de ayer, el se\u00f1or Eddy Antonio Montes Praslin, prisionero pol\u00edtico del Gobierno nicarag\u00fcense quien estaba bajo la custodia de las autoridades [&hellip;]<\/p>\n","protected":false},"author":15,"featured_media":9595,"parent":0,"menu_order":0,"template":"","format":"standard","categories":[1154,1169],"resources_country":[1199],"resources_language":[],"resources_audience":[],"resources_format":[],"resources_topic":[],"resources_year":[],"class_list":["post-12040","resources","type-resources","status-publish","format-standard","has-post-thumbnail","hentry","category-espanol","category-nicaragua","resources_country-nicaragua-es"],"acf":[],"aioseo_notices":[],"_links":{"self":[{"href":"https:\/\/raceandequality.org\/es\/wp-json\/wp\/v2\/resources\/12040","targetHints":{"allow":["GET"]}}],"collection":[{"href":"https:\/\/raceandequality.org\/es\/wp-json\/wp\/v2\/resources"}],"about":[{"href":"https:\/\/raceandequality.org\/es\/wp-json\/wp\/v2\/types\/resources"}],"author":[{"embeddable":true,"href":"https:\/\/raceandequality.org\/es\/wp-json\/wp\/v2\/users\/15"}],"wp:featuredmedia":[{"embeddable":true,"href":"https:\/\/raceandequality.org\/es\/wp-json\/wp\/v2\/media\/9595"}],"wp:attachment":[{"href":"https:\/\/raceandequality.org\/es\/wp-json\/wp\/v2\/media?parent=12040"}],"wp:term":[{"taxonomy":"category","embeddable":true,"href":"https:\/\/raceandequality.org\/es\/wp-json\/wp\/v2\/categories?post=12040"},{"taxonomy":"resources_country","embeddable":true,"href":"https:\/\/raceandequality.org\/es\/wp-json\/wp\/v2\/resources_country?post=12040"},{"taxonomy":"resources_language","embeddable":true,"href":"https:\/\/raceandequality.org\/es\/wp-json\/wp\/v2\/resources_language?post=12040"},{"taxonomy":"resources_audience","embeddable":true,"href":"https:\/\/raceandequality.org\/es\/wp-json\/wp\/v2\/resources_audience?post=12040"},{"taxonomy":"resources_format","embeddable":true,"href":"https:\/\/raceandequality.org\/es\/wp-json\/wp\/v2\/resources_format?post=12040"},{"taxonomy":"resources_topic","embeddable":true,"href":"https:\/\/raceandequality.org\/es\/wp-json\/wp\/v2\/resources_topic?post=12040"},{"taxonomy":"resources_year","embeddable":true,"href":"https:\/\/raceandequality.org\/es\/wp-json\/wp\/v2\/resources_year?post=12040"}],"curies":[{"name":"wp","href":"https:\/\/api.w.org\/{rel}","templated":true}]}}