{"id":12068,"date":"2019-06-20T21:15:55","date_gmt":"2019-06-20T21:15:55","guid":{"rendered":"http:\/\/race01.wp\/resources\/organizaciones-de-sociedad-civil-de-america-latina-y-el-caribe-estaran-presentes-en-la-49-asamblea-general-de-la-oea\/"},"modified":"2023-05-10T11:53:16","modified_gmt":"2023-05-10T11:53:16","slug":"organizaciones-de-sociedad-civil-de-america-latina-y-el-caribe-estaran-presentes-en-la-49-asamblea-general-de-la-oea","status":"publish","type":"resources","link":"https:\/\/raceandequality.org\/es\/resources\/organizaciones-de-sociedad-civil-de-america-latina-y-el-caribe-estaran-presentes-en-la-49-asamblea-general-de-la-oea\/","title":{"rendered":"Organizaciones de Sociedad Civil de Am\u00e9rica Latina y el Caribe estar\u00e1n presentes en la 49 Asamblea General de la OEA"},"content":{"rendered":"<div class=\"wpb-content-wrapper\"><p style=\"text-align: justify;\">En el marco de la 49 Asamblea General de la Organizaci\u00f3n de Estados Americanos (OEA), a celebrarse en Medell\u00edn, Colombia del 25 al 28 de junio, el Instituto Internacional sobre Raza, Igualdad y Derechos Humanos (Raza e Igualdad), de la mano de diversas organizaciones sociales de pa\u00edses de Am\u00e9rica Latina y el Caribe como\u00a0Brasil, Colombia, Cuba, Rep\u00fablica Dominicana, Bolivia, Per\u00fa, Ecuador y Nicaragua, coordinar\u00e1 diferentes espacios de discusi\u00f3n que pretenden analizar el panorama de derechos humanos en la regi\u00f3n, especialmente de aquellos grupos sociales y pa\u00edses que actualmente se enfrentan a graves situaciones de violencia y vulneraci\u00f3n.<\/p>\n<p style=\"text-align: justify;\">Todos los eventos ser\u00e1n transmitidos en vivo a trav\u00e9s de la <a href=\"https:\/\/raceandequality.org\/es\/11-2\/\">p\u00e1gina en Facebook de Raza e Igualdad<\/a>.\u00a0 As\u00ed mismo se har\u00e1 cubrimiento de los eventos a trav\u00e9s de redes sociales con el hashtag #AsambleaOEA #RazaeIgualdadOEA<\/p>\n<p style=\"text-align: justify;\">A continuaci\u00f3n, compartimos el detalle de los espacios que propiciaremos durante la semana de incidencia regional:<\/p>\n<p>&nbsp;<\/p>\n<p>[vc_row][vc_column width=\u00bb1\/2&#8243;][vc_single_image image=\u00bb6213&#8243; img_size=\u00bblarge\u00bb onclick=\u00bbimg_link_large\u00bb][\/vc_column][vc_column width=\u00bb1\/2&#8243;][vc_column_text]<\/p>\n<p style=\"text-align: justify;\"><strong>Foro Interamericano contra la Discriminaci\u00f3n<\/strong><br \/>\n<strong>Objetivo:\u00a0<\/strong> Propiciar un espacio de reflexi\u00f3n y an\u00e1lisis de la situaci\u00f3n de derechos las personas afrodecendientes de Am\u00e9rica Latina y el Caribe en el marco del Decenio de los Afrodescendientes de cara a la 49 Asamblea General de la Organizaci\u00f3n de los Estados Am\u00e9ricanos OEA.<\/p>\n<p style=\"text-align: justify;\"><strong>D\u00eda:<\/strong>\u00a0 Martes, 25 de junio de 2019<br \/>\n<strong>Hora:<\/strong>\u00a0 8:30 &#8211; 1:30 pm<br \/>\n<strong>Lugar:\u00a0<\/strong> Hotel Estelar Milla de Oro Medell\u00edn<br \/>\nTransmisi\u00f3n en Vivo<\/p>\n<p>Puede encontrar el programa completo dando <a href=\"https:\/\/raceandequality.org\/224\">click aqu\u00ed.<\/a><\/p>\n<p>[\/vc_column_text][\/vc_column][\/vc_row][vc_row][vc_column][vc_column_text]<\/p>\n<p style=\"text-align: justify;\"><strong>Palabras de inauguraci\u00f3n<\/strong><\/p>\n<p>Carlos Quesada &#8211; Director ejecutivo de Raza e Igualdad<\/p>\n<p style=\"text-align: justify;\"><strong>Panelistas:<\/strong><br \/>\nErlendy Cuero Bravo &#8211; Vicepresidenta AFRODES, Colombia<br \/>\nPaola Y\u00e1nez &#8211; Coordinadora Regional Red de Mujeres Afrolatinas y Afrocaribe\u00f1as de la Di\u00e1spora<br \/>\nMargarette May Macaulay \u2013\u00a0Relatora CIDH de derechos de personas afrodescendientes y contra la discriminaci\u00f3n racial<br \/>\nChristian King &#8211; Director ejecutivo Trans Siempre Amigas, Rep\u00fablica Dominicana<br \/>\nRodnei Jerico da Silva &#8211; Coordinador SOS Racismo, Brasil<br \/>\nCatherine Pognant, Directora de la Oficina de Sociedad Civil OEA, Washington D.C.<br \/>\nJuan Antonio Madrazo, Coordinador Nacional Comit\u00e9 Ciudadano por la Integraci\u00f3n Racial, Cuba<br \/>\nHarvey Maradiaga, Coordinador ADISNIC, Nicaragua<br \/>\nElvia Duque, representante de Raza e Igualdad<\/p>\n<p style=\"text-align: justify;\"><strong>Moderadores:<\/strong><br \/>\nAdriana Rodr\u00edguez &#8211;\u00a0 Raza e Igualdad<br \/>\nCecilia Ram\u00edrez &#8211; Centro de Desarrollo de la Mujer Negra Peruana (CEDEMUNEP)<\/p>\n<p>[\/vc_column_text][\/vc_column][\/vc_row][vc_row][vc_column width=\u00bb1\/2&#8243;][vc_single_image image=\u00bb6207&#8243; img_size=\u00bblarge\u00bb onclick=\u00bbimg_link_large\u00bb][\/vc_column][vc_column width=\u00bb1\/2&#8243;][vc_column_text]<\/p>\n<p style=\"text-align: justify;\"><strong>Conversatorio:\u00a0<\/strong><strong>\u00abLa implementaci\u00f3n del acuerdo de paz, fuente de innovaci\u00f3n social y desarrollo para los territorios Afrocolombianos\u00bb<\/strong><em><br \/>\n<\/em><strong>Objetivo:\u00a0<\/strong> Generar un espacio de discusi\u00f3n y an\u00e1lisis alrededor de las oportunidades de una\u00a0real y efectiva implementaci\u00f3n del acuerdo de paz en los territorios colombianos, y as\u00ed mismo, identificar las causas que han generado el incremento de homicidios a l\u00edderes y lideresas sociales afrodescendientes.<\/p>\n<p><strong>D\u00eda:\u00a0<\/strong> Martes, 25 de junio, 2019<br \/>\n<strong>Hora:<\/strong>\u00a0 5:00 &#8211; 7:30 pm<br \/>\n<strong>Lugar:\u00a0<\/strong> Hotel Estelar Milla de Oro[\/vc_column_text][\/vc_column][\/vc_row][vc_row][vc_column][vc_column_text]<\/p>\n<p style=\"text-align: justify;\"><strong>Panelistas:<\/strong><br \/>\nComisionada \u00c1ngela Salazar, Comisi\u00f3n de la Verdad<br \/>\nNixon Ortiz, Fundaci\u00f3n Arco\u00edris libre de Tumaco<br \/>\nAudes Jim\u00e9nez,\u00a0Red de Mujeres Afrolatinoamericanas\u00a0y\u00a0Afrocaribe\u00f1as y de la Di\u00e1spora\u00a0(RMAAD)<br \/>\nEmigdio Cuesta Pino, Conferencia Nacional de Organizaciones Afrocolombianas CNOA<br \/>\nMelquiceded Blandon, Consejo Nacional de Paz Afrocolombiano (Conpa)<\/p>\n<p style=\"text-align: justify;\"><strong>Moderadores:<\/strong><br \/>\nElvia Duque, Raza e Igualdad<br \/>\nWilson Casta\u00f1eda, Caribe Afirmativo<\/p>\n<p>[\/vc_column_text][\/vc_column][\/vc_row][vc_row][vc_column width=\u00bb1\/2&#8243;][vc_single_image image=\u00bb6207&#8243; img_size=\u00bblarge\u00bb onclick=\u00bbimg_link_large\u00bb][\/vc_column][vc_column width=\u00bb1\/2&#8243;][vc_column_text]<\/p>\n<p style=\"text-align: justify;\"><strong>Conversatorio:\u00a0 \u00bfHacia d\u00f3nde va Nicaragua? Retos y desaf\u00edos ante la grave crisis de derechos humanos<br \/>\nObjetivo:\u00a0 <\/strong>Conversar sobre los retos y desaf\u00edos a los que se enfrenta Nicaragua tras 14 meses de crisis, sobre los principales desaf\u00edos y limitaciones para la garant\u00eda de los derechos humanos en el pa\u00eds y sobre la ruta para que se retome el di\u00e1logo entre el Gobierno deNicaragua y la Alianza C\u00edvica por la Justicia y la Democracia.<\/p>\n<p style=\"text-align: justify;\">[\/vc_column_text][\/vc_column][\/vc_row][vc_row][vc_column][vc_column_text]<\/p>\n<p style=\"text-align: justify;\"><strong>Panelistas:<\/strong><\/p>\n<p style=\"text-align: justify;\">Roberto Desogus, coordinador para Nicaragua en OACNUDH<br \/>\nAntonia Urrejola, Comisionada y Relatora de pa\u00eds para Nicaragua de la CIDH<br \/>\nSof\u00eda Macher, Integrante del Grupo Interdisciplinario de Expertos Independientes (GIEI) para Nicaragua<br \/>\nMarlin Sierra, directora ejecutiva del CENIDH<br \/>\nAzahalea Sol\u00eds, Miembra de la Alianza C\u00edvica y representante del MAM<br \/>\nLuc\u00eda Pineda, Jefa de Prensa del Canal 100% Noticias<\/p>\n<p><strong>Moderadora:<\/strong><br \/>\nAna Bola\u00f1os, representante de Raza e Igualdad<\/p>\n<p>[\/vc_column_text][\/vc_column][\/vc_row][vc_row][vc_column width=\u00bb1\/2&#8243;][vc_single_image image=\u00bb6209&#8243; img_size=\u00bblarge\u00bb onclick=\u00bbimg_link_large\u00bb][\/vc_column][vc_column width=\u00bb1\/2&#8243;][vc_column_text]<\/p>\n<p style=\"text-align: justify;\"><span style=\"color: #000000;\"><strong>Lanzamiento en Colombia del informe de la CIDH \u201cReconocimiento de Derechos de las personas LGBTI\u201d y di\u00e1logos con personas LGBT y afro-descendientes de Colombia, Brasil y Per\u00fa<\/strong><\/span><\/p>\n<p style=\"text-align: justify;\">Raza e Igualdad presentar\u00e1\u00a0 por primera vez en Colombia los resultados de un informe de la CIDH lanzado en mayo\u00a0 pasado sobre los avances han realizado los Estados de las Am\u00e9ricas para garantizar la protecci\u00f3n de las personas LGBTI\u00a0 a fin de que los dem\u00e1s pa\u00edses logren avanzar en la agenda de igualdad, inclusi\u00f3n y no discriminaci\u00f3n para la poblaci\u00f3n LGBTI.<\/p>\n<p>[\/vc_column_text][\/vc_column][\/vc_row][vc_row][vc_column][vc_column_text]<strong>Panelistas:<\/strong><\/p>\n<p>Antonia Urrejola, Comisionada de la CIDH y Relatora de pa\u00eds para Brasil, Cuba, Jamaica, Nicaragua, Trinidad y Tobago y Uruguay.<br \/>\nErnesto Zelayandia, Becario para la relator\u00eda de las personas LGBTI<br \/>\nSandra Milena Arizabaleta, miembra de Somos Identidad, Colombia<br \/>\nAlessandra Ramos, miembra de Transformar, Brasil<br \/>\nBel\u00e9n Zapata, miembra de la Red de J\u00f3venes Afroperuanos Ashant\u00ed, Per\u00fa<\/p>\n<p><strong>Moderador:\u00a0<\/strong><\/p>\n<p>Mauricio Noguera, Oficial LGBTI de Raza e Igualdad[\/vc_column_text][\/vc_column][\/vc_row][vc_row][vc_column][\/vc_column][\/vc_row]<\/p>\n<\/div>","protected":false},"excerpt":{"rendered":"<p>En el marco de la 49 Asamblea General de la Organizaci\u00f3n de Estados Americanos (OEA), a celebrarse en Medell\u00edn, Colombia del 25 al 28 de junio, el Instituto Internacional sobre [&hellip;]<\/p>\n","protected":false},"author":15,"featured_media":9627,"parent":0,"menu_order":0,"template":"","format":"standard","categories":[1162,1169,1161,1163],"resources_country":[1199],"resources_language":[],"resources_audience":[],"resources_format":[],"resources_topic":[1100,1106,1109],"resources_year":[],"class_list":["post-12068","resources","type-resources","status-publish","format-standard","has-post-thumbnail","hentry","category-cidh","category-nicaragua","category-oea","category-regional","resources_country-nicaragua-es","resources_topic-cidh","resources_topic-oea-es","resources_topic-raza-e-igualdad"],"acf":[],"aioseo_notices":[],"_links":{"self":[{"href":"https:\/\/raceandequality.org\/es\/wp-json\/wp\/v2\/resources\/12068","targetHints":{"allow":["GET"]}}],"collection":[{"href":"https:\/\/raceandequality.org\/es\/wp-json\/wp\/v2\/resources"}],"about":[{"href":"https:\/\/raceandequality.org\/es\/wp-json\/wp\/v2\/types\/resources"}],"author":[{"embeddable":true,"href":"https:\/\/raceandequality.org\/es\/wp-json\/wp\/v2\/users\/15"}],"wp:featuredmedia":[{"embeddable":true,"href":"https:\/\/raceandequality.org\/es\/wp-json\/wp\/v2\/media\/9627"}],"wp:attachment":[{"href":"https:\/\/raceandequality.org\/es\/wp-json\/wp\/v2\/media?parent=12068"}],"wp:term":[{"taxonomy":"category","embeddable":true,"href":"https:\/\/raceandequality.org\/es\/wp-json\/wp\/v2\/categories?post=12068"},{"taxonomy":"resources_country","embeddable":true,"href":"https:\/\/raceandequality.org\/es\/wp-json\/wp\/v2\/resources_country?post=12068"},{"taxonomy":"resources_language","embeddable":true,"href":"https:\/\/raceandequality.org\/es\/wp-json\/wp\/v2\/resources_language?post=12068"},{"taxonomy":"resources_audience","embeddable":true,"href":"https:\/\/raceandequality.org\/es\/wp-json\/wp\/v2\/resources_audience?post=12068"},{"taxonomy":"resources_format","embeddable":true,"href":"https:\/\/raceandequality.org\/es\/wp-json\/wp\/v2\/resources_format?post=12068"},{"taxonomy":"resources_topic","embeddable":true,"href":"https:\/\/raceandequality.org\/es\/wp-json\/wp\/v2\/resources_topic?post=12068"},{"taxonomy":"resources_year","embeddable":true,"href":"https:\/\/raceandequality.org\/es\/wp-json\/wp\/v2\/resources_year?post=12068"}],"curies":[{"name":"wp","href":"https:\/\/api.w.org\/{rel}","templated":true}]}}