{"id":12084,"date":"2019-06-14T16:27:19","date_gmt":"2019-06-14T16:27:19","guid":{"rendered":"http:\/\/race01.wp\/resources\/dieciocho-personas-lgbti-fueron-asesinadas-en-brasil-durante-el-mes-de-mayo\/"},"modified":"2023-05-10T11:27:19","modified_gmt":"2023-05-10T11:27:19","slug":"dieciocho-personas-lgbti-fueron-asesinadas-en-brasil-durante-el-mes-de-mayo","status":"publish","type":"resources","link":"https:\/\/raceandequality.org\/es\/resources\/dieciocho-personas-lgbti-fueron-asesinadas-en-brasil-durante-el-mes-de-mayo\/","title":{"rendered":"Dieciocho personas LGBTI fueron asesinadas en Brasil durante el mes de mayo"},"content":{"rendered":"<div class=\"wpb-content-wrapper\"><p style=\"text-align: justify;\">El contexto de violencia contra las personas LGBTI en Brasil contin\u00faa siendo una amenaza contra la integridad y garant\u00eda de sus derechos, confirmando el grave escenario de prejuicio que durante el mes de mayo se evidenci\u00f3 en la sociedad brasile\u00f1a.\u00a0 En mayo, los medios de comunicaci\u00f3n en Brasil informaron de al menos dieciocho muertes de personas LGBTI: catorce de ellas fueron de mujeres transg\u00e9nero y travestis <a href=\"#_ftn1\" name=\"_ftnref1\">[1]<\/a>, tres de lesbianas, adem\u00e1s de reportar el homicidio de un hombre gay.<\/p>\n<p style=\"text-align: justify;\">En general, los asesinatos contin\u00faan caracteriz\u00e1ndose por ser cr\u00edmenes motivados por el prejuicio con un alto n\u00famero de apu\u00f1alamientos, disparos, cuerpos quemados, entre otros indicios de violencia excesiva. Este tipo de sa\u00f1a en la violencia es similar a la descrita en el documento informativo sobre asesinatos y violencia contra transexuales y travestis en Brasil en 2018, preparado por la Asociaci\u00f3n Nacional de Travestis y Transexuales (ANTRA).<\/p>\n<p style=\"text-align: justify;\">Uno de los homicidios se\u00f1alados se present\u00f3 en Belo Horizonte, Minas Gerais, el 12 de mayo, donde una travesti, no identificada, fue apu\u00f1alada 15 veces en la espalda, la cabeza, el hombro y el cuello, hasta causar su muerte.<\/p>\n<p style=\"text-align: justify;\">En la ciudad de Bacabal, en Maranh\u00e3o, la travesti Melissa, de 33 a\u00f1os, tambi\u00e9n fue apu\u00f1alada y le cortaron la mano. Cuando la encontraron, ten\u00eda la mano sobre la boca, para simbolizar que \u201cestaba hablando demasiado\u201d.<\/p>\n<p style=\"text-align: justify;\">As\u00ed mismo, el 30 de mayo, el cuerpo de uno los travestis m\u00e1s antiguos de la ciudad de Seabra, en Bah\u00eda, fue encontrado quemado dentro de su casa, seg\u00fan los medios de comunicaci\u00f3n ten\u00eda entre los 70 y 80 a\u00f1os.<\/p>\n<p style=\"text-align: justify;\">En Salvador, Bah\u00eda, una pareja de mujeres lesbianas fue asesinada a cuchilladas por un vecino, que se quejaba de ellas. De acuerdo con el Dossier sobre asesinato de mujeres lesbianas en Brasil, el odio a las lesbianas existe como parte integrante del patriarcado, toda vez que son consideradas mujeres que no se someten a las normas heterosexuales que recurrentemente posibilitan la dominaci\u00f3n masculina sobre las mujeres heterosexuales.<\/p>\n<p style=\"text-align: justify;\">A pesar de este escenario de violencia, durante este mes, por primera vez la muerte de una mujer transg\u00e9nero fue registrada como un feminicidio por la polic\u00eda de S\u00e3o Paulo.\u00a0 El caso ocurri\u00f3 en febrero, cuando la mujer trans Raiane Marques, de 36 a\u00f1os, fue asesinada en la costa del estado despu\u00e9s de una discusi\u00f3n con un hombre que conoci\u00f3 la noche anterior.<\/p>\n<p style=\"text-align: justify;\">Para Bruna Benevides, secretaria de articulaci\u00f3n pol\u00edtica de ANTRA, el reconocimiento de este homicidio como feminicidio simboliza la raz\u00f3n por la cual las personas trasvestis y la poblaci\u00f3n transg\u00e9nero brasile\u00f1a luchan diariamente, \u201cpor el reconocimiento de su identidad femenina\u201d. La Sra. Benevides recuerda que cuando se negoci\u00f3 la ley del feminicidio en el Congreso Nacional, hubo gran tensi\u00f3n para eliminar la expresi\u00f3n \u00abidentidad de g\u00e9nero\u00bb esto, como estrategia para evitar que la ley no protegiera a las personas trans.\u00a0 \u201cHoy los activistas trans sentimos pena por este tard\u00edo reconocimiento especialmente por validarse despu\u00e9s de un acto de violencia tan b\u00e1rbaro\u201d indic\u00f3 Benavides.<\/p>\n<p style=\"text-align: justify;\">\u00abA\u00f1os m\u00e1s tarde del debate de esa ley, vemos que los avances y las tensiones de nuestras discusiones est\u00e1n teniendo un efecto y transformando la visi\u00f3n de la sociedad sobre nuestra poblaci\u00f3n. Es una pena que esto haya ocurrido tarde y en respuesta a la violencia mortal\u00bb.<\/p>\n<p style=\"text-align: justify;\">Raza e Igualdad continuar\u00e1 su lucha la justicia, reconocimiento y garant\u00eda de los derechos de las personas LGBTI en Brasil.\u00a0 Demandamos al Estado brasile\u00f1o que investigue los asesinatos de personas LGBTI y garantice a esta poblaci\u00f3n una vida digna.<\/p>\n<p style=\"text-align: justify;\"><a href=\"#_ftnref1\" name=\"_ftn1\">[1]<\/a> <em>Es una identidad de g\u00e9nero que existe en algunos pa\u00edses de Am\u00e9rica Latina, entre ellos Brasil, que describe a las personas asignadas como hombres al nacer y que asumen una identidad y expresi\u00f3n de g\u00e9nero femenina. A veces mediante el uso de modificaciones corporales feminizantes como la terapia de reemplazo hormonal, implantes mamarios e inyecciones de silicona.<\/em><\/p>\n<p style=\"text-align: justify;\">[vc_row][vc_column][vc_separator][\/vc_column][\/vc_row][vc_row][vc_column width=\u00bb1\/4&#8243;][vc_single_image image=\u00bb5613&#8243;][\/vc_column][vc_column width=\u00bb3\/4&#8243;][vc_column_text]<\/p>\n<h3 style=\"text-align: justify;\">About the autor:<\/h3>\n<p style=\"text-align: justify;\">Isaac Porto \u2013 Consultor LGBTI\u00a0 para Raza e Igualdad en Brasil [\/vc_column_text][\/vc_column][\/vc_row]<\/p>\n<\/div>","protected":false},"excerpt":{"rendered":"<p>El contexto de violencia contra las personas LGBTI en Brasil contin\u00faa siendo una amenaza contra la integridad y garant\u00eda de sus derechos, confirmando el grave escenario de prejuicio que durante [&hellip;]<\/p>\n","protected":false},"author":15,"featured_media":9623,"parent":0,"menu_order":0,"template":"","format":"standard","categories":[1172],"resources_country":[1189],"resources_language":[],"resources_audience":[],"resources_format":[],"resources_topic":[1104],"resources_year":[],"class_list":["post-12084","resources","type-resources","status-publish","format-standard","has-post-thumbnail","hentry","category-lgbti","resources_country-brasil","resources_topic-lgbti-es"],"acf":[],"aioseo_notices":[],"_links":{"self":[{"href":"https:\/\/raceandequality.org\/es\/wp-json\/wp\/v2\/resources\/12084","targetHints":{"allow":["GET"]}}],"collection":[{"href":"https:\/\/raceandequality.org\/es\/wp-json\/wp\/v2\/resources"}],"about":[{"href":"https:\/\/raceandequality.org\/es\/wp-json\/wp\/v2\/types\/resources"}],"author":[{"embeddable":true,"href":"https:\/\/raceandequality.org\/es\/wp-json\/wp\/v2\/users\/15"}],"wp:featuredmedia":[{"embeddable":true,"href":"https:\/\/raceandequality.org\/es\/wp-json\/wp\/v2\/media\/9623"}],"wp:attachment":[{"href":"https:\/\/raceandequality.org\/es\/wp-json\/wp\/v2\/media?parent=12084"}],"wp:term":[{"taxonomy":"category","embeddable":true,"href":"https:\/\/raceandequality.org\/es\/wp-json\/wp\/v2\/categories?post=12084"},{"taxonomy":"resources_country","embeddable":true,"href":"https:\/\/raceandequality.org\/es\/wp-json\/wp\/v2\/resources_country?post=12084"},{"taxonomy":"resources_language","embeddable":true,"href":"https:\/\/raceandequality.org\/es\/wp-json\/wp\/v2\/resources_language?post=12084"},{"taxonomy":"resources_audience","embeddable":true,"href":"https:\/\/raceandequality.org\/es\/wp-json\/wp\/v2\/resources_audience?post=12084"},{"taxonomy":"resources_format","embeddable":true,"href":"https:\/\/raceandequality.org\/es\/wp-json\/wp\/v2\/resources_format?post=12084"},{"taxonomy":"resources_topic","embeddable":true,"href":"https:\/\/raceandequality.org\/es\/wp-json\/wp\/v2\/resources_topic?post=12084"},{"taxonomy":"resources_year","embeddable":true,"href":"https:\/\/raceandequality.org\/es\/wp-json\/wp\/v2\/resources_year?post=12084"}],"curies":[{"name":"wp","href":"https:\/\/api.w.org\/{rel}","templated":true}]}}