{"id":12098,"date":"2019-05-12T16:59:40","date_gmt":"2019-05-12T16:59:40","guid":{"rendered":"http:\/\/race01.wp\/resources\/lideres-y-lideresas-afro-lgbti-participan-de-la-3a-jornada-de-trabajo-para-el-fortalecimiento-y-visibilidad-de-organizaciones-afro-lgbti-en-peru\/"},"modified":"2023-05-15T05:08:21","modified_gmt":"2023-05-15T05:08:21","slug":"lideres-y-lideresas-afro-lgbti-participan-de-la-3a-jornada-de-trabajo-para-el-fortalecimiento-y-visibilidad-de-organizaciones-afro-lgbti-en-peru","status":"publish","type":"resources","link":"https:\/\/raceandequality.org\/es\/resources\/lideres-y-lideresas-afro-lgbti-participan-de-la-3a-jornada-de-trabajo-para-el-fortalecimiento-y-visibilidad-de-organizaciones-afro-lgbti-en-peru\/","title":{"rendered":"L\u00edderes y lideresas Afro LGBTI participan de la 3\u00aa jornada de trabajo para el fortalecimiento y visibilidad de organizaciones Afro-LGBTI en Per\u00fa"},"content":{"rendered":"<p style=\"text-align: justify;\">Washington, D.C. Mayo 12 de 2019 &#8211;<\/p>\n<p style=\"text-align: justify;\">El Instituto Internacional Sobre Raza, Igualdad y Derechos Humanos (Raza e Igualdad), adelant\u00f3 los d\u00edas 7 al 11 de mayo la tercera jornada de trabajo para el fortalecimiento y visibilidad de organizaciones Afro-LGBTI en la ciudad de Lima, Per\u00fa. En esta oportunidad, para hablar sobre la presentaci\u00f3n de peticiones individuales ante el Sistema Interamericano de Derechos Humanos -SIDH-.<\/p>\n<p style=\"text-align: justify;\">La jornada cont\u00f3 con la participaci\u00f3n de activistas afro-LGBTI de Brasil, Colombia, Rep\u00fablica Dominicana y Per\u00fa. En esta ocasi\u00f3n, la Red Peruana de J\u00f3venes Afrodescendientes Ashanti, fue la organizaci\u00f3n anfitriona del evento y coordin\u00f3 la participaci\u00f3n de todo el grupo en dos importantes espacios para el intercambio de experiencias:\u00a0 un espacio de di\u00e1logo con la Casa Trans Zuleymi y una sesi\u00f3n de dialogo con activistas afro y LGBTI\u00a0 con el Regidor\u00a0 de Lima Manuel Siccha.<\/p>\n<p style=\"text-align: justify;\">Durante la visita a la Casa Trans Zuleymy, el grupo tuvo la oportunidad de conocer de forma directa el contexto local de la poblaci\u00f3n trans peruana. La discriminaci\u00f3n y violencia estuctural por razones de identidad de g\u00e9nero son el com\u00fan denominador de muchas de las usuarias de la casa. As\u00ed mismo, la denegaci\u00f3n institucionalizada de la identidad de las personas trans por la falta de reconocimiento de la Identidad de Genero a nivel legal en el Per\u00fa, sigue siendo un problema que complejiza a\u00fan m\u00e1s, el contexto de vida de las personas trans. Sin embargo, la Casa Zuleymi\u00a0 bajo la Direcci\u00f3n de Miluska Luzqui\u00f1os, constituye una experiencia de trabajo comunitario que resiste a la violencia y fortalece los v\u00ednculos de solidaridad entre las mujeres trans, generando propuestas de cambio y transformaci\u00f3n social.<\/p>\n<p style=\"text-align: justify;\">De igual forma, el grupo de trabajo tuvo la oportunidad de conocer directamente del Ponente el Regidor de Lima Manuel Sicchala , la ordenanza anti discriminaci\u00f3n que promueve el respeto a la diversidad y sanciona pr\u00e1cticas discriminatorias por g\u00e9nero, orientaci\u00f3n sexual y raza en la ciudad. La Ordenaza continua un proceso de crecimiento en pol\u00edticas locales en Lima que abren las puertas al respeto a las personas LGBTI y racializadas.<\/p>\n<p style=\"text-align: justify;\">Paralelamente a estas actividades, el grupo de trabajo tuvo la oportunidad de compartir sus experiencias con relaci\u00f3n al proceso de investigaci\u00f3n que adelantan acerca de violaciones a los derechos humanos de las personas Afro-LGBTI en sus respectivos pa\u00edses. Si bien todas las organizaciones compartieron sus experiencias y estrategias de trabajo en dicho proceso, la Conferencia Nacional de Organizaciones Afrocolombianas comparti\u00f3 en profundidad su trabajo de investigaci\u00f3n y sensibilizaci\u00f3n con las mingas (redes comunitarias) afro\/negras en los diversos nodos que la integran en Colombia, propiciando en distintos espacios la reflexi\u00f3n sobre la intersecci\u00f3n Afro-LGBTI.<\/p>\n<p style=\"text-align: justify;\">De igual manera, en el curso del taller y en la discusi\u00f3n sobre las violaciones a Derechos Humanos susceptibles de ser conocidas como peticiones individuales por el SIDH, llam\u00f3 la atenci\u00f3n la situaci\u00f3n actual de violencia contra la poblaci\u00f3n afro y LGBTI en Brasil. La persistencia de trans-feminicidios ocurridos en Brasil a lo largo de varios a\u00f1os fue destacado por los reconocidos activistas Alessandra Ramos del Instituto Transformar y Washington Dias de la Red Negra LGBT de Brasil. Este taller ser\u00e1 replicado por las organizaciones participantes, como parte del proceso que se adelanta para el fortalecimiento y visibilidad de organizaciones Afro-LGBTI<\/p>\n<p style=\"text-align: justify;\">Gracias al apoyo de la Oficina de Democracia, Derechos Humanos y Asuntos Laborales del Departamento de Estado de los Estados Unidos, Raza e Igualdad logr\u00f3 patrocinar el evento y facilitar la asistencia de los participantes a este encuentro.<\/p>\n","protected":false},"excerpt":{"rendered":"<p>Washington, D.C. Mayo 12 de 2019 &#8211; El Instituto Internacional Sobre Raza, Igualdad y Derechos Humanos (Raza e Igualdad), adelant\u00f3 los d\u00edas 7 al 11 de mayo la tercera jornada [&hellip;]<\/p>\n","protected":false},"author":15,"featured_media":12099,"parent":0,"menu_order":0,"template":"","format":"standard","categories":[1160,1122,1123,1138,1154,1172,1124,1163],"resources_country":[1189,1191,1193,1201,1195],"resources_language":[],"resources_audience":[],"resources_format":[],"resources_topic":[1104,1109],"resources_year":[],"class_list":["post-12098","resources","type-resources","status-publish","format-standard","has-post-thumbnail","hentry","category-brazil-es","category-colombia","category-cuba","category-dominican-republic","category-espanol","category-lgbti","category-peru","category-regional","resources_country-brasil","resources_country-colombia-es","resources_country-cuba-es","resources_country-peru-es","resources_country-republica-dominicana","resources_topic-lgbti-es","resources_topic-raza-e-igualdad"],"acf":[],"aioseo_notices":[],"_links":{"self":[{"href":"https:\/\/raceandequality.org\/es\/wp-json\/wp\/v2\/resources\/12098","targetHints":{"allow":["GET"]}}],"collection":[{"href":"https:\/\/raceandequality.org\/es\/wp-json\/wp\/v2\/resources"}],"about":[{"href":"https:\/\/raceandequality.org\/es\/wp-json\/wp\/v2\/types\/resources"}],"author":[{"embeddable":true,"href":"https:\/\/raceandequality.org\/es\/wp-json\/wp\/v2\/users\/15"}],"wp:featuredmedia":[{"embeddable":true,"href":"https:\/\/raceandequality.org\/es\/wp-json\/wp\/v2\/media\/12099"}],"wp:attachment":[{"href":"https:\/\/raceandequality.org\/es\/wp-json\/wp\/v2\/media?parent=12098"}],"wp:term":[{"taxonomy":"category","embeddable":true,"href":"https:\/\/raceandequality.org\/es\/wp-json\/wp\/v2\/categories?post=12098"},{"taxonomy":"resources_country","embeddable":true,"href":"https:\/\/raceandequality.org\/es\/wp-json\/wp\/v2\/resources_country?post=12098"},{"taxonomy":"resources_language","embeddable":true,"href":"https:\/\/raceandequality.org\/es\/wp-json\/wp\/v2\/resources_language?post=12098"},{"taxonomy":"resources_audience","embeddable":true,"href":"https:\/\/raceandequality.org\/es\/wp-json\/wp\/v2\/resources_audience?post=12098"},{"taxonomy":"resources_format","embeddable":true,"href":"https:\/\/raceandequality.org\/es\/wp-json\/wp\/v2\/resources_format?post=12098"},{"taxonomy":"resources_topic","embeddable":true,"href":"https:\/\/raceandequality.org\/es\/wp-json\/wp\/v2\/resources_topic?post=12098"},{"taxonomy":"resources_year","embeddable":true,"href":"https:\/\/raceandequality.org\/es\/wp-json\/wp\/v2\/resources_year?post=12098"}],"curies":[{"name":"wp","href":"https:\/\/api.w.org\/{rel}","templated":true}]}}