{"id":12454,"date":"2019-07-31T19:28:37","date_gmt":"2019-07-31T19:28:37","guid":{"rendered":"http:\/\/race01.wp\/resources\/ocho-dias-en-huelga-de-hambre-de-activista-cubano-alertan-a-la-comunidad-internacional-sobre-deplorable-situacion-en-centro-penitenciario-de-cuba\/"},"modified":"2023-05-15T04:48:24","modified_gmt":"2023-05-15T04:48:24","slug":"ocho-dias-en-huelga-de-hambre-de-activista-cubano-alertan-a-la-comunidad-internacional-sobre-deplorable-situacion-en-centro-penitenciario-de-cuba","status":"publish","type":"resources","link":"https:\/\/raceandequality.org\/es\/resources\/ocho-dias-en-huelga-de-hambre-de-activista-cubano-alertan-a-la-comunidad-internacional-sobre-deplorable-situacion-en-centro-penitenciario-de-cuba\/","title":{"rendered":"Ocho d\u00edas en huelga de hambre de activista cubano alertan a la comunidad internacional sobre deplorable situaci\u00f3n en centro penitenciario de Cuba"},"content":{"rendered":"<div class=\"wpb-content-wrapper\"><p style=\"text-align: justify;\"><span lang=\"es\">Nilda Garc\u00eda Fleitas, madre de Manuel de Jes\u00fas Rodr\u00edguez Garc\u00eda, activista y actual preso pol\u00edtico del r\u00e9gimen cubano, alerta a la comunidad internacional sobre las deplorables condiciones en las que se encuentra su hijo.<\/span><\/p>\n<p style=\"text-align: justify;\"><span lang=\"es\">Tras ocho d\u00edas en huelga de hambre Rodr\u00edguez<\/span><span lang=\"es\">\u00a0Garc\u00eda, miembro de la Alianza Democr\u00e1tica Pinare\u00f1a y actual preso pol\u00edtico del r\u00e9gimen cubano, condenado a ocho a\u00f1os de c\u00e1rcel por cargos que incluyen \u201cdesacato\u201d \u201catentado\u201d \u201cdifamaci\u00f3n\u201d entre otras; su madre solicita p\u00fablicamente ayuda para garantizar la vida e integridad de su hijo en el centro de detenci\u00f3n\u00a0Kilo 8:\u00a0<i>\u201cManuel es golpeado cuando se niega a comer la comida de la prisi\u00f3n y se ve obligado a subir y bajar escaleras innecesariamente como castigo por su huelga de hambre\u201d<\/i>\u00a0relata la madre del activista.<\/span><\/p>\n<p>[vc_row][vc_column width=\u00bb1\/2&#8243;][vc_raw_html]JTNDYmxvY2txdW90ZSUyMGNsYXNzJTNEJTIydHdpdHRlci10d2VldCUyMiUzRSUzQ3AlMjBsYW5nJTNEJTIyZXMlMjIlMjBkaXIlM0QlMjJsdHIlMjIlM0UlM0NhJTIwaHJlZiUzRCUyMmh0dHBzJTNBJTJGJTJGdHdpdHRlci5jb20lMkZoYXNodGFnJTJGU09TQ3ViYSUzRnNyYyUzRGhhc2glMjZhbXAlM0JyZWZfc3JjJTNEdHdzcmMlMjU1RXRmdyUyMiUzRSUyM1NPU0N1YmElM0MlMkZhJTNFJTIwSG95JTIwc2UlMjBjdW1wbGVuJTIwOCUyMGQlQzMlQURhcyUyMGRlJTIwbGElMjBodWVsZ2ElMjBkZSUyMGhhbWJyZSUyMHF1ZSUyMGVsJTIwYWN0aXZpc3RhJTIweSUyMGFjdHVhbCUyMHByZXNvJTIwcG9sJUMzJUFEdGljbyUyME1hbnVlbCUyMGRlJTIwSmVzJUMzJUJBcyUyMFJvZHIlQzMlQURndWV6JTIwaW5pY2klQzMlQjMlMjBwb3IlMjBsYXMlMjBkZXBsb3JhYmxlcyUyMGNvbmRpY2lvbmVzJTIwZW4lMjBxdWUlMjBzZSUyMGVuY3VlbnRyYSUyMGVuJTIwZWwlMjBjZW50cm8lMjBwZW5pdGVuY2lhcmlvJTIwZG9uZGUlMjBjdW1wbGUlMjB1bmElMjBhcmJpdHJhcmlhJTIwY29uZGVuYSUyMGRlJTIwOCUyMGElQzMlQjFvcy4lMjBUZXN0aW1vbmlvJTIwZGUlMjBzdSUyMG1hZHJlJTIwJUYwJTlGJTkxJTg3JTIwJTNDYSUyMGhyZWYlM0QlMjJodHRwcyUzQSUyRiUyRnQuY28lMkZSZERPcTRJaDdKJTIyJTNFcGljLnR3aXR0ZXIuY29tJTJGUmRET3E0SWg3SiUzQyUyRmElM0UlM0MlMkZwJTNFJTI2bWRhc2glM0IlMjBSYWNlJTIwYW5kJTIwRXF1YWxpdHklMjAlMjglNDByYWNlYW5kZXF1YWxpdHklMjklMjAlM0NhJTIwaHJlZiUzRCUyMmh0dHBzJTNBJTJGJTJGdHdpdHRlci5jb20lMkZyYWNlYW5kZXF1YWxpdHklMkZzdGF0dXMlMkYxMTU2NjE1ODM5MjIwNjY2MzY4JTNGcmVmX3NyYyUzRHR3c3JjJTI1NUV0ZnclMjIlM0VKdWx5JTIwMzElMkMlMjAyMDE5JTNDJTJGYSUzRSUzQyUyRmJsb2NrcXVvdGUlM0UlMjAlM0NzY3JpcHQlMjBhc3luYyUyMHNyYyUzRCUyMmh0dHBzJTNBJTJGJTJGcGxhdGZvcm0udHdpdHRlci5jb20lMkZ3aWRnZXRzLmpzJTIyJTIwY2hhcnNldCUzRCUyMnV0Zi04JTIyJTNFJTNDJTJGc2NyaXB0JTNF[\/vc_raw_html][\/vc_column][vc_column width=\u00bb1\/2&#8243;][vc_column_text]<\/p>\n<p style=\"text-align: justify;\"><span lang=\"es\">El 23 de julio de 2019, Rodr\u00edguez<\/span><span lang=\"es\">\u00a0Garc\u00eda\u00a0inici\u00f3 una huelga de hambre dentro de la prisi\u00f3n en protesta\u00a0por\u00a0los malos tratos y austeras condiciones en que se encuentra, adem\u00e1s por las amenazas que tanto \u00e9l como su familia inmediata (madre y abuela) han recibido, situaciones que atentan contra su bienestar e integridad.\u00a0\u00a0Durante conversaci\u00f3n sostenida con la madre de\u00a0Rodr\u00edguez Garc\u00eda esta\u00a0confirma el quebrantamiento de salud\u00a0de\u00a0su hijo a causa de la desnutrici\u00f3n y el abuso f\u00edsico al que ha sido sometido\u00a0en\u00a0los \u00faltimos d\u00edas, adem\u00e1s de ser golpeado por no seguir las ordenes de las autoridades en el centro de detenci\u00f3n, este se encuentra detenido en una celda de aislamiento y obligado a dormir en el piso<\/span><span lang=\"es\">.\u00a0<\/span><\/p>\n<p>\u00a0[\/vc_column_text][\/vc_column][\/vc_row][vc_row][vc_column][vc_column_text]<\/p>\n<p style=\"text-align: justify;\"><span lang=\"es\">Alertamos a la comunidad internacional sobre la cr\u00edtica situaci\u00f3n del activista Manuel de Jes\u00fas<\/span><span lang=\"es\">\u00a0Rodriguez Garcia, quien arbitrariamente y en detrimento a lo consagrado en la\u00a0Declaraci\u00f3n\u00a0Universal de\u00a0Derechos\u00a0Humanos\u00a0esta siendo\u00a0v\u00edctima de toda clase de violaciones a sus derechos fundamentales, situaciones que atentan contra su vida e integridad.\u00a0<\/span><\/p>\n<p>[\/vc_column_text][\/vc_column][\/vc_row]<\/p>\n<\/div>","protected":false},"excerpt":{"rendered":"<p>Nilda Garc\u00eda Fleitas, madre de Manuel de Jes\u00fas Rodr\u00edguez Garc\u00eda, activista y actual preso pol\u00edtico del r\u00e9gimen cubano, alerta a la comunidad internacional sobre las deplorables condiciones en las que [&hellip;]<\/p>\n","protected":false},"author":15,"featured_media":12455,"parent":0,"menu_order":0,"template":"","format":"standard","categories":[1162,1123,1154,1161,1159],"resources_country":[1193],"resources_language":[],"resources_audience":[],"resources_format":[],"resources_topic":[1100,1106,1117],"resources_year":[],"class_list":["post-12454","resources","type-resources","status-publish","format-standard","has-post-thumbnail","hentry","category-cidh","category-cuba","category-espanol","category-oea","category-onu","resources_country-cuba-es","resources_topic-cidh","resources_topic-oea-es","resources_topic-onu"],"acf":[],"aioseo_notices":[],"_links":{"self":[{"href":"https:\/\/raceandequality.org\/es\/wp-json\/wp\/v2\/resources\/12454","targetHints":{"allow":["GET"]}}],"collection":[{"href":"https:\/\/raceandequality.org\/es\/wp-json\/wp\/v2\/resources"}],"about":[{"href":"https:\/\/raceandequality.org\/es\/wp-json\/wp\/v2\/types\/resources"}],"author":[{"embeddable":true,"href":"https:\/\/raceandequality.org\/es\/wp-json\/wp\/v2\/users\/15"}],"wp:featuredmedia":[{"embeddable":true,"href":"https:\/\/raceandequality.org\/es\/wp-json\/wp\/v2\/media\/12455"}],"wp:attachment":[{"href":"https:\/\/raceandequality.org\/es\/wp-json\/wp\/v2\/media?parent=12454"}],"wp:term":[{"taxonomy":"category","embeddable":true,"href":"https:\/\/raceandequality.org\/es\/wp-json\/wp\/v2\/categories?post=12454"},{"taxonomy":"resources_country","embeddable":true,"href":"https:\/\/raceandequality.org\/es\/wp-json\/wp\/v2\/resources_country?post=12454"},{"taxonomy":"resources_language","embeddable":true,"href":"https:\/\/raceandequality.org\/es\/wp-json\/wp\/v2\/resources_language?post=12454"},{"taxonomy":"resources_audience","embeddable":true,"href":"https:\/\/raceandequality.org\/es\/wp-json\/wp\/v2\/resources_audience?post=12454"},{"taxonomy":"resources_format","embeddable":true,"href":"https:\/\/raceandequality.org\/es\/wp-json\/wp\/v2\/resources_format?post=12454"},{"taxonomy":"resources_topic","embeddable":true,"href":"https:\/\/raceandequality.org\/es\/wp-json\/wp\/v2\/resources_topic?post=12454"},{"taxonomy":"resources_year","embeddable":true,"href":"https:\/\/raceandequality.org\/es\/wp-json\/wp\/v2\/resources_year?post=12454"}],"curies":[{"name":"wp","href":"https:\/\/api.w.org\/{rel}","templated":true}]}}