{"id":12724,"date":"2019-12-10T16:27:12","date_gmt":"2019-12-10T16:27:12","guid":{"rendered":"http:\/\/race01.wp\/resources\/dia-de-los-derechos-humanos-seguimos-comprometidos-con-la-defensa-de-los-derechos-humanos-en-america-latina\/"},"modified":"2023-05-15T04:43:43","modified_gmt":"2023-05-15T04:43:43","slug":"dia-de-los-derechos-humanos-seguimos-comprometidos-con-la-defensa-de-los-derechos-humanos-en-america-latina","status":"publish","type":"resources","link":"https:\/\/raceandequality.org\/es\/resources\/dia-de-los-derechos-humanos-seguimos-comprometidos-con-la-defensa-de-los-derechos-humanos-en-america-latina\/","title":{"rendered":"D\u00eda de los Derechos Humanos: seguimos comprometidos con la defensa de los derechos humanos en Am\u00e9rica Latina"},"content":{"rendered":"\n<p class=\"justify-text\"><strong>Washington, D.C.\n10 de diciembre de 2019.<\/strong> El Instituto\nInternacional sobre Raza, Igualdad y Derechos Humanos hoy se une a la celebraci\u00f3n\ndel D\u00eda Internacional de los Derechos Humanos, que conmemora la adopci\u00f3n de la\nDeclaraci\u00f3n Universal de Derechos Humanos por la Asamblea General de las\nNaciones Unidas. Setenta y un a\u00f1os despu\u00e9s de aprobado ese documento que marc\u00f3\nun hito en el reconocimiento de los derechos inherentes a cada ser humano,\nestableciendo que deb\u00edan respetarse sin distinci\u00f3n de la raza, color, religi\u00f3n,\nsexo, idioma, opiniones pol\u00edticas, origen, ni ninguna otra condici\u00f3n, el\nInstituto sobre Raza, Igualdad y Derechos Humanos &#8211; <strong>Raza e Igualdad<\/strong> &#8211; contin\u00faa\nabogando por el cumplimiento y la defensa de dicha Declaraci\u00f3n. <\/p>\n\n\n\n<p class=\"justify-text\">Durante este d\u00eda, recordamos que la situaci\u00f3n de derechos humanos en Am\u00e9rica Latina es cr\u00edtica y por lo tanto se necesita un urgente accionar de los Estados para velar y garantizar efectivamente los derechos de sus ciudadanos, especialmente de aquellas poblaciones que hist\u00f3ricamente han sido marginadas.<\/p>\n\n\n\n<p class=\"justify-text\">En <strong>Cuba<\/strong>, nos preocupa la situaci\u00f3n de los prisioneros pol\u00edticos y del hostigamiento y represi\u00f3n en contra de activistas y periodistas independientes. El caso del preso pol\u00edtico Jos\u00e9 Daniel Ferrer Garc\u00eda, coordinador general y fundador de la Uni\u00f3n Patri\u00f3tica de Cuba (UNPACU), es alarmante, pues han pasado tres meses desde su detenci\u00f3n, no ha tenido un proceso judicial y sufre malos tratos en los calabozos de la prisi\u00f3n en que se encuentra detenido. Su situaci\u00f3n es especialmente preocupante porque podr\u00eda correr la misma suerte de varias otras activistas independientes que han sido condenadas por delitos comunes despu\u00e9s de expresar su opiniones. Por ejemplo, la Dama de Blanco Martha S\u00e1nchez est\u00e1 en prisi\u00f3n actualmente bajo una condena de 4 a\u00f1os y medio. De la misma manera, es alarmante la situaci\u00f3n de activistas y periodistas independientes que sufren de restricciones de viajes sin raz\u00f3n legal alguna, lo que viola el derecho a la libre circulaci\u00f3n de todo ciudadano cubano. En relaci\u00f3n con esta situaci\u00f3n, apoyamos la propuesta de una demostraci\u00f3n pac\u00edfica y simb\u00f3lica a favor de los derechos de libre circulaci\u00f3n que se llevar\u00e1 a cabo este martes en la terminal del Aeropuerto Internacional Jos\u00e9 Mart\u00ed. Recordamos que toda demostraci\u00f3n o expresi\u00f3n pacifica de un individuo constituye un derecho inalienable bajo las leyes internacionales.  <\/p>\n\n\n\n<p class=\"justify-text\">En <strong>Nicaragua, <\/strong>la grave crisis pol\u00edtica y de derechos humanos que el pa\u00eds atraviesa desde hace casi 20 meses no parece mejorar, pues las autoridades se reh\u00fasan a respetar las voces disidentes y contin\u00faan violando los derechos humanos de los nicarag\u00fcenses, incluyendo el derecho a la manifestaci\u00f3n, a la libre movilizaci\u00f3n y a la libertad de expresi\u00f3n y de prensa. Hasta la fecha, se contabilizan alrededor de 150 presos y presas pol\u00edticas, quienes atraviesan juicios viciados y carentes de garant\u00edas constitucionales. Tampoco se ha permitido el retorno al pa\u00eds de organismos internacionales como la Oficina de la Alta Comisionada de las Naciones Unidas para los Derechos Humanos (OACNUDH) o la Comisi\u00f3n Interamericana de Derechos Humanos (CIDH), mientras que las organizaciones locales se enfrentan a la persecuci\u00f3n y el asedio permanente por parte de polic\u00edas y grupos afines al Gobierno.  <\/p>\n\n\n\n<p class=\"justify-text\">En <strong>Colombia<\/strong>, las m\u00faltiples violencias que se viven tras la firma del Acuerdo de Paz no permiten pensar en la superaci\u00f3n real de las desigualdades, marginaci\u00f3n, terror y violencia que a\u00fan se vive en los territorios colombianos.&nbsp;El asesinato sistem\u00e1tico de l\u00edderes y lideresas sociales es uno de los fen\u00f3menos que hoy por hoy m\u00e1s laceran la integridad de quienes defienden los derechos humanos.&nbsp;Seg\u00fan cifras oficiales, entre enero del 2016 y agosto de 2018 se reportaron aproximadamente 343 asesinatos de l\u00edderes sociales, sin embargo, organizaciones de la sociedad civil reportan m\u00e1s de 400, de los cuales alrededor del 40% fueron asesinatos contra l\u00edderes afrodescendientes e ind\u00edgenas. A esto se le suma el \u201cgenocidio estad\u00edstico\u201d que representan los \u00faltimos resultados de la encuesta poblacional: las cifras oficiales reportaron 2,9 millones de personas que se auto-reconoc\u00edan como afrodescendientes en el Censo de 2018, al menos un mill\u00f3n menos de las reportadas en el Censo de 2005. &nbsp;En este mes, despu\u00e9s de dos semanas de paros nacionales y movilizaciones sociales del pueblo colombiano que demanda al Estado respuestas inmediatas y urgentes frente a las graves violaciones a los derechos fundamentales, el incumplimiento en la implementaci\u00f3n efectiva del Acuerdo de Paz, y los compromisos asumidos en materia de la verdad, justicia, reparaci\u00f3n y garant\u00edas de no repetici\u00f3n representantes de las organizaciones de sociedad civil siguen apostando a la construcci\u00f3n de la paz por una v\u00eda pac\u00edfica que posibilite el encuentro en la diferencia.<\/p>\n\n\n\n<figure class=\"wp-block-image is-resized\"><img decoding=\"async\" data-src=\"https:\/\/raceandequality.org\/wp-content\/uploads\/2023\/04\/RE-y-contrapartes.jpeg\" alt=\"\" class=\"wp-image-7800 lazyload\" width=\"1280\" height=\"853\" src=\"data:image\/svg+xml;base64,PHN2ZyB3aWR0aD0iMSIgaGVpZ2h0PSIxIiB4bWxucz0iaHR0cDovL3d3dy53My5vcmcvMjAwMC9zdmciPjwvc3ZnPg==\" style=\"--smush-placeholder-width: 1280px; --smush-placeholder-aspect-ratio: 1280\/853;\" \/><figcaption>Parte del equipo de Raza e Igualdad con defensores de derechos humanos de Am\u00e9rica Latina. <\/figcaption><\/figure>\n\n\n\n<p class=\"justify-text\">Durante el a\u00f1o de 2019, la persistencia de la violencia y discriminaci\u00f3n contra la <strong>poblaci\u00f3n afro-LGBTI<\/strong> ha sido una problem\u00e1tica que ha venido siendo estudiada de manera m\u00e1s cercana por los Sistemas Internacionales de protecci\u00f3n de Derechos Humanos. Durante este a\u00f1o se celebr\u00f3 la Audiencia sobre la situaci\u00f3n de la poblaci\u00f3n Afro-LGBTI de las Am\u00e9ricas ante la Comisi\u00f3n Interamericana de Derechos Humanos, con presencia de representantes de Brasil, Colombia, Rep\u00fablica Dominicana y Per\u00fa; por su parte, el Experto Independiente sobre OSIG de la ONU, Victor Madrigal, &nbsp;se reuni\u00f3 en Colombia con organizaciones afro LGBTI en Cartagena y la Comisionada Margarette Macaulay visit\u00f3 activistas Afro-LGBTI de la Favela de Mar\u00e9 en R\u00edo de Janeiro en Brasil.<\/p>\n\n\n\n<p class=\"justify-text\">Todas estas actividades se enmarcan en un a\u00f1o en el que ha persistido la violencia contra las personas Afro-LGBTI.&nbsp;&nbsp;<strong>Brasil <\/strong>sigue siendo el pa\u00eds con mayor cantidad de asesinatos contra las personas trans del mundo. Seg\u00fan los datos actuales de la Asociaci\u00f3n Nacional de Personas Trans en Brasil ANTRA, al menos 106 personas transg\u00e9nero fueron asesinadas en Brasil hasta noviembre de 2019, muchas de estas v\u00edctimas son mujeres trans afrodescendientes. Con otras dimensiones, la violencia contra la poblaci\u00f3n Afro-LGBTI en pa\u00edses como Colombia y <strong>Rep\u00fablica Dominicana<\/strong>, persiste, con la ocurrencia de casos de homicidio. Otras expresiones de la violencia, como en el caso de Nicaragua, est\u00e1n fuertemente asociadas a un contexto represivo pol\u00edtico y religioso que impacta en la vida de los y las activistas LGBTI, llegando incluso a situaciones como el exilio, para evitar detenciones arbitrarias y torturas.&nbsp;&nbsp;<\/p>\n\n\n\n<p class=\"justify-text\">En <strong>M\u00e9xico, Panam\u00e1<\/strong> y <strong>Per\u00fa<\/strong>, la incorporaci\u00f3n de preguntas de auto-identificaci\u00f3n racial y \u00e9tnica en los censos de poblaci\u00f3n y vivienda sigue siendo un gran desaf\u00edo en la recolecci\u00f3n de datos estad\u00edsticos reales y permanentes que reflejen las caracter\u00edsticas de la poblaci\u00f3n afrodescendiente e ind\u00edgena de esos Estados. Organizaciones de la sociedad civil han denunciado en m\u00faltiples ocasiones que la falta de informaci\u00f3n estad\u00edstica sobre pueblos \u00e9tnicos se debe, entre otras cosas, a una falta de trabajo dial\u00f3gico y participativo que procure la elaboraci\u00f3n de preguntas de auto identificaci\u00f3n racial en conjunto con las comunidades \u00e9tnicas. Al contrario, los censos contienen preguntas que carecen de contexto, lo que conlleva a que los pueblos no las comprendan y esto se derive en datos estad\u00edsticos err\u00f3neos, incompletos o no abordados en los censos. Por tal raz\u00f3n, la creaci\u00f3n de planes, programas o pol\u00edticas de gobierno en beneficio de la superaci\u00f3n de las realidades de desigualdad e injusticia social de esta poblaci\u00f3n son tan complejos de materializar e implementar.<\/p>\n\n\n\n<p class=\"justify-text\">Al cumplirse <strong>cinco a\u00f1os<\/strong> de fundado el Instituto Internacional sobre Raza, Igualdad y Derechos Humanos, seguimos comprometidos con la defensa de los derechos humanos en la regi\u00f3n, especialmente en los pa\u00edses en los que trabajamos: Cuba, Nicaragua, Colombia, Brasil, Rep\u00fablica Dominicana, M\u00e9xico, Panam\u00e1 y Per\u00fa. Continuamos trabajando para promover y proteger los derechos humanos de poblaciones en condiciones de marginalidad, ya sea por su origen nacional o \u00e9tnico, por su orientaci\u00f3n sexual o identidad de g\u00e9nero; adem\u00e1s de aquellos que piensan y muestran opiniones distintas. Este 10 de diciembre reafirmamos nuestros deseos de aportar a la construcci\u00f3n de una sociedad equitativa para todos y todas, sobre la base de la Declaraci\u00f3n Universal de Derechos Humanos.<\/p>\n","protected":false},"excerpt":{"rendered":"<p>Washington, D.C. 10 de diciembre de 2019. El Instituto Internacional sobre Raza, Igualdad y Derechos Humanos hoy se une a la celebraci\u00f3n del D\u00eda Internacional de los Derechos Humanos, que [&hellip;]<\/p>\n","protected":false},"author":15,"featured_media":9943,"parent":0,"menu_order":0,"template":"","format":"standard","categories":[1165,1125,1122,1123,1138,1166,1169,1163],"resources_country":[1193,1197,1199,1195],"resources_language":[],"resources_audience":[],"resources_format":[],"resources_topic":[1109],"resources_year":[],"class_list":["post-12724","resources","type-resources","status-publish","format-standard","has-post-thumbnail","hentry","category-blog-es","category-brazil","category-colombia","category-cuba","category-dominican-republic","category-mexico","category-nicaragua","category-regional","resources_country-cuba-es","resources_country-mexico-es","resources_country-nicaragua-es","resources_country-republica-dominicana","resources_topic-raza-e-igualdad"],"acf":[],"aioseo_notices":[],"_links":{"self":[{"href":"https:\/\/raceandequality.org\/es\/wp-json\/wp\/v2\/resources\/12724","targetHints":{"allow":["GET"]}}],"collection":[{"href":"https:\/\/raceandequality.org\/es\/wp-json\/wp\/v2\/resources"}],"about":[{"href":"https:\/\/raceandequality.org\/es\/wp-json\/wp\/v2\/types\/resources"}],"author":[{"embeddable":true,"href":"https:\/\/raceandequality.org\/es\/wp-json\/wp\/v2\/users\/15"}],"wp:featuredmedia":[{"embeddable":true,"href":"https:\/\/raceandequality.org\/es\/wp-json\/wp\/v2\/media\/9943"}],"wp:attachment":[{"href":"https:\/\/raceandequality.org\/es\/wp-json\/wp\/v2\/media?parent=12724"}],"wp:term":[{"taxonomy":"category","embeddable":true,"href":"https:\/\/raceandequality.org\/es\/wp-json\/wp\/v2\/categories?post=12724"},{"taxonomy":"resources_country","embeddable":true,"href":"https:\/\/raceandequality.org\/es\/wp-json\/wp\/v2\/resources_country?post=12724"},{"taxonomy":"resources_language","embeddable":true,"href":"https:\/\/raceandequality.org\/es\/wp-json\/wp\/v2\/resources_language?post=12724"},{"taxonomy":"resources_audience","embeddable":true,"href":"https:\/\/raceandequality.org\/es\/wp-json\/wp\/v2\/resources_audience?post=12724"},{"taxonomy":"resources_format","embeddable":true,"href":"https:\/\/raceandequality.org\/es\/wp-json\/wp\/v2\/resources_format?post=12724"},{"taxonomy":"resources_topic","embeddable":true,"href":"https:\/\/raceandequality.org\/es\/wp-json\/wp\/v2\/resources_topic?post=12724"},{"taxonomy":"resources_year","embeddable":true,"href":"https:\/\/raceandequality.org\/es\/wp-json\/wp\/v2\/resources_year?post=12724"}],"curies":[{"name":"wp","href":"https:\/\/api.w.org\/{rel}","templated":true}]}}