{"id":12729,"date":"2019-12-11T20:14:28","date_gmt":"2019-12-11T20:14:28","guid":{"rendered":"http:\/\/race01.wp\/resources\/pronunciamiento-de-la-sociedad-civil-con-ocasion-de-la-actualizacion-oral-sobre-la-situacion-en-nicaragua-que-realizara-acnudh\/"},"modified":"2023-05-10T11:42:07","modified_gmt":"2023-05-10T11:42:07","slug":"pronunciamiento-de-la-sociedad-civil-con-ocasion-de-la-actualizacion-oral-sobre-la-situacion-en-nicaragua-que-realizara-acnudh","status":"publish","type":"resources","link":"https:\/\/raceandequality.org\/es\/resources\/pronunciamiento-de-la-sociedad-civil-con-ocasion-de-la-actualizacion-oral-sobre-la-situacion-en-nicaragua-que-realizara-acnudh\/","title":{"rendered":"Pronunciamiento de la sociedad civil con ocasi\u00f3n de la actualizaci\u00f3n oral sobre la situaci\u00f3n en Nicaragua que realizar\u00e1 ACNUDH"},"content":{"rendered":"\n<p class=\"justify-text\"><strong>11 de diciembre de 2019.<\/strong> Organizaciones\nde la sociedad civil queremos expresar a la Alta Comisionada de las Naciones\nUnidas, Michelle Bachelet, nuestra alarma por el escalamiento de la represi\u00f3n\nen Nicaragua y la renuencia del Estado de Nicaragua a dar respuesta a los\nllamados contenidos en la resoluci\u00f3n \u201cPromoci\u00f3n y protecci\u00f3n de los derechos\nhumanos en Nicaragua\u201d (A\/HRC\/40\/L.8) aprobada por el Consejo de Derechos\nHumanos de las Naciones Unidas en marzo de 2019. &nbsp;<\/p>\n\n\n\n<p class=\"justify-text\">En este sentido y a casi un a\u00f1o de la adopci\u00f3n de la mencionada resoluci\u00f3n, las organizaciones que suscribimos el presente, queremos dar cuenta de que las preocupaciones, solicitudes y llamados contenidos en dicha resoluci\u00f3n siguen hoy vigentes:<\/p>\n\n\n\n<p>1. <strong>Las graves violaciones de derechos humanos cometidas en Nicaragua desde abril de 2018<\/strong><\/p>\n\n\n\n<blockquote class=\"wp-block-quote is-layout-flow wp-block-quote-is-layout-flow\"><p>Contin\u00faan lasagresiones, amenazas y represalias hacia defensores de derechos humanos, periodistas, ind\u00edgenas y afrodescendientes, personas LGBTI, excarcelados, familiares de v\u00edctimas de la represi\u00f3n, ni\u00f1os, ni\u00f1as y adolescentes, miembros de la Iglesia cat\u00f3lica y ciudadanos que ejercen su derecho a disentir. Se siguen registrando allanamientos ilegales y tratos degradantes por parte de la Polic\u00eda, como el reciente <a href=\"https:\/\/raceandequality.org\/259\">caso<\/a> de la familia Reyes Alonso. Tambi\u00e9n la violencia policial con efectos letales persiste, sobre todo en el campo, donde organizaciones contabilizan que unos 30 l\u00edderes campesinos asesinados entre abril de 2018 y septiembre de 2019, en hechos que podr\u00edan constituir ejecuciones extrajudiciales. <\/p><\/blockquote>\n\n\n\n<p><strong>2.&nbsp;Restricciones al espacio c\u00edvico y las expresiones de disensi\u00f3n en Nicaragua<\/strong><\/p>\n\n\n\n<blockquote class=\"wp-block-quote is-layout-flow wp-block-quote-is-layout-flow\"><p>&nbsp;No se ha restablecido la personer\u00eda jur\u00eddica de nueve organizaciones no gubernamentales que desde diciembre de 2018 fueron cerradas con la intenci\u00f3n de poner fin a d\u00e9cadas de trabajo en defensa de los derechos humanos y la democracia. Sus bienes est\u00e1n bajo ocupaci\u00f3n de la Polic\u00eda. Los medios de comunicaci\u00f3n Confidencial y 100% Noticias, contin\u00faan sin poder transmitir en televisi\u00f3n abierta y sus oficinas y equipos de trabajo fueron ocupados ilegalmente desde hace casi un a\u00f1o. <\/p><\/blockquote>\n\n\n\n<p>3. <strong>Respeto a los derechos a la libertad de reuni\u00f3n pac\u00edfica, de asociaci\u00f3n y de expresi\u00f3n<\/strong><\/p>\n\n\n\n<blockquote class=\"wp-block-quote is-layout-flow wp-block-quote-is-layout-flow\"><p>No se ha dejado sin efecto la <a href=\"https:\/\/raceandequality.org\/260\">restricci\u00f3n policial<\/a> de respetar el derecho a la manifestaci\u00f3n. El Gobierno tampoco ha atendido el llamado de la comunidad internacional a poner en libertad a las personas detenidas arbitraria o ilegalmente. Si bien es cierto que m\u00e1s de 400 personas fueron excarceladas entre febrero y mayo de este a\u00f1o, la Alianza C\u00edvica por la Justicia y la Democracia registra que al mes de noviembre al menos 159 personas contin\u00faan presas, entre ellos dos adolescentes. Entre estos presos pol\u00edticos se incluyen 16 defensores detenidos en noviembre por llevar agua a un grupo de madres en huelga de hambre. Estas personas son criminalizadas por su oposici\u00f3n al gobierno y por su trabajo de denuncia y protecci\u00f3n de los derechos humanos. <\/p><\/blockquote>\n\n\n\n<p>4. <strong>Cooperaci\u00f3n con la Oficina de la Alta Comisionada, los mecanismos del Consejo de Derechos Humanos y los \u00f3rganos creados en virtud de tratados competentes, as\u00ed como con la Organizaci\u00f3n de los Estados Americanos y la Comisi\u00f3n Interamericana de Derechos Humanos (CIDH)<\/strong><\/p>\n\n\n\n<blockquote class=\"wp-block-quote is-layout-flow wp-block-quote-is-layout-flow\"><p>El 30 de agosto de 2018, el Ministro de Relaciones Exteriores de Nicaragua rescindi\u00f3 la invitaci\u00f3n al ACNUDH y en diciembre de 2018 decidi\u00f3 expulsar del pa\u00eds al Grupo Interdisciplinario de Expertos Independientes (GIEI) y al Mecanismo Especial de Seguimiento para Nicaragua (MESENI) de la CIDH. Desde esa esa fecha no han podido <a href=\"https:\/\/raceandequality.org\/261\">ingresar de nuevo<\/a> al pa\u00eds, a pesar de m\u00faltiples solicitudes.<\/p><\/blockquote>\n\n\n\n<p>5. <strong>La reanudaci\u00f3n del di\u00e1logo nacional<\/strong><\/p>\n\n\n\n<blockquote class=\"wp-block-quote is-layout-flow wp-block-quote-is-layout-flow\"><p>El Gobierno sigue sin aceptar su retorno a la mesa de di\u00e1logo ni la disposici\u00f3n de las organizaciones de la sociedad civil de dar cumplimiento a la hoja de ruta que se hab\u00eda aprobado en el di\u00e1logo anterior iniciado en febrero de 2019. Si bien la Asamblea de Nicaragua aprob\u00f3 la Ley 985 en enero de este a\u00f1o, que tiene por objeto \u201cestablecer el marco jur\u00eddico general que garantiza una Cultura de Di\u00e1logo\u201d, esta ley no contempla las m\u00faltiples violaciones de los derechos humanos desde abril de 2018, ni considera como sujetos de di\u00e1logo a los miembros de la oposici\u00f3n o defensores de derechos humanos. <\/p><\/blockquote>\n\n\n\n<p>6. <strong>Un proceso de rendici\u00f3n de cuentas exhaustivo y transparente a fin de asegurar que las v\u00edctimas de violaciones y abusos de los derechos humanos en Nicaragua puedan acceder a la justicia y a la reparaci\u00f3n <\/strong><\/p>\n\n\n\n<blockquote class=\"wp-block-quote is-layout-flow wp-block-quote-is-layout-flow\"><p>El Gobierno de Nicaragua contin\u00faa <a href=\"https:\/\/raceandequality.org\/262\">negando<\/a> las denuncias de violaciones de derechos humanos y pretende perpetuar la impunidad mediante instrumentos jur\u00eddicos como: la Ley de Amnist\u00eda aprobada en junio de 2019, la cual no cumple con los est\u00e1ndares de derechos humanos respecto a la rendici\u00f3n de cuentas y no han contado con la participaci\u00f3n de la sociedad civil en su proceso de adopci\u00f3n; o la Ley de Atenci\u00f3n Integral a V\u00edctimas aprobada en mayo pasado, la cual no recoge el derecho de las v\u00edctimas para interponer recursos ante las autoridades judiciales, y contin\u00faa se\u00f1alando a las personas opositoras al gobierno como autores de un golpe de estado fallido y no como v\u00edctimas de la represi\u00f3n. Tampoco se ha rendido cuentas sobre los 328 asesinatos documentados por la CIDH, ni se ha procesado judicialmente a los autores materiales e intelectuales de dichos cr\u00edmenes. <\/p><\/blockquote>\n\n\n\n<p>7. <strong>Informe exhaustivo de la Alta Comisionada de las Naciones Unidas para los Derechos Humanos sobre la situaci\u00f3n de los derechos humanos en Nicaragua <\/strong><\/p>\n\n\n\n<blockquote class=\"wp-block-quote is-layout-flow wp-block-quote-is-layout-flow\"><p>Las organizaciones que suscribimos el presente, alertamos respecto al riesgo de mayor violencia, por un lado, teniendo en cuenta que las causas que motivaron las protestas de abril no han sido atendidas por parte del Estado; y por otro, previendo las tensiones una vez se vayan acercando las elecciones de noviembre de 2021 y cobren mayor fuerza los esfuerzos del gobierno de Nicaragua por reelegirse sin las indispensables garant\u00edas democr\u00e1ticas. Al d\u00eda de hoy, en Nicaragua, no existen indicios de que las autoridades tengan voluntad para garantizar verdad, justicia y reparaci\u00f3n para las v\u00edctimas de la represi\u00f3n y sus familiares. <\/p><\/blockquote>\n\n\n\n<p class=\"justify-text\">Las organizaciones que suscribimos el presente pronunciamiento pedimos a Alta Comisionada de las Naciones Unidas para los Derechos Humanos que tenga en cuenta el contexto antes expuesto para su pr\u00f3xima actualizaci\u00f3n oral a realizarse en marzo de 2020. Adem\u00e1s, instamos al Consejo de Derechos Humanos de las Naciones Unidas y a las misiones diplom\u00e1ticas ante las Naciones Unidas que se renueve la resoluci\u00f3n \u201cPromoci\u00f3n y protecci\u00f3n de los derechos humanos en Nicaragua\u201d para que OACNUDH contin\u00fae monitoreando y documentando la grave situaci\u00f3n de derechos humanos en Nicaragua. <\/p>\n\n\n\n<p><strong>Suscriben:\n<\/strong><\/p>\n\n\n\n<ul class=\"wp-block-list\"><li>Instituto Internacional sobre Raza, Igualdad y Derechos Humanos (Raza e Igualdad)<\/li><li>Servicio Internacional para los Derechos Humanos (ISHR)<\/li><li>CIVICUS: World Alliance for Citizen Participation<\/li><li>Iniciativa Mesoamericana de Mujeres Defensoras de Derechos Humanos (IM-Defensoras)<\/li><li>Fondo de Acci\u00f3n Urgente para Am\u00e9rica Latina y el Caribe (FAU-AL)<\/li><li>Centro por la Justicia y el Derecho Internacional (CEJIL)<\/li><li>Concertaci\u00f3n Interamericana de Mujeres en Acci\u00f3n <\/li><li>Arrupe Human Rights Observatory (USF)<\/li><li>Centro Nicarag\u00fcense de Derechos Humanos (CENIDH)<\/li><li>Comisi\u00f3n Permanente de Derechos Humanos (CPDH)<\/li><li>Centro de Informaci\u00f3n y Servicios de Asesor\u00eda en Salud (CISAS &#8211; Costa Rica)<\/li><li>Iniciativa Nicarag\u00fcenses de Defensoras (IN-Defensoras)<\/li><li>Comit\u00e9 de Am\u00e9rica Latina y El Caribe para la Defensa de los Derechos de las Mujeres (CLADEM)<\/li><li>Asociaci\u00f3n Madres de Abril (AMA)<\/li><li>Colectivo de Derechos Humanos Nicaragua Nunca +<\/li><li>Fundaci\u00f3n Puntos de Encuentro <\/li><li>Instituto de Estudios Estrat\u00e9gicos y Pol\u00edticas P\u00fablicas (IEEPP)<\/li><li>Academia Nicarag\u00fcense de las Ciencias Jur\u00eddicas y Pol\u00edticas<\/li><li>Academia de Ciencias de Nicaragua (ACN)<\/li><li>Centro de Investigaci\u00f3n de la Comunicaci\u00f3n (CINCO)<\/li><li>Fundaci\u00f3n Violeta Barrios de Chamorro (FVBCH)<\/li><li>Instituto de Liderazgo de Las Segovias (ILLS)<\/li><li>Asociaci\u00f3n Hagamos Democracia (Hademos)<\/li><li>Instituto para el Desarrollo y la Democracia (IPADE) <\/li><li>Centro por la Justicia y Derechos Humanos de la Costa Atl\u00e1ntica de Nicaragua (CEJUDHCAN)<\/li><li>Centro de Asistencia Legal a Pueblos Ind\u00edgenas (CALPI)<\/li><li>Centro de Investigaci\u00f3n y Acci\u00f3n Educativa Social (CIASES)<\/li><li>Unidad de Defensa Jur\u00eddica (UDJ)<\/li><li>Movimiento por Nicaragua (MpN)<\/li><li>Movimiento Aut\u00f3nomo de Mujeres (MAM)<\/li><li>Red de Mujeres Contra la Violencia (RMCV)<\/li><li>Red de Mujeres de Matagalpa<\/li><li>Colectivo de Mujeres de Matagalpa<\/li><li>Asociaci\u00f3n Colectivo de Mujeres 8 de Marzo<\/li><li>Movimiento de j\u00f3venes feministas Las Malcriadas<\/li><li>Grupo L\u00e9sbico Feminista Artemisa <\/li><li>Mesa Nacional LGBTIQ Nicaragua<\/li><li>Fundaci\u00f3n POPOL NA<\/li><li>Fundaci\u00f3n del R\u00edo<\/li><li>Radio Dar\u00edo <\/li><li>100% Noticias<\/li><li>Radio La Coste\u00f1\u00edsima <\/li><li>Confidencial <\/li><li>Periodistas y Comunicadores Independientes de Nicaragua (PCIN)<\/li><li>Movimiento Nicarag\u00fcense de Profesionales del Turismo <\/li><li>Centro de Estudios y Capacitaci\u00f3n Familiar (CEFA) <\/li><li>Centro de la Mujer ACCI\u00d3N YA<\/li><li>Acci\u00f3n en Red <\/li><li>Asociaci\u00f3n Agentes de Cambio<\/li><li>Cotidiano Mujer<\/li><li>Centro de la Mujer Peruana \u201cFlora Trist\u00e1n\u201d<\/li><li>DEMUS &#8211; Estudio para la Defensa de los Derechos de la Mujer, Per\u00fa<\/li><li>Colectivo por la Igualdad de G\u00e9nero Piura <\/li><li>Feministas por la Democracia<\/li><li>Grupo Impulsor Mujeres y Cambio Clim\u00e1tico (GIMCC)<\/li><li>Activismo Digital Nicarag\u00fcense (ADNIC)<\/li><li>Acci\u00f3n Universitaria<\/li><li>Unidos por Nicaragua<\/li><li>Movimiento Coste\u00f1o Autoconvocado <\/li><li>Movimiento Universitario Coste\u00f1o 19 de Abril<\/li><li>Comit\u00e9 C\u00edvico Universitario<\/li><li>Movimiento 19 de Abril de Rivas<\/li><li>Morada Feminista Nicaragua UK<\/li><li>Unidad por los Exiliados Nicarag\u00fcenses en Panam\u00e1 <\/li><li>Feministas Autoconvocadas de Barcelona <\/li><li>SOS Nicaragua Madrid<\/li><li>Feministas Madrid por Nicaragua<\/li><li>GENERA<\/li><li>Movimientos Sociales de Nueva Segovia<\/li><li>Movimiento 19 de abril Matagalpa<\/li><li>SOS Nicaragua France<\/li><\/ul>\n","protected":false},"excerpt":{"rendered":"<p>11 de diciembre de 2019. Organizaciones de la sociedad civil queremos expresar a la Alta Comisionada de las Naciones Unidas, Michelle Bachelet, nuestra alarma por el escalamiento de la represi\u00f3n [&hellip;]<\/p>\n","protected":false},"author":15,"featured_media":9714,"parent":0,"menu_order":0,"template":"","format":"standard","categories":[1169,1159],"resources_country":[1199],"resources_language":[],"resources_audience":[],"resources_format":[],"resources_topic":[1117],"resources_year":[],"class_list":["post-12729","resources","type-resources","status-publish","format-standard","has-post-thumbnail","hentry","category-nicaragua","category-onu","resources_country-nicaragua-es","resources_topic-onu"],"acf":[],"aioseo_notices":[],"_links":{"self":[{"href":"https:\/\/raceandequality.org\/es\/wp-json\/wp\/v2\/resources\/12729","targetHints":{"allow":["GET"]}}],"collection":[{"href":"https:\/\/raceandequality.org\/es\/wp-json\/wp\/v2\/resources"}],"about":[{"href":"https:\/\/raceandequality.org\/es\/wp-json\/wp\/v2\/types\/resources"}],"author":[{"embeddable":true,"href":"https:\/\/raceandequality.org\/es\/wp-json\/wp\/v2\/users\/15"}],"wp:featuredmedia":[{"embeddable":true,"href":"https:\/\/raceandequality.org\/es\/wp-json\/wp\/v2\/media\/9714"}],"wp:attachment":[{"href":"https:\/\/raceandequality.org\/es\/wp-json\/wp\/v2\/media?parent=12729"}],"wp:term":[{"taxonomy":"category","embeddable":true,"href":"https:\/\/raceandequality.org\/es\/wp-json\/wp\/v2\/categories?post=12729"},{"taxonomy":"resources_country","embeddable":true,"href":"https:\/\/raceandequality.org\/es\/wp-json\/wp\/v2\/resources_country?post=12729"},{"taxonomy":"resources_language","embeddable":true,"href":"https:\/\/raceandequality.org\/es\/wp-json\/wp\/v2\/resources_language?post=12729"},{"taxonomy":"resources_audience","embeddable":true,"href":"https:\/\/raceandequality.org\/es\/wp-json\/wp\/v2\/resources_audience?post=12729"},{"taxonomy":"resources_format","embeddable":true,"href":"https:\/\/raceandequality.org\/es\/wp-json\/wp\/v2\/resources_format?post=12729"},{"taxonomy":"resources_topic","embeddable":true,"href":"https:\/\/raceandequality.org\/es\/wp-json\/wp\/v2\/resources_topic?post=12729"},{"taxonomy":"resources_year","embeddable":true,"href":"https:\/\/raceandequality.org\/es\/wp-json\/wp\/v2\/resources_year?post=12729"}],"curies":[{"name":"wp","href":"https:\/\/api.w.org\/{rel}","templated":true}]}}