{"id":12751,"date":"2020-01-09T20:59:20","date_gmt":"2020-01-09T20:59:20","guid":{"rendered":"http:\/\/race01.wp\/resources\/91-presos-politicos-son-excarcelados-en-nicaragua-asedio-continua\/"},"modified":"2023-05-10T11:52:22","modified_gmt":"2023-05-10T11:52:22","slug":"91-presos-politicos-son-excarcelados-en-nicaragua-asedio-continua","status":"publish","type":"resources","link":"https:\/\/raceandequality.org\/es\/resources\/91-presos-politicos-son-excarcelados-en-nicaragua-asedio-continua\/","title":{"rendered":"91 presos pol\u00edticos son excarcelados en Nicaragua, asedio contin\u00faa"},"content":{"rendered":"\n<p class=\"justify-text\"><em>Washington D.C., 9 de enero de 2020. <\/em>El Gobierno de Nicaragua excarcel\u00f3 el\npasado 30 de diciembre a 91 presos y presas pol\u00edticas que se encontraban\ndetenidos en diversos centros penitenciarios del pa\u00eds desde hac\u00eda dos y hasta\ndieciocho meses, entre ellos diecis\u00e9is activistas que fueron apresados por\nrepartir agua a las madres de presos pol\u00edticos que realizaban una huelga de\nhambre.&nbsp; &nbsp;<\/p>\n\n\n\n<p class=\"justify-text\">Las excarcelaciones se dan en un contexto de amplia presi\u00f3n\nnacional e internacional por la liberaci\u00f3n de los presos pol\u00edticos. Las\nautoridades reconocieron el acompa\u00f1amiento en el proceso del Comit\u00e9\nInternacional de la Cruz Roja, la Procuradur\u00eda de Derechos Humanos y el nuncio\napost\u00f3lico en Nicaragua, Waldemar Sommertag.<\/p>\n\n\n\n<p class=\"justify-text\">El pasado 30 de diciembre, los presos pol\u00edticos fueron\ntrasladados a sus viviendas bajo el r\u00e9gimen de convivencia familiar, seg\u00fan\ninform\u00f3 el Ministerio de Gobernaci\u00f3n de Nicaragua. Esto significa que a\u00fan\ntienen abiertos los procesos judiciales, y que tienen ciertas restricciones de\nmovilizaci\u00f3n. <\/p>\n\n\n\n<p class=\"justify-text\">La banda de las y los aguadores, como es conocida la\nagrupaci\u00f3n de 16 activistas excarcelados, denunciaron este mi\u00e9rcoles que todo\nsu proceso judicial se dio \u201cde forma totalmente irregular, y condicionado con\nuna serie de restricciones, que nos dejan muy en claro que seguimos siendo\ntratados como culpables, aunque no hemos sido juzgados\u201d. Su juicio est\u00e1\nprogramado para el 30 de enero.<\/p>\n\n\n\n<p class=\"justify-text\">De acuerdo con datos del Centro Nicarag\u00fcense de Derechos Humanos (CENIDH), entre los 91 excarcelados, se encuentran 41 que ya hab\u00edan sido condenados, 39 que est\u00e1n siendo procesados, y 4 que estaban detenidos pero sin tener un proceso judicial abierto. <\/p>\n\n\n\n<p><\/p>\n\n\n\n<p style=\"color:#97298c\" class=\"has-text-color\"><strong>Represi\u00f3n contin\u00faa<\/strong><\/p>\n\n\n\n<p class=\"justify-text\">Varios excarcelados adem\u00e1s han reportado que desde su salida\nde prisi\u00f3n han sido v\u00edctimas de amenazas, asedio y hostigamientos por parte de\ngrupos afines al Gobierno y la misma Polic\u00eda Nacional. <\/p>\n\n\n\n<p class=\"justify-text\">La joven belga-nicarag\u00fcense Amaya Coppens, ha sido blanco de\ndiversas agresiones. El 1 y 2 de enero, un grupo de hombres a bordo de\nmotocicletas, lanzaron aceite negro en las paredes de su casa y piedras a los\nventanales de la vivienda ubicada en la ciudad de Estel\u00ed. El lugar, adem\u00e1s, es\ncontinuamente vigilado por patrullas policiales. <\/p>\n\n\n\n<p class=\"justify-text\">\u201cLas\nagresiones, el asedio, contin\u00faan en el d\u00eda a d\u00eda, es dif\u00edcil saber que mi\nfamilia sigue siendo v\u00edctima tambi\u00e9n, pero intentamos mantenernos protegidos\nhasta donde podemos\u201d, dijo Coppens este mi\u00e9rcoles, tras una conferencia de\nprensa. &nbsp;<\/p>\n\n\n\n<p class=\"justify-text\">El CENIDH solicit\u00f3 a la Comisi\u00f3n Interamericana de Derechos\nHumanos (CIDH), evaluar la permanencia del riesgo de que se produzca un da\u00f1o\nirreparable en los derechos a la vida y la integridad f\u00edsica de la familia\nCoppens Zamora, y que urja al Estado de Nicaragua a cesar las \u201cagresiones y\nhostigamientos de sus grupos parapoliciales y funcionarios en contra de todos\nlos miembros\u201d de dicha familia. <\/p>\n\n\n\n<p class=\"justify-text\">Amaya, al igual que los otros 15 j\u00f3venes detenidos por llevar\nagua a madres de presos pol\u00edticos, recibieron a finales de diciembre medidas\ncautelares de la CIDH por considerar que su vida e integridad f\u00edsica se\nencontraban en riesgo dentro de la Direcci\u00f3n de Auxilio Judicial de Managua.<\/p>\n\n\n\n<p class=\"justify-text\">Otros excarcelados, entre ellos Roberto Buchting, tambi\u00e9n han reportado constantes\nhostigamientos, los que incluyen vigilancia continua de sus viviendas por parte\nde paramilitares, amenazas a trav\u00e9s de redes sociales e incluso invasi\u00f3n de la\npropiedad con intenciones intimidatorias. <\/p>\n\n\n\n<p style=\"color:#89267c\" class=\"has-text-color\"><strong>Todav\u00eda en prisi\u00f3n<\/strong><\/p>\n\n\n\n<p class=\"justify-text\">Seg\u00fan el CENIDH, despu\u00e9s de un amplio cotejo de las listas de\npersonas excarceladas, se confirm\u00f3 que a\u00fan falta por liberar a 65 prisioneros\npol\u00edticos.&nbsp; <\/p>\n\n\n\n<p class=\"justify-text\">\u201cNuestro compromiso por la liberaci\u00f3n de todas las personas y\nde toda Nicaragua sigue m\u00e1s firme que nunca, a pesar (de) que el 30 de\ndiciembre fuimos excarceladas 91 personas, a\u00fan quedan m\u00e1s de 65 presas y presos\npol\u00edticos, incluidas Katherine Mart\u00ednez y Mayela Cruz, activista trans\u201d,\naseguraron los 16 activistas.<\/p>\n\n\n\n<p class=\"justify-text\"><strong>Raza e Igualdad<\/strong> exige la liberaci\u00f3n inmediata de todas las personas presas pol\u00edticas en Nicaragua, y el cierre de los procesos judiciales, as\u00ed como la cancelaci\u00f3n de sus antecedentes penales. Llamamos a las autoridades a cesar la represi\u00f3n, hostigamiento y persecuci\u00f3n en contra de quienes estuvieron apresados arbitrariamente. Es primordial que su retorno a casa est\u00e9 libre de cualquier amenaza o asedio contra ellos o sus familiares.<\/p>\n","protected":false},"excerpt":{"rendered":"<p>Washington D.C., 9 de enero de 2020. El Gobierno de Nicaragua excarcel\u00f3 el pasado 30 de diciembre a 91 presos y presas pol\u00edticas que se encontraban detenidos en diversos centros [&hellip;]<\/p>\n","protected":false},"author":15,"featured_media":9979,"parent":0,"menu_order":0,"template":"","format":"standard","categories":[1165,1169,1163],"resources_country":[1199],"resources_language":[],"resources_audience":[],"resources_format":[],"resources_topic":[1109],"resources_year":[],"class_list":["post-12751","resources","type-resources","status-publish","format-standard","has-post-thumbnail","hentry","category-blog-es","category-nicaragua","category-regional","resources_country-nicaragua-es","resources_topic-raza-e-igualdad"],"acf":[],"aioseo_notices":[],"_links":{"self":[{"href":"https:\/\/raceandequality.org\/es\/wp-json\/wp\/v2\/resources\/12751","targetHints":{"allow":["GET"]}}],"collection":[{"href":"https:\/\/raceandequality.org\/es\/wp-json\/wp\/v2\/resources"}],"about":[{"href":"https:\/\/raceandequality.org\/es\/wp-json\/wp\/v2\/types\/resources"}],"author":[{"embeddable":true,"href":"https:\/\/raceandequality.org\/es\/wp-json\/wp\/v2\/users\/15"}],"wp:featuredmedia":[{"embeddable":true,"href":"https:\/\/raceandequality.org\/es\/wp-json\/wp\/v2\/media\/9979"}],"wp:attachment":[{"href":"https:\/\/raceandequality.org\/es\/wp-json\/wp\/v2\/media?parent=12751"}],"wp:term":[{"taxonomy":"category","embeddable":true,"href":"https:\/\/raceandequality.org\/es\/wp-json\/wp\/v2\/categories?post=12751"},{"taxonomy":"resources_country","embeddable":true,"href":"https:\/\/raceandequality.org\/es\/wp-json\/wp\/v2\/resources_country?post=12751"},{"taxonomy":"resources_language","embeddable":true,"href":"https:\/\/raceandequality.org\/es\/wp-json\/wp\/v2\/resources_language?post=12751"},{"taxonomy":"resources_audience","embeddable":true,"href":"https:\/\/raceandequality.org\/es\/wp-json\/wp\/v2\/resources_audience?post=12751"},{"taxonomy":"resources_format","embeddable":true,"href":"https:\/\/raceandequality.org\/es\/wp-json\/wp\/v2\/resources_format?post=12751"},{"taxonomy":"resources_topic","embeddable":true,"href":"https:\/\/raceandequality.org\/es\/wp-json\/wp\/v2\/resources_topic?post=12751"},{"taxonomy":"resources_year","embeddable":true,"href":"https:\/\/raceandequality.org\/es\/wp-json\/wp\/v2\/resources_year?post=12751"}],"curies":[{"name":"wp","href":"https:\/\/api.w.org\/{rel}","templated":true}]}}