{"id":12758,"date":"2020-01-21T16:07:42","date_gmt":"2020-01-21T16:07:42","guid":{"rendered":"http:\/\/race01.wp\/resources\/postula-al-curso-gratuito-sobre-herramientas-para-la-argumentacion-penal-en-casos-de-asesinatos-de-personas-lgbt-en-latinoamerica-y-el-caribe\/"},"modified":"2023-05-15T04:31:53","modified_gmt":"2023-05-15T04:31:53","slug":"postula-al-curso-gratuito-sobre-herramientas-para-la-argumentacion-penal-en-casos-de-asesinatos-de-personas-lgbt-en-latinoamerica-y-el-caribe","status":"publish","type":"resources","link":"https:\/\/raceandequality.org\/es\/resources\/postula-al-curso-gratuito-sobre-herramientas-para-la-argumentacion-penal-en-casos-de-asesinatos-de-personas-lgbt-en-latinoamerica-y-el-caribe\/","title":{"rendered":"Postula al curso gratuito sobre herramientas para la argumentaci\u00f3n penal en casos de asesinatos de personas LGBT en Latinoam\u00e9rica y el Caribe"},"content":{"rendered":"\n<p class=\"justify-text\">En alianza con la Red Regional de Informaci\u00f3n sobre Violencias contra Personas LGBTI en Am\u00e9rica Latina y el Caribe (Sin Violencia LGBTI); Raza e Igualdad participa de la construcci\u00f3n del curso virtual \u201cCuando el prejuicio mata\u201d una herramienta virtual que busca fortalecer las capacidades jur\u00eddicas de fiscales, abogadas y abogados que litigan casos de violencia contra personas LGBTI, para poder impulsar los procesos penales, promover el acceso a la justicia y combatir la impunidad.<\/p>\n\n\n\n<p class=\"justify-text\">El curso fue dise\u00f1ado por FLACSO Argentina, a partir\nde contenidos construidos por Raza e Igualdad en cabeza de su oficial enlace\npara los derechos LGBTI en Am\u00e9rica Latina y el Caribe, Mauricio Noguera;&nbsp; ex fiscal colombiano que direccion\u00f3 el primer\nequipo de investigaciones de violencias contra poblaci\u00f3n LGBTI en Colombia. <\/p>\n\n\n\n<p class=\"justify-text\">Esta \u201cHerramientas para la argumentaci\u00f3n penal en casos de asesinatos de personas LGBTI en Am\u00e9rica Latina y el Caribe\u201d se trata de una iniciativa regional que se enfocar\u00e1 en el impulso de procesos penales por homicidios contra personas LGBTI e incluir\u00e1 casos, est\u00e1ndares y estrategias que le pueda servir a cualquier persona que litigue en este contexto en Am\u00e9rica Latina y el Caribe, por lo que ser\u00e1 \u00fatil independientemente del marco normativo de cada pa\u00eds.<\/p>\n\n\n\n<p class=\"justify-text\">El\ncurso, cuyas inscripciones estar\u00e1n<strong>&nbsp;abiertas hasta el 25 de enero de\n2020<\/strong>, es gratuito y 100% virtual, se realizar\u00e1 en espa\u00f1ol y ser\u00e1\ncertificado por FLACSO .<\/p>\n\n\n\n<p class=\"justify-text\">Una\nvez cerrado el periodo de inscripciones, un comit\u00e9 evaluador revisar\u00e1 los\nperfiles de todas las personas inscritas y seleccionar\u00e1n a las\/os mejores\ncandidatas\/os para la realizaci\u00f3n del curso. La decisi\u00f3n ser\u00e1 comunicada a m\u00e1s\ntardar el&nbsp;<strong>3 de febrero de 2020.<\/strong><\/p>\n\n\n\n<p class=\"justify-text\">Es\nde destacar que, aunque el curso est\u00e1 abierto al p\u00fablico, se promover\u00e1 la\nparticipaci\u00f3n de personas que trabajen en los pa\u00edses que hacen parte de la Red:\nBolivia, Brasil, Colombia, Ecuador, Guatemala, Honduras, M\u00e9xico, Nicaragua,\nParaguay, Per\u00fa, El Salvador y Rep\u00fablica Dominicana. As\u00ed mismo, si bien est\u00e1\ndirigido a abogadas\/os principalmente, pueden aplicar personas y\/o activistas\nque est\u00e9n vinculadas directamente al litigio de casos de personas LGBTI.<\/p>\n\n\n\n<p class=\"justify-text\"><strong>Para\npostulaciones ingresar y diligenciar el siguiente formulario:&nbsp;<\/strong><a href=\"https:\/\/raceandequality.org\/896\"><strong>lgbti.espaciovirtual.org&nbsp;<\/strong><\/a><\/p>\n\n\n\n<hr class=\"wp-block-separator\"\/>\n","protected":false},"excerpt":{"rendered":"<p>En alianza con la Red Regional de Informaci\u00f3n sobre Violencias contra Personas LGBTI en Am\u00e9rica Latina y el Caribe (Sin Violencia LGBTI); Raza e Igualdad participa de la construcci\u00f3n del [&hellip;]<\/p>\n","protected":false},"author":15,"featured_media":12759,"parent":0,"menu_order":0,"template":"","format":"standard","categories":[1130,1122,1183,1163],"resources_country":[1191],"resources_language":[],"resources_audience":[],"resources_format":[],"resources_topic":[1109],"resources_year":[],"class_list":["post-12758","resources","type-resources","status-publish","format-standard","has-post-thumbnail","hentry","category-blog","category-colombia","category-lgbti-blog","category-regional","resources_country-colombia-es","resources_topic-raza-e-igualdad"],"acf":[],"aioseo_notices":[],"_links":{"self":[{"href":"https:\/\/raceandequality.org\/es\/wp-json\/wp\/v2\/resources\/12758","targetHints":{"allow":["GET"]}}],"collection":[{"href":"https:\/\/raceandequality.org\/es\/wp-json\/wp\/v2\/resources"}],"about":[{"href":"https:\/\/raceandequality.org\/es\/wp-json\/wp\/v2\/types\/resources"}],"author":[{"embeddable":true,"href":"https:\/\/raceandequality.org\/es\/wp-json\/wp\/v2\/users\/15"}],"wp:featuredmedia":[{"embeddable":true,"href":"https:\/\/raceandequality.org\/es\/wp-json\/wp\/v2\/media\/12759"}],"wp:attachment":[{"href":"https:\/\/raceandequality.org\/es\/wp-json\/wp\/v2\/media?parent=12758"}],"wp:term":[{"taxonomy":"category","embeddable":true,"href":"https:\/\/raceandequality.org\/es\/wp-json\/wp\/v2\/categories?post=12758"},{"taxonomy":"resources_country","embeddable":true,"href":"https:\/\/raceandequality.org\/es\/wp-json\/wp\/v2\/resources_country?post=12758"},{"taxonomy":"resources_language","embeddable":true,"href":"https:\/\/raceandequality.org\/es\/wp-json\/wp\/v2\/resources_language?post=12758"},{"taxonomy":"resources_audience","embeddable":true,"href":"https:\/\/raceandequality.org\/es\/wp-json\/wp\/v2\/resources_audience?post=12758"},{"taxonomy":"resources_format","embeddable":true,"href":"https:\/\/raceandequality.org\/es\/wp-json\/wp\/v2\/resources_format?post=12758"},{"taxonomy":"resources_topic","embeddable":true,"href":"https:\/\/raceandequality.org\/es\/wp-json\/wp\/v2\/resources_topic?post=12758"},{"taxonomy":"resources_year","embeddable":true,"href":"https:\/\/raceandequality.org\/es\/wp-json\/wp\/v2\/resources_year?post=12758"}],"curies":[{"name":"wp","href":"https:\/\/api.w.org\/{rel}","templated":true}]}}