{"id":12877,"date":"2020-04-02T21:01:32","date_gmt":"2020-04-02T21:01:32","guid":{"rendered":"http:\/\/race01.wp\/resources\/historia-de-melkis-faure-hechavarria-prisionera-politica-del-estado-cubano\/"},"modified":"2020-04-02T20:48:19","modified_gmt":"2020-04-02T20:48:19","slug":"historia-de-melkis-faure-hechavarria-prisionera-politica-del-estado-cubano","status":"publish","type":"resources","link":"https:\/\/raceandequality.org\/es\/resources\/historia-de-melkis-faure-hechavarria-prisionera-politica-del-estado-cubano\/","title":{"rendered":"Historia de Melkis Faure Hechavarr\u00eda, prisionera pol\u00edtica del Estado Cubano"},"content":{"rendered":"\n<p class=\"justify-text\">El d\u00eda que la detuvieron, Melkis no sab\u00eda\nque estaba embarazada. Sali\u00f3 a protestar el 6 de agosto de 2016 con un grupo de\nactivistas de la Uni\u00f3n Patri\u00f3tica de Cuba (UNPACU) y ya no regres\u00f3 a su hogar.\nCargaba carteles de protesta en la calle Monte de La Habana Vieja cuando la\npolic\u00eda se le acerc\u00f3. Melkis se tir\u00f3 al piso pac\u00edficamente, al estilo de\nMahatma Ghandi. <\/p>\n\n\n\n<p class=\"justify-text\">La trasladaron a la estaci\u00f3n de polic\u00eda de\nSanja y posteriormente al centro de detenci\u00f3n conocido como El Vivac, donde\nestuvo 46 d\u00edas sin comunicarse con su familia, aislada y sin que se levantaran\ncargos en su contra. Fue all\u00ed que perdi\u00f3 el primer embarazo, seg\u00fan su esposo,\nFreddie Michel.<\/p>\n\n\n\n<p class=\"justify-text\">Despu\u00e9s fue trasladada a la penitenciar\u00eda\nde El Guatao. All\u00ed la visitaba Freddie y al cabo de unos meses Melkis sospech\u00f3\nque estaba embarazada nuevamente. Ser\u00eda su sexto hijo. <\/p>\n\n\n\n<figure class=\"wp-block-pullquote\"><blockquote><p> \u201cCuando nos dimos cuenta de que estaba embarazada, pedimos que la mandaran al m\u00e9dico para revisarla, pero solamente la miraron por arribita y le dijeron que ten\u00eda un fibroma\u201d<\/p><cite> cuenta Freddie.   <\/cite><\/blockquote><\/figure>\n\n\n\n<figure class=\"wp-block-embed-youtube aligncenter wp-block-embed is-type-video is-provider-youtube wp-embed-aspect-4-3 wp-has-aspect-ratio\"><div class=\"wp-block-embed__wrapper\">\n<iframe title=\"#CubanasLibresYA - Melkis Hechavarr\u00eda\" width=\"500\" height=\"375\" data-src=\"https:\/\/www.youtube.com\/embed\/sWkuGgWW6ZM?feature=oembed\" frameborder=\"0\" allow=\"accelerometer; autoplay; clipboard-write; encrypted-media; gyroscope; picture-in-picture; web-share\" referrerpolicy=\"strict-origin-when-cross-origin\" allowfullscreen src=\"data:image\/svg+xml;base64,PHN2ZyB3aWR0aD0iMSIgaGVpZ2h0PSIxIiB4bWxucz0iaHR0cDovL3d3dy53My5vcmcvMjAwMC9zdmciPjwvc3ZnPg==\" class=\"lazyload\" data-load-mode=\"1\"><\/iframe>\n<\/div><\/figure>\n\n\n\n<p class=\"justify-text\"> El m\u00e9dico le recet\u00f3 unos medicamentos, pero esos m\u00e1s bien estaban contraindicados para mujeres gestantes. \u201cAl cabo de un tiempo se fue en sangre y fue cuando perdi\u00f3 la barriga\u201d, relata.  La atenci\u00f3n m\u00e9dica deficiente, la retardaci\u00f3n de seguimiento y la falta de ex\u00e1menes tuvieron resultados da\u00f1inos para la activista.&nbsp; <\/p>\n\n\n\n<h2 class=\"wp-block-heading\"><strong>Activismo<\/strong><\/h2>\n\n\n\n<p class=\"justify-text\">Melkis Faure Hechavarr\u00eda, de 42 a\u00f1os,\nempez\u00f3 su rol de activismo en 2013 como parte de las Damas de Blanco. Siendo\nuna ama de casa, madre de cinco, tuvo durante mucho tiempo dificultades de\nvivienda y pobreza. Aunque pidi\u00f3 a las autoridades en reiteradas ocasiones que\nle garantizaran un albergue, nunca lo recibi\u00f3. Despu\u00e9s se uni\u00f3 a la UNPACU y\nempez\u00f3 a protestar por otras leyes injustas del Gobierno cubano. <\/p>\n\n\n\n<figure class=\"wp-block-pullquote\"><blockquote><p> \u201cElla mantiene su posici\u00f3n como opositora, nunca cambia sus ideales\u201d, <\/p><cite> describe su esposo Freddie, de 36 a\u00f1os.   <\/cite><\/blockquote><\/figure>\n\n\n\n<p class=\"justify-text\">Despu\u00e9s de su\ndetenci\u00f3n, a Melkis la acusaron de los delitos de desorden p\u00fablico, desacato y\nresistencia. \u201cSe manifiesta de forma p\u00fablica contra la revoluci\u00f3n, por ello se\nre\u00fane con personas antisociales y contrarrevolucionarias\u201d, se\u00f1al\u00f3 la Fiscal\u00eda\ndentro de la acusaci\u00f3n legal. Para las autoridades cubanas, el derecho a la\nprotesta que ejerc\u00eda Melkis, quien cargaba carteles como \u201cAbajo Ra\u00fal Castro y\nlos aduaneros ladrones\u201d, es un delito que se paga con c\u00e1rcel. <\/p>\n\n\n\n<p class=\"justify-text\">Un a\u00f1o despu\u00e9s de\nsu detenci\u00f3n, Melkis fue declarada culpable por un juez af\u00edn al gobierno y\ncondenada a 3 a\u00f1os de privaci\u00f3n de libertad por des\u00f3rdenes publicos y desacato.\nMeses despues, fue enjuiciada a 4 a\u00f1os de prision por otro incidente antes de\nsu detenci\u00f3n, esta vez por actividades economicas ilicitas, atentado y\ndesacato, y finalmente tuvo ambas sentencias liquidadas, dictando una sanci\u00f3n\nconjunta por <strong>5 a\u00f1os y cuatro meses<\/strong>, comenzando desde el 23 de octubre de\n2017. En ninguno de los juicios tuvo derecho a una defensa imparcial ni a un\njuicio justo. <\/p>\n\n\n\n<h2 class=\"wp-block-heading\"><strong>En\nprisi\u00f3n <\/strong><\/h2>\n\n\n\n<p class=\"justify-text\">\u201cEsto es\nincontable, el sufrimiento que se pasa aqu\u00ed adentro\u201d, se oye decir a Melkis en\nun audio grabado en 2017 y publicado por la UNPACU. Pero hasta la fecha, las\ncondiciones no han cambiado. \u201cEn el Guatao pas\u00f3 hambre, necesidades y torturas\npor parte de los oficiales\u201d, cuenta su esposo Freddie. <\/p>\n\n\n\n<p class=\"justify-text\">A finales del a\u00f1o\npasado, Melkis fue trasladada al Centro Penitenciario de Mujeres Ceiba Cuatro\nen la provincia de Artemisa. All\u00ed las condiciones son mejores que en la\nprisi\u00f3n, pero no escapa del maltrato y la mala alimentaci\u00f3n. Para que las\nreclusas no reclamen sus derechos, los oficiales las amenazan con quitarles el\nbeneficio de visita al hogar o con enviarlas de nuevo a El Guatao. <\/p>\n\n\n\n<h2 class=\"wp-block-heading\"><strong>Familia<\/strong><\/h2>\n\n\n\n<p class=\"justify-text\">Dos hijos de\nMelkis son mayores de edad y viven con su abuela materna. Pero los tres menores\nde 10, 12 y 15 a\u00f1os, son los m\u00e1s afectados por su condici\u00f3n penitenciaria.\nActualmente viven bajo el cuidado del esposo de Melkis, Freddie Michel. <\/p>\n\n\n\n<figure class=\"wp-block-pullquote\"><blockquote><p> \u201cPara m\u00ed hacerme cargo de los tres ni\u00f1os ha sido incre\u00edble, lo he hecho con amor porque los amo, yo decid\u00ed dar mi vida por ellos porque realmente ellos no tienen a m\u00e1s nadie\u201d<\/p><cite> relata Freddie, quien debe buscar diferentes fuentes de ingresos para mantener a los ni\u00f1os.  <\/cite><\/blockquote><\/figure>\n\n\n\n<p class=\"justify-text\">Recientemente, en\nel contexto de la pandemia del Covid-19, la situaci\u00f3n econ\u00f3mica para el esposo de\nMelkis ha empeorado debido a las restricciones de movilidad y los cierres de\nespacios de trabajo. <\/p>\n\n\n\n<p class=\"justify-text\">La condena de Melkis se acabar\u00eda en 2023, dentro de tres a\u00f1os que parecen interminables para sus hijos y esposo. \u201cNos hace falta que ella est\u00e9 aqu\u00ed en la casa para estar todos juntos en familia, para seguir luchando por un futuro mejor y por la libertad\u201d, concluye Freddie. \u00a0<\/p>\n\n\n\n<hr class=\"wp-block-separator\"\/>\n\n\n\n<h2 class=\"wp-block-heading\" style=\"text-align:center\">Visite la p\u00e1gina web de la campa\u00f1a <a href=\"https:\/\/raceandequality.org\/903\" target=\"_blank\" rel=\"noreferrer noopener\" aria-label=\"aqu\u00ed (opens in a new tab)\">aqu\u00ed<\/a><\/h2>\n","protected":false},"excerpt":{"rendered":"<p>El d\u00eda que la detuvieron, Melkis no sab\u00eda que estaba embarazada. Sali\u00f3 a protestar el 6 de agosto de 2016 con un grupo de activistas de la Uni\u00f3n Patri\u00f3tica de [&hellip;]<\/p>\n","protected":false},"author":15,"featured_media":10203,"parent":0,"menu_order":0,"template":"","format":"standard","categories":[1123,1153],"resources_country":[1193],"resources_language":[],"resources_audience":[],"resources_format":[],"resources_topic":[1109],"resources_year":[],"class_list":["post-12877","resources","type-resources","status-publish","format-standard","has-post-thumbnail","hentry","category-cuba","category-uncategorized-2","resources_country-cuba-es","resources_topic-raza-e-igualdad"],"acf":[],"aioseo_notices":[],"_links":{"self":[{"href":"https:\/\/raceandequality.org\/es\/wp-json\/wp\/v2\/resources\/12877","targetHints":{"allow":["GET"]}}],"collection":[{"href":"https:\/\/raceandequality.org\/es\/wp-json\/wp\/v2\/resources"}],"about":[{"href":"https:\/\/raceandequality.org\/es\/wp-json\/wp\/v2\/types\/resources"}],"author":[{"embeddable":true,"href":"https:\/\/raceandequality.org\/es\/wp-json\/wp\/v2\/users\/15"}],"wp:featuredmedia":[{"embeddable":true,"href":"https:\/\/raceandequality.org\/es\/wp-json\/wp\/v2\/media\/10203"}],"wp:attachment":[{"href":"https:\/\/raceandequality.org\/es\/wp-json\/wp\/v2\/media?parent=12877"}],"wp:term":[{"taxonomy":"category","embeddable":true,"href":"https:\/\/raceandequality.org\/es\/wp-json\/wp\/v2\/categories?post=12877"},{"taxonomy":"resources_country","embeddable":true,"href":"https:\/\/raceandequality.org\/es\/wp-json\/wp\/v2\/resources_country?post=12877"},{"taxonomy":"resources_language","embeddable":true,"href":"https:\/\/raceandequality.org\/es\/wp-json\/wp\/v2\/resources_language?post=12877"},{"taxonomy":"resources_audience","embeddable":true,"href":"https:\/\/raceandequality.org\/es\/wp-json\/wp\/v2\/resources_audience?post=12877"},{"taxonomy":"resources_format","embeddable":true,"href":"https:\/\/raceandequality.org\/es\/wp-json\/wp\/v2\/resources_format?post=12877"},{"taxonomy":"resources_topic","embeddable":true,"href":"https:\/\/raceandequality.org\/es\/wp-json\/wp\/v2\/resources_topic?post=12877"},{"taxonomy":"resources_year","embeddable":true,"href":"https:\/\/raceandequality.org\/es\/wp-json\/wp\/v2\/resources_year?post=12877"}],"curies":[{"name":"wp","href":"https:\/\/api.w.org\/{rel}","templated":true}]}}