{"id":13052,"date":"2020-06-12T00:08:49","date_gmt":"2020-06-12T00:08:49","guid":{"rendered":"http:\/\/race01.wp\/resources\/no-hay-nada-mas-cruel-y-devastador-que-las-prisiones-de-cuba-historia-de-yolanda-carmenate-ex-prisionera-politica-del-estado-cubano\/"},"modified":"2020-06-12T00:05:09","modified_gmt":"2020-06-12T00:05:09","slug":"no-hay-nada-mas-cruel-y-devastador-que-las-prisiones-de-cuba-historia-de-yolanda-carmenate-ex-prisionera-politica-del-estado-cubano","status":"publish","type":"resources","link":"https:\/\/raceandequality.org\/es\/resources\/no-hay-nada-mas-cruel-y-devastador-que-las-prisiones-de-cuba-historia-de-yolanda-carmenate-ex-prisionera-politica-del-estado-cubano\/","title":{"rendered":"\u201cNo hay nada m\u00e1s cruel y devastador que las prisiones de Cuba\u201d: Historia de Yolanda Carmenate ex prisionera pol\u00edtica del Estado Cubano"},"content":{"rendered":"<div class=\"wpb-content-wrapper\"><p style=\"text-align: justify;\">Yolanda Carmenate lleva 30 a\u00f1os de ser activista pol\u00edtica, profesante religiosa y defensora de los derechos humanos en Cuba, y la misma cantidad de tiempo siendo acosada, maltratada y perseguida por las autoridades de la isla. \u201cSon tantos actos de repudio que ya no puedo precisar las fechas\u201d, asegura la activista, de 63 a\u00f1os, cuando se le pide detalles sobre ciertos incidentes.<\/p>\n<p style=\"text-align: justify;\">Pero las notas de prensa, las actas judiciales y las multas recurrentes son el recordatorio m\u00e1s fehaciente de la persecuci\u00f3n de Carmenate, oriunda de Las Tunas, quien actualmente es miembro de la Uni\u00f3n Patri\u00f3tica de Cuba (UNPACU), promotora de la iniciativa Cuba Decide, que busca la participacion Cubana democratica por medio de un plebiscito, y de la Iglesia cat\u00f3lica San Jer\u00f3nimo. Ha sido procesada judicialmente en dos ocasiones y las amenazas de una pr\u00f3xima detenci\u00f3n contin\u00faan llegando.<\/p>\n<p style=\"text-align: justify;\">\u201cLo que me motiva a ser opositora es que no puedo aceptar este sistema, que por el solo hecho de pensar, opinar y asociarse de forma diferente a ellos equivale a ser inferior\u201d, se\u00f1ala Carmenate, quien es t\u00e9cnico medio en Contabilidad, pero debi\u00f3 dejar de ejercer su oficio en instituciones estatales por \u201cno ser confiable pol\u00edticamente\u201d.<\/p>\n<p>[\/vc_column_text][\/vc_column][\/vc_row][vc_row][vc_column][vc_video link=\u00bbhttps:\/\/youtu.be\/3bGJhs-BPeg\u00bb align=\u00bbcenter\u00bb][\/vc_column][\/vc_row][vc_row][vc_column][vc_column_text]<\/p>\n<p style=\"text-align: justify;\"><strong>Primera detenci\u00f3n <\/strong><\/p>\n<p style=\"text-align: justify;\">En 2006 Yolanda inici\u00f3 a trabajar por cuenta propia en la venta de artesan\u00edas, agobiada por no conseguir trabajo. Aunque hab\u00eda sido una de las primeras mujeres en instalar su peque\u00f1o negocio, las autoridades siempre le asignaban los espacios m\u00e1s alejados del centro de las plazas, en un intento por disminuir sus ventas y por alejarla de los turistas que adem\u00e1s preguntaban sobre la situaci\u00f3n en Cuba. \u201cPor mi opini\u00f3n en contra del sistema, a ellos no les conven\u00eda mantenerme donde estaban los turistas\u201d, explica.<\/p>\n<p style=\"text-align: justify;\">En abril de 2016, tras la decisi\u00f3n de las autoridades de retirar a los vendedores del monumento y boulevard del centro de la ciudad, Yolanda y otros cuentapropistas se organizaron para protestar frente a la sede provincial del Partido Comunista en Las Tunas. Tras la protesta, Yolanda recibi\u00f3 a una inspectora oculta que le caus\u00f3 problemas y la report\u00f3 con la polic\u00eda.<\/p>\n<p style=\"text-align: justify;\">\u201cMe llevaron a la fuerza y a empujones a la polic\u00eda. Me metieron a un calabozo junto con dos hombres. No me brindaron ni agua\u201d, recuerda Yolanda. Por la noche, los oficiales la liberaron, pero siete meses despu\u00e9s fue citada a un juicio en el que la acusaban por el delito de instigaci\u00f3n a delinquir, y desacato.<\/p>\n<p style=\"text-align: justify;\">En un juicio ama\u00f1ado y sin garant\u00edas, la condenaron a 2 a\u00f1os y 6 meses de prisi\u00f3n por instigaci\u00f3n a delinquir y desacato. La condena fue subsidiada por limitaci\u00f3n de libertad, una especie de arresto domiciliario. \u00a0Le indicaron que deb\u00eda reportarse al Tribunal cada cierto tiempo, pero ella se rehus\u00f3 a hacerlo. Apel\u00f3 la sentencia poco despu\u00e9s, pero perdi\u00f3 el caso.<\/p>\n<p style=\"text-align: justify;\"><strong>Segunda detenci\u00f3n<\/strong><\/p>\n<p style=\"text-align: justify;\">Como ten\u00eda que cumplir condena dentro de su vivienda y no pod\u00eda salir a protestar, en marzo de 2018, Yolanda colg\u00f3 unos letreros en las ventanas de su casa que dec\u00edan: \u201cAbajo los hermanos castro\u201d, \u201cVivan los derechos humanos\u201d, \u201cArriba UNPACU\u201d. Recibi\u00f3 amenazas de muerte e incluso, uno de sus vecinos, entr\u00f3 a su casa ilegalmente y descolg\u00f3 los carteles. Esa misma noche la polic\u00eda la detuvo y al siguiente d\u00eda la llevaron a la prisi\u00f3n de mujeres La Veguita. Le retiraron el beneficio de limitaci\u00f3n de libertad y le asignaron 14 meses de prisi\u00f3n.<\/p>\n<p style=\"text-align: justify;\">Para Yolanda, \u201cno hay nada m\u00e1s cruel y devastador que las prisiones de Cuba\u201d. Ella describe su experiencia as\u00ed:<\/p>\n<p style=\"text-align: justify;\">\u201cMe quitaron los espejuelos, aunque soy dependiente de ellos. No pod\u00eda tener nada que leer ni d\u00f3nde escribir. Me metieron a una celda aislada de la poblaci\u00f3n penal. Cuando llov\u00eda, ca\u00eda m\u00e1s agua del techo que del cielo. El ba\u00f1o era turco, que es un hoyo en el piso. Yo no me pod\u00eda agachar para hacer mis necesidades y llegu\u00e9 a coger estre\u00f1imiento y hemorroides. La cama era un pedazo de loza fr\u00edo sin una s\u00e1bana. Aquello es un campo lleno de hierba y ven\u00edan todo tipo de insectos: ranas, cucarachas, ara\u00f1as, estabas durmiendo y se te tiraban arriba. Parec\u00eda que me iba a volver loca all\u00ed. La asistencia m\u00e9dica insuficiente y sin ning\u00fan tipo de medicamentos. Los alimentos poco nutritivos y la cantidad poca. El agua potable embalsada. Las instalaciones de la alcantarilla permanec\u00edan estancadas, una peste terrible. Hab\u00eda hacinamiento. Un calor excesivo, insoportable. Hab\u00eda muchos mosquitos\u201d.<\/p>\n<p style=\"text-align: justify;\">Yolanda logr\u00f3 salir de prisi\u00f3n en mayo de 2019, tras cumplir su condena.<\/p>\n<p style=\"text-align: justify;\"><strong>Hijo activista<\/strong><\/p>\n<p style=\"text-align: justify;\">En agosto de 2019 Yolanda y su hijo, Cristian P\u00e9rez Carmenate, salieron de su casa a participar en protestas, aunque en diferentes localidades. A Yolanda, la policia le propinaron una golpiza que le provoc\u00f3 serios problemas musculares. A su hijo lo detuvieron violentamente, provoc\u00e1ndole una fractura en el brazo derecho, donde tiene tatuado el nombre de UNPACU. Los oficiales lo llevaron a prisi\u00f3n y no lo atendieron por la fractura sino hasta 10 d\u00edas despu\u00e9s, coloc\u00e1ndole una f\u00e9rula. Un mes m\u00e1s tarde, ante las complicaciones que presentaba el recluso, las autoridades lo trasladaron a un hospital, donde lo operaron para introducirle unas varillas.<\/p>\n<p style=\"text-align: justify;\">\u201cCristian estando all\u00ed en la sala de penados ya no pod\u00eda caminar, con muletas anduvo en prisi\u00f3n. Cuando se logra que lo saquen bajo licencia extrapenal (en enero de 2020), lo traen para la casa en silla de ruedas. Hoy mismo no se puede ni levantar de su cama\u201d, cuenta Yolanda, quien se ha convertido en el \u00fanico sustento y apoyo de su hijo, de 42 a\u00f1os.<\/p>\n<p style=\"text-align: justify;\">En el actual contexto de pandemia, ambos se encuentran aislados dentro de su casa, lo que ha limitado la atenci\u00f3n m\u00e9dica de Cristian, quien no tiene un m\u00e9dico de cabecera ni ha logrado que en los hospitales p\u00fablicos le vuelvan a operar para retirar las varillas, que le han provocado supuraci\u00f3n e inflamaci\u00f3n severos.<\/p>\n<p style=\"text-align: justify;\">El serio problema de salud de su hijo y una nueva multa que reci\u00e9n arrib\u00f3 para la activista son los m\u00e1s recientes actos de persecuci\u00f3n de las autoridades. Ella asegura que se mantendr\u00e1 firme en sus denuncias ante las arbitrariedades del sistema cubano.<\/p>\n<p>[\/vc_column_text][\/vc_column][\/vc_row]<\/p>\n<\/div>","protected":false},"excerpt":{"rendered":"<p>Yolanda Carmenate lleva 30 a\u00f1os de ser activista pol\u00edtica, profesante religiosa y defensora de los derechos humanos en Cuba, y la misma cantidad de tiempo siendo acosada, maltratada y perseguida [&hellip;]<\/p>\n","protected":false},"author":15,"featured_media":10291,"parent":0,"menu_order":0,"template":"","format":"standard","categories":[1123,1154],"resources_country":[1193],"resources_language":[],"resources_audience":[],"resources_format":[],"resources_topic":[],"resources_year":[],"class_list":["post-13052","resources","type-resources","status-publish","format-standard","has-post-thumbnail","hentry","category-cuba","category-espanol","resources_country-cuba-es"],"acf":[],"aioseo_notices":[],"_links":{"self":[{"href":"https:\/\/raceandequality.org\/es\/wp-json\/wp\/v2\/resources\/13052","targetHints":{"allow":["GET"]}}],"collection":[{"href":"https:\/\/raceandequality.org\/es\/wp-json\/wp\/v2\/resources"}],"about":[{"href":"https:\/\/raceandequality.org\/es\/wp-json\/wp\/v2\/types\/resources"}],"author":[{"embeddable":true,"href":"https:\/\/raceandequality.org\/es\/wp-json\/wp\/v2\/users\/15"}],"wp:featuredmedia":[{"embeddable":true,"href":"https:\/\/raceandequality.org\/es\/wp-json\/wp\/v2\/media\/10291"}],"wp:attachment":[{"href":"https:\/\/raceandequality.org\/es\/wp-json\/wp\/v2\/media?parent=13052"}],"wp:term":[{"taxonomy":"category","embeddable":true,"href":"https:\/\/raceandequality.org\/es\/wp-json\/wp\/v2\/categories?post=13052"},{"taxonomy":"resources_country","embeddable":true,"href":"https:\/\/raceandequality.org\/es\/wp-json\/wp\/v2\/resources_country?post=13052"},{"taxonomy":"resources_language","embeddable":true,"href":"https:\/\/raceandequality.org\/es\/wp-json\/wp\/v2\/resources_language?post=13052"},{"taxonomy":"resources_audience","embeddable":true,"href":"https:\/\/raceandequality.org\/es\/wp-json\/wp\/v2\/resources_audience?post=13052"},{"taxonomy":"resources_format","embeddable":true,"href":"https:\/\/raceandequality.org\/es\/wp-json\/wp\/v2\/resources_format?post=13052"},{"taxonomy":"resources_topic","embeddable":true,"href":"https:\/\/raceandequality.org\/es\/wp-json\/wp\/v2\/resources_topic?post=13052"},{"taxonomy":"resources_year","embeddable":true,"href":"https:\/\/raceandequality.org\/es\/wp-json\/wp\/v2\/resources_year?post=13052"}],"curies":[{"name":"wp","href":"https:\/\/api.w.org\/{rel}","templated":true}]}}