{"id":13059,"date":"2020-06-25T13:52:18","date_gmt":"2020-06-25T13:52:18","guid":{"rendered":"http:\/\/race01.wp\/resources\/raza-e-igualdad-expresa-su-preocupacion-y-hace-un-llamado-a-la-cidh-a-pronunciarse-sobre-la-grave-situacion-de-violencia-y-discriminacion-que-atraviesa-la-poblacion-lgbti-en-colombia-en-medio-de-la-em\/"},"modified":"2023-05-10T11:26:52","modified_gmt":"2023-05-10T11:26:52","slug":"raza-e-igualdad-expresa-su-preocupacion-y-hace-un-llamado-a-la-cidh-a-pronunciarse-sobre-la-grave-situacion-de-violencia-y-discriminacion-que-atraviesa-la-poblacion-lgbti-en-colombia-en-medio-de-la-em","status":"publish","type":"resources","link":"https:\/\/raceandequality.org\/es\/resources\/raza-e-igualdad-expresa-su-preocupacion-y-hace-un-llamado-a-la-cidh-a-pronunciarse-sobre-la-grave-situacion-de-violencia-y-discriminacion-que-atraviesa-la-poblacion-lgbti-en-colombia-en-medio-de-la-em\/","title":{"rendered":"Raza e Igualdad expresa su preocupaci\u00f3n y hace un llamado a la CIDH a pronunciarse sobre la grave situaci\u00f3n de violencia y discriminaci\u00f3n que atraviesa la poblaci\u00f3n LGBTI en Colombia en medio de la emergencia por COVID-19"},"content":{"rendered":"<p style=\"text-align: justify;\"><strong>Bogot\u00e1, 25 de junio de 2020<\/strong> &#8211; El Instituto Internacional sobre Raza, Igualdad y Derechos Humanos (Raza e Igualdad) se dirige a la honorable CIDH para expresar su preocupaci\u00f3n por los recientes sucesos de violencia y discriminaci\u00f3n contra la poblaci\u00f3n LGBT en diferentes lugares de Colombia, que prenden las alarmas frente a lo que se considera un incremento en los episodios de vulneraci\u00f3n de derechos humanos de esta poblaci\u00f3n, en medio de la emergencia sanitaria ocasionada por COVID-19. A las repercusiones y afectaciones desproporcionadas que tienen que vivir las personas lesbianas, gays, bisexuales y trans como resultado de la pandemia, se suman los altos \u00edndices de asesinatos y agresiones en raz\u00f3n a su orientaci\u00f3n sexual y\/o identidad de g\u00e9nero.<\/p>\n<p style=\"text-align: justify;\"><strong>Los asesinatos y las agresiones han aumentado considerablemente<\/strong><\/p>\n<p style=\"text-align: justify;\">En lo que va de 2020 ya se han registrado 15 homicidios contra personas LGBT, la cifra m\u00e1s alta que se haya registrado para la primera mitad del a\u00f1o en el Caribe colombiano, de acuerdo a Caribe Afirmativo<a href=\"#_ftn1\" name=\"_ftnref1\">[1]<\/a>. El 13 de junio de 2020, fue hallada sin vida en su vivienda, Ariadna Barrios Ojeda, una mujer trans que viv\u00eda al sur de la ciudad de Santa Marta (Magdalena). El cuerpo presentaba m\u00faltiples heridas provocadas con un arma corto punzante<a href=\"#_ftn2\" name=\"_ftnref2\">[2]<\/a>. Al d\u00eda siguiente, bajo la misma modalidad, se denunci\u00f3 que en Barranquilla (Atl\u00e1ntico), Brandy Carolina, una mujer trans hab\u00eda sido asesinada. Meses antes, en el mismo barrio donde falleci\u00f3 Brandy, fueron asesinadas Paloma<a href=\"#_ftn3\" name=\"_ftnref3\">[3]<\/a>, una mujer trans, y Lidia Gamero, una mujer lesbiana, el 16 de abril y el 26 de marzo, respectivamente<a href=\"#_ftn4\" name=\"_ftnref4\">[4]<\/a>.<\/p>\n<p style=\"text-align: justify;\">A los anteriores hechos se suman diversos intentos de asesinatos contra personas LGBT, como el ocurrido el 24 de marzo, en el que dos mujeres migrantes, trans y trabajadoras sexuales fueron apu\u00f1aladas en la ciudad de Bogot\u00e1, luego de ser perseguidas por todo el barrio y ser heridas en sus senos y gl\u00fateos.<a href=\"#_ftn5\" name=\"_ftnref5\">[5]<\/a>. En esta ciudad tambi\u00e9n se registr\u00f3 un ataque con arma blanca el 18 de abril de 2020 en contra de Daian Nikol Villalobos, una mujer trans que se dispon\u00eda a comprar v\u00edveres, en el marco de la medida de pico y g\u00e9nero implementada en Bogot\u00e1<a href=\"#_ftn6\" name=\"_ftnref6\">[6]<\/a>. A pesar de que las v\u00edctimas solicitaron atenci\u00f3n en salud y atenci\u00f3n por parte de miembros de la polic\u00eda, esta fue negada y tras la ausencia de las instituciones, ellas mismas tuvieron que adoptar medidas para la respectiva curaci\u00f3n y cuidado<a href=\"#_ftn7\" name=\"_ftnref7\">[7]<\/a>.<\/p>\n<p style=\"text-align: justify;\"><strong>Han incrementado las denuncias de abusos policiales<\/strong><\/p>\n<p style=\"text-align: justify;\">Los abusos y la violencia tambi\u00e9n provienen de las entidades gubernamentales. Apenas ayer, 22 de junio, miembros de la polic\u00eda persiguieron y atacaron con electrochoques a dos mujeres trans en situaci\u00f3n de habitabilidad de calle en Tunja (Boyac\u00e1)<a href=\"#_ftn8\" name=\"_ftnref8\">[8]<\/a>. La madrugada del s\u00e1bado 20 de junio, se denunci\u00f3 el ataque perpetrado por miembros de la Polic\u00eda Nacional en contra de un grupo de mujeres trans trabajadoras sexuales en el centro de Bogot\u00e1, quienes las agredieron con armas de fuego luego de insultarlas reiteradamente<a href=\"#_ftn9\" name=\"_ftnref9\">[9]<\/a>. Estos episodios dan cuenta de la discriminaci\u00f3n y violencia hist\u00f3ricamente ejercida por la Polic\u00eda Nacional en la zona, quienes, en medio de la pandemia, extorsionan a las trabajadoras sexuales para dejarlas trabajar, abusando f\u00edsica y psicol\u00f3gicamente de aquellas que no pueden pagar el monto exigido<a href=\"#_ftn10\" name=\"_ftnref10\">[10]<\/a>. En la ma\u00f1ana del 02 de mayo, cuando a\u00fan estaba vigente la medida de Pico y G\u00e9nero en Bogot\u00e1, se registr\u00f3 el desalojo violento de una mujer afro trans, trabajadora sexual de su hogar, por parte de la Polic\u00eda Nacional sin que hayan sido esclarecidas las razones que motivaron la intervenci\u00f3n de esta instituci\u00f3n<a href=\"#_ftn11\" name=\"_ftnref11\">[11]<\/a>.<\/p>\n<p style=\"text-align: justify;\"><strong>Violencia institucional y respuesta estatal insuficiente<\/strong><\/p>\n<p style=\"text-align: justify;\">Si bien ha habido pronunciamientos p\u00fablicos de rechazo y anuncios sobre el reforzamiento de los procesos de acompa\u00f1amiento a la poblaci\u00f3n LGBT desde entidades estatales, la respuesta institucional al COVID-19 dista de ser inclusiva con la poblaci\u00f3n LGBT. El pasado 29 de mayo, la Red Comunitaria Trans registr\u00f3 la muerte de Alejandra, una mujer trans trabajadora sexual quien muri\u00f3 a pesar de haber solicitado una ambulancia por presentar s\u00edntomas de COVID-19, dado que el personal m\u00e9dico que acudi\u00f3 se neg\u00f3 a atenderla luego de conocer que viv\u00eda con VIH y en el que se presentaron diversos episodios sucesivos de violencia institucional<a href=\"#_ftn12\" name=\"_ftnref12\">[12]<\/a>. A la fecha, no se han materializado acciones concretas para garantizar el esclarecimiento del caso.<\/p>\n<p style=\"text-align: justify;\">El caso de Estefany, conocida como \u201cChispita\u201d, una mujer trans habitante de calle, que viv\u00eda con VIH, y de qui\u00e9n comenzaron a circular im\u00e1genes de redes sociales en las que se le ve\u00eda en el suelo implorando ayuda el pasado s\u00e1bado 13 de junio, ilustra tambi\u00e9n la falta de atenci\u00f3n de las instituciones desde un enfoque diferencial. Despu\u00e9s de cuatro horas de no haber sido auxiliada a pesar de los diversos llamados por parte de los vecinos del sector a las autoridades, Estefany fue trasladada a un centro m\u00e9dico, pero ya era demasiado tarde para brindarle atenci\u00f3n m\u00e9dica y muri\u00f3 horas despu\u00e9s en el mismo centro asistencial<a href=\"#_ftn13\" name=\"_ftnref13\">[13]<\/a>.<\/p>\n<p style=\"text-align: justify;\">El manejo inadecuado de la situaci\u00f3n tambi\u00e9n se ha dado desde las instituciones carcelarias. Recientemente, se conoci\u00f3 que Daniel Osorno M\u00e1rquez, conocido como \u201cPupileto\u201d, un joven gay de 22 a\u00f1os que fue hallado muerto en el ba\u00f1o de una celda aislada del penal El Bosque de Barranquilla, seg\u00fan las autoridades, por ser diagnosticado con COVID-19, a pesar de que ni su familia ni su abogado estuvieran enterados del diagn\u00f3stico y de que hubieran denunciado reiteradamente abusos sexuales y episodios de violencia y discriminaci\u00f3n en su contra en su paso por la c\u00e1rcel<a href=\"#_ftn14\" name=\"_ftnref14\">[14]<\/a>.<\/p>\n<p style=\"text-align: justify;\">Desde Raza e Igualdad, queremos llamar la atenci\u00f3n sobre la necesidad apremiante de que el Gobierno Colombiano implemente medidas efectivas para salvaguardar la poblaci\u00f3n LGBT y le insta a:<\/p>\n<ol style=\"text-align: justify;\">\n<li>Fortalecer las acciones de monitoreo y seguimiento de la situaci\u00f3n de derechos humanos de la poblaci\u00f3n LGBT en medio de la pandemia de la mano de la sociedad civil y de las autoridades locales.<\/li>\n<li>Reforzar los esfuerzos para que las autoridades den celeridad a las investigaciones de los asesinatos y agresiones contra la poblaci\u00f3n LGBT, en especial aquellos cometidos contra mujeres trans, y se adelanten los procesos disciplinares y judiciales a que haya lugar a fin de combatir la impunidad en estos casos.<\/li>\n<li>Garantizar que sus protocolos de atenci\u00f3n en salud, en especial aquellos que regulan la asistencia de emergencia en medio de la pandemia por el COVID-19 no reproduzcan la criminalizaci\u00f3n, el estigma y la discriminaci\u00f3n sobre las personas LGBT, en especial las personas trans, aquellas que ejercen el trabajo sexual y\/o aquellas que viven con VIH.<\/li>\n<li>Fortalecer las acciones de monitoreo, sensibilizaci\u00f3n y formaci\u00f3n en DDHH, en especial en DDHH de personas LGBT, con miembros de fuerzas de seguridad, particularmente de la Polic\u00eda Nacional y el INPEC<a href=\"#_ftn15\" name=\"_ftnref15\">[15]<\/a>, as\u00ed como dar tr\u00e1mite a las denuncias presentadas en contra de funcionarios oficiales y redoblar los esfuerzos para que las investigaciones que se adelanten al interior de estas instituciones por la vulneraci\u00f3n a DDHH de personas LGBT no queden en la impunidad.<\/li>\n<li>Involucrar a las comunidades afectadas, incluyendo la poblaci\u00f3n LGBT, en el dise\u00f1o e implementaci\u00f3n de todas las medidas de respuesta ante el COVID-19 para generar confianza, garantizar acciones adecuadas y eficientes, evitar da\u00f1os indirectos o no intencionados y garantizar el intercambio frecuente de informaci\u00f3n.<\/li>\n<li>Promulgar medidas de atenci\u00f3n y contingencia desde un enfoque de derechos humanos, que respeten la diversidad y el autoreconocimiento de las personas LGBT, sumado a la urgencia de analizar las medidas en clave interseccional, incluyendo un enfoque de raza, migratorio, etario, etc. En el caso de las medidas de segregaci\u00f3n por g\u00e9nero, como el \u201cpico y g\u00e9nero\u201d, urgimos a los gobiernos locales a explorar otro tipo de medidas que eliminen el riesgo de agresi\u00f3n y de vulneraci\u00f3n de derechos de las personas LGBT.<\/li>\n<\/ol>\n<p style=\"text-align: justify;\">De igual manera hacemos un llamado urgente a la CIDH para que refuerce sus mecanismos de monitoreo sobre la situaci\u00f3n general de derechos humanos de la poblaci\u00f3n LGBT en Colombia en el marco de la pandemia y le pedimos que le reitere al Estado Colombiano cumplir su obligaci\u00f3n de respetar los derechos humanos a\u00fan en situaciones de emergencia, recordando que la obligaci\u00f3n de los Estados de garantizar los derechos a la vida, la integridad y la identidad de las personas en mayor estado de vulnerabilidad se intensifica en contextos de emergencia como el que atravesamos.<\/p>\n<p style=\"text-align: justify;\"><a href=\"#_ftnref1\" name=\"_ftn1\">[1]<\/a> <a href=\"https:\/\/raceandequality.org\/363\">https:\/\/www.elheraldo.co\/lgtbi\/preocupa-aumento-en-2020-de-homicidios-de-personas-lgbt-734830<\/a><\/p>\n<p style=\"text-align: justify;\"><a href=\"#_ftnref2\" name=\"_ftn2\">[2]<\/a> <a href=\"https:\/\/raceandequality.org\/364\">https:\/\/www.elespectador.com\/noticias\/politica\/alerta-por-crimen-de-mujeres-trans-en-costa-caribe-pese-a-cuarentena\/<\/a><\/p>\n<p style=\"text-align: justify;\"><a href=\"#_ftnref3\" name=\"_ftn3\">[3]<\/a> <a href=\"https:\/\/raceandequality.org\/365\">https:\/\/caribeafirmativo.lgbt\/asesinan-mujer-trans-suroriente-barranquilla\/<\/a><\/p>\n<p style=\"text-align: justify;\"><a href=\"#_ftnref4\" name=\"_ftn4\">[4]<\/a> <a href=\"https:\/\/raceandequality.org\/366\">https:\/\/caribeafirmativo.lgbt\/asesinato-brandy-seis-las-personas-lgbti-asesinadas-area-metropolitana-barranquilla-marco-del-aislamiento-social\/<\/a><\/p>\n<p style=\"text-align: justify;\"><a href=\"#_ftnref5\" name=\"_ftn5\">[5]<\/a> <a href=\"https:\/\/raceandequality.org\/367\">https:\/\/pares.com.co\/2020\/03\/28\/a-todos-los-que-bajen-les-damos-de-baja\/<\/a><\/p>\n<p style=\"text-align: justify;\"><a href=\"#_ftnref6\" name=\"_ftn6\">[6]<\/a> <a href=\"https:\/\/raceandequality.org\/369\">https:\/\/www.colombiainforma.info\/entrevista-pico-y-genero-o-la-vigilancia-del-genero\/<\/a><\/p>\n<p style=\"text-align: justify;\"><a href=\"#_ftnref7\" name=\"_ftn7\">[7]<\/a><a href=\"https:\/\/raceandequality.org\/367\">https:\/\/pares.com.co\/2020\/03\/28\/a-todos-los-que-bajen-les-damos-de-baja\/<\/a> y <a href=\"https:\/\/raceandequality.org\/368\">https:\/\/www.elespectador.com\/noticias\/nacional\/burlas-discriminacion-y-punaladas-la-violencia-que-revela-el-pico-y-genero-articulo-917657\/<\/a><\/p>\n<p style=\"text-align: justify;\"><a href=\"#_ftnref8\" name=\"_ftn8\">[8]<\/a> <a href=\"https:\/\/raceandequality.org\/370\">https:\/\/www.facebook.com\/RedLGBTIdeBoyaca\/photos\/a.255356325169408\/577495662955471\/?type=3&amp;theater<\/a><\/p>\n<p style=\"text-align: justify;\"><a href=\"#_ftnref9\" name=\"_ftn9\">[9]<\/a> <a href=\"https:\/\/raceandequality.org\/371\">https:\/\/twitter.com\/redcomunitariat\/status\/1274290767964581888<\/a><\/p>\n<p style=\"text-align: justify;\"><a href=\"#_ftnref10\" name=\"_ftn10\">[10]<\/a> <a href=\"https:\/\/raceandequality.org\/372\">https:\/\/www.noticiasuno.com\/politica\/personas-trans-de-barrio-santa-fe-en-bogota-denuncian-crueldad-y-ataques-policiales\/<\/a><\/p>\n<p style=\"text-align: justify;\"><a href=\"#_ftnref11\" name=\"_ftn11\">[11]<\/a> <a href=\"https:\/\/raceandequality.org\/945\">https:\/\/twitter.com\/redcomunitariat\/status\/1256652501996240896<\/a><\/p>\n<p style=\"text-align: justify;\"><a href=\"#_ftnref12\" name=\"_ftn12\">[12]<\/a><a href=\"https:\/\/raceandequality.org\/373\">http:\/\/oldrace.wp\/es\/espanol\/raza-e-igualdad-lamenta-la-muerte-de-alejandra-monocuco-mujer-trans-trabajadora-sexual-en-colombia-y-condena-actos-de-discriminacion-y-violencia-institucioan-basados-en-su-identidad-de-genero\/<\/a><\/p>\n<p style=\"text-align: justify;\"><a href=\"#_ftnref13\" name=\"_ftn13\">[13]<\/a> <a href=\"https:\/\/raceandequality.org\/374\">https:\/\/caribeafirmativo.lgbt\/abandono-prejuicios-del-estado-hacia-mujeres-trans-continuan-evidenciandose-cartagena\/<\/a><\/p>\n<p style=\"text-align: justify;\"><a href=\"#_ftnref14\" name=\"_ftn14\">[14]<\/a> <a href=\"https:\/\/raceandequality.org\/375\">https:\/\/www.elespectador.com\/noticias\/nacional\/muere-pupileto-en-barranquilla\/<\/a><\/p>\n<p style=\"text-align: justify;\"><a href=\"#_ftnref15\" name=\"_ftn15\">[15]<\/a> Instituto Nacional Penitenciario y Carcelario.<\/p>\n","protected":false},"excerpt":{"rendered":"<p>Bogot\u00e1, 25 de junio de 2020 &#8211; El Instituto Internacional sobre Raza, Igualdad y Derechos Humanos (Raza e Igualdad) se dirige a la honorable CIDH para expresar su preocupaci\u00f3n por [&hellip;]<\/p>\n","protected":false},"author":15,"featured_media":10300,"parent":0,"menu_order":0,"template":"","format":"standard","categories":[1162,1122,1154,1172],"resources_country":[1191],"resources_language":[],"resources_audience":[],"resources_format":[],"resources_topic":[1100,1104],"resources_year":[],"class_list":["post-13059","resources","type-resources","status-publish","format-standard","has-post-thumbnail","hentry","category-cidh","category-colombia","category-espanol","category-lgbti","resources_country-colombia-es","resources_topic-cidh","resources_topic-lgbti-es"],"acf":[],"aioseo_notices":[],"_links":{"self":[{"href":"https:\/\/raceandequality.org\/es\/wp-json\/wp\/v2\/resources\/13059","targetHints":{"allow":["GET"]}}],"collection":[{"href":"https:\/\/raceandequality.org\/es\/wp-json\/wp\/v2\/resources"}],"about":[{"href":"https:\/\/raceandequality.org\/es\/wp-json\/wp\/v2\/types\/resources"}],"author":[{"embeddable":true,"href":"https:\/\/raceandequality.org\/es\/wp-json\/wp\/v2\/users\/15"}],"wp:featuredmedia":[{"embeddable":true,"href":"https:\/\/raceandequality.org\/es\/wp-json\/wp\/v2\/media\/10300"}],"wp:attachment":[{"href":"https:\/\/raceandequality.org\/es\/wp-json\/wp\/v2\/media?parent=13059"}],"wp:term":[{"taxonomy":"category","embeddable":true,"href":"https:\/\/raceandequality.org\/es\/wp-json\/wp\/v2\/categories?post=13059"},{"taxonomy":"resources_country","embeddable":true,"href":"https:\/\/raceandequality.org\/es\/wp-json\/wp\/v2\/resources_country?post=13059"},{"taxonomy":"resources_language","embeddable":true,"href":"https:\/\/raceandequality.org\/es\/wp-json\/wp\/v2\/resources_language?post=13059"},{"taxonomy":"resources_audience","embeddable":true,"href":"https:\/\/raceandequality.org\/es\/wp-json\/wp\/v2\/resources_audience?post=13059"},{"taxonomy":"resources_format","embeddable":true,"href":"https:\/\/raceandequality.org\/es\/wp-json\/wp\/v2\/resources_format?post=13059"},{"taxonomy":"resources_topic","embeddable":true,"href":"https:\/\/raceandequality.org\/es\/wp-json\/wp\/v2\/resources_topic?post=13059"},{"taxonomy":"resources_year","embeddable":true,"href":"https:\/\/raceandequality.org\/es\/wp-json\/wp\/v2\/resources_year?post=13059"}],"curies":[{"name":"wp","href":"https:\/\/api.w.org\/{rel}","templated":true}]}}