{"id":13195,"date":"2020-09-16T18:18:59","date_gmt":"2020-09-16T18:18:59","guid":{"rendered":"http:\/\/race01.wp\/resources\/alta-comisionada-michelle-bachelet-exhorta-al-gobierno-de-nicaragua-a-liberar-a-94-presas-y-presos-politicos\/"},"modified":"2023-05-10T11:40:55","modified_gmt":"2023-05-10T11:40:55","slug":"alta-comisionada-michelle-bachelet-exhorta-al-gobierno-de-nicaragua-a-liberar-a-94-presas-y-presos-politicos","status":"publish","type":"resources","link":"https:\/\/raceandequality.org\/es\/resources\/alta-comisionada-michelle-bachelet-exhorta-al-gobierno-de-nicaragua-a-liberar-a-94-presas-y-presos-politicos\/","title":{"rendered":"Alta Comisionada Michelle Bachelet exhorta al Gobierno de Nicaragua a liberar a 94 presas y presos pol\u00edticos"},"content":{"rendered":"<div class=\"wpb-content-wrapper\"><p style=\"text-align: justify; margin: 12.0pt 0cm 12.0pt 0cm;\"><b><span style=\"color: #444444;\">Ginebra, 16 de septiembre de 2020.<\/span><\/b><span style=\"color: #444444;\"> En su \u00faltima actualizaci\u00f3n oral sobre la situaci\u00f3n en Nicaragua ante el Consejo de Derechos Humanos de las Naciones Unidas, realizada este lunes, la Alta Comisionada Michelle Bachelet exhort\u00f3 al Gobierno a liberar a \u201ctodas las personas privadas arbitrariamente de libertad en el marco de las protestas o por expresar opiniones cr\u00edticas con el Gobierno\u201d, argumentando que \u201cesto constituir\u00eda un paso significativo hacia la restituci\u00f3n de derechos y la disminuci\u00f3n de la polarizaci\u00f3n existente\u201d.<\/span><\/p>\n<p style=\"text-align: justify; margin: 12.0pt 0cm 12.0pt 0cm;\"><span style=\"color: #444444;\">Seg\u00fan la Oficina de la Alta Comisionada de las Naciones Unidas para los Derechos Humanos (OACNUDH), las organizaciones de sociedad civil nicarag\u00fcenses contabilizan 90 hombres y 4 mujeres percibidos como opositores al Gobierno, quienes han sido arbitrariamente privados de libertad y acusados de delitos comunes. <\/span><\/p>\n<p style=\"text-align: justify; margin: 12.0pt 0cm 12.0pt 0cm;\"><span style=\"color: #444444;\">Esta actualizaci\u00f3n es la segunda que se realiza como parte del mandato de la resoluci\u00f3n \u201cPromoci\u00f3n y protecci\u00f3n de los derechos humanos en Nicaragua (A\/HRC\/43\/L.35)\u201d, misma que permitir\u00e1 que se realice un informe escrito en el 46\u00ba per\u00edodo de sesiones en febrero de 2021.<\/span><\/p>\n<p style=\"text-align: justify; margin: 12.0pt 0cm 12.0pt 0cm;\"><span style=\"color: #444444;\">La Alta Comisionada agreg\u00f3 que desde su \u00faltima actualizaci\u00f3n oral, en julio de este a\u00f1o, \u201cno se ha observado progreso en la situaci\u00f3n de derechos humanos ni muestras del Gobierno para abordar constructivamente las tensiones y problemas estructurales que desencadenaron en la crisis sociopol\u00edtica en abril de 2018\u201d. El Gobierno tampoco ha implementado ninguna de las recomendaciones elaboradas por su oficina.<\/span><\/p>\n<p style=\"text-align: justify;\">Desde julio hasta la fecha, OACNUDH registr\u00f3 30 casos de amenazas e intimidaciones en contra de defensores de derechos humanos, periodistas, estudiantes, dirigentes campesinos, miembros del clero cat\u00f3lico y otros.<\/p>\n<p>[vc_row][vc_column][vc_raw_html]JTNDZGl2JTIwc3R5bGUlM0QlMjdkaXNwbGF5JTNBJTIwYmxvY2slM0IlMjBwb3NpdGlvbiUzQSUyMHJlbGF0aXZlJTNCJTIwbWF4LXdpZHRoJTNBJTIwODAwcHglM0IlMjBtYXgtaGVpZ2h0JTNBJTIwNDAwcHglMjclM0UlM0NkaXYlMjBzdHlsZSUzRCUyN3BhZGRpbmctdG9wJTNBJTIwNTYuMjUlMjUlM0IlMjclM0UlM0NpZnJhbWUlMjBzdHlsZSUzRCUyN3dpZHRoJTNBJTIwMTAwJTI1JTNCJTIwaGVpZ2h0JTNBJTIwMTAwJTI1JTNCJTIwcG9zaXRpb24lM0ElMjBhYnNvbHV0ZSUzQiUyMHRvcCUzQSUyMDBweCUzQiUyMGJvdHRvbSUzQSUyMDBweCUzQiUyMHJpZ2h0JTNBJTIwMHB4JTNCJTIwbGVmdCUzQSUyMDBweCUzQiUyNyUyMHNyYyUzRCUyNyUyRiUyRnd3dy51bi5vcmclMkZ3ZWJjYXN0JTJGMTM2MjIzNTkxNDAwMSUyRkIxSjNERFFKZl9kZWZhdWx0JTJGaW5kZXguaHRtbCUzRnZpZGVvSWQlM0Q2MTkwNTc1NTQzMDAxJTI3JTIwYWxsb3dmdWxsc2NyZWVuJTIwd2Via2l0YWxsb3dmdWxsc2NyZWVuJTIwbW96YWxsb3dmdWxsc2NyZWVuJTIwZnJhbWVib3JkZXIlM0QlMjcwJTI3JTNFJTNDJTJGaWZyYW1lJTNFJTNDJTJGZGl2JTNFJTNDJTJGZGl2JTNF[\/vc_raw_html][\/vc_column][\/vc_row][vc_row][vc_column][vc_column_text]<\/p>\n<p style=\"text-align: justify;\">A pesar de que los hechos a los que se refiri\u00f3 Bachelet evidencian la profundizaci\u00f3n de la crisis, la Procuradora General de Nicaragua, Wendy Carolina Morales, no acept\u00f3 la actualizaci\u00f3n oral de Bachelet, alegando que fue \u201cparcializada y unilateral\u201d, pues seg\u00fan la delegaci\u00f3n, \u201cno tom\u00f3 en cuenta los informes que nuestro pa\u00eds ha compartido oportunamente y de buena fe con la Oficina de la Alta Comisionada de los Derechos Humanos\u201d, y m\u00e1s bien se elabor\u00f3 con base en reportes de organizaciones no gubernamentales y medios de comunicaci\u00f3n que consideran \u201copositores\u201d al Gobierno, cuestionando la pluralidad de fuentes en que se apoyan los \u00f3rganos y mecanismos internacionales de derechos humanos para desarrollar su labor.<\/p>\n<p style=\"text-align: justify;\">Seg\u00fan Morales, el Gobierno de Nicaragua ha garantizado el derecho a la salud en el contexto de la pandemia, ha respetado los derechos territoriales de los pueblos ind\u00edgenas y afrodescendientes del Caribe y ha otorgado medidas extraordinarias a m\u00e1s de 8 mil personas en situaci\u00f3n carcelaria en lo que va del a\u00f1o.<\/p>\n<p style=\"text-align: justify;\"><span style=\"color: #993366;\"><strong>Sobre el COVID-19<\/strong><\/span><\/p>\n<p style=\"text-align: justify;\">Bachelet resalt\u00f3 que la pandemia de COVID-19 contin\u00faa afectando una multitud de derechos, incluidos los econ\u00f3micos, sociales y culturales, ante los cuales la respuesta estatal ha incluido violaciones a la libertad de expresi\u00f3n y despidos de personal m\u00e9dico.<\/p>\n<p style=\"text-align: justify;\">\u201cLos datos oficiales s\u00f3lo se reportan una vez por semana y carecen de informaci\u00f3n epidemiol\u00f3gica detallada. En tal sentido, la Organizaci\u00f3n Panamericana de la Salud, OPS, advirti\u00f3 que ha sido necesario recurrir a datos producidos por fuentes no oficiales para analizar la situaci\u00f3n en el pa\u00eds. Preocupa, especialmente, la falta de informaci\u00f3n desglosada sobre los impactos de la pandemia en pueblos ind\u00edgenas y afrodescendientes, as\u00ed como sobre medidas espec\u00edficas adoptadas en su favor\u201d, agreg\u00f3 la Alta Comisionada.<\/p>\n<p style=\"text-align: justify;\"><span style=\"color: #993366;\"><strong>Otros asuntos de preocupaci\u00f3n <\/strong><\/span><\/p>\n<p style=\"text-align: justify;\">En su intervenci\u00f3n, Bachelet destac\u00f3 las condiciones precarias a las que miles de migrantes nicarag\u00fcenses se tuvieron que enfrentar para retornar a su pa\u00eds en \u00faltimos meses, incluida la de cientos <a href=\"https:\/\/raceandequality.org\/989\">varados en la frontera sur<\/a> de Pe\u00f1as Blancas.<\/p>\n<p style=\"text-align: justify;\">Tambi\u00e9n expres\u00f3 preocupaci\u00f3n por la diferencia con los datos de femicidios reportados por organizaciones de mujeres hasta la fecha (50) y los reportados por las autoridades (11) entre el 1 de febrero y el 7 de agosto de este a\u00f1o, lo que evidencia \u201cun posible sub-registro, lo que dificultar\u00eda tambi\u00e9n la adopci\u00f3n de medidas efectivas para contrarrestar esos cr\u00edmenes\u201d.<\/p>\n<p style=\"text-align: justify;\">Asimismo, alert\u00f3 sobre recientes ataques a periodistas, entre ellos dos <a href=\"https:\/\/raceandequality.org\/990\">procesos legales por injurias y calumnias<\/a>, actos de intimidaci\u00f3n y hostigamiento por parte de la Polic\u00eda en contra de directivos y personal de radio <a href=\"https:\/\/raceandequality.org\/991\">La Coste\u00f1\u00edsima<\/a> y <a href=\"https:\/\/raceandequality.org\/992\">Radio Dar\u00edo<\/a>, y tres <a href=\"https:\/\/raceandequality.org\/993\">resoluciones fiscales<\/a> impuestas contra medios de comunicaci\u00f3n.<\/p>\n<p style=\"text-align: justify;\">Finalmente, la Alta Comisionada inst\u00f3 al Gobierno de Nicaragua a implementar las recomendaciones hechas por su Oficina, en particular en vista de las elecciones previstas en noviembre de 2021, y a reanudar una cooperaci\u00f3n efectiva con la OACNUDH, incluso \u201cautorizando una misi\u00f3n al pa\u00eds\u201d en el marco de su pr\u00f3ximo informe escrito a inicios del a\u00f1o entrante.<\/p>\n<p style=\"text-align: justify;\"><span style=\"color: #993366;\"><strong>Apoyo internacional <\/strong><\/span><\/p>\n<p style=\"text-align: justify;\">La Uni\u00f3n Europea urgi\u00f3 al Gobierno de Nicaragua a adoptar reformas electorales e institucionales y a asegurar elecciones libres y justas en 2021, mientras que un grupo de pa\u00edses (Brasil, Canad\u00e1, Colombia, Costa Rica, Chile, Ecuador, Per\u00fa, Paraguay), lamentaron la ausencia de progreso en materia de derechos humanos en Nicaragua y denunciaron la falta de cooperaci\u00f3n y respuesta de las autoridades.<\/p>\n<p style=\"text-align: justify;\">\u201cNos preocupa la falta de reformas electorales reales que permitan a los nicarag\u00fcenses realizar libremente y con transparencia su participaci\u00f3n pol\u00edtica con miras a las pr\u00f3ximas elecciones presidenciales. Nuestros pa\u00edses hacen un llamado firme a las autoridades del Gobierno de Nicaragua para que implementen las recomendaciones emitidas por parte de la Alta Comisionada. Reiteramos la necesidad de establecer una cooperaci\u00f3n genuina y acceso a la Oficina de la Alta Comisionada en el pa\u00eds y dar pruebas reales de un di\u00e1logo y de una voluntad concreta de mejorar la situaci\u00f3n sociopol\u00edtica y de derechos humanos en Nicaragua para el beneficio de todos sus habitantes\u201d, dijo Julio Peralta, representante de Ecuador, en nombre del grupo de pa\u00edses latinoamericanos.<\/p>\n<p style=\"text-align: justify;\">Tambi\u00e9n las delegaciones de Ucrania y Austria expresaron preocupaci\u00f3n por la situaci\u00f3n en Nicaragua, particularmente con relaci\u00f3n a las y los presos pol\u00edticos, defensores de derechos humanos, periodistas y opositores, quienes han recibido ataques, incluso por parte de grupos armados pro-gobierno.<\/p>\n<p style=\"text-align: justify;\">Solamente el Gobierno de Venezuela apoy\u00f3 al Gobierno de Nicaragua, instando a la OACNUDH a basarse en la \u201cno injerencia\u201d.<\/p>\n<p style=\"text-align: justify;\"><span style=\"color: #993366;\"><strong>Campa\u00f1a previa a la actualizaci\u00f3n <\/strong><\/span><\/p>\n<p style=\"text-align: justify;\">Una semana antes de la actualizaci\u00f3n de la Alta Comisionada Michelle Bachelet, <strong>Raza e Igualdad<\/strong> invit\u00f3 a defensores y defensoras de derechos humanos, periodistas y familiares de presos pol\u00edticos de Nicaragua a que expusieran desde sus propias realidades c\u00f3mo se ha profundizado la crisis de derechos humanos, resaltando la importancia de que se mantenga el monitoreo internacional.<\/p>\n<p>En esta serie de videos, las y los activistas cuentan sus experiencias y manifiestan su respaldo a las actualizaciones de la OACNUDH:<\/p>\n<p>[\/vc_column_text][\/vc_column][\/vc_row][vc_row][vc_column width=\u00bb1\/3&#8243;][vc_video link=\u00bbhttps:\/\/www.youtube.com\/watch?v=RkGHpmeEjgE\u00bb align=\u00bbcenter\u00bb][\/vc_column][vc_column width=\u00bb1\/3&#8243;][vc_video link=\u00bbhttps:\/\/www.youtube.com\/watch?v=MjCWao2wWQk\u00bb][\/vc_column][vc_column width=\u00bb1\/3&#8243;][vc_video link=\u00bbhttps:\/\/www.youtube.com\/watch?v=dmkCWg7iL9M\u00bb][\/vc_column][\/vc_row][vc_row][vc_column width=\u00bb1\/2&#8243;][vc_video link=\u00bbhttps:\/\/www.youtube.com\/watch?v=DvfTaEH5pDs\u00bb][\/vc_column][vc_column width=\u00bb1\/2&#8243;][vc_video link=\u00bbhttps:\/\/www.youtube.com\/watch?v=L8kuccigey4&#8243;][\/vc_column][\/vc_row][vc_row][vc_column width=\u00bb1\/4&#8243;][vc_video link=\u00bbhttps:\/\/www.youtube.com\/watch?v=n_FoYrMDaC0&#8243;][\/vc_column][vc_column width=\u00bb1\/4&#8243;][vc_video link=\u00bbhttps:\/\/www.youtube.com\/watch?v=qyMY2YprJaw\u00bb][\/vc_column][vc_column width=\u00bb1\/4&#8243;][vc_video link=\u00bbhttps:\/\/www.youtube.com\/watch?v=MZ3jFotWKF8&#8243;][\/vc_column][vc_column width=\u00bb1\/4&#8243;][vc_video link=\u00bbhttps:\/\/www.youtube.com\/watch?v=uxF_tsPxgV4&#8243;][\/vc_column][\/vc_row]<\/p>\n<\/div>","protected":false},"excerpt":{"rendered":"<p>Ginebra, 16 de septiembre de 2020. En su \u00faltima actualizaci\u00f3n oral sobre la situaci\u00f3n en Nicaragua ante el Consejo de Derechos Humanos de las Naciones Unidas, realizada este lunes, la [&hellip;]<\/p>\n","protected":false},"author":15,"featured_media":10396,"parent":0,"menu_order":0,"template":"","format":"standard","categories":[1154,1169,1159],"resources_country":[1199],"resources_language":[],"resources_audience":[],"resources_format":[],"resources_topic":[1117],"resources_year":[],"class_list":["post-13195","resources","type-resources","status-publish","format-standard","has-post-thumbnail","hentry","category-espanol","category-nicaragua","category-onu","resources_country-nicaragua-es","resources_topic-onu"],"acf":[],"aioseo_notices":[],"_links":{"self":[{"href":"https:\/\/raceandequality.org\/es\/wp-json\/wp\/v2\/resources\/13195","targetHints":{"allow":["GET"]}}],"collection":[{"href":"https:\/\/raceandequality.org\/es\/wp-json\/wp\/v2\/resources"}],"about":[{"href":"https:\/\/raceandequality.org\/es\/wp-json\/wp\/v2\/types\/resources"}],"author":[{"embeddable":true,"href":"https:\/\/raceandequality.org\/es\/wp-json\/wp\/v2\/users\/15"}],"wp:featuredmedia":[{"embeddable":true,"href":"https:\/\/raceandequality.org\/es\/wp-json\/wp\/v2\/media\/10396"}],"wp:attachment":[{"href":"https:\/\/raceandequality.org\/es\/wp-json\/wp\/v2\/media?parent=13195"}],"wp:term":[{"taxonomy":"category","embeddable":true,"href":"https:\/\/raceandequality.org\/es\/wp-json\/wp\/v2\/categories?post=13195"},{"taxonomy":"resources_country","embeddable":true,"href":"https:\/\/raceandequality.org\/es\/wp-json\/wp\/v2\/resources_country?post=13195"},{"taxonomy":"resources_language","embeddable":true,"href":"https:\/\/raceandequality.org\/es\/wp-json\/wp\/v2\/resources_language?post=13195"},{"taxonomy":"resources_audience","embeddable":true,"href":"https:\/\/raceandequality.org\/es\/wp-json\/wp\/v2\/resources_audience?post=13195"},{"taxonomy":"resources_format","embeddable":true,"href":"https:\/\/raceandequality.org\/es\/wp-json\/wp\/v2\/resources_format?post=13195"},{"taxonomy":"resources_topic","embeddable":true,"href":"https:\/\/raceandequality.org\/es\/wp-json\/wp\/v2\/resources_topic?post=13195"},{"taxonomy":"resources_year","embeddable":true,"href":"https:\/\/raceandequality.org\/es\/wp-json\/wp\/v2\/resources_year?post=13195"}],"curies":[{"name":"wp","href":"https:\/\/api.w.org\/{rel}","templated":true}]}}