{"id":13234,"date":"2020-10-06T23:47:09","date_gmt":"2020-10-06T23:47:09","guid":{"rendered":"http:\/\/race01.wp\/resources\/colombia-urgen-acciones-gubernamentales-para-contrarrestar-alarmantes-y-crecientes-cifras-de-violencia-contra-la-poblacion-lgbti\/"},"modified":"2023-05-10T11:25:42","modified_gmt":"2023-05-10T11:25:42","slug":"colombia-urgen-acciones-gubernamentales-para-contrarrestar-alarmantes-y-crecientes-cifras-de-violencia-contra-la-poblacion-lgbti","status":"publish","type":"resources","link":"https:\/\/raceandequality.org\/es\/resources\/colombia-urgen-acciones-gubernamentales-para-contrarrestar-alarmantes-y-crecientes-cifras-de-violencia-contra-la-poblacion-lgbti\/","title":{"rendered":"Colombia: Urgen acciones gubernamentales para contrarrestar alarmantes y crecientes cifras de violencia contra la poblaci\u00f3n LGBTI"},"content":{"rendered":"<p style=\"text-align: justify;\"><strong>Bogot\u00e1, 6 de octubre de 2020.<\/strong>&#8211; El Instituto Internacional de Raza, Igualdad y Derechos Humanos (Raza e Igualdad), rechaza el alarmante incremento en los \u00edndices de violencia y discriminaci\u00f3n que sufre la poblaci\u00f3n LGBTI en Colombia en medio de la emergencia sanitaria por COVID-19 y hace un llamado para que el Gobierno Nacional desarrolle <strong>acciones concretas para prevenir, investigar y sancionar los ataques y asesinatos por prejuicio y la discriminaci\u00f3n de la que han sido objeto las personas LGBTI<\/strong>. Aun cuando recientemente se han alcanzado importantes logros para el respeto y la garant\u00eda de los derechos de gays, lesbianas, bisexuales y trans, tales como el <a href=\"https:\/\/raceandequality.org\/408\">reconocimiento como sujeto de reparaci\u00f3n colectiva a las v\u00edctimas LGBTI de El Carmen de Bol\u00edvar<\/a> y el <a href=\"https:\/\/raceandequality.org\/409\">reconocimiento de pensi\u00f3n de una mujer trans<\/a> de acuerdo con el r\u00e9gimen de pensi\u00f3n exigido para las mujeres, las cifras de asesinatos, amenazas y hostigamientos sigue creciendo exponencialmente.<\/p>\n<p style=\"text-align: justify;\">Al 15 de septiembre de 2020, la Defensor\u00eda del Pueblo report\u00f3 el asesinato de <a href=\"https:\/\/raceandequality.org\/410\">63 personas LGBTI y 388 casos de violencia por prejuicio contra personas LGBTI<\/a>, se\u00f1alando que durante la pandemia, \u201c<em>se exacerbaron el prejuicio y la discriminaci\u00f3n y aumentaron los obst\u00e1culos para el acceso a la justicia en la recepci\u00f3n de las denuncias y las barreras institucionales ligadas a la ausencia de sensibilidad de empat\u00eda que deben prevalecer en las autoridades encargadas de atender a esta poblaci\u00f3n.\u201d<\/em> A la fecha, Raza e Igualdad ha documentado 61 casos de ataques contra personas LGBT en Colombia*, en los que hemos rese\u00f1ado actos de discriminaci\u00f3n en espacios p\u00fablicos, denegaci\u00f3n de derechos como la salud y la alimentaci\u00f3n, agresiones f\u00edsicas con armas cortopunzantes, hostigamientos, amenazas e incluso asesinatos.<\/p>\n<p style=\"text-align: justify;\">El pasado 05 de septiembre, el <a href=\"https:\/\/raceandequality.org\/411\">ataque homof\u00f3bico de un hombre, que \u201cen el nombre de Cristo Jes\u00fas\u201d abord\u00f3 p\u00fablicamente a la Alcaldesa de Bogot\u00e1 Claudia L\u00f3pez<\/a>, abiertamente lesbiana, para reprocharle por \u201cense\u00f1ar cosas irrespetuosas a la ni\u00f1ez\u201d evidenci\u00f3 que el clima de discriminaci\u00f3n y exclusi\u00f3n social en contra de las personas LGBTI no es exclusivo de las instituciones. En Colombia, a pesar de los progresos formales en el reconocimiento de derechos, hace falta avanzar en la construcci\u00f3n de un ambiente favorable y respetuoso de la diversidad sexual desde la sociedad, que resulte en verdaderas transformaciones para la inclusi\u00f3n y el reconocimiento de las personas LGBTI.<\/p>\n<p style=\"text-align: justify;\"><strong>Cifras alarmantes de asesinatos y agresiones<\/strong><\/p>\n<p style=\"text-align: justify;\">A octubre de 2020, Raza e Igualdad ha documentado 30 casos de violencia en los que han sido asesinadas y\/o agredidas gravemente personas LGBTI. Recientemente, <a href=\"https:\/\/raceandequality.org\/1004\">el asesinato de Juliana<\/a>, una mujer trans, por un disparo de un soldado del Ej\u00e9rcito, prendi\u00f3 las alarmas sobre la violencia que se ejerce contra las personas LGBTI, en especial, contra las personas trans. En todo el pa\u00eds, se ha evidenciado el aumento en los \u00edndices de violencia en los territorios: En Armenia, Quind\u00edo, el 25 de agosto la Defensor\u00eda del Pueblo emiti\u00f3 una Alerta Temprana que se\u00f1ala que la poblaci\u00f3n LGBTI se encuentra en alto riesgo; el 01 de septiembre, la Red LGBTI del departamento de Boyac\u00e1 denunci\u00f3 en sus redes sociales el <a href=\"https:\/\/raceandequality.org\/413\">aumento de los abusos policiales en contra de trabajadoras sexuales<\/a>, en especial mujeres trans y\u00a0 en el Caribe, la organizaci\u00f3n Caribe Afirmativo pidi\u00f3 a trav\u00e9s de una carta dirigida a las entidades territoriales, <a href=\"https:\/\/raceandequality.org\/414\">que hagan frente al alarmante aumento en los asesinatos y agresiones en esta zona del pa\u00eds<\/a>, que ya representan el doble respecto al a\u00f1o 2019.<\/p>\n<p style=\"text-align: justify;\"><strong>Liderazgos LGBTI en la mira<\/strong><\/p>\n<p style=\"text-align: justify;\">Los ataques a los liderazgos y organizaciones LGBTI en diferentes territorios denotan el af\u00e1n por debilitar las agendas e iniciativas para la garant\u00eda de los derechos de gays, lesbianas, bisexuales y trans a lo largo del pa\u00eds. A la fecha, Raza e Igualdad ha documentado 8 casos de ataques, amenazas y asesinatos en contra de liderazgos LGBTI.<\/p>\n<p style=\"text-align: justify;\">Ataques como del que fue v\u00edctima Aurora Iglesias, popularmente conocida como \u201cZunga, la Perra Roja\u201d, lideresa trans de Florencia, Caquet\u00e1, quien fue <a href=\"https:\/\/raceandequality.org\/415\">amenazada con un arma de fuego en su vivienda<\/a> mientras que le exig\u00edan cesar con sus labores comunitarias, advierten un patr\u00f3n de persecuci\u00f3n a los procesos LGBTI. El 17 de septiembre, una bandera LGBTI apareci\u00f3 quemada frente al hogar de un l\u00edder social en la ciudad de Armenia, Quind\u00edo y el 25 de agosto, <a href=\"https:\/\/raceandequality.org\/416\">a un l\u00edder gay de El Roble, Sucre, le fue incinerada su casa<\/a>. Estos sucesos, adem\u00e1s de amedrentar a las organizaciones LGBTI que son directamente atacadas, advierten un patr\u00f3n de hostigamientos que busca tambi\u00e9n, enviar un mensaje de amenaza a otros procesos organizativos LGBTI a nivel local. Estos hechos se suman a<a href=\"https:\/\/raceandequality.org\/417\"> el asesinato de Mateo, un hombre trans l\u00edder comunitario y el intento de homicidio de John Restrepo<\/a>, l\u00edder gay que trabaja con v\u00edctimas LGBTI del conflicto armado, ambos perpetrados en pleno espacio p\u00fablico, en medio de actividades que adelantaban con la comunidad.<\/p>\n<p style=\"text-align: justify;\"><strong>Abusos policiales contra las trabajadoras sexuales, en especial contra personas trans<\/strong><\/p>\n<p style=\"text-align: justify;\">En medio de un tenso clima de marchas, protestas y discusiones pol\u00edticas sobre los abusos de la fuerza p\u00fablica, se han reportado graves violaciones a los derechos humanos por parte de la polic\u00eda contra las personas LGBTI. Raza e Igualdad ha reportado 12 denuncias p\u00fablicas de ataques colectivos e individuales por parte de la Polic\u00eda Nacional en contra las personas trans trabajadoras sexuales. En medio de estos ataques, perpetrados en su mayor\u00eda por varios miembros de la Fuerza P\u00fablica, se presentan agresiones f\u00edsicas en procedimientos policiales de requisa injustificados, ataques con armas de fuego y con otras armas de dotaci\u00f3n y la exigencia de pagos para permitirles a las trabajadoras sexuales ocupar el espacio p\u00fablico en medio de la pandemia, abusando f\u00edsica y psicol\u00f3gicamente de aquellas que no pueden pagar el monto exigido, como es el <a href=\"https:\/\/raceandequality.org\/418\">caso de Medell\u00edn<\/a>, Caldas y <a href=\"https:\/\/raceandequality.org\/372\">Bogot\u00e1<\/a>.<\/p>\n<p style=\"text-align: justify;\">En otro episodio de abuso policial, se registr\u00f3 la <a href=\"https:\/\/raceandequality.org\/419\">muerte de Juan Luis Guzm\u00e1n<\/a>, un joven gay de Arboletes, Antioquia, quien apareci\u00f3 muerto en una estaci\u00f3n de polic\u00eda bajo extra\u00f1as condiciones, luego de que fuera trasladado all\u00ed por infringir las medidas de restricci\u00f3n de la movilidad expedidas frente al COVID-19.<\/p>\n<p style=\"text-align: justify;\">En Colombia, la Fuerza P\u00fablica contribuye en gran medida a la reproducci\u00f3n de patrones de discriminaci\u00f3n y exclusi\u00f3n contra de la poblaci\u00f3n LGBTI. Esta situaci\u00f3n de vulnerabilidad se profundiza cuando las v\u00edctimas de abuso o violencia policial reclaman o intentan exigir justicia, pues deben enfrentar diferentes barreras de acceso como la falta de enfoque diferencial y de g\u00e9nero en los formularios de denuncia, las represalias con posterioridad a la misma o el encubrimiento institucional, la omisi\u00f3n, entre otros.<\/p>\n<p style=\"text-align: justify;\">Frente al contexto previamente descrito, Raza e Igualdad se une a los actos de denuncia y rechazo de la sociedad civil colombiana frente al grave contexto de vulneraci\u00f3n de derechos de las personas LGBTI y realiza un llamado al Gobierno Colombiano para que:<\/p>\n<ol style=\"text-align: justify;\">\n<li>De celeridad a las investigaciones judiciales y sancione efectivamente a les responsables en los casos de asesinatos y agresiones contra la poblaci\u00f3n LGBTI, garantizando la integraci\u00f3n de un enfoque de diversidad sexual y de g\u00e9nero en las diligencias a las que haya lugar, a fin de combatir los altos niveles de impunidad que se registran sobre estos casos.<\/li>\n<li>Fortalezca las acciones de monitoreo, sensibilizaci\u00f3n y formaci\u00f3n en DDHH, en especial en DDHH de personas LGBT, con miembros de fuerzas de seguridad, particularmente de la Polic\u00eda Nacional, as\u00ed como dar tr\u00e1mite a las denuncias presentadas en contra de funcionarios oficiales y redoblar los esfuerzos para que las investigaciones que se adelanten al interior de estas instituciones por la vulneraci\u00f3n a DDHH de personas LGBT no queden en la impunidad.<\/li>\n<li>Asegure a la poblaci\u00f3n LGBTI el acceso sin discriminaci\u00f3n a sus derechos como ciudadanes, en particular, el acceso a la justicia, fortaleciendo el monitoreo de las acciones de sensibilizaci\u00f3n y capacitaci\u00f3n en derechos LGBTI a les operadores de justicia y dise\u00f1ando rutas de atenci\u00f3n diferencial para v\u00edctimas con orientaci\u00f3n sexual e identidad de g\u00e9nero diversa.<\/li>\n<li>Rechace p\u00fablicamente los actos de discriminaci\u00f3n y\/o violencia en contra de las personas LGBTI y adopte iniciativas de sensibilizaci\u00f3n y capacitaci\u00f3n que permitan desestructurar las conductas y actitudes discriminativas y LGBTf\u00f3bicas dentro de la sociedad civil colombiana.<\/li>\n<\/ol>\n<p>&nbsp;<\/p>\n<p style=\"text-align: justify;\"><em>*Raza e Igualdad ha realizado un monitoreo de medios y denuncias p\u00fablicas de ataques y discriminaci\u00f3n en contra de la poblaci\u00f3n LGBTI a partir del 25 de marzo de 2020, en el marco de la emergencia sanitaria por COVID-19. Esta cifra se presenta al 05 de octubre de 2020.<\/em><\/p>\n<p>&nbsp;<\/p>\n","protected":false},"excerpt":{"rendered":"<p>Bogot\u00e1, 6 de octubre de 2020.&#8211; El Instituto Internacional de Raza, Igualdad y Derechos Humanos (Raza e Igualdad), rechaza el alarmante incremento en los \u00edndices de violencia y discriminaci\u00f3n que [&hellip;]<\/p>\n","protected":false},"author":15,"featured_media":10400,"parent":0,"menu_order":0,"template":"","format":"standard","categories":[1122,1154,1172],"resources_country":[1191],"resources_language":[],"resources_audience":[],"resources_format":[],"resources_topic":[1104,1109],"resources_year":[],"class_list":["post-13234","resources","type-resources","status-publish","format-standard","has-post-thumbnail","hentry","category-colombia","category-espanol","category-lgbti","resources_country-colombia-es","resources_topic-lgbti-es","resources_topic-raza-e-igualdad"],"acf":[],"aioseo_notices":[],"_links":{"self":[{"href":"https:\/\/raceandequality.org\/es\/wp-json\/wp\/v2\/resources\/13234","targetHints":{"allow":["GET"]}}],"collection":[{"href":"https:\/\/raceandequality.org\/es\/wp-json\/wp\/v2\/resources"}],"about":[{"href":"https:\/\/raceandequality.org\/es\/wp-json\/wp\/v2\/types\/resources"}],"author":[{"embeddable":true,"href":"https:\/\/raceandequality.org\/es\/wp-json\/wp\/v2\/users\/15"}],"wp:featuredmedia":[{"embeddable":true,"href":"https:\/\/raceandequality.org\/es\/wp-json\/wp\/v2\/media\/10400"}],"wp:attachment":[{"href":"https:\/\/raceandequality.org\/es\/wp-json\/wp\/v2\/media?parent=13234"}],"wp:term":[{"taxonomy":"category","embeddable":true,"href":"https:\/\/raceandequality.org\/es\/wp-json\/wp\/v2\/categories?post=13234"},{"taxonomy":"resources_country","embeddable":true,"href":"https:\/\/raceandequality.org\/es\/wp-json\/wp\/v2\/resources_country?post=13234"},{"taxonomy":"resources_language","embeddable":true,"href":"https:\/\/raceandequality.org\/es\/wp-json\/wp\/v2\/resources_language?post=13234"},{"taxonomy":"resources_audience","embeddable":true,"href":"https:\/\/raceandequality.org\/es\/wp-json\/wp\/v2\/resources_audience?post=13234"},{"taxonomy":"resources_format","embeddable":true,"href":"https:\/\/raceandequality.org\/es\/wp-json\/wp\/v2\/resources_format?post=13234"},{"taxonomy":"resources_topic","embeddable":true,"href":"https:\/\/raceandequality.org\/es\/wp-json\/wp\/v2\/resources_topic?post=13234"},{"taxonomy":"resources_year","embeddable":true,"href":"https:\/\/raceandequality.org\/es\/wp-json\/wp\/v2\/resources_year?post=13234"}],"curies":[{"name":"wp","href":"https:\/\/api.w.org\/{rel}","templated":true}]}}