{"id":13244,"date":"2020-10-22T20:25:58","date_gmt":"2020-10-22T20:25:58","guid":{"rendered":"http:\/\/race01.wp\/resources\/libertad-inmediata-para-el-estudiante-kevin-solis-pide-el-grupo-de-trabajo-sobre-detencion-arbitraria-de-la-onu\/"},"modified":"2023-05-10T11:41:55","modified_gmt":"2023-05-10T11:41:55","slug":"libertad-inmediata-para-el-estudiante-kevin-solis-pide-el-grupo-de-trabajo-sobre-detencion-arbitraria-de-la-onu","status":"publish","type":"resources","link":"https:\/\/raceandequality.org\/es\/resources\/libertad-inmediata-para-el-estudiante-kevin-solis-pide-el-grupo-de-trabajo-sobre-detencion-arbitraria-de-la-onu\/","title":{"rendered":"Libertad inmediata para el estudiante Kevin Sol\u00eds, pide el Grupo de Trabajo sobre Detenci\u00f3n Arbitraria de la ONU"},"content":{"rendered":"<p style=\"text-align: justify;\">El Grupo de Trabajo sobre la Detenci\u00f3n Arbitraria de las Naciones Unidas hizo p\u00fablica este 20 de octubre una opini\u00f3n adoptada sobre la detenci\u00f3n del activista universitario Kevin Sol\u00eds el 6 de febrero de 2020, un par de d\u00edas despu\u00e9s de haber participado en una manifestaci\u00f3n en la Universidad Centroamericana junto a decenas de j\u00f3venes. <a href=\"https:\/\/raceandequality.org\/1014\">La opini\u00f3n concluye que<\/a> dicha detenci\u00f3n fue arbitraria y pide al Gobierno de Nicaragua que tome medidas urgentes para remediar la situaci\u00f3n del joven poni\u00e9ndolo \u201cinmediatamente en libertad\u201d.<\/p>\n<p style=\"text-align: justify;\">La opini\u00f3n fue solicitada por el Centro Nicarag\u00fcense de Derechos Humanos (CENIDH), la Unidad de Defensa Jur\u00eddica (UDJ) y el Instituto Internacional sobre Raza, Igualdad y Derechos Humanos (Raza e Igualdad). Aunque el Grupo de Trabajo solicit\u00f3 en abril al Gobierno de Nicaragua que suministrase informaci\u00f3n para contrastar la denuncia, este no respondi\u00f3 a la comunicaci\u00f3n.<\/p>\n<p style=\"text-align: justify;\">Actualmente, Sol\u00eds <a href=\"https:\/\/raceandequality.org\/1015\">se encuentra recluido en el Sistema Penitenciario Jorge Navarro<\/a> con una condena de 4 a\u00f1os y 6 meses de prisi\u00f3n por el supuesto delito de robo agravado contra un simpatizante sandinista.<\/p>\n<p style=\"text-align: justify;\">El Grupo de Trabajo hizo notar que este no es el primer caso en el que se le ha reportado la detenci\u00f3n presuntamente arbitraria de opositores del Gobierno de Nicaragua, y que desde 2018, ha recibido cada vez m\u00e1s informaci\u00f3n sobre detenciones de manifestantes en protestas p\u00fablicas.<\/p>\n<p style=\"text-align: justify;\"><span style=\"color: #993366;\"><strong>Detenci\u00f3n arbitraria<\/strong><\/span><\/p>\n<p style=\"text-align: justify;\">Seg\u00fan el Grupo de Trabajo, la privaci\u00f3n de libertad de Kevin Sol\u00eds fue arbitraria conforme a las categor\u00edas I, II y III conforme a \u00a0sus m\u00e9todos de trabajo. Primero, no hubo flagrancia delictiva y el arresto fue realizado por individuos vestidos de civil, sin que se presentara una orden de arresto expedida por un juez o por autoridades competentes. Adem\u00e1s, entre las 11 am y las 6 pm, Sol\u00eds fue sujeto de una desaparici\u00f3n forzada, tiempo en que su derecho a la seguridad personal fue flagrantemente violado. Segundo, la detenci\u00f3n de Sol\u00eds fue resultado del ejercicio de sus derechos a la libertad de opini\u00f3n y de expresi\u00f3n, as\u00ed como a la libertad de reuni\u00f3n y asociaci\u00f3n pac\u00edficas, y la participaci\u00f3n en asuntos p\u00fablicos. Tercero, porque en su proceso judicial le fueron denegadas las garant\u00edas esenciales del debido proceso.<\/p>\n<p style=\"text-align: justify;\"><span style=\"color: #993366;\"><strong>Solicitudes<\/strong><\/span><\/p>\n<p style=\"text-align: justify;\">El Grupo de Trabajo consider\u00f3 que en el contexto actual de la pandemia del COVID-19, el Gobierno deber\u00eda \u201ctomar medidas urgentes para garantizar su liberaci\u00f3n inmediata\u201d, y concederle el derecho a obtener una indemnizaci\u00f3n y otros tipos de reparaci\u00f3n. Adicionalmente, recomend\u00f3 al Gobierno que examine la compatibilidad de la Ley 952 en la que se establece que los casos de robo agravado deben tramitarse en prisi\u00f3n preventiva, de manera autom\u00e1tica, con el Pacto Internacional de Derechos Civiles y Pol\u00edticos, pues la detenci\u00f3n previa al juicio deber\u00eda ser una medida excepcional en lugar de la regla.<\/p>\n<p style=\"text-align: justify;\">Finalmente, el Grupo de Trabajo inform\u00f3 que remiti\u00f3 el caso al Relator Especial sobre la Tortura para que tomara las medidas correspondientes, y solicit\u00f3 tanto a los solicitantes como al Gobierno que provean la informaci\u00f3n de seguimiento al caso en un periodo de seis meses.<\/p>\n","protected":false},"excerpt":{"rendered":"<p>El Grupo de Trabajo sobre la Detenci\u00f3n Arbitraria de las Naciones Unidas hizo p\u00fablica este 20 de octubre una opini\u00f3n adoptada sobre la detenci\u00f3n del activista universitario Kevin Sol\u00eds el [&hellip;]<\/p>\n","protected":false},"author":15,"featured_media":13245,"parent":0,"menu_order":0,"template":"","format":"standard","categories":[1154,1169,1159],"resources_country":[1199],"resources_language":[],"resources_audience":[],"resources_format":[],"resources_topic":[1117],"resources_year":[],"class_list":["post-13244","resources","type-resources","status-publish","format-standard","has-post-thumbnail","hentry","category-espanol","category-nicaragua","category-onu","resources_country-nicaragua-es","resources_topic-onu"],"acf":[],"aioseo_notices":[],"_links":{"self":[{"href":"https:\/\/raceandequality.org\/es\/wp-json\/wp\/v2\/resources\/13244","targetHints":{"allow":["GET"]}}],"collection":[{"href":"https:\/\/raceandequality.org\/es\/wp-json\/wp\/v2\/resources"}],"about":[{"href":"https:\/\/raceandequality.org\/es\/wp-json\/wp\/v2\/types\/resources"}],"author":[{"embeddable":true,"href":"https:\/\/raceandequality.org\/es\/wp-json\/wp\/v2\/users\/15"}],"wp:featuredmedia":[{"embeddable":true,"href":"https:\/\/raceandequality.org\/es\/wp-json\/wp\/v2\/media\/13245"}],"wp:attachment":[{"href":"https:\/\/raceandequality.org\/es\/wp-json\/wp\/v2\/media?parent=13244"}],"wp:term":[{"taxonomy":"category","embeddable":true,"href":"https:\/\/raceandequality.org\/es\/wp-json\/wp\/v2\/categories?post=13244"},{"taxonomy":"resources_country","embeddable":true,"href":"https:\/\/raceandequality.org\/es\/wp-json\/wp\/v2\/resources_country?post=13244"},{"taxonomy":"resources_language","embeddable":true,"href":"https:\/\/raceandequality.org\/es\/wp-json\/wp\/v2\/resources_language?post=13244"},{"taxonomy":"resources_audience","embeddable":true,"href":"https:\/\/raceandequality.org\/es\/wp-json\/wp\/v2\/resources_audience?post=13244"},{"taxonomy":"resources_format","embeddable":true,"href":"https:\/\/raceandequality.org\/es\/wp-json\/wp\/v2\/resources_format?post=13244"},{"taxonomy":"resources_topic","embeddable":true,"href":"https:\/\/raceandequality.org\/es\/wp-json\/wp\/v2\/resources_topic?post=13244"},{"taxonomy":"resources_year","embeddable":true,"href":"https:\/\/raceandequality.org\/es\/wp-json\/wp\/v2\/resources_year?post=13244"}],"curies":[{"name":"wp","href":"https:\/\/api.w.org\/{rel}","templated":true}]}}