{"id":13484,"date":"2021-04-05T17:36:12","date_gmt":"2021-04-05T17:36:12","guid":{"rendered":"http:\/\/race01.wp\/resources\/convocatoria-foro-regional-de-las-americas-sobre-prevencion-de-conflictos-y-proteccion-de-los-derechos-humanos-de-las-minorias\/"},"modified":"2023-05-10T11:52:28","modified_gmt":"2023-05-10T11:52:28","slug":"convocatoria-foro-regional-de-las-americas-sobre-prevencion-de-conflictos-y-proteccion-de-los-derechos-humanos-de-las-minorias","status":"publish","type":"resources","link":"https:\/\/raceandequality.org\/es\/resources\/convocatoria-foro-regional-de-las-americas-sobre-prevencion-de-conflictos-y-proteccion-de-los-derechos-humanos-de-las-minorias\/","title":{"rendered":"CONVOCATORIA: Foro Regional de las Am\u00e9ricas sobre Prevenci\u00f3n de conflictos y  protecci\u00f3n de los derechos humanos de las minor\u00edas"},"content":{"rendered":"<h5 style=\"text-align: center;\"><span style=\"text-decoration: underline;\">CONVOCATORIA DE PARTICIPACI\u00d3N<\/span><\/h5>\n<p style=\"text-align: justify;\"><strong>Contexto<\/strong><\/p>\n<p style=\"text-align: justify;\">Existe un amplio consenso en todo el mundo con respecto a que, abordar las desigualdades y hacer que las instituciones sean m\u00e1s inclusivas es algo fundamental para abordar las causas estructurales de los conflictos. La mayor\u00eda de los conflictos se caracterizan por una inclusi\u00f3n insuficiente de las minor\u00edas y en el contexto espec\u00edfico de los pueblos ind\u00edgenas de las Am\u00e9ricas. A esto se suma, a menudo, la falta de consideraci\u00f3n de sus identidades e injusticias, as\u00ed como la negaci\u00f3n de sus derechos humanos, por lo que el principal reto en este momento es comprender mejor lo que esto significa en la pr\u00e1ctica.<\/p>\n<p style=\"text-align: justify;\">Desde 2010, el n\u00famero de grandes conflictos violentos se ha triplicado en todo el mundo, y gran parte de ese aumento se debe al incremento de los conflictos intraestatales, que suelen involucrar a las minor\u00edas. \u00abEste es el momento con m\u00e1s conflictos violentos en el mundo en los \u00faltimos 30 a\u00f1os, y el mundo tambi\u00e9n se enfrenta a la mayor crisis de desplazamientos forzados jam\u00e1s registrada\u00bb1.<\/p>\n<p style=\"text-align: justify;\">La paz, la estabilidad y la justicia -en otras palabras, la prevenci\u00f3n de conflictos violentos- exigen que se aborden las principales injusticias de las minor\u00edas asociadas a su exclusi\u00f3n.<\/p>\n<p style=\"text-align: justify;\">Esto es, a las pr\u00e1cticas discriminatorias en materia de participaci\u00f3n en la vida p\u00fablica y en otros \u00e1mbitos, a la aceptaci\u00f3n de sus culturas, religiones o creencias y lenguas, as\u00ed como a otras violaciones de sus derechos humanos para proteger su existencia e identidad. La exclusi\u00f3n y la discriminaci\u00f3n de las minor\u00edas, en lugar de garantizar su inclusi\u00f3n y protecci\u00f3n en la sociedad mediante la aplicaci\u00f3n de sus derechos humanos, son las principales causas de la mayor\u00eda de los conflictos contempor\u00e1neos.<\/p>\n<p style=\"text-align: justify;\">La prevenci\u00f3n de los conflictos requiere abordar estos errores en su aplicaci\u00f3n pr\u00e1ctica. Garantizar la protecci\u00f3n de los derechos humanos de las minor\u00edas, -y los de los pueblos ind\u00edgenas cuando \u00e9stos tambi\u00e9n constituyan minor\u00edas- y asegurar su aplicaci\u00f3n antes de que estos agravios puedan empeorar la situaci\u00f3n, aumentan las posibilidades de que no se produzca un conflicto. \u00c9stas son las v\u00edas para respetar la dignidad y la igualdad de todas las personas de cara a lograr la justicia, la paz y la estabilidad, que se prev\u00e9 en el Pre\u00e1mbulo de la Declaraci\u00f3n Universal de los Derechos Humanos y en el sistema internacional de derechos humanos que surgi\u00f3 tras la Segunda Guerra Mundial. Las v\u00edas para la paz y la prevenci\u00f3n de conflictos se encuentran, por tanto, en la comprensi\u00f3n y aplicaci\u00f3n adecuada de los derechos humanos de las minor\u00edas.<\/p>\n<p style=\"text-align: justify;\">La nota conceptual completa de los Foros Regionales de 2021 est\u00e1 disponible <a href=\"https:\/\/raceandequality.org\/1087\"><strong>aqu\u00ed<\/strong><\/a>.<\/p>\n<p style=\"text-align: justify;\"><strong>Objetivos <\/strong><\/p>\n<p style=\"text-align: justify;\">El objetivo principal del Foro Regional de las Am\u00e9ricas sobre \u00abPrevenci\u00f3n de conflictos y protecci\u00f3n de los derechos humanos de las minor\u00edas\u00bb es aportar una visi\u00f3n regional que sirva de base para el trabajo tem\u00e1tico del Relator Especial para su informe para la 49\u00aa sesi\u00f3n del Consejo de Derechos Humanos de las Naciones Unidas en marzo de 2022. Asimismo, los debates servir\u00e1n de base para los trabajos y recomendaciones del 14\u00ba Foro sobre Cuestiones de las Minor\u00edas, que tendr\u00e1 lugar en diciembre de 2021 en Ginebra.<\/p>\n<p style=\"text-align: justify;\">Entre los objetivos espec\u00edficos se incluyen:<\/p>\n<ol style=\"text-align: justify;\">\n<li>Desarrollar un entendimiento mutuo sobre el papel de la protecci\u00f3n de los derechos humanos de las minor\u00edas en la prevenci\u00f3n de conflictos.<\/li>\n<li>Abordar el tema de los desaf\u00edos legales, institucionales y pol\u00edticos para el reconocimiento y la aplicaci\u00f3n de los derechos humanos de las minor\u00edas a la hora de afrontar injusticias prolongadas que pueden derivar en tensiones y posibles conflictos.<\/li>\n<li>Identificar por qu\u00e9 rara vez se reconocen o abordan las causas estructurales de la mayor\u00eda de los conflictos, la negaci\u00f3n de los derechos humanos de las minor\u00edas y sus aspiraciones.<\/li>\n<li>Reforzar las colaboraciones entre las distintas partes interesadas y capacitar para abordar las causas profundas de los conflictos contempor\u00e1neos y prevenirlos con mayor eficacia.<\/li>\n<\/ol>\n<p style=\"text-align: justify;\"><strong>Fecha y lugar de celebraci\u00f3n <\/strong><\/p>\n<p style=\"text-align: justify;\">Fecha: 27 y 28 de abril de 2021<\/p>\n<p style=\"text-align: justify;\">Reuni\u00f3n virtual<\/p>\n<p style=\"text-align: justify;\"><strong>Participaci\u00f3n <\/strong><\/p>\n<p style=\"text-align: justify;\">El Foro Regional de las Am\u00e9ricas estar\u00e1 abierto a la participaci\u00f3n de los Estados; las organizaciones intergubernamentales (incluidos los organismos y mecanismos de las Naciones Unidas), las instituciones nacionales de derechos humanos y otros organismos nacionales pertinentes, los acad\u00e9micos y expertos en cuestiones de minor\u00edas, los representantes de las minor\u00edas, as\u00ed como las organizaciones de la sociedad civil especializadas en cuestiones de minor\u00edas.<\/p>\n<p style=\"text-align: justify;\">La participaci\u00f3n est\u00e1 abierta a personas involucradas en temas de minor\u00edas en la regi\u00f3n de las Am\u00e9ricas (v\u00e9ase la lista de pa\u00edses elegibles <a href=\"https:\/\/raceandequality.org\/455\"><strong>aqu\u00ed<\/strong><\/a>), y con un claro <strong>enfoque y experiencia en la prevenci\u00f3n de conflictos y minor\u00edas<\/strong>.<\/p>\n<p style=\"text-align: justify;\">Todos los participantes individuales deben inscribirse en l\u00ednea <a href=\"https:\/\/raceandequality.org\/456\"><strong>aqu\u00ed<\/strong><\/a>. La <strong>inscripci\u00f3n se cerrar\u00e1 a las 23:00 CEST del mi\u00e9rcoles 21 de abril<\/strong> de 2021.<\/p>\n<p style=\"text-align: justify;\">Se anima participantes a que presenten su propuesta de recomendaci\u00f3n antes del Foro Regional de las Am\u00e9ricas y la env\u00eden a <a href=\"mailto:regionalforum@tomlantosinstitute.hu\"><strong>regionalforum@tomlantosinstitute.hu<\/strong><\/a>. En caso de que las recomendaciones propuestas se hayan redactado en franc\u00e9s, portugu\u00e9s o espa\u00f1ol, los organizadores ruegan que se env\u00eden antes del viernes 23 de abril para que puedan traducirse. Todas las recomendaciones escritas que se presenten se revisar\u00e1n y tendr\u00e1n en cuenta como parte del conjunto final de recomendaciones elaboradas durante el foro regional.<\/p>\n<p style=\"text-align: justify;\">El Foro Regional de las Am\u00e9ricas ser\u00e1 un evento virtual.<\/p>\n<p style=\"text-align: justify;\">El Gobierno de M\u00e9xico ha aceptado amablemente ser el anfitri\u00f3n del foro regional.<\/p>\n<p style=\"text-align: justify;\">Tras la confirmaci\u00f3n de la inscripci\u00f3n, unos d\u00edas antes del evento, se enviar\u00e1n el resto de detalles para participar en la reuni\u00f3n.<\/p>\n<p style=\"text-align: justify;\"><strong>Temas a debatir <\/strong><\/p>\n<p style=\"text-align: justify;\">Teniendo en cuenta los principales objetivos de los foros regionales, los debates abordar\u00e1n los siguientes temas generales. Estos se basar\u00e1n en el marco de la legislaci\u00f3n y las normas internacionales de derechos humanos:<\/p>\n<ol style=\"text-align: justify;\">\n<li>Causas fundamentales de los conflictos contempor\u00e1neos que afectan a las minor\u00edas<\/li>\n<li>Marco normativo: los derechos humanos de las minor\u00edas y la prevenci\u00f3n de conflictos<\/li>\n<li>Obst\u00e1culos para la aplicaci\u00f3n de los derechos de las minor\u00edas y la prevenci\u00f3n temprana de conflictos<\/li>\n<li>Formas de abordar las deficiencias de los mecanismos de derechos humanos para proteger a las minor\u00edas y prevenir los conflictos<\/li>\n<\/ol>\n<p style=\"text-align: justify;\">En los \u00faltimos a\u00f1os se ha reconocido cada vez m\u00e1s la importancia de incluir la perspectiva de g\u00e9nero en las actividades de prevenci\u00f3n de conflictos. Por lo tanto, los debates tendr\u00e1n en cuenta el g\u00e9nero y el papel de la mujer en relaci\u00f3n con el conflicto, y la orientaci\u00f3n sexual y la identidad de g\u00e9nero, as\u00ed como su intersecci\u00f3n espec\u00edfica con las minor\u00edas.<\/p>\n<p style=\"text-align: justify;\">Adem\u00e1s de los cuatro paneles tem\u00e1ticos, el foro regional tambi\u00e9n incluir\u00e1 un panel estatal de alto nivel formado por varias presentaciones estatales. Esto pondr\u00e1 de relieve las experiencias positivas y las lecciones aprendidas de los Estados que hayan participado en actividades de prevenci\u00f3n de conflictos, profundizando en la comprensi\u00f3n del papel de la protecci\u00f3n de los derechos humanos de las minor\u00edas en la prevenci\u00f3n de conflictos.<\/p>\n<p style=\"text-align: justify;\"><strong>Resultados <\/strong><\/p>\n<p style=\"text-align: justify;\">Tomando como base los debates y las contribuciones de los participantes, el principal resultado del Foro Regional de las Am\u00e9ricas ser\u00e1 un documento con recomendaciones pr\u00e1cticas que reflejen los contextos y desaf\u00edos regionales.<\/p>\n<p style=\"text-align: justify;\">El idioma de trabajo del foro es el ingl\u00e9s. Habr\u00e1 <strong>interpretaci\u00f3n en franc\u00e9s, portugu\u00e9s, espa\u00f1ol y lengua de signos<\/strong> mexicana.<\/p>\n<p>&nbsp;<\/p>\n<p>1 ACNUR, Tendencias mundiales,13<\/p>\n","protected":false},"excerpt":{"rendered":"<p>CONVOCATORIA DE PARTICIPACI\u00d3N Contexto Existe un amplio consenso en todo el mundo con respecto a que, abordar las desigualdades y hacer que las instituciones sean m\u00e1s inclusivas es algo fundamental [&hellip;]<\/p>\n","protected":false},"author":15,"featured_media":13485,"parent":0,"menu_order":0,"template":"","format":"standard","categories":[1154,1159,1163],"resources_country":[],"resources_language":[],"resources_audience":[],"resources_format":[],"resources_topic":[1117,1109],"resources_year":[],"class_list":["post-13484","resources","type-resources","status-publish","format-standard","has-post-thumbnail","hentry","category-espanol","category-onu","category-regional","resources_topic-onu","resources_topic-raza-e-igualdad"],"acf":[],"aioseo_notices":[],"_links":{"self":[{"href":"https:\/\/raceandequality.org\/es\/wp-json\/wp\/v2\/resources\/13484","targetHints":{"allow":["GET"]}}],"collection":[{"href":"https:\/\/raceandequality.org\/es\/wp-json\/wp\/v2\/resources"}],"about":[{"href":"https:\/\/raceandequality.org\/es\/wp-json\/wp\/v2\/types\/resources"}],"author":[{"embeddable":true,"href":"https:\/\/raceandequality.org\/es\/wp-json\/wp\/v2\/users\/15"}],"wp:featuredmedia":[{"embeddable":true,"href":"https:\/\/raceandequality.org\/es\/wp-json\/wp\/v2\/media\/13485"}],"wp:attachment":[{"href":"https:\/\/raceandequality.org\/es\/wp-json\/wp\/v2\/media?parent=13484"}],"wp:term":[{"taxonomy":"category","embeddable":true,"href":"https:\/\/raceandequality.org\/es\/wp-json\/wp\/v2\/categories?post=13484"},{"taxonomy":"resources_country","embeddable":true,"href":"https:\/\/raceandequality.org\/es\/wp-json\/wp\/v2\/resources_country?post=13484"},{"taxonomy":"resources_language","embeddable":true,"href":"https:\/\/raceandequality.org\/es\/wp-json\/wp\/v2\/resources_language?post=13484"},{"taxonomy":"resources_audience","embeddable":true,"href":"https:\/\/raceandequality.org\/es\/wp-json\/wp\/v2\/resources_audience?post=13484"},{"taxonomy":"resources_format","embeddable":true,"href":"https:\/\/raceandequality.org\/es\/wp-json\/wp\/v2\/resources_format?post=13484"},{"taxonomy":"resources_topic","embeddable":true,"href":"https:\/\/raceandequality.org\/es\/wp-json\/wp\/v2\/resources_topic?post=13484"},{"taxonomy":"resources_year","embeddable":true,"href":"https:\/\/raceandequality.org\/es\/wp-json\/wp\/v2\/resources_year?post=13484"}],"curies":[{"name":"wp","href":"https:\/\/api.w.org\/{rel}","templated":true}]}}