{"id":13507,"date":"2021-04-06T20:05:28","date_gmt":"2021-04-06T20:05:28","guid":{"rendered":"http:\/\/race01.wp\/resources\/audiencia-sobre-violencia-politica-en-brasil-concejalas-afro-cis-y-trans-denuncian-negligencia-del-estado-brasileno-ante-la-cidh-y-piden-proteccion\/"},"modified":"2023-05-10T11:52:23","modified_gmt":"2023-05-10T11:52:23","slug":"audiencia-sobre-violencia-politica-en-brasil-concejalas-afro-cis-y-trans-denuncian-negligencia-del-estado-brasileno-ante-la-cidh-y-piden-proteccion","status":"publish","type":"resources","link":"https:\/\/raceandequality.org\/es\/resources\/audiencia-sobre-violencia-politica-en-brasil-concejalas-afro-cis-y-trans-denuncian-negligencia-del-estado-brasileno-ante-la-cidh-y-piden-proteccion\/","title":{"rendered":"Audiencia sobre violencia pol\u00edtica en Brasil: concejalas afro (cis y trans) denuncian negligencia del Estado brasile\u00f1o ante la CIDH y piden protecci\u00f3n"},"content":{"rendered":"<p style=\"text-align: justify;\"><strong>Brasil, 06 de abril de 2021 &#8211; <\/strong>En una audiencia dedicada exclusivamente a denunciar la situaci\u00f3n de los derechos pol\u00edticos en Brasil, concejalas afro cis y trans, junto a organizaciones de la sociedad civil, presentaron ante la Comisi\u00f3n Interamericana de Derechos Humanos (CIDH) el panorama actual de violaciones de derechos civiles y pol\u00edticos que atenta contra la seguridad de parlamentarias del pa\u00eds. La audiencia se llev\u00f3 a cabo el 23 de marzo, en el marco del 179 periodo de audiencias p\u00fablicas de la CIDH, y fue presentada por las organizaciones: Associa\u00e7\u00e3o Nacional de Travestis y Transexuais (ANTRA); Criola; Terra de Direitos; Instituto Marielle Franco; Justi\u00e7a Global; Rede Nacional de Negras y Negros LBGT y el Instituto sobre Raza, Igualdad y Derechos Humanos (Raza e Igualdad).<\/p>\n<p style=\"text-align: justify;\">En la audiencia participaron las concejalas\u00a0Erika Hilton (PSOL\/SP);\u00a0Ana L\u00facia Martins (PT\/SC) y Carolina Iara (PSOL\/SP);\u00a0y las representantes de organizaciones de la sociedad civil Anielle\u00a0Franco, Directora Ejecutiva del Instituto\u00a0Marielle\u00a0Franco;\u00a0y Bruna Benevides, Secretaria de Articulaci\u00f3n Pol\u00edtica de ANTRA.\u00a0A pesar del contexto hist\u00f3rico discriminatorio y excluyente que estructura el escenario pol\u00edtico brasile\u00f1o, el avance de las\u00a0agendas\u00a0identitarias, antirracistas y\u00a0anti-LGBTIfobicas\u00a0promovi\u00f3 el crecimiento de la representatividad parlamentaria en las c\u00e1maras legislativas del pa\u00eds, colapsando\u00a0el sistema y jerarqu\u00edas de poder existentes.\u00a0Sin embargo, la reacci\u00f3n de los sectores pol\u00edticos y sociales conservadores basada en la cultura del odio, ha ido fomentando\u00a0el fen\u00f3meno de\u00a0la violencia pol\u00edtica y electoral\u00a0en el pa\u00eds.<\/p>\n<p style=\"text-align: justify;\">Anielle\u00a0Franco\u00a0denunci\u00f3\u00a0que\u00a0la violencia pol\u00edtica ha sido utilizada como una\u00a0herramienta para privar a las mujeres negras y\u00a0trans\u00a0del ejercicio\u00a0de\u00a0sus derechos pol\u00edticos, evitando que debates sobre la desigualdad de g\u00e9nero, la raza y la sexualidad ocurran en espacios de pol\u00edtica institucional.\u00a0Adem\u00e1s,\u00a0Anielle\u00a0sac\u00f3 a la luz\u00a0datos sobre la violencia pol\u00edtica durante las elecciones de 2020, una de las m\u00e1s violentas de los \u00faltimos a\u00f1os, que demuestran la intensificaci\u00f3n de las tensiones pol\u00edticas contra\u00a0las y los\u00a0parlamentarios negros y\u00a0transg\u00e9nero\u00a0en el pa\u00eds.<\/p>\n<p style=\"text-align: justify;\">Seg\u00fan una encuesta del Instituto\u00a0Marielle\u00a0Franco\u00a0[1], el 98,5% de las y los candidatos negros informaron haber sufrido al menos un tipo de violencia pol\u00edtica.\u00a0La principal violencia fue virtual, representando el 80% del total de ataques sufridos.\u00a0Adem\u00e1s, solo el 32% de los candidatos denunciaron los episodios que sufrieron, y entre los motivos para no hacer la denuncia est\u00e1 el hecho de que no se sienten seguros o tienen miedo de denunciar la violencia.\u00a0Entre quienes hicieron las denuncias, el 70% dijo que no les tra\u00eda m\u00e1s seguridad, adem\u00e1s de no contar con el apoyo del partido pol\u00edtico ni de la polic\u00eda.<\/p>\n<blockquote>\n<p style=\"text-align: justify;\"><strong>\u201cEs urgente llevar a otras instancias la necesidad de promover mecanismos para enfrentar todo tipo de violencia contra las mujeres negras, transexuales y travestis y reorientar las pol\u00edticas que ya existen en Brasil, que hoy todav\u00eda son insuficientes para garantizar su protecci\u00f3n y sus derechos pol\u00edticos\u00a0\u201d,\u00a0concluy\u00f3\u00a0Anielle.<\/strong><\/p>\n<\/blockquote>\n<p style=\"text-align: justify;\">La congresista\u00a0Ana L\u00facia Martins comparti\u00f3 que, ante la violencia pol\u00edtica, busc\u00f3\u00a0protecci\u00f3n a trav\u00e9s de la v\u00eda legal, y tambi\u00e9n realiz\u00f3 denuncias en redes sociales y en diferentes medios, sin embargo, no recibi\u00f3 ninguna asistencia del Estado ni del partido para su seguridad, por lo que tuvo que asumir sus propios gastos de defensa.\u00a0Ante el descuido de las instituciones competentes, Ana L\u00facia denunci\u00f3 que casi nada pas\u00f3 con la investigaci\u00f3n de las amenazas de muerte y el delito de racismo sufrido, y que sigue siendo v\u00edctima de violencia pol\u00edtica a trav\u00e9s de las redes sociales con mensajes que incitan al odio y la intolerancia.<\/p>\n<blockquote>\n<p style=\"text-align: justify;\"><strong>\u201cSabemos que la omisi\u00f3n del Estado tiene un origen, el mismo que ignora la muerte diaria de la poblaci\u00f3n afro de este pa\u00eds, ya sea por la violencia urbana, la falta de pol\u00edticas p\u00fablicas para eliminar las desigualdades y el racismo que estructura estas desigualdades\u00a0\u00a0a trav\u00e9s \u00a0del propio Estado (&#8230;)\u00a0La pregunta de\u00a0Anielle\u00a0Franco a\u00fan no ha sido respondida: \u00bfQui\u00e9n garantiza la seguridad de las mujeres afros electas?\u00a0\u201d,\u00a0argument\u00f3 Ana L\u00facia a la CIDH.\u00a0<\/strong><\/p>\n<\/blockquote>\n<p style=\"text-align: justify;\">La\u00a0co-concejala\u00a0Carolina Iara,\u00a0quien fue atacada en su casa en enero de este a\u00f1o, fue directa en su cuestionamiento:\u00a0<em>\u00ab\u00bfCu\u00e1l es la relaci\u00f3n entre estas amenazas a parlamentarias\u00a0trans\u00a0y el n\u00famero de 175 mujeres\u00a0trans\u00a0y travestis asesinados en Brasil en 2020?\u00a0\u00bfCu\u00e1l es la conexi\u00f3n entre Brasil con un alto n\u00famero de muertes de defensores de derechos humanos y las amenazas que estamos sufriendo?\u00a0\u00bfQui\u00e9n va a restaurar el trauma que tengo ahora?\u00a0\u00bfQu\u00e9 Estado es este que, adem\u00e1s de callar, fomenta la\u00a0LGBTfobia a trav\u00e9s de innumerables declaraciones del Presidente?\u00a0\u201d<\/em>.<\/p>\n<p style=\"text-align: justify;\">En referencia a la memoria de\u00a0Marielle\u00a0Franco, Carolina se\u00f1al\u00f3 que no se convertir\u00e1 en una m\u00e1rtir de la violencia sist\u00e9mica contra los cuerpos negros y\u00a0trans\u00a0en el marco de la\u00a0necropol\u00edtica\u00a0que banaliza la muerte en el pa\u00eds.\u00a0As\u00ed, se\u00f1al\u00f3 que el Estado brasile\u00f1o tiene la obligaci\u00f3n de asegurar que ella y todos los l\u00edderes y lideresas afro y\u00a0trans\u00a0puedan mantenerse con vida para hacer pol\u00edtica, y que la responsabilidad de su seguridad no puede ser exclusivamente de la sociedad civil o del partido.<\/p>\n<p style=\"text-align: justify;\">En su intervenci\u00f3n, la concejala Erika Hilton denunci\u00f3 la persecuci\u00f3n a defensores de derechos humanos como una forma de silenciar sus voces, especialmente las de mujeres defensoras. Record\u00f3 que ya en posesi\u00f3n de su mandato, sufri\u00f3 un intento de irrumpir en su oficina y que la universidad donde estudiaba\u00a0ten\u00eda las paredes vandalizadas con amenazas.\u00a0<em>\u201cEscrib\u00edan\u00a0las expresiones:\u00a0mujer, negra, elegida, muerta.\u00a0Comenc\u00e9 mi mandato teniendo que procesar a m\u00e1s de 50 personas por ataques racistas y\u00a0transf\u00f3bicos.\u00a0\u00bfC\u00f3mo poder ejercer funciones pol\u00edticas sin tener garantizada la integridad f\u00edsica?\u00a0\u201d<\/em>, cuestion\u00f3.<\/p>\n<p style=\"text-align: justify;\">Con la tarea de\u00a0presentar las recomendaciones a la CIDH, Bruna Benevides tambi\u00e9n expuso la situaci\u00f3n de violencia pol\u00edtica, especialmente la negligencia del Ministerio de la Mujer,\u00a0Familia\u00a0y Derechos Humanos, que no hizo ning\u00fan pronunciamiento, acci\u00f3n o movilizaci\u00f3n en torno a la violencia pol\u00edtica contra\u00a0mujeres negras cis\u00a0y trans.\u00a0Como ejemplo, Bruna cit\u00f3 el proyecto de\u00a0ley\u00a0[2\u00a0]\u00a0que tiene como objetivo proteger\u00a0a las v\u00edctimas\u00a0de la violencia pol\u00edtica, pero que movimientos de parlamentarios transf\u00f3bicos alineados con la falsa narrativa de la \u00abideolog\u00eda de g\u00e9nero\u00bb impidieron que se extendiera a parlamentarias trans y travestis.<\/p>\n<blockquote>\n<p style=\"text-align: justify;\"><strong>\u201cTambi\u00e9n hemos observado varios intentos de institucionalizar la\u00a0transfobia, asignando criterios biol\u00f3gicos de acceso y garant\u00eda de los derechos fundamentales, negando el derecho al reconocimiento de\u00a0la autodeclaraci\u00f3n\u00a0e identidad de g\u00e9nero de\u00a0las\u00a0personas\u00a0trans\u00a0en diversos proyectos a nivel federal, estatal y municipal. Este descuido se ve corroborado por la negligencia del Estado y la falta de reconocimiento de estas violencias pol\u00edticas, o de pensar en formas de erradicarlas, especialmente contra aquellas que no forman parte de la base del gobierno y que son las m\u00e1s afectadas por la violencia pol\u00edtica\u201d, dijo\u00a0Bruna.<\/strong><\/p>\n<\/blockquote>\n<p style=\"text-align: justify;\">Representantes del Estado brasile\u00f1o buscaron escapar de las denuncias con insuficientes declaraciones a las demandas solicitadas durante la audiencia, reafirmando una posici\u00f3n\u00a0negacionista\u00a0frente a la violencia racial,\u00a0transf\u00f3bica\u00a0y pol\u00edtica que atenta contra los derechos pol\u00edticos y la vida de las parlamentarias.\u00a0A trav\u00e9s de argumentos evasivos, los representantes buscaron escapar y minimizar el fen\u00f3meno de violencia pol\u00edtica en el pa\u00eds, atribuyendo el hecho a un contexto mundial.<\/p>\n<p style=\"text-align: justify;\">Sin embargo,\u00a0a la luz de las denuncias,\u00a0los Comisionados de la CIDH\u00a0solicitaron explicaciones al Estado.\u00a0Margarette\u00a0May Macaulay, Relatora sobre los Derechos de los Afrodescendientes y Contra la Discriminaci\u00f3n Racial y Relatora sobre los Derechos de las Mujeres, argument\u00f3 a las representantes sobre c\u00f3mo el Estado brasile\u00f1o monitorea los casos de violencia que ocurren en el pa\u00eds, y exigi\u00f3 la implementaci\u00f3n de la Convenci\u00f3n Interamericana contra el Racismo, ya aprobada por el Senado Federal.\u00a0Adem\u00e1s, Joel Hern\u00e1ndez, Relator para Brasil, concluy\u00f3 la audiencia subrayando la importancia de avanzar en la construcci\u00f3n\u00a0de los derechos pol\u00edticos de las mujeres y que\u00a0hay un rechazo del Estado brasile\u00f1o para escuchar denuncias sobre violencia pol\u00edtica.\u00a0Adem\u00e1s,\u00a0Hern\u00e1ndez\u00a0destac\u00f3 que el monitoreo de las formas en que opera el acoso virtual es necesaria para comprender el ejercicio de los derechos pol\u00edticos en Brasil.<\/p>\n<p style=\"text-align: justify;\">En l\u00ednea con las denuncias citadas durante la audiencia y encaminadas a garantizar los derechos y la protecci\u00f3n de las mujeres que forman parte del cuerpo pol\u00edtico del pa\u00eds, se presentaron a la CIDH las siguientes recomendaciones, producto de la articulaci\u00f3n entre las organizaciones:<\/p>\n<ul style=\"text-align: justify;\">\n<li>Exhortar al Estado brasile\u00f1o para que se desarrolle en las c\u00e1maras legislativas,\u00a0en di\u00e1logo\u00a0con las alcald\u00edas y \u00f3rganos\u00a0del sistema de justicia, mecanismos de\u00a0reenv\u00edo y agilizaci\u00f3n de denuncias de violencia pol\u00edtica contra mujeres negras cis\u00a0y\u00a0trans\u00a0\/ travestis, asegurando identificar y responsabilizar a los perpetradores de la violencia, y garantizar el apoyo psicol\u00f3gico a las v\u00edctimas, sus asesores y familiares;<\/li>\n<li>Instar al Estado brasile\u00f1o a promover acciones coordinadas e integradas con estaciones especializadas de investigaci\u00f3n de delitos cibern\u00e9ticos para responsabilizar a los autores e inhibir el uso de herramientas y plataformas en l\u00ednea para ataques de violencia pol\u00edtica, particularmente cuando son impulsados \u200b\u200bpor estructuras profesionales, masivas y patrocinadas deliberadamente;<\/li>\n<li>Llamar al Estado brasile\u00f1o a garantizar la formaci\u00f3n de funcionarios del Poder Judicial, del Ministerio P\u00fablico, la Defensor\u00eda P\u00fablica, la Defensor\u00eda y la polic\u00eda civil y federal para aumentar su conciencia sobre la Violencia Pol\u00edtica contra\u00a0las\u00a0mujeres\u00a0negras,\u00a0trans\u00a0y travestis, contra la discriminaci\u00f3n sexual, racial o por g\u00e9nero, as\u00ed como sobre la incitaci\u00f3n al odio, legislaci\u00f3n\u00a0antirracista, derechos de las v\u00edctimas, medidas de reparaci\u00f3n, entre otros temas;<\/li>\n<li>Promover audiencias p\u00fablicas, debates y discusiones\u00a0intersectoriales\u00a0entre las agencias p\u00fablicas y la sociedad sobre los impactos de la violencia pol\u00edtica motivada por la\u00a0transfobia\u00a0y temas relacionados con la poblaci\u00f3n\u00a0trans;<\/li>\n<li>Instar al Estado brasile\u00f1o a que proceda a la aprobaci\u00f3n de legislaci\u00f3n espec\u00edfica sobre violencia pol\u00edtica contra las mujeres con acciones que incluyan prevenir, perseguir y sancionar este tipo de violencia, con una mirada espec\u00edfica a las mujeres negras, travestis y transexuales;<\/li>\n<li>Realizar misiones oficiales al pa\u00eds, escuchando a los movimientos sociales y sociedad civil local para conocer m\u00e1s profundamente el contexto actual de violaciones a los derechos de las mujeres negras, transexuales y travestis defensoras de derechos humanos que tambi\u00e9n ocupan o se postulan a cargos de elecci\u00f3n popular. Tambi\u00e9n para conocer conocer el agravamiento de las situaciones de conflicto que las hacen vulnerables, y presentar las perspectivas de los est\u00e1ndares internacionales que pueden contribuir al mejoramiento de las pol\u00edticas nacionales de protecci\u00f3n.<\/li>\n<li>Presionar al Estado brasile\u00f1o para ampliar la estructura y el presupuesto del Programa de Protecci\u00f3n de Defensoras y Defensores de Derechos Humanos dependiente del Ministerio de la Mujer, la Familia y los Derechos Humanos, y la inclusi\u00f3n de candidatas y parlamentarias en este\u00a0programa, a\u00a0fin de garantizar la\u00a0protecci\u00f3n de estos\u00a0defensores de derechos\u00a0humanos\u00a0y el libre ejercicio de sus derechos pol\u00edticos.<\/li>\n<\/ul>\n<p style=\"text-align: justify;\">\n<p>&nbsp;<\/p>\n<p style=\"text-align: justify;\">\u00bfPerdiste la audiencia?\u00a0Mira el video completo:\u00a0<a href=\"https:\/\/raceandequality.org\/1093\">youtu.be\/Uu-U3OIoh2I<\/a><\/p>\n<p style=\"text-align: justify;\">[1]\u00a0<a href=\"https:\/\/raceandequality.org\/1094\">https:\/\/www.violenciapolitica.org\/<\/a><\/p>\n<p style=\"text-align: justify;\">[2\u00a0]\u00a0<a href=\"https:\/\/raceandequality.org\/1095\">https:\/\/g1.globo.com\/politica\/noticia\/2020\/12\/10\/camara-aprova-lei-com-medidas-de-combate-a-violencia-politica-contr-mulheres.ghtml<\/a><\/p>\n","protected":false},"excerpt":{"rendered":"<p>Brasil, 06 de abril de 2021 &#8211; En una audiencia dedicada exclusivamente a denunciar la situaci\u00f3n de los derechos pol\u00edticos en Brasil, concejalas afro cis y trans, junto a organizaciones [&hellip;]<\/p>\n","protected":false},"author":15,"featured_media":10561,"parent":0,"menu_order":0,"template":"","format":"standard","categories":[1160,1162,1154,1172,1163],"resources_country":[1189],"resources_language":[],"resources_audience":[],"resources_format":[],"resources_topic":[1100,1104,1109],"resources_year":[],"class_list":["post-13507","resources","type-resources","status-publish","format-standard","has-post-thumbnail","hentry","category-brazil-es","category-cidh","category-espanol","category-lgbti","category-regional","resources_country-brasil","resources_topic-cidh","resources_topic-lgbti-es","resources_topic-raza-e-igualdad"],"acf":[],"aioseo_notices":[],"_links":{"self":[{"href":"https:\/\/raceandequality.org\/es\/wp-json\/wp\/v2\/resources\/13507","targetHints":{"allow":["GET"]}}],"collection":[{"href":"https:\/\/raceandequality.org\/es\/wp-json\/wp\/v2\/resources"}],"about":[{"href":"https:\/\/raceandequality.org\/es\/wp-json\/wp\/v2\/types\/resources"}],"author":[{"embeddable":true,"href":"https:\/\/raceandequality.org\/es\/wp-json\/wp\/v2\/users\/15"}],"wp:featuredmedia":[{"embeddable":true,"href":"https:\/\/raceandequality.org\/es\/wp-json\/wp\/v2\/media\/10561"}],"wp:attachment":[{"href":"https:\/\/raceandequality.org\/es\/wp-json\/wp\/v2\/media?parent=13507"}],"wp:term":[{"taxonomy":"category","embeddable":true,"href":"https:\/\/raceandequality.org\/es\/wp-json\/wp\/v2\/categories?post=13507"},{"taxonomy":"resources_country","embeddable":true,"href":"https:\/\/raceandequality.org\/es\/wp-json\/wp\/v2\/resources_country?post=13507"},{"taxonomy":"resources_language","embeddable":true,"href":"https:\/\/raceandequality.org\/es\/wp-json\/wp\/v2\/resources_language?post=13507"},{"taxonomy":"resources_audience","embeddable":true,"href":"https:\/\/raceandequality.org\/es\/wp-json\/wp\/v2\/resources_audience?post=13507"},{"taxonomy":"resources_format","embeddable":true,"href":"https:\/\/raceandequality.org\/es\/wp-json\/wp\/v2\/resources_format?post=13507"},{"taxonomy":"resources_topic","embeddable":true,"href":"https:\/\/raceandequality.org\/es\/wp-json\/wp\/v2\/resources_topic?post=13507"},{"taxonomy":"resources_year","embeddable":true,"href":"https:\/\/raceandequality.org\/es\/wp-json\/wp\/v2\/resources_year?post=13507"}],"curies":[{"name":"wp","href":"https:\/\/api.w.org\/{rel}","templated":true}]}}