{"id":13541,"date":"2021-04-19T15:24:42","date_gmt":"2021-04-19T15:24:42","guid":{"rendered":"http:\/\/race01.wp\/resources\/organizaciones-de-la-sociedad-civil-de-nicaragua-sufren-persecucion-y-graves-violaciones-a-las-libertades-fundamentales\/"},"modified":"2023-05-10T11:33:12","modified_gmt":"2023-05-10T11:33:12","slug":"organizaciones-de-la-sociedad-civil-de-nicaragua-sufren-persecucion-y-graves-violaciones-a-las-libertades-fundamentales","status":"publish","type":"resources","link":"https:\/\/raceandequality.org\/es\/resources\/organizaciones-de-la-sociedad-civil-de-nicaragua-sufren-persecucion-y-graves-violaciones-a-las-libertades-fundamentales\/","title":{"rendered":"Organizaciones de la sociedad civil de Nicaragua sufren persecuci\u00f3n y graves violaciones a las libertades fundamentales"},"content":{"rendered":"<p style=\"text-align: justify;\"><span style=\"font-weight: 400;\"><b>Washington D.C., 19 de abril de 2021.- <\/b>A tres a\u00f1os del inicio de la crisis sociopol\u00edtica y de derechos humanos, en Nicaragua persiste la represi\u00f3n contra las v\u00edctimas de violaciones de derechos humanos y sus familiares, defensoras y defensores de derechos humanos, incluidas personas defensoras de la comunidad LGBTIQ, de pueblos ind\u00edgenas y afrodescendientes, periodistas, opositores y sociedad civil.\u00a0<\/span><\/p>\n<p style=\"text-align: justify;\"><span style=\"font-weight: 400;\">El Estado de Nicaragua implementa una estrategia para obstaculizar el trabajo de defensoras y defensores de derechos humanos a trav\u00e9s de actos de intimidaci\u00f3n, amenazas, campa\u00f1as sistem\u00e1ticas de estigmatizaci\u00f3n, confiscaci\u00f3n de bienes, y la aprobaci\u00f3n de leyes que contravienen los est\u00e1ndares internacionales de derechos humanos, como son la Ley de Regulaci\u00f3n de Agentes Extranjeros y la Ley de Ciberdelitos.\u00a0<\/span><\/p>\n<p style=\"text-align: justify;\"><b>El Instituto sobre Raza, Igualdad y Derechos Humanos (Raza e Igualdad)<\/b><span style=\"font-weight: 400;\"> convers\u00f3 con representantes de tres organizaciones de la sociedad civil que han sufrido represalias por su trabajo de promoci\u00f3n y defensa de derechos humanos. Les pedimos que compartieran su valoraci\u00f3n sobre la crisis, un llamado a la comunidad internacional y un mensaje para las personas defensoras de derechos humanos.\u00a0<\/span><\/p>\n<p style=\"text-align: justify;\"><b>Marlin Sierra: Sin presentar ninguna prueba, el Gobierno ha acusado a las ONG de conspiraci\u00f3n contra el Estado<\/b><\/p>\n<p style=\"text-align: justify;\"><span style=\"font-weight: 400;\">Marlin Sierra, representante del Centro Nicarag\u00fcense de Derechos Humanos (CENIDH), denunci\u00f3 que el Gobierno de Nicaragua ha acusado a las organizaciones no gubernamentales de conspiraci\u00f3n contra el Estado. Por tanto, la nueva legislaci\u00f3n tiene como objetivo \u201ccrear un ambiente extremadamente restrictivo para la labor de defensa de los derechos humanos, reduciendo significativamente sus actividades, y acentuando el estado de terror ya existente en el pa\u00eds\u201d, indic\u00f3.\u00a0\u00a0<\/span><\/p>\n<p style=\"text-align: justify;\"><span style=\"font-weight: 400;\">En diciembre del a\u00f1o 2018, el CENIDH sufri\u00f3 la cancelaci\u00f3n arbitraria de su personalidad jur\u00eddica, y el despojo de sus bienes. En febrero del 2021, el Gobierno de Ortega confirm\u00f3 que se quedar\u00e1, ilegalmente, con las oficinas del CENIDH en las ciudades de Managua y Juigalpa tras convertirlas en dependencias del Ministerio de Salud (MINSA).<\/span><\/p>\n<p style=\"text-align: justify;\"><span style=\"font-weight: 400;\">Pese a este grave atentado contra la libertad de asociaci\u00f3n, el CENIDH mantiene su trabajo por la defensa de derechos humanos y reconoce el compromiso que tienen los \u00f3rganos internacionales de derechos humanos con Nicaragua. \u201cNo se han limitado a condenar las leyes restrictivas (\u2026) han hecho hincapi\u00e9 en el papel esencial de las personas defensoras, organismos de derechos humanos y de la sociedad civil en la promoci\u00f3n y protecci\u00f3n de los derechos humanos\u201d, manifest\u00f3 Sierra.<\/span><\/p>\n<p style=\"text-align: justify;\"><span style=\"font-weight: 400;\">Finalmente, en su mensaje para las y los defensores de derechos humanos, Sierra cit\u00f3 a la Dra. Vilma N\u00fa\u00f1ez, presidenta fundadora del CENIDH: <\/span><i><span style=\"font-weight: 400;\">\u201cDefender los derechos humanos es asumir conscientemente los riesgos de enfrentar al poder que los viola<\/span><\/i><span style=\"font-weight: 400;\">\u201d; e hizo \u00e9nfasis en la importancia de definir nuevas estrategias para continuar resistiendo y acompa\u00f1ando a las v\u00edctimas en la b\u00fasqueda de justicia.\u00a0<\/span><\/p>\n<p style=\"text-align: justify;\"><b>Lottie Cunningham: El Gobierno ha formalizado barreras administrativas y burocr\u00e1ticas<\/b><\/p>\n<p style=\"text-align: justify;\"><span style=\"font-weight: 400;\">Para Lottie Cunningham, fundadora del Centro por la Justicia y los Derechos Humanos de la Costa Atl\u00e1ntica de Nicaragua (CEJUDHCAN), el Gobierno ha establecido barreras administrativas y burocr\u00e1ticas para limitar el funcionamiento de las ONG, obstaculizar el acceso a financiaci\u00f3n extranjera, y criminalizar la labor de las personas defensoras de derechos humanos.<\/span><\/p>\n<p style=\"text-align: justify;\"><span style=\"font-weight: 400;\">Cunningham se\u00f1al\u00f3 que, si bien la cancelaci\u00f3n de las personer\u00edas jur\u00eddicas ha sido la expresi\u00f3n m\u00e1s visible de violaci\u00f3n a la libertad de asociaci\u00f3n, \u201ctambi\u00e9n se han denunciado otras disposiciones y acciones negligentes que han reducido los m\u00e1rgenes de operaci\u00f3n de estas organizaciones\u201d.\u00a0<\/span><\/p>\n<p style=\"text-align: justify;\"><span style=\"font-weight: 400;\">\u201c(Las organizaciones) se han visto imposibilitadas de acceder a la\u00a0documentaci\u00f3n\u00a0 necesaria como consecuencia del retraso infundado por parte de las autoridades estatales de emitir las constancias correspondientes (\u2026) Posteriormente imponen multas que generan un mayor gasto de dinero para las asociaciones\u201d, denunci\u00f3 la defensora.\u00a0<\/span><\/p>\n<p style=\"text-align: justify;\"><span style=\"font-weight: 400;\">Cunningham hizo un llamado especial a los mecanismos internacionales de la CIDH y la ONU para que contin\u00faen demandando que el Gobierno revise las leyes, abra un espacio p\u00fablico de discusi\u00f3n de su contenido con la sociedad civil, actores y personas expertas en la materia, y asigne tiempo adicional para la consideraci\u00f3n legislativa y p\u00fablica a fin de garantizar que se alineen con las normas y est\u00e1ndares internacionales de derechos humanos.<\/span><\/p>\n<p style=\"text-align: justify;\"><span style=\"font-weight: 400;\">Para sus colegas y pueblo nicarag\u00fcense, Lottie envi\u00f3 un mensaje de resistencia: \u201cContinuemos la lucha por la democracia y el Estado de Derecho utilizando los mecanismos nacionales e internacionales, asimismo acciones de civismo\u201d.<\/span><\/p>\n<p style=\"text-align: justify;\"><b>Hayde\u00e9 Castillo: No permitamos que se esfume el sue\u00f1o de la Rebeli\u00f3n de Abril<\/b><\/p>\n<p style=\"text-align: justify;\"><span style=\"font-weight: 400;\">Hayde\u00e9 Castillo, Presidenta del Instituto de Liderazgo de Las Segovias (ILLS), tambi\u00e9n confiscado por la polic\u00eda en diciembre del 2018 y ahora convertido en un centro de estudios adscrito a la estatal Universidad Nacional Aut\u00f3noma de Nicaragua (UNAN), considera que la crisis sociopol\u00edtica de Nicaragua \u201cse ha acrecentado\u201d; ya que el pa\u00eds atraviesa una crisis econ\u00f3mica, el deterioro del tejido social y la desesperanza del pueblo nicarag\u00fcense, que \u201cresiste en una total indefensi\u00f3n ante un r\u00e9gimen de alta criminalidad\u201d.<\/span><\/p>\n<p style=\"text-align: justify;\"><span style=\"font-weight: 400;\">Ante esta situaci\u00f3n, la defensora afirma que las dictaduras no entienden de llamados y exhortaciones, y que uno de los grandes desaf\u00edos del Sistema Interamericano y del Sistema Universal de Derechos Humanos es \u201cestablecer mecanismos vinculantes y de obligatorio cumplimiento para Estados que han dejado de proteger a sus pueblos\u201d.<\/span><\/p>\n<p style=\"text-align: justify;\"><span style=\"font-weight: 400;\">Castillo env\u00eda este mensaje para sus colegas: \u201cNo permitamos que se esfume el sue\u00f1o de la Rebeli\u00f3n de Abril, de instaurar un sistema donde los derechos humanos y el respeto a la dignidad humana sean el centro. Sigamos haciendo la historia, sin nuestra labor las v\u00edctimas quedar\u00edan desprotegidas de justicia, y el pueblo de Nicaragua y la comunidad internacional no podr\u00eda comprobar que vivimos bajo un r\u00e9gimen que comete cr\u00edmenes de lesa humanidad\u201d.<\/span><\/p>\n<p>&nbsp;<\/p>\n","protected":false},"excerpt":{"rendered":"<p>Washington D.C., 19 de abril de 2021.- A tres a\u00f1os del inicio de la crisis sociopol\u00edtica y de derechos humanos, en Nicaragua persiste la represi\u00f3n contra las v\u00edctimas de violaciones [&hellip;]<\/p>\n","protected":false},"author":15,"featured_media":10597,"parent":0,"menu_order":0,"template":"","format":"standard","categories":[1169],"resources_country":[1199],"resources_language":[],"resources_audience":[],"resources_format":[],"resources_topic":[],"resources_year":[],"class_list":["post-13541","resources","type-resources","status-publish","format-standard","has-post-thumbnail","hentry","category-nicaragua","resources_country-nicaragua-es"],"acf":[],"aioseo_notices":[],"_links":{"self":[{"href":"https:\/\/raceandequality.org\/es\/wp-json\/wp\/v2\/resources\/13541","targetHints":{"allow":["GET"]}}],"collection":[{"href":"https:\/\/raceandequality.org\/es\/wp-json\/wp\/v2\/resources"}],"about":[{"href":"https:\/\/raceandequality.org\/es\/wp-json\/wp\/v2\/types\/resources"}],"author":[{"embeddable":true,"href":"https:\/\/raceandequality.org\/es\/wp-json\/wp\/v2\/users\/15"}],"wp:featuredmedia":[{"embeddable":true,"href":"https:\/\/raceandequality.org\/es\/wp-json\/wp\/v2\/media\/10597"}],"wp:attachment":[{"href":"https:\/\/raceandequality.org\/es\/wp-json\/wp\/v2\/media?parent=13541"}],"wp:term":[{"taxonomy":"category","embeddable":true,"href":"https:\/\/raceandequality.org\/es\/wp-json\/wp\/v2\/categories?post=13541"},{"taxonomy":"resources_country","embeddable":true,"href":"https:\/\/raceandequality.org\/es\/wp-json\/wp\/v2\/resources_country?post=13541"},{"taxonomy":"resources_language","embeddable":true,"href":"https:\/\/raceandequality.org\/es\/wp-json\/wp\/v2\/resources_language?post=13541"},{"taxonomy":"resources_audience","embeddable":true,"href":"https:\/\/raceandequality.org\/es\/wp-json\/wp\/v2\/resources_audience?post=13541"},{"taxonomy":"resources_format","embeddable":true,"href":"https:\/\/raceandequality.org\/es\/wp-json\/wp\/v2\/resources_format?post=13541"},{"taxonomy":"resources_topic","embeddable":true,"href":"https:\/\/raceandequality.org\/es\/wp-json\/wp\/v2\/resources_topic?post=13541"},{"taxonomy":"resources_year","embeddable":true,"href":"https:\/\/raceandequality.org\/es\/wp-json\/wp\/v2\/resources_year?post=13541"}],"curies":[{"name":"wp","href":"https:\/\/api.w.org\/{rel}","templated":true}]}}