{"id":13582,"date":"2021-05-14T17:08:56","date_gmt":"2021-05-14T17:08:56","guid":{"rendered":"http:\/\/race01.wp\/resources\/primer-foro-de-las-americas-sobre-las-minorias-reune-recomendaciones-para-proteger-a-poblaciones-historicamente-marginados-y-vulnerables-de-cara-al-foro-mundial\/"},"modified":"2023-05-10T11:53:04","modified_gmt":"2023-05-10T11:53:04","slug":"primer-foro-de-las-americas-sobre-las-minorias-reune-recomendaciones-para-proteger-a-poblaciones-historicamente-marginados-y-vulnerables-de-cara-al-foro-mundial","status":"publish","type":"resources","link":"https:\/\/raceandequality.org\/es\/resources\/primer-foro-de-las-americas-sobre-las-minorias-reune-recomendaciones-para-proteger-a-poblaciones-historicamente-marginados-y-vulnerables-de-cara-al-foro-mundial\/","title":{"rendered":"Primer Foro de las Am\u00e9ricas sobre las minor\u00edas re\u00fane recomendaciones para proteger a poblaciones hist\u00f3ricamente marginados y vulnerables de cara al Foro Mundial"},"content":{"rendered":"<p style=\"text-align: justify;\"><strong>Washington D.C., 13 de mayo de 2021.<\/strong>&#8211; El primer <strong>Foro Regional de las Am\u00e9ricas<\/strong> sobre la prevenci\u00f3n de conflictos y la protecci\u00f3n de los derechos humanos de las minor\u00edas en la regi\u00f3n se llev\u00f3 a cabo los d\u00edas 27 y 28 de abril de 2021, y cont\u00f3 con la participaci\u00f3n de autoridades estatales, organismos internacionales y regionales, entidades de Naciones Unidas y organizaciones de la sociedad civil en las Am\u00e9ricas, entre ellas el Instituto sobre Raza, Igualdad y Derechos Humanos (Raza e Igualdad), que apoy\u00f3 su realizaci\u00f3n.<\/p>\n<p style=\"text-align: justify;\">Este evento, que se celebr\u00f3 de manera virtual debido a las restricciones derivadas de la crisis sanitaria, fue convocado por el <strong>Relator Especial de las Naciones Unidas sobre cuestiones de las minor\u00edas<\/strong>, Fernand de Varennes, y es uno de los cuatro foros regionales (Europa, Asia, \u00c1frica y Am\u00e9ricas) que aportar\u00e1n insumos al informe tem\u00e1tico que el Relator Especial presentar\u00e1 en la<strong> <a href=\"https:\/\/raceandequality.org\/1124\">sesi\u00f3n n\u00famero 49 del Consejo de Derechos Humanos de las Naciones Unidas<\/a><\/strong> en marzo de 2022.<\/p>\n<p style=\"text-align: justify;\">Adem\u00e1s, los debates servir\u00e1n de base para las recomendaciones que saldr\u00e1n de la sesi\u00f3n n\u00famero 14 del <strong><a href=\"https:\/\/raceandequality.org\/497\">Foro sobre Cuestiones de las Minor\u00edas<\/a><\/strong>, que tendr\u00e1 lugar en diciembre de 2021 en Ginebra, Suiza.<\/p>\n<p style=\"text-align: justify;\"><strong>\u00bfQu\u00e9 discutieron?<\/strong><\/p>\n<p style=\"text-align: justify;\">Este espacio contribuy\u00f3 al entendimiento de la importancia de la <strong>protecci\u00f3n de los derechos humanos<\/strong> de las minor\u00edas en la prevenci\u00f3n de conflictos. Para esto, se abordaron los desaf\u00edos legales, institucionales y pol\u00edticos para el reconocimiento y la protecci\u00f3n de los derechos humanos de las minor\u00edas a la hora de abordar las injusticias prolongadas que pueden derivar en tensiones e incluso conflictos armados internos. Los derechos de las minor\u00edas est\u00e1n estrechamente relacionados con las casusas estructurales de los conflictos, sin embargo, sus demandas son frecuentemente ignoradas para la b\u00fasqueda de soluciones y superaci\u00f3n de conflicto.<\/p>\n<p style=\"text-align: justify;\">La primera sesi\u00f3n tem\u00e1tica del Foro se denomin\u00f3 \u201cCausas fundamentales de los conflictos contempor\u00e1neos que afectan a las minor\u00edas\u201d, que tuvo como moderador al Director Ejecutivo de Raza e Igualdad, Carlos Quesada. Quesada mencion\u00f3 que las dos Convenciones del Sistema Interamericano\u2014la <strong><a href=\"https:\/\/raceandequality.org\/384\">Convenci\u00f3n Interamericana contra el racismo, la discriminaci\u00f3n racial y formas conexas de intolerancia<\/a><\/strong> y <strong><a href=\"https:\/\/raceandequality.org\/293\">la Convenci\u00f3n Interamericana contra toda forma de discriminaci\u00f3n e intolerancia<\/a><\/strong>\u2014complementan y refuerzan la Convenci\u00f3n Americana de Derechos Humanos y la protecci\u00f3n de los derechos humanos de las minor\u00edas. Record\u00f3 tambi\u00e9n que ambas convenciones fueron posibles gracias a la presi\u00f3n y las demandas de la sociedad civil.<\/p>\n<p style=\"text-align: justify;\">En dicha sesi\u00f3n, <strong>Lottie Cunningham<\/strong>, fundadora y presidenta del Centro por la Justicia y los Derechos Humanos de la Costa Atl\u00e1ntica de Nicaragua (<strong>CEJUDHCAN<\/strong>), expuso que \u201cel racismo estructural es la ideolog\u00eda sobre la cual se sustenta la dominaci\u00f3n \u00e9tnica basada en la creencia de que las desigualdades entre pueblos ind\u00edgenas, comunidades afrodescendientes y el resto de la poblaci\u00f3n es normal y natural, en lugar de ser el resultado de la estructuraci\u00f3n injusta de la sociedad\u201d, se\u00f1al\u00f3.<\/p>\n<p style=\"text-align: justify;\">En ese sentido, Cunningham hizo las siguientes <strong>recomendaciones<\/strong>: a) que las agencias de Naciones Unidas promuevan campa\u00f1as de educaci\u00f3n a los Estados, empresas privadas y a la sociedad civil sobre el impacto del racismo ambiental, b) desarrollar programas de sensibilizaci\u00f3n y divulgaci\u00f3n sobre los derechos humanos colectivos de pueblos ind\u00edgenas y afrodescendientes, en particular sobre sus territorios y bienes naturales, antes de aprobar pr\u00e9stamos a inversiones de parte de bancos unilaterales y bilaterales, y c) requerir a los Estados dise\u00f1ar mecanismos electorales que garantice la participaci\u00f3n ciudadana de pueblos de acuerdo a sus costumbres y tradiciones.<\/p>\n<p style=\"text-align: justify;\">En tanto, el presidente de la Asociaci\u00f3n Nacional de Afrocolombianos Desplazados (<strong>AFRODES<\/strong>), <strong>Marino C\u00f3rdoba<\/strong>, record\u00f3 que Colombia es pa\u00eds firmante de diversos acuerdos internacionales sobre los derechos de las minor\u00edas, pero que se desconoce el impacto que estos han tenido en la protecci\u00f3n y promoci\u00f3n de sus derechos, y m\u00e1s bien los l\u00edderes y lideresas de grupos \u00e9tnicos se cuentan entre las v\u00edctimas del conflicto que atraviesa el pa\u00eds sin que haya verdad y justicia.<\/p>\n<p style=\"text-align: justify;\">C\u00f3rdoba hizo un <strong>llamado a la comunidad internacional<\/strong> para exigir al Estado colombiano que cumpla con los compromisos adquiridos y garantice los derechos fundamentales de la poblaci\u00f3n. El l\u00edder afrocolombiano recomend\u00f3 invertir en la prevenci\u00f3n de los conflictos, incluyendo particularmente la prevenci\u00f3n de las amenazas percibidas por los pueblos afrodescendientes a sus tradiciones, cultura, religi\u00f3n, y su lengua.<\/p>\n<p style=\"text-align: justify;\">En la segunda sesi\u00f3n del Foro, denominada \u201cMarco normativo: los derechos humanos de las minor\u00edas y la prevenci\u00f3n de conflictos\u201d, intervino <strong>Mar\u00eda Luisa Acosta<\/strong>, coordinadora del Centro de Asistencia Legal a Pueblos Ind\u00edgenas (<strong>CALPI<\/strong>), de Nicaragua. Acosta se\u00f1al\u00f3 que los pueblos ind\u00edgenas y afrodescendientes enfrentan masacres, violencia, desplazamiento y despojo, y que es obligaci\u00f3n del Estado proteger los derechos de todas las personas, sin discriminaci\u00f3n. A\u00f1adi\u00f3 que cuando esto falla, la comunidad internacional es indispensable e hizo \u00e9nfasis en la importancia de las visitas de las Relator\u00edas Especiales, como Relator Especial sobre las cuestiones de las minor\u00edas o la de los derechos de los pueblos ind\u00edgenas, adem\u00e1s de la labor de monitoreo del Consejo de Derechos Humanos y la Asamblea General de las Naciones Unidas.<\/p>\n<p style=\"text-align: justify;\">La tercera sesi\u00f3n tem\u00e1tica del Foro gir\u00f3 en torno a los obst\u00e1culos para la aplicaci\u00f3n de los derechos de las minor\u00edas y la prevenci\u00f3n temprana de conflictos, mientras que en la cuarta y \u00faltima sesi\u00f3n tem\u00e1tica se discutieron las formas de abordar las deficiencias de los mecanismos de derechos humanos para proteger a las minor\u00edas y prevenir los conflictos.<\/p>\n<p style=\"text-align: justify;\">El Experto Independiente de Naciones Unidas sobre orientaci\u00f3n e identidad de g\u00e9nero, <strong>V\u00edctor Madrigal-Borloz<\/strong>, particip\u00f3 en dicha sesi\u00f3n y destac\u00f3 el lenguaje inclusivo promovido por Naciones Unidas a trav\u00e9s de varias resoluciones de sus diferentes \u00f3rganos, como un factor clave para la prevenci\u00f3n de conflictos. Tambi\u00e9n se refiri\u00f3 a la necesidad de una <strong>compresi\u00f3n amplia del concepto de g\u00e9nero<\/strong> para entender los impactos diferenciados sobre las poblaciones LGTBI.<\/p>\n<p style=\"text-align: justify;\">Madrigal-Borloz enfatiz\u00f3 que la violencia es continua para las poblaciones LGTBI antes, durante y despu\u00e9s de los conflictos y que est\u00e1 ligada a estereotipos de g\u00e9nero fuertemente arraigados en la sociedad. Tras este an\u00e1lisis, resalt\u00f3 la poca participaci\u00f3n de la comunidad LGTBI en las agendas de <strong>justicia transicional<\/strong> y construcci\u00f3n de la <strong>agenda de paz<\/strong>. El experto se refiri\u00f3 a varias experiencias de comisiones de la verdad en la regi\u00f3n, entre ellas la conformada en Colombia, sobre la cual se espera que contemple un an\u00e1lisis y un reconocimiento de los patrones de violencia espec\u00edficos contra las comunidades LGTBI en el marco del conflicto armado colombiano.<\/p>\n<p style=\"text-align: justify;\">El foro finaliz\u00f3 con la lectura de una serie de recomendaciones que tomaron como base la informaci\u00f3n enviada por escrito de manera previa al inicio del foro, los debates, y participaci\u00f3n del p\u00fablico. Las <strong>recomendacione<\/strong>s se agruparon de manera preliminar en los siguientes <strong>bloques tem\u00e1ticos:<\/strong> i) Implementaci\u00f3n de la educaci\u00f3n en derechos humanos; ii) Lucha contra la desigualdad, la discriminaci\u00f3n y la interseccionalidad iii) Reconocer y acomodar la diversidad etnocultural; iv) Garantizar la participaci\u00f3n efectiva en la vida p\u00fablica, pol\u00edtica, econ\u00f3mica, social y cultural; iv) Educar sobre las minor\u00edas, los pueblos ind\u00edgenas y los afrodescendientes; vi) Tierra\/medio ambiente; vii) Salud; viii) Religi\u00f3n; ix) Acceso a la justicia; x) Erradicaci\u00f3n de la violencia; xi) Recogida de datos, y xii) Prevenci\u00f3n de conflictos.<\/p>\n<p style=\"text-align: justify;\">Las recomendaciones de este Foro regional de las Am\u00e9ricas, junto con las que resulten del resto de foros regionales, estar\u00e1n disponibles y ser\u00e1n documentos de referencia para el <strong><a href=\"https:\/\/raceandequality.org\/497\">14\u00ba Foro de las Naciones Unidas sobre Cuestiones de las Minor\u00edas<\/a><\/strong>. Adem\u00e1s, estos insumos servir\u00e1n para la elaboraci\u00f3n de unas directrices sobre la cuesti\u00f3n de la prevenci\u00f3n de conflictos y las minor\u00edas que se preparar\u00e1n bajo el mandato del Relator Especial de las Naciones Unidas sobre Cuestiones de las Minor\u00edas.<\/p>\n<p style=\"text-align: justify;\">Los derechos de las minor\u00edas son derechos humanos y los Estados tienen la obligaci\u00f3n de protegerlos y garantizar su proyecto de vida desde una perspectiva individual y tambi\u00e9n colectiva culturalmente adecuada. La <strong><a href=\"https:\/\/raceandequality.org\/1125\">Declaraci\u00f3n sobre los derechos de las personas pertenecientes a minor\u00edas nacionales o \u00e9tnicas, religiosas y ling\u00fc\u00edsticas<\/a><\/strong> debe ser interpretada junto las obligaciones adquiridas por los Estados en materia de derechos humanos, la prohibici\u00f3n de toda discriminaci\u00f3n y protecci\u00f3n igual y efectiva frente a cualquier discriminaci\u00f3n por motivos de raza, color, sexo, idioma, religi\u00f3n, opiniones pol\u00edticas o de cualquier \u00edndole, origen nacional o social, posici\u00f3n econ\u00f3mica, nacimiento o cualquier otra condici\u00f3n social.<\/p>\n","protected":false},"excerpt":{"rendered":"<p>Washington D.C., 13 de mayo de 2021.&#8211; El primer Foro Regional de las Am\u00e9ricas sobre la prevenci\u00f3n de conflictos y la protecci\u00f3n de los derechos humanos de las minor\u00edas en [&hellip;]<\/p>\n","protected":false},"author":15,"featured_media":10634,"parent":0,"menu_order":0,"template":"","format":"standard","categories":[1154,1159,1163],"resources_country":[],"resources_language":[],"resources_audience":[],"resources_format":[],"resources_topic":[1117,1109],"resources_year":[],"class_list":["post-13582","resources","type-resources","status-publish","format-standard","has-post-thumbnail","hentry","category-espanol","category-onu","category-regional","resources_topic-onu","resources_topic-raza-e-igualdad"],"acf":[],"aioseo_notices":[],"_links":{"self":[{"href":"https:\/\/raceandequality.org\/es\/wp-json\/wp\/v2\/resources\/13582","targetHints":{"allow":["GET"]}}],"collection":[{"href":"https:\/\/raceandequality.org\/es\/wp-json\/wp\/v2\/resources"}],"about":[{"href":"https:\/\/raceandequality.org\/es\/wp-json\/wp\/v2\/types\/resources"}],"author":[{"embeddable":true,"href":"https:\/\/raceandequality.org\/es\/wp-json\/wp\/v2\/users\/15"}],"wp:featuredmedia":[{"embeddable":true,"href":"https:\/\/raceandequality.org\/es\/wp-json\/wp\/v2\/media\/10634"}],"wp:attachment":[{"href":"https:\/\/raceandequality.org\/es\/wp-json\/wp\/v2\/media?parent=13582"}],"wp:term":[{"taxonomy":"category","embeddable":true,"href":"https:\/\/raceandequality.org\/es\/wp-json\/wp\/v2\/categories?post=13582"},{"taxonomy":"resources_country","embeddable":true,"href":"https:\/\/raceandequality.org\/es\/wp-json\/wp\/v2\/resources_country?post=13582"},{"taxonomy":"resources_language","embeddable":true,"href":"https:\/\/raceandequality.org\/es\/wp-json\/wp\/v2\/resources_language?post=13582"},{"taxonomy":"resources_audience","embeddable":true,"href":"https:\/\/raceandequality.org\/es\/wp-json\/wp\/v2\/resources_audience?post=13582"},{"taxonomy":"resources_format","embeddable":true,"href":"https:\/\/raceandequality.org\/es\/wp-json\/wp\/v2\/resources_format?post=13582"},{"taxonomy":"resources_topic","embeddable":true,"href":"https:\/\/raceandequality.org\/es\/wp-json\/wp\/v2\/resources_topic?post=13582"},{"taxonomy":"resources_year","embeddable":true,"href":"https:\/\/raceandequality.org\/es\/wp-json\/wp\/v2\/resources_year?post=13582"}],"curies":[{"name":"wp","href":"https:\/\/api.w.org\/{rel}","templated":true}]}}