{"id":13773,"date":"2021-08-19T20:17:59","date_gmt":"2021-08-19T20:17:59","guid":{"rendered":"http:\/\/race01.wp\/resources\/raza-e-igualdad-expresa-preocupacion-por-la-detencion-incomunicacion-y-revocatoria-de-la-prision-domiciliaria-de-jose-daniel-ferrer-garcia-e-informa-sobre-decision-de-la-cidh-en-seguimiento-a-peticio\/"},"modified":"2023-05-15T04:53:39","modified_gmt":"2023-05-15T04:53:39","slug":"raza-e-igualdad-expresa-preocupacion-por-la-detencion-incomunicacion-y-revocatoria-de-la-prision-domiciliaria-de-jose-daniel-ferrer-garcia-e-informa-sobre-decision-de-la-cidh-en-seguimiento-a-peticio","status":"publish","type":"resources","link":"https:\/\/raceandequality.org\/es\/resources\/raza-e-igualdad-expresa-preocupacion-por-la-detencion-incomunicacion-y-revocatoria-de-la-prision-domiciliaria-de-jose-daniel-ferrer-garcia-e-informa-sobre-decision-de-la-cidh-en-seguimiento-a-peticio\/","title":{"rendered":"Raza e Igualdad expresa preocupaci\u00f3n por la detenci\u00f3n, incomunicaci\u00f3n y revocatoria de la prisi\u00f3n domiciliaria de Jos\u00e9 Daniel Ferrer Garc\u00eda e informa sobre decisi\u00f3n de la CIDH en seguimiento a petici\u00f3n por violaci\u00f3n de derechos humanos en contra de Ferrer Garc\u00eda y otros miembros de la UNPACU"},"content":{"rendered":"<p style=\"text-align: justify;\"><strong>Washington D.C., 19 de agosto de 2021.<\/strong>&#8211; El Instituto sobre Raza, Igualdad y Derechos Humanos (Raza e Igualdad) expresa su preocupaci\u00f3n por la detenci\u00f3n, incomunicaci\u00f3n y la revocatoria de prisi\u00f3n domiciliaria en perjuicio de Jos\u00e9 Daniel Ferrer Garc\u00eda, l\u00edder de la Uni\u00f3n Patri\u00f3tica de Cuba (UNPACU), quien se encuentra privado de libertad desde el domingo 11 de julio por ejercer su derecho a la protesta pac\u00edfica en las <a href=\"https:\/\/raceandequality.org\/1247\"><strong>hist\u00f3ricas manifestaciones<\/strong><\/a> que se registraron ese d\u00eda en la Isla.<\/p>\n<p style=\"text-align: justify;\"><strong>Sobre la detenci\u00f3n e incomunicaci\u00f3n<\/strong><\/p>\n<p style=\"text-align: justify;\">El domingo 11 de julio de 2021, alrededor de las 5:00 pm, <strong>Jos\u00e9 Daniel Ferrer Garc\u00eda, junto con su hijo Jos\u00e9 Daniel Ferrer Cantillo<\/strong>, decidieron ejercer su derecho a la protesta pac\u00edfica en Santiago de Cuba. Antes de llegar al lugar de concentraci\u00f3n en el Parque C\u00e9spedes, fueron interceptados por agentes de la Seguridad del Estado, de la Polic\u00eda Nacional Revolucionaria (PNR) y personas vestidas de civil parte de la Brigada de Respuesta R\u00e1pida, e inmediatamente fueron detenidos de manera violenta y conducidos al centro de operaciones de Santiago de Cuba.<\/p>\n<p style=\"text-align: justify;\">Tras varios esfuerzos de sus familiares para localizarlo, el d\u00eda 13 de julio, un oficial de la Polic\u00eda inform\u00f3 de manera verbal a la esposa de Ferrer Garc\u00eda, Nelva Ortega, que este se encontraba detenido en el <strong>Centro de Operaciones y de Instrucci\u00f3n Penal de Versalles<\/strong>, Santiago de Cuba. Cabe destacar que esta comunicaci\u00f3n ocurri\u00f3 en una unidad policial donde Ortega estuvo detenida durante cinco horas.<\/p>\n<p style=\"text-align: justify;\">El joven Jos\u00e9 Daniel Ferrer Cantillo, en tanto, fue liberado el 18 de julio. Tras su liberaci\u00f3n, confirm\u00f3 que estuvo privado de libertad en Versalles y narr\u00f3 que las condiciones carcelarias fueron muy malas, lo mantuvieron incomunicado, sin acceso a agua potable y en un espacio inseguro para su salud. De hecho, en la prisi\u00f3n se contagi\u00f3 de \u201cestafilococo en la pierna\u201d. El joven indic\u00f3 que estando en prisi\u00f3n le informaron que estaba detenido por \u201c<strong>desorden p\u00fablico<\/strong>\u201d y \u201c<strong>propagaci\u00f3n de epidemia<\/strong>\u201d. Sin embargo, al liberarlo le levantaron un acta solamente por el primer delito, pidi\u00e9ndolo acudir cada martes a Versalles para firmar un acta<a href=\"#_ftn1\" name=\"_ftnref1\">[1]<\/a>.<\/p>\n<p style=\"text-align: justify;\">Jos\u00e9 Daniel Ferrer Garc\u00eda <strong>permanece privado de libertad e incomunicado<\/strong> desde hace m\u00e1s de un mes, y no ha habido acceso al expediente fiscal sobre su caso. Su familia no tiene certeza del lugar de detenci\u00f3n, pues el 14 de agosto un oficial le indic\u00f3 a Roil\u00e1n Z\u00e1rraga Ferrer, miembro de la UNPACU, que Jos\u00e9 Daniel habr\u00eda sido trasladado a la prisi\u00f3n de Mar Verde tras hab\u00e9rsele revocado la medida de prisi\u00f3n domiciliaria<a href=\"#_ftn2\" name=\"_ftnref2\">[2]<\/a>.<\/p>\n<p style=\"text-align: justify;\">Su familia ha interpuesto varios recursos para dar con su paradero y lograr su liberaci\u00f3n, entre ellos Habeas Corpus, solicitud de modificaci\u00f3n de la medida cautelar y recurso de queja, todos negados. Sus familiares y amigos se encuentran muy preocupados por su estado de salud, pues <strong>Jos\u00e9 Daniel sufre de \u00falcera gastroduodenal<\/strong> y el d\u00eda de la detenci\u00f3n presentaba dolor abdominal y v\u00f3mitos con sangre.<\/p>\n<p style=\"text-align: justify;\"><strong>Sobre la revocatoria del r\u00e9gimen de limitaci\u00f3n de libertad o prisi\u00f3n domiciliaria <\/strong><\/p>\n<p style=\"text-align: justify;\">A trav\u00e9s de auto de fecha 12 de agosto de 2021, que fue notificado a su esposa el 17 de agosto, el <strong>Tribunal Provincial Popular de Santiago de Cuba \u2013 Sala Tercera de lo Penal<\/strong>, resolvi\u00f3 revocar la sanci\u00f3n subsidiaria de limitaci\u00f3n de libertad de Jos\u00e9 Daniel Ferrer Garc\u00eda.<\/p>\n<p style=\"text-align: justify;\">De acuerdo con el auto referido, la motivaci\u00f3n de esta decisi\u00f3n ser\u00eda que Ferrer Garc\u00eda \u201cha mantenido una actitud contraria a los requisitos que debe cumplir, al no encontrarse incorporado al trabajo y ha asumido en varias oportunidades comportamientos incorrectos y desafiantes a la autoridad en el ejercicio de sus funciones, adem\u00e1s de que actualmente se encuentra procesado en el expediente de fase preparatoria n\u00famero 128 de 2021 seguido por presunto delito de des\u00f3rdenes p\u00fablicos y con medida cautelar de prisi\u00f3n provisional\u201d. En consecuencia, el Tribunal resolvi\u00f3 que Ferrer Garc\u00eda <strong>deber\u00e1 cumplir en un centro penitenciario los 4 a\u00f1os y 14 d\u00edas restantes de la pena impuesta en abril de 2020<\/strong>.<\/p>\n<p style=\"text-align: justify;\">Al respecto, la Oficina de Asuntos del Hemisferio Occidental del Departamento de Estado de Estados Unidos y organizaciones internacionales de derechos humanos como Prisoners Defenders han mostrado su preocupaci\u00f3n y han solicitado al Estado cubano respetar los derechos humanos de Jos\u00e9 Daniel Ferrer.<\/p>\n<p style=\"text-align: justify;\"><strong>Sobre la decisi\u00f3n de la Comisi\u00f3n Interamericana de Derechos Humanos (CIDH) <\/strong><\/p>\n<p style=\"text-align: justify;\">Por pedido de Raza e Igualdad, el 09 de agosto de 2021, la Comisi\u00f3n Interamericana de Derechos Humanos (CIDH) determin\u00f3 que decidir\u00e1 conjuntamente sobre la admisibilidad y el fondo del <a href=\"https:\/\/raceandequality.org\/1096\"><strong>caso presentado sobre los integrantes de la Uni\u00f3n Patri\u00f3tica de Cuba (UNPACU)<\/strong><\/a> que fueron detenidos, torturados y enjuiciados de manera arbitraria entre octubre 2019 y abril 2020. Jos\u00e9 Daniel Ferrer Garc\u00eda es una de las v\u00edctimas de este caso.<\/p>\n<p style=\"text-align: justify;\">Raza e Igualdad hace un llamado al Estado de Cuba para <strong>que respete los derechos humanos de Jos\u00e9 Daniel Ferrer Garc\u00eda<\/strong>, incluidos los derechos fundamentales a la vida, libertad, integridad personal, seguridad y garant\u00edas judiciales. Adem\u00e1s, al encontrarse en custodia del Estado, instamos a que se respete su derecho a mantener comunicaci\u00f3n fluida y permanente con su familia y abogados defensores.<\/p>\n<p style=\"text-align: justify;\"><em><a href=\"#_ftnref1\" name=\"_ftn1\">[1]<\/a> <a href=\"https:\/\/raceandequality.org\/1248\">https:\/\/www.youtube.com\/watch?v=eajKkklp0fI&amp;t=5s<\/a><\/em><\/p>\n<p style=\"text-align: justify;\"><em><a href=\"#_ftnref2\" name=\"_ftn2\">[2]<\/a> <a href=\"https:\/\/raceandequality.org\/1249\">https:\/\/m.facebook.com\/story.php?story_fbid=944409566138099&amp;id=100017071928730&amp;sfnsn=mo<\/a><\/em><\/p>\n","protected":false},"excerpt":{"rendered":"<p>Washington D.C., 19 de agosto de 2021.&#8211; El Instituto sobre Raza, Igualdad y Derechos Humanos (Raza e Igualdad) expresa su preocupaci\u00f3n por la detenci\u00f3n, incomunicaci\u00f3n y la revocatoria de prisi\u00f3n [&hellip;]<\/p>\n","protected":false},"author":15,"featured_media":13774,"parent":0,"menu_order":0,"template":"","format":"standard","categories":[1162,1123,1154],"resources_country":[1193],"resources_language":[],"resources_audience":[],"resources_format":[],"resources_topic":[1100],"resources_year":[],"class_list":["post-13773","resources","type-resources","status-publish","format-standard","has-post-thumbnail","hentry","category-cidh","category-cuba","category-espanol","resources_country-cuba-es","resources_topic-cidh"],"acf":[],"aioseo_notices":[],"_links":{"self":[{"href":"https:\/\/raceandequality.org\/es\/wp-json\/wp\/v2\/resources\/13773","targetHints":{"allow":["GET"]}}],"collection":[{"href":"https:\/\/raceandequality.org\/es\/wp-json\/wp\/v2\/resources"}],"about":[{"href":"https:\/\/raceandequality.org\/es\/wp-json\/wp\/v2\/types\/resources"}],"author":[{"embeddable":true,"href":"https:\/\/raceandequality.org\/es\/wp-json\/wp\/v2\/users\/15"}],"wp:featuredmedia":[{"embeddable":true,"href":"https:\/\/raceandequality.org\/es\/wp-json\/wp\/v2\/media\/13774"}],"wp:attachment":[{"href":"https:\/\/raceandequality.org\/es\/wp-json\/wp\/v2\/media?parent=13773"}],"wp:term":[{"taxonomy":"category","embeddable":true,"href":"https:\/\/raceandequality.org\/es\/wp-json\/wp\/v2\/categories?post=13773"},{"taxonomy":"resources_country","embeddable":true,"href":"https:\/\/raceandequality.org\/es\/wp-json\/wp\/v2\/resources_country?post=13773"},{"taxonomy":"resources_language","embeddable":true,"href":"https:\/\/raceandequality.org\/es\/wp-json\/wp\/v2\/resources_language?post=13773"},{"taxonomy":"resources_audience","embeddable":true,"href":"https:\/\/raceandequality.org\/es\/wp-json\/wp\/v2\/resources_audience?post=13773"},{"taxonomy":"resources_format","embeddable":true,"href":"https:\/\/raceandequality.org\/es\/wp-json\/wp\/v2\/resources_format?post=13773"},{"taxonomy":"resources_topic","embeddable":true,"href":"https:\/\/raceandequality.org\/es\/wp-json\/wp\/v2\/resources_topic?post=13773"},{"taxonomy":"resources_year","embeddable":true,"href":"https:\/\/raceandequality.org\/es\/wp-json\/wp\/v2\/resources_year?post=13773"}],"curies":[{"name":"wp","href":"https:\/\/api.w.org\/{rel}","templated":true}]}}