{"id":13830,"date":"2021-10-01T17:20:18","date_gmt":"2021-10-01T17:20:18","guid":{"rendered":"http:\/\/race01.wp\/resources\/primer-informe-sobre-transmasculinidades-y-personas-de-genero-no-binario-aman-en-peru-un-paso-clave-para-el-reconocimiento-y-proteccion-de-las-identidades-diversas-en-el-pais-y-la-region\/"},"modified":"2023-05-10T11:26:43","modified_gmt":"2023-05-10T11:26:43","slug":"primer-informe-sobre-transmasculinidades-y-personas-de-genero-no-binario-aman-en-peru-un-paso-clave-para-el-reconocimiento-y-proteccion-de-las-identidades-diversas-en-el-pais-y-la-region","status":"publish","type":"resources","link":"https:\/\/raceandequality.org\/es\/resources\/primer-informe-sobre-transmasculinidades-y-personas-de-genero-no-binario-aman-en-peru-un-paso-clave-para-el-reconocimiento-y-proteccion-de-las-identidades-diversas-en-el-pais-y-la-region\/","title":{"rendered":"Primer informe sobre transmasculinidades y personas de g\u00e9nero no binario AMAN en Per\u00fa: un paso clave para el reconocimiento y protecci\u00f3n de las identidades diversas en el pa\u00eds y la regi\u00f3n"},"content":{"rendered":"<p style=\"text-align: justify;\"><strong>Washington D.C., 30 de septiembre de 2021.<\/strong>&#8211; Con el objetivo de contribuir a la promoci\u00f3n y protecci\u00f3n de los derechos de las <strong>personas transmasculinas y de g\u00e9nero no binario asignadas mujeres al nacer<\/strong> (AMAN) en Per\u00fa, el Instituto sobre Raza, Igualdad y Derechos Humanos (Raza e Igualdad) lanz\u00f3 el pasado 24 de septiembre de 2021 el <a href=\"https:\/\/raceandequality.org\/550\"><strong>primer informe<\/strong><\/a> que muestra la situaci\u00f3n de esta poblaci\u00f3n en el pa\u00eds y que contiene recomendaciones al Estado, a la Comisi\u00f3n Interamericana de Derechos Humanos (CIDH) y a la Organizaci\u00f3n de Naciones Unidas para garantizar sus derechos humanos.<\/p>\n<p style=\"text-align: justify;\">El informe, titulado \u201c<strong>Cuerpos y Resistencias que TRANSgreden la pandemia: Transmasculinidades y personas de g\u00e9nero no binario AMAN en el Per\u00fa<\/strong>\u201d, fue lanzado por medio de un <a href=\"https:\/\/raceandequality.org\/1259\"><strong>evento virtual<\/strong><\/a> que cont\u00f3 con la participaci\u00f3n de representantes del movimiento transmasculino y no binario en Per\u00fa \u2013incluyendo a dos de las personas que realizaron el informe\u2014y del Experto Independiente de Naciones Unidas sobre la orientaci\u00f3n sexual y la identidad de g\u00e9nero, V\u00edctor Madrigal-Borloz.<\/p>\n<p style=\"text-align: justify;\">\u201cEn Per\u00fa a\u00fan no se reconocen los derechos de las personas trans, comenzando con las limitaciones que se tiene para acceder al derecho a la identidad, lo cual genera que no se puedan acceder a otros derechos fundamentales\u201d, se\u00f1al\u00f3 en sus palabras de bienvenida el Director Ejecutivo de Raza e Igualdad, Carlos Quesada, quien tambi\u00e9n refiri\u00f3 que <strong>cuando se habla de poblaci\u00f3n trans se suele pensar \u00fanicamente en mujeres trans<\/strong>, lo cual genera que las vivencias y demandas de las personas transmasculinas y de g\u00e9nero no binario AMAN no est\u00e9n reflejadas en las pol\u00edticas p\u00fablicas y, en ciertas ocasiones, tampoco est\u00e9n presentes en la agenda del movimiento LGBTI+.<\/p>\n<p style=\"text-align: justify;\">Zuleika Rivera, Oficial del Programa LGBTI de Raza e Igualdad, indic\u00f3 que con la realizaci\u00f3n de este informe se busc\u00f3 entender cu\u00e1l es la situaci\u00f3n de las personas transmasculinas y de g\u00e9nero no binario AMAN en Per\u00fa, siendo uno de los hallazgos m\u00e1s importantes el hecho que <strong>la discriminaci\u00f3n y violencia que enfrenta esta poblaci\u00f3n comienza en el n\u00facleo familiar<\/strong>, algo que\u2014dijo Rivera\u2014est\u00e1 determinado por la falta de informaci\u00f3n y el estigma que predomina en la sociedad respecto a las personas con orientaci\u00f3n sexual e identidad de g\u00e9nero diversas.<\/p>\n<p style=\"text-align: justify;\"><strong>La situaci\u00f3n<\/strong><\/p>\n<p style=\"text-align: justify;\">Cabe destacar que la realizaci\u00f3n de este informe incluy\u00f3 revisi\u00f3n documentaria, procesamiento de los datos de transmasculinidades y personas de g\u00e9nero no binario AMAN que participaron en la<strong> primera encuesta para personas LGTBI<\/strong>, la cual fue realizada por el Instituto Nacional de Estad\u00edstica (INEI) en 2017; una entrevista virtual autoaplicada que se denomin\u00f3 \u201c<em>Situaci\u00f3n de trans masculinos, hombres trans, transmasculines no binaries y trans no binaries AMAN antes y durante la coyuntura del COVID-19 en el Per\u00fa<\/em>\u201d, y ocho entrevistas semi estructuradas.<\/p>\n<p style=\"text-align: justify;\">La presentaci\u00f3n del informe estuvo a cargo de <strong>Alithu Bazan Talavera<\/strong>, parte del equipo de investigaci\u00f3n del informe, activista e investigadora trans no binaria, y de <strong>Santiago Balvin Guti\u00e9rrez<\/strong>, tambi\u00e9n parte del equipo de investigaci\u00f3n, activista transmasculine no binarie e integrante de la organizaci\u00f3n Rosa Rabiosa. La tercera persona que conform\u00f3 el equipo de investigaci\u00f3n es la activista, investigadora y docente <strong>Denisse Castillo Matos<\/strong>, quien adem\u00e1s forma parte de la organizaci\u00f3n M\u00e1s Igualdad Per\u00fa.<\/p>\n<p style=\"text-align: justify;\">En su exposici\u00f3n, Bazan Talavera mencion\u00f3 que la mayor parte de las personas entrevistadas (181) para la realizaci\u00f3n de este informe refirieron que <strong>empezaron a vivenciar sus identidades a partir de los 22 a\u00f1os<\/strong>, debido a la poca o nula informaci\u00f3n sobre el espectro trans y no binario. La activista e investigadora apunt\u00f3 que el no reconocimiento en el entorno familiar conlleva una serie de vulneraciones y a una exclusi\u00f3n sistem\u00e1tica de las personas transmasculinas y de g\u00e9nero no binario.<\/p>\n<p style=\"text-align: justify;\">Balvin Guti\u00e9rrez incluy\u00f3 en su presentaci\u00f3n que en el caso de hombres trans y transmasculines, <strong>el 85.44% cuenta con documentos de identidad en los que no figura el nombre que les representa<\/strong>, y en el caso de las personas no binarias, esta situaci\u00f3n fue referida por el 48.57%. Adem\u00e1s, entre ambas poblaciones, el 70% report\u00f3 dificultades al momento de ejercer su derecho al voto por dicha particularidad en sus documentos de identidad y por temor a sufrir violencia.<\/p>\n<p style=\"text-align: justify;\"><strong>Trascendencia del informe<\/strong><\/p>\n<p style=\"text-align: justify;\">En tanto, Bruno Montenegro, Coordinador Nacional de Fraternidad Transmasculina-Per\u00fa, calific\u00f3 el informe como \u201chist\u00f3rico\u201d y asegur\u00f3 que <strong>contribuir\u00e1 a generar grandes avances en la lucha de la poblaci\u00f3n transmasculina y de g\u00e9nero no binario<\/strong>. Montenegro dijo adem\u00e1s que toda la informaci\u00f3n y evidencia recogida en este informe servir\u00e1n para desmitificar la creencia de que los hombres trans y transmasculinidades tienen privilegios \u00fanicamente por ser masculinos o por identificarse con la masculinidad.<\/p>\n<p style=\"text-align: justify;\">\u201cLas transmasculinidades s\u00ed sufrimos violencia a pesar de que nos identificamos desde la masculinidad (\u2026) Este informe es <strong>importante para desmitificar<\/strong> muchas cosas m\u00e1s que hay sobre las transmasculinidades y poner en agenda nuestras realidades. Los hombres trans tambi\u00e9n abortamos, los hombres trans tambi\u00e9n decidimos gestar, los hombres trans tambi\u00e9n sufrimos las mal llamadas violaciones correctivas\u201d, enfatiz\u00f3.<\/p>\n<p style=\"text-align: justify;\">El Experto Independiente de Naciones Unidas sobre la orientaci\u00f3n sexual y la identidad de g\u00e9nero, V\u00edctor Madrigal-Borloz, destac\u00f3 la <strong>relevancia y trascendencia de este informe<\/strong>. \u201cEste informe tiene un impacto particular en el Per\u00fa, pero esta informaci\u00f3n puede elevarse tambi\u00e9n como teor\u00eda de trabajo para lo regional y lo global. Para m\u00ed ha sido realmente revelador en niveles, perspectivas y conciencias que no estaban para nada visibles en mi mandato\u201d, afirm\u00f3.<\/p>\n<p style=\"text-align: justify;\">\u201cHay datos que, adem\u00e1s, en su profunda personalizaci\u00f3n, nos llaman a la reflexi\u00f3n; es de gran val\u00eda lo testimonial y este estudio es extraordinario en ese sentido\u201d, agreg\u00f3 Madrigal-Borloz.<\/p>\n<p style=\"text-align: justify;\"><strong>\u00a0Recomendaciones<\/strong><\/p>\n<p style=\"text-align: justify;\">El informe \u201cCuerpos y Resistencias que TRANSgreden la pandemia: Transmasculinidades y personas de g\u00e9nero no binario AMAN en el Per\u00fa\u201d contiene recomendaciones al Estado, a la CIDH y a la ONU, con el objetivo de aportar a la adopci\u00f3n de pol\u00edticas p\u00fablicas y\/o medidas a favor de los derechos humanos de las personas tranasmasculinas y de g\u00e9nero no binario. En el caso del Estado, se recomienda la <strong>aprobaci\u00f3n urgente de una Ley de Identidad de G\u00e9nero<\/strong>.<\/p>\n<p style=\"text-align: justify;\">En el caso de la CIDH, una de las recomendaciones es que cree <strong>di\u00e1logos con organizaciones de la sociedad civil y activistas independientes<\/strong> relacionades a la poblaci\u00f3n de transmasculinidades y personas de g\u00e9nero no binario AMAN, mientras que a la ONU recomienda que el Experto Independiente sobre orientaci\u00f3n sexual e identidad de g\u00e9nero realice una <strong>visita oficial a Per\u00fa<\/strong> y publique un informe con recomendaciones espec\u00edficas para la protecci\u00f3n de dicha poblaci\u00f3n.<\/p>\n<p style=\"text-align: justify;\"><strong>Acceda y descargue al informe en espa\u00f1ol aqu\u00ed: <a href=\"https:\/\/raceandequality.org\/550\">https:\/\/bit.ly\/3uxtklx<\/a>\u00a0<\/strong><\/p>\n<p style=\"text-align: justify;\"><strong>Resumen ejecutivo en ingl\u00e9s: <a href=\"https:\/\/raceandequality.org\/552\">https:\/\/bit.ly\/3o5oZ7S<\/a><\/strong><\/p>\n<p><iframe style=\"border: none; overflow: hidden;\" data-src=\"https:\/\/www.facebook.com\/plugins\/video.php?height=314&amp;href=https%3A%2F%2Fwww.facebook.com%2Fraceandequality%2Fvideos%2F421065626019984%2F&amp;show_text=false&amp;width=560&amp;t=0\" width=\"560\" height=\"314\" frameborder=\"0\" scrolling=\"no\" allowfullscreen=\"allowfullscreen\" src=\"data:image\/svg+xml;base64,PHN2ZyB3aWR0aD0iMSIgaGVpZ2h0PSIxIiB4bWxucz0iaHR0cDovL3d3dy53My5vcmcvMjAwMC9zdmciPjwvc3ZnPg==\" class=\"lazyload\" data-load-mode=\"1\"><\/iframe><\/p>\n","protected":false},"excerpt":{"rendered":"<p>Washington D.C., 30 de septiembre de 2021.&#8211; Con el objetivo de contribuir a la promoci\u00f3n y protecci\u00f3n de los derechos de las personas transmasculinas y de g\u00e9nero no binario asignadas [&hellip;]<\/p>\n","protected":false},"author":15,"featured_media":10783,"parent":0,"menu_order":0,"template":"","format":"standard","categories":[1154,1172,1124],"resources_country":[1201],"resources_language":[],"resources_audience":[],"resources_format":[],"resources_topic":[1104,1109],"resources_year":[],"class_list":["post-13830","resources","type-resources","status-publish","format-standard","has-post-thumbnail","hentry","category-espanol","category-lgbti","category-peru","resources_country-peru-es","resources_topic-lgbti-es","resources_topic-raza-e-igualdad"],"acf":[],"aioseo_notices":[],"_links":{"self":[{"href":"https:\/\/raceandequality.org\/es\/wp-json\/wp\/v2\/resources\/13830","targetHints":{"allow":["GET"]}}],"collection":[{"href":"https:\/\/raceandequality.org\/es\/wp-json\/wp\/v2\/resources"}],"about":[{"href":"https:\/\/raceandequality.org\/es\/wp-json\/wp\/v2\/types\/resources"}],"author":[{"embeddable":true,"href":"https:\/\/raceandequality.org\/es\/wp-json\/wp\/v2\/users\/15"}],"wp:featuredmedia":[{"embeddable":true,"href":"https:\/\/raceandequality.org\/es\/wp-json\/wp\/v2\/media\/10783"}],"wp:attachment":[{"href":"https:\/\/raceandequality.org\/es\/wp-json\/wp\/v2\/media?parent=13830"}],"wp:term":[{"taxonomy":"category","embeddable":true,"href":"https:\/\/raceandequality.org\/es\/wp-json\/wp\/v2\/categories?post=13830"},{"taxonomy":"resources_country","embeddable":true,"href":"https:\/\/raceandequality.org\/es\/wp-json\/wp\/v2\/resources_country?post=13830"},{"taxonomy":"resources_language","embeddable":true,"href":"https:\/\/raceandequality.org\/es\/wp-json\/wp\/v2\/resources_language?post=13830"},{"taxonomy":"resources_audience","embeddable":true,"href":"https:\/\/raceandequality.org\/es\/wp-json\/wp\/v2\/resources_audience?post=13830"},{"taxonomy":"resources_format","embeddable":true,"href":"https:\/\/raceandequality.org\/es\/wp-json\/wp\/v2\/resources_format?post=13830"},{"taxonomy":"resources_topic","embeddable":true,"href":"https:\/\/raceandequality.org\/es\/wp-json\/wp\/v2\/resources_topic?post=13830"},{"taxonomy":"resources_year","embeddable":true,"href":"https:\/\/raceandequality.org\/es\/wp-json\/wp\/v2\/resources_year?post=13830"}],"curies":[{"name":"wp","href":"https:\/\/api.w.org\/{rel}","templated":true}]}}