{"id":13889,"date":"2021-11-08T21:02:40","date_gmt":"2021-11-08T21:02:40","guid":{"rendered":"http:\/\/race01.wp\/resources\/colombia-en-su-camino-a-la-ratificacion-de-la-convencion-interamericana-contra-el-racismo\/"},"modified":"2023-05-15T04:24:12","modified_gmt":"2023-05-15T04:24:12","slug":"colombia-en-su-camino-a-la-ratificacion-de-la-convencion-interamericana-contra-el-racismo","status":"publish","type":"resources","link":"https:\/\/raceandequality.org\/es\/resources\/colombia-en-su-camino-a-la-ratificacion-de-la-convencion-interamericana-contra-el-racismo\/","title":{"rendered":"Colombia en su camino a la ratificaci\u00f3n de la Convenci\u00f3n Interamericana contra el Racismo"},"content":{"rendered":"<p style=\"text-align: justify;\"><b><span data-contrast=\"auto\">Colombia, 08 de noviembre de 2021.<\/span><\/b><span data-contrast=\"auto\">\u00a0Con la realizaci\u00f3n del evento semipresencial \u201cColombia en su camino a la ratificaci\u00f3n de la Convenci\u00f3n Interamericana contra el Racismo\u201d, se dio inicio oficial en Colombia a la campa\u00f1a\u00a0<\/span><i><span data-contrast=\"auto\">Hacia una regi\u00f3n libre de discriminaci\u00f3n racial<\/span><\/i><span data-contrast=\"auto\">, la cual es una iniciativa del Instituto sobre Raza, Igualdad y Derechos Humanos (Raza e Igualdad) para promover la ratificaci\u00f3n e implementaci\u00f3n de la Convenci\u00f3n Interamericana contra el Racismo, la Discriminaci\u00f3n Racial y Formas Conexas de Intolerancia (CIRDI).<\/span><span data-ccp-props=\"{&quot;201341983&quot;:0,&quot;335551550&quot;:6,&quot;335551620&quot;:6,&quot;335559739&quot;:160,&quot;335559740&quot;:259}\">\u00a0<\/span><\/p>\n<p style=\"text-align: justify;\"><span data-contrast=\"auto\">El evento tuvo lugar el pasado 19 de octubre y cont\u00f3 con la participaci\u00f3n de la Comisionada\u00a0Margarette\u00a0May\u00a0Macaulay, Relatora sobre los Derechos de las Personas Afrodescendientes y contra la Discriminaci\u00f3n Racial, de la Comisi\u00f3n Interamericana de Derechos Humanos (CIDH); la senadora Victoria Sandino, el representante a la C\u00e1mara\u00a0Jhon\u00a0Arley Murillo, la Concejala y lideresa ind\u00edgena\u00a0Ati\u00a0Quigua, la\u00a0Directora\u00a0de ILEX -Acci\u00f3n Jur\u00eddica\u00a0Dayana Blanco, El Mayor Armando\u00a0Wouriyu, Ex-Presidente\u00a0de la Organizaci\u00f3n Nacional Ind\u00edgena de Colombia &#8211; ONIC, Angela Carabal\u00ed integrante de la\u00a0<\/span><span data-contrast=\"none\">Conferencia Nacional de Organizaciones Afrocolombianas<\/span><span data-contrast=\"auto\"> &#8211; CNOA, Dalila G\u00f3mez, Representante del pueblo Rrom Gitano, y Marco Romero, Director de la Consultor\u00eda<\/span><span data-contrast=\"none\"> para los derechos humanos y el desplazamiento &#8211; CODHES. <\/span><span data-ccp-props=\"{&quot;201341983&quot;:0,&quot;335551550&quot;:6,&quot;335551620&quot;:6,&quot;335559739&quot;:160,&quot;335559740&quot;:259}\">\u00a0<\/span><\/p>\n<p style=\"text-align: justify;\"><span data-contrast=\"auto\">Este espacio tuvo como objetivo generar mayor conocimiento al interior de la sociedad civil colombiana sobre la CIRDI, en aras de fortalecer sus capacidades de seguimiento al proceso de ratificaci\u00f3n de la Convenci\u00f3n. El Estado colombiano firm\u00f3 la Convenci\u00f3n en el a\u00f1o 2014, pero, hasta la fecha no la ha ratificado. La relevancia de este instrumento del derecho internacional radica en que responde a las din\u00e1micas del racismo hist\u00f3rico y estructural den la regi\u00f3n y, entre\u00a0otros aspectos, contempla que la carga probatoria en casos de discriminaci\u00f3n racial debe recaer sobre el Estado.<\/span><span data-ccp-props=\"{&quot;201341983&quot;:0,&quot;335551550&quot;:6,&quot;335551620&quot;:6,&quot;335559739&quot;:160,&quot;335559740&quot;:259}\">\u00a0<\/span><\/p>\n<p style=\"text-align: justify;\"><span data-contrast=\"auto\">El evento estuvo marcado por cuatro momentos. Un primer momento en el que, desde Raza e Igualdad, se explic\u00f3 qu\u00e9 es la CIRDI y su relevancia para las poblaciones racializadas del pa\u00eds. Carlos Quesada,\u00a0Director Ejecutivo\u00a0de Raza e Igualdad, destac\u00f3 que uno de los objetivos en el marco del Decenio de las Personas Afrodescendientes es \u00abadoptar y fortalecer los marcos jur\u00eddicos nacionales, regionales e internacionales y asegurar su implementaci\u00f3n plena y efectiva, por lo que Raza e Igualdad decidi\u00f3 crear e impulsar esta campa\u00f1a. En tanto, Mar\u00eda Fernanda Escobar, representante de Raza e Igualdad en Colombia, hizo \u00e9nfasis en la importancia de crear puentes de di\u00e1logo y fortalecer capacidades del Estado y de la sociedad civil para la ratificaci\u00f3n de la CIRDI en el pa\u00eds.\u00a0<\/span><span data-ccp-props=\"{&quot;201341983&quot;:0,&quot;335551550&quot;:6,&quot;335551620&quot;:6,&quot;335559739&quot;:160,&quot;335559740&quot;:259}\">\u00a0<\/span><\/p>\n<p style=\"text-align: justify;\"><span data-contrast=\"auto\">La Comisionada\u00a0Margarette\u00a0May\u00a0Macauley\u00a0asegur\u00f3 por su parte que la ratificaci\u00f3n va a ayudar a Colombia a ser fiel a las disposiciones y normas de la convenci\u00f3n y lidiar con todas las formas de discriminaci\u00f3n racial y violencia.\u00a0<\/span><span data-contrast=\"none\">(Este p\u00e1rrafo no dice mucho y se trata de la figura m\u00e1s importante del evento.<\/span>\u00a0\u00ab<span lang=\"es\">Esta convenci\u00f3n es el primer tratado en el sistema Interamericano que aborda el racismo, la discriminaci\u00f3n racial, y otras formas de intolerancia junto con los cr\u00edmenes de odio basados en la identidad \u00e9tnico-racial. Tambi\u00e9n incluye el deber estatal de adoptar medidas necesarias o acciones afirmativas en favor de los grupos que sufren estas violaciones de derechos humanos. La ratificaci\u00f3n universal de este instrumento Interamericano es un paso indispensable hacia el respeto y la garant\u00eda de los derechos de todos y todas, y especialmente hacia la prevenci\u00f3n y erradicaci\u00f3n de la discriminaci\u00f3n racial\u00bb. <\/span><span lang=\"en-US\">\u00a0<\/span><\/p>\n<p style=\"text-align: justify;\"><span data-ccp-props=\"{&quot;201341983&quot;:0,&quot;335551550&quot;:6,&quot;335551620&quot;:6,&quot;335559739&quot;:160,&quot;335559740&quot;:259}\">\u00a0<\/span><span data-contrast=\"auto\">En el segundo momento, los y las representantes de la institucionalidad expusieron qu\u00e9 acciones pueden ser realizadas para incidir en la ratificaci\u00f3n de la CIRDI. El Representante a la C\u00e1mara\u00a0Jhon\u00a0Murillo y la senadora Victoria Sandino se comprometieron en realizar un debate de control pol\u00edtico al Ministerio del Interior para dar a conocer en qu\u00e9 va el proceso de ratificaci\u00f3n de la Convenci\u00f3n.\u00a0<\/span><span data-ccp-props=\"{&quot;201341983&quot;:0,&quot;335551550&quot;:6,&quot;335551620&quot;:6,&quot;335559739&quot;:160,&quot;335559740&quot;:259}\">\u00a0<\/span><\/p>\n<p style=\"text-align: justify;\"><span data-contrast=\"auto\">\u201cEn Colombia, en el Censo de 2018 se gener\u00f3 un genocidio estad\u00edstico, [porque] m\u00e1s de 1.3 millones de Afrocolombianos fueron borrados del mapa; esto tuvo incidencia directa en los recursos que se tienen para la comunidad\u00bb, asegur\u00f3 Murillo.<\/span><span data-ccp-props=\"{&quot;201341983&quot;:0,&quot;335551550&quot;:6,&quot;335551620&quot;:6,&quot;335559739&quot;:160,&quot;335559740&quot;:259}\">\u00a0<\/span><\/p>\n<p style=\"text-align: justify;\"><span data-contrast=\"auto\">Mientras, la senadora Victoria Sandino apunt\u00f3: \u00abEl Gobierno y el Estado tienen la obligaci\u00f3n de articular las acciones de CIRDI con las de Durban, como las del\u00a0Decenio de\u00a0los Afrodescendientes, que va hasta el 2024. Y en Colombia se ha hecho poco o nada\u00bb.<\/span><span data-ccp-props=\"{&quot;201341983&quot;:0,&quot;335551550&quot;:6,&quot;335551620&quot;:6,&quot;335559739&quot;:160,&quot;335559740&quot;:259}\">\u00a0<\/span><\/p>\n<p style=\"text-align: justify;\"><span data-ccp-props=\"{&quot;201341983&quot;:0,&quot;335551550&quot;:6,&quot;335551620&quot;:6,&quot;335559739&quot;:160,&quot;335559740&quot;:259}\">\u00a0<\/span><span data-contrast=\"auto\">En el tercer momento intervinieron representantes de la sociedad civil y de diferentes grupos poblacionales, quienes expresaron la necesidad de ratificar la Convenci\u00f3n para la garant\u00eda de derechos de sus poblaciones. Finalmente se abri\u00f3 un espacio de di\u00e1logo entre los y las participantes presenciales y virtuales.\u00a0<\/span><span data-ccp-props=\"{&quot;201341983&quot;:0,&quot;335551550&quot;:6,&quot;335551620&quot;:6,&quot;335559739&quot;:160,&quot;335559740&quot;:259}\">\u00a0<\/span><\/p>\n<p style=\"text-align: justify;\"><span data-ccp-props=\"{&quot;201341983&quot;:0,&quot;335551550&quot;:6,&quot;335551620&quot;:6,&quot;335559739&quot;:160,&quot;335559740&quot;:259}\">\u00a0<\/span><span data-contrast=\"auto\">En su intervenci\u00f3n,\u00a0Ati\u00a0Quigua,\u00a0Concejala\u00a0de Bogot\u00e1, dijo: \u00abSe necesita un esfuerzo sostenido para garantizar mecanismos de exigibilidad de cumplimiento de todos estos avances formales, pero tambi\u00e9n el de implementaci\u00f3n de pol\u00edticas p\u00fablicas\u00bb.<\/span><span data-ccp-props=\"{&quot;201341983&quot;:0,&quot;335551550&quot;:6,&quot;335551620&quot;:6,&quot;335559739&quot;:160,&quot;335559740&quot;:259}\">\u00a0<\/span><\/p>\n<p style=\"text-align: justify;\"><span data-contrast=\"auto\">Dayana Blanco,\u00a0Directora\u00a0de ILEX -Acci\u00f3n Jur\u00eddica, resalt\u00f3 la importancia de discutir los temas relacionados a la Convenci\u00f3n, con un enfoque interseccional. \u201cLas personas y poblaci\u00f3n afrodescendiente no solo somos personas afro, tambi\u00e9n tenemos orientaciones sexuales e identidades de g\u00e9nero diversas, tambi\u00e9n es importante que la Convenci\u00f3n nos ayude a discutir esto de manera amplia\u00bb.<\/span><span data-ccp-props=\"{&quot;201341983&quot;:0,&quot;335551550&quot;:6,&quot;335551620&quot;:6,&quot;335559739&quot;:160,&quot;335559740&quot;:259}\">\u00a0<\/span><\/p>\n<p style=\"text-align: justify;\"><span data-ccp-props=\"{&quot;201341983&quot;:0,&quot;335551550&quot;:6,&quot;335551620&quot;:6,&quot;335559739&quot;:160,&quot;335559740&quot;:259}\">\u00a0<\/span><span data-contrast=\"auto\">El Mayor Armando\u00a0Wouriyu, Ex-Presidente\u00a0de la Organizaci\u00f3n Nacional Ind\u00edgena de Colombia \u2013 ONIC, mencion\u00f3 la importancia del trabajo colectivo para la ratificaci\u00f3n de la Convenci\u00f3n en el pa\u00eds. \u201cEs necesario hacer alianzas con sociedad civil, medios de comunicaciones, organizaciones internacionales y un llamado al congreso de EE.UU. para apoyar y lograr la ratificaci\u00f3n de la CIRDI\u201d. A esto, Mar\u00eda Medina, defensora de Derechos Humanos, agreg\u00f3: \u00abLa discriminaci\u00f3n racial se manifiesta en que a pesar de que existe la pol\u00edtica p\u00fablica, hoy no se cumple. En el territorio nos asesinan y en la ciudad nos revictimizan\u00bb.\u00a0<\/span><span data-ccp-props=\"{&quot;201341983&quot;:0,&quot;335551550&quot;:6,&quot;335551620&quot;:6,&quot;335559739&quot;:160,&quot;335559740&quot;:259}\">\u00a0<\/span><\/p>\n<p style=\"text-align: justify;\"><span data-contrast=\"auto\">El evento tambi\u00e9n cont\u00f3 con la participaci\u00f3n de Dalila G\u00f3mez, Representante del pueblo\u00a0Rrom\u00a0Gitano. Ella puso sobre la mesa la grave situaci\u00f3n que enfrentan integrantes del pueblo\u00a0Rrom\u00a0en el pa\u00eds. \u00abNosotros, el pueblo\u00a0Rrom\u00a0Gitano tenemos personas que nunca han ido al colegio o a la universidad, y vemos que la CIRDI trae muchos beneficios para combatir la discriminaci\u00f3n\u00bb.<\/span><span data-ccp-props=\"{&quot;201341983&quot;:0,&quot;335551550&quot;:6,&quot;335551620&quot;:6,&quot;335559739&quot;:160,&quot;335559740&quot;:259}\">\u00a0<\/span><\/p>\n<p style=\"text-align: justify;\"><span data-contrast=\"auto\">Por otro lado, Marco Romero,\u00a0Director\u00a0de\u00a0CODHES, hizo\u00a0\u00e9nfasis en la importancia de poner discusi\u00f3n la ratificaci\u00f3n de la convenci\u00f3n en las futuras elecciones presidenciales en el pa\u00eds. \u00abDebemos poner esta discusi\u00f3n de cara a las candidaturas presidenciales y a la Comisi\u00f3n de la Verdad, porque nos deja en evidencia la necesidad de visibilizar los compromisos de Colombia ante la comunidad internacional\u00bb.<\/span><span data-ccp-props=\"{&quot;201341983&quot;:0,&quot;335551550&quot;:6,&quot;335551620&quot;:6,&quot;335559739&quot;:160,&quot;335559740&quot;:259}\">\u00a0<\/span><\/p>\n<p style=\"text-align: justify;\"><span data-contrast=\"auto\">Este evento hace parte de la campa\u00f1a del Instituto sobre Raza e Igualdad denominada CIRDI 2024. Esta campa\u00f1a busca promover la ratificaci\u00f3n de la Convenci\u00f3n en los diferentes pa\u00edses de las Am\u00e9ricas. Hasta la fecha, solo 6 Estados miembros de la OEA han firmado y ratificado la CIRDI, mientras que 7 solo la han firmado la CIRDI.<\/span><span data-ccp-props=\"{&quot;201341983&quot;:0,&quot;335551550&quot;:6,&quot;335551620&quot;:6,&quot;335559739&quot;:160,&quot;335559740&quot;:259}\">\u00a0<\/span><\/p>\n<p style=\"text-align: justify;\"><span data-contrast=\"auto\">Para m\u00e1s informaci\u00f3n da\u00a0click\u00a0<\/span><a href=\"https:\/\/raceandequality.org\/1271\"><span data-contrast=\"none\">aqu\u00ed<\/span><\/a><span data-contrast=\"none\">.<\/span><span data-ccp-props=\"{&quot;201341983&quot;:0,&quot;335551550&quot;:6,&quot;335551620&quot;:6,&quot;335559739&quot;:160,&quot;335559740&quot;:259}\">\u00a0<\/span><\/p>\n","protected":false},"excerpt":{"rendered":"<p>Colombia, 08 de noviembre de 2021.\u00a0Con la realizaci\u00f3n del evento semipresencial \u201cColombia en su camino a la ratificaci\u00f3n de la Convenci\u00f3n Interamericana contra el Racismo\u201d, se dio inicio oficial en [&hellip;]<\/p>\n","protected":false},"author":15,"featured_media":13890,"parent":0,"menu_order":0,"template":"","format":"standard","categories":[1122,1154],"resources_country":[1191],"resources_language":[],"resources_audience":[],"resources_format":[],"resources_topic":[],"resources_year":[],"class_list":["post-13889","resources","type-resources","status-publish","format-standard","has-post-thumbnail","hentry","category-colombia","category-espanol","resources_country-colombia-es"],"acf":[],"aioseo_notices":[],"_links":{"self":[{"href":"https:\/\/raceandequality.org\/es\/wp-json\/wp\/v2\/resources\/13889","targetHints":{"allow":["GET"]}}],"collection":[{"href":"https:\/\/raceandequality.org\/es\/wp-json\/wp\/v2\/resources"}],"about":[{"href":"https:\/\/raceandequality.org\/es\/wp-json\/wp\/v2\/types\/resources"}],"author":[{"embeddable":true,"href":"https:\/\/raceandequality.org\/es\/wp-json\/wp\/v2\/users\/15"}],"wp:featuredmedia":[{"embeddable":true,"href":"https:\/\/raceandequality.org\/es\/wp-json\/wp\/v2\/media\/13890"}],"wp:attachment":[{"href":"https:\/\/raceandequality.org\/es\/wp-json\/wp\/v2\/media?parent=13889"}],"wp:term":[{"taxonomy":"category","embeddable":true,"href":"https:\/\/raceandequality.org\/es\/wp-json\/wp\/v2\/categories?post=13889"},{"taxonomy":"resources_country","embeddable":true,"href":"https:\/\/raceandequality.org\/es\/wp-json\/wp\/v2\/resources_country?post=13889"},{"taxonomy":"resources_language","embeddable":true,"href":"https:\/\/raceandequality.org\/es\/wp-json\/wp\/v2\/resources_language?post=13889"},{"taxonomy":"resources_audience","embeddable":true,"href":"https:\/\/raceandequality.org\/es\/wp-json\/wp\/v2\/resources_audience?post=13889"},{"taxonomy":"resources_format","embeddable":true,"href":"https:\/\/raceandequality.org\/es\/wp-json\/wp\/v2\/resources_format?post=13889"},{"taxonomy":"resources_topic","embeddable":true,"href":"https:\/\/raceandequality.org\/es\/wp-json\/wp\/v2\/resources_topic?post=13889"},{"taxonomy":"resources_year","embeddable":true,"href":"https:\/\/raceandequality.org\/es\/wp-json\/wp\/v2\/resources_year?post=13889"}],"curies":[{"name":"wp","href":"https:\/\/api.w.org\/{rel}","templated":true}]}}