{"id":14032,"date":"2022-01-10T18:11:00","date_gmt":"2022-01-10T18:11:00","guid":{"rendered":"http:\/\/race01.wp\/resources\/demandamos-al-estado-nicaraguense-la-inmediata-liberacion-de-periodistas-privados-de-su-libertad\/"},"modified":"2023-05-10T11:32:37","modified_gmt":"2023-05-10T11:32:37","slug":"demandamos-al-estado-nicaraguense-la-inmediata-liberacion-de-periodistas-privados-de-su-libertad","status":"publish","type":"resources","link":"https:\/\/raceandequality.org\/es\/resources\/demandamos-al-estado-nicaraguense-la-inmediata-liberacion-de-periodistas-privados-de-su-libertad\/","title":{"rendered":"Demandamos al estado nicarag\u00fcense la inmediata liberaci\u00f3n de periodistas privados de su libertad"},"content":{"rendered":"<p style=\"text-align: justify;\"><span style=\"font-weight: 400;\">Las Am\u00e9ricas, Enero 10, 2022.-\u00a0<\/span><span style=\"font-weight: 400;\">Las organizaciones que suscribimos el presente pronunciamiento expresamos nuestro rechazo a los\u00a0 m\u00faltiples intentos realizados por el gobierno de Nicaragua para silenciar y amedrentar a la prensa independiente en el pa\u00eds; estas agresiones con el paso de los a\u00f1os (en especial entre 2018-2021) han venido escalando ante la inacci\u00f3n de las autoridades y en muchas ocasiones como consecuencia de la acci\u00f3n de las mismas.\u00a0\u00a0<\/span><\/p>\n<p style=\"text-align: justify;\"><span style=\"font-weight: 400;\">El 2021 fue un a\u00f1o nefasto para las libertades de prensa, expresi\u00f3n e informaci\u00f3n: periodistas y directivos de medios fueron encarcelados, medios de comunicaci\u00f3n confiscados, decenas de periodistas obligados a exiliarse, debido entre otras a las demandas judiciales y aplicaci\u00f3n de leyes que cercenan la libertad de expresi\u00f3n; restricci\u00f3n migratoria y confiscaci\u00f3n de pasaportes, intensificaci\u00f3n de campa\u00f1as difamatorias en contra de comunicadores independientes emprendidas desde diferentes instancias estatales y replicadas en redes sociales por militantes del partido de gobierno; todas estas fueron parte de las\u00a0 m\u00faltiples violaciones o agresiones a las que se vieron expuestos los medios y periodistas independientes.\u00a0<\/span><\/p>\n<p style=\"text-align: justify;\"><span style=\"font-weight: 400;\">La <\/span><a href=\"https:\/\/raceandequality.org\/1322\"><span style=\"font-weight: 400;\">aprobaci\u00f3n y aplicaci\u00f3n por parte del gobierno de una serie de leyes punitivas<\/span><\/a><span style=\"font-weight: 400;\">, ampliamente cuestionadas por los \u00f3rganos internacionales de derechos humanos,<\/span> <span style=\"font-weight: 400;\">han permitido que a la fecha contin\u00faen arbitrariamente privados de su libertad el periodista deportivo Miguel Mendoza, el comentarista pol\u00edtico Jaime Arellano; l<\/span><span style=\"font-weight: 400;\">os tres directivos del diario la Prensa Cristiana Chamorro, Pedro Joaqu\u00edn Chamorro y Juan Lorenzo Holmann; as\u00ed como del candidato a la presidencia, periodista y propietario de 100%Noticias\u00a0 Miguel Mora; y los ex funcionarios de la Fundaci\u00f3n Violeta Barrios Chamorro Walter G\u00f3mez, Marcos Fletes y Pedro V\u00e1squez.\u00a0<\/span><\/p>\n<p style=\"text-align: justify;\"><span style=\"font-weight: 400;\">Las amenazas de criminalizaci\u00f3n tambi\u00e9n han afectado a las fuentes informativas, quienes aportan an\u00e1lisis y opiniones a los medios de comunicaci\u00f3n necesarias para que los y las periodistas hagan su trabajo.<\/span><span style=\"font-weight: 400;\"> Adem\u00e1s, varios abogados defensores de periodistas, tambi\u00e9n se han visto forzados al exilio. <\/span><span style=\"font-weight: 400;\">Esto ha contribuido a acrecentar el clima de autocensura en el pa\u00eds.\u00a0<\/span><\/p>\n<p style=\"text-align: justify;\"><span style=\"font-weight: 400;\">El Estado de Nicaragua, desconociendo su obligaci\u00f3n\u00a0 de proteger y garantizar la libre circulaci\u00f3n de informaci\u00f3n p\u00fablica, se ha encargado de favorecer espacios y acciones para las agresiones, amenazas, uso abusivo del poder estatal y estigmatizaci\u00f3n en contra de quienes informan y denuncian sobre las violaciones a Derechos Humanos que se viven en el pa\u00eds.\u00a0<\/span><\/p>\n<p style=\"text-align: justify;\"><span style=\"font-weight: 400;\">Resaltamos la valent\u00eda y el compromiso demostrado por la prensa independiente, que a pesar de vivir tiempos adversos contin\u00faan llevando informaci\u00f3n a sus audiencias. Reconocemos que en los y las periodistas siguen inquebrantables los principios, valores y el legado hist\u00f3rico del m\u00e1rtir de las libertades p\u00fablicas Pedro Joaqu\u00edn Chamorro Cardenal, que proclam\u00f3 y aplic\u00f3 durante su vida, lecciones que hoy m\u00e1s que nunca brindan las pautas necesarias para realizar un periodismo de calidad y resistir las agresiones y ataques de las que son v\u00edctimas.\u00a0<\/span><\/p>\n<p style=\"text-align: justify;\"><span style=\"font-weight: 400;\">Las organizaciones firmantes demandamos al Estado de Nicaragua:\u00a0<\/span><\/p>\n<ul style=\"text-align: justify;\">\n<li style=\"font-weight: 400;\" aria-level=\"1\"><span style=\"font-weight: 400;\">La inmediata liberaci\u00f3n de los periodistas arbitrariamente encarcelados, que \u00fanicamente han ejercido su derecho de buscar, recibir y difundir informaci\u00f3n, y en otros casos han puesto en pr\u00e1ctica su derecho a opinar y la liberaci\u00f3n de todas y todos los presos pol\u00edticos detenidos arbitrariamente.\u00a0 Ello con el objetivo de contribuir a generar un clima habilitante para el ejercicio de su labor.<\/span><\/li>\n<li style=\"font-weight: 400;\" aria-level=\"1\"><span style=\"font-weight: 400;\">Restituir los medios que han sido confiscados: Confidencial y 100% Noticias, y cesar la ocupaci\u00f3n de las instalaciones del diario La Prensa.\u00a0<\/span><\/li>\n<li style=\"font-weight: 400;\" aria-level=\"1\"><span style=\"font-weight: 400;\">Respetar el ejercicio period\u00edstico, garantice la seguridad de los y las periodistas, y tome todas las medidas a su alcance para remover los obst\u00e1culos que enfrentan para ejercer su labor. Exhortamos a las autoridades estatales a cumplir todas las medidas cautelares otorgadas por la Comisi\u00f3n Interamericana de Derechos Humanos (CIDH) a favor de periodistas independientes y sus n\u00facleos familiares; dado que en la mayor\u00eda de los casos las agresiones y ataques han aumentado significativamente para los beneficiarios.\u00a0<\/span><\/li>\n<li style=\"font-weight: 400;\" aria-level=\"1\"><span style=\"font-weight: 400;\">Cesar la criminalizaci\u00f3n contra las y los periodistas independientes. Adem\u00e1s, derogar y abstenerse de aplicar\u00a0 la Ley de Ciberdelitos y los dem\u00e1s instrumentos jur\u00eddicos que atentan contra las libertades p\u00fablicas, que revoque las \u00f3rdenes judiciales en contra de periodistas, generadores de opini\u00f3n y fuentes informativas y se abstenga de emitir nuevas.<\/span><\/li>\n<li style=\"font-weight: 400;\" aria-level=\"1\"><span style=\"font-weight: 400;\">Detener las abusivas retenciones de pasaportes en contra de periodistas y comunicadores, as\u00ed como las restricciones migratorias a salir del pa\u00eds con toda libertad.\u00a0<\/span><\/li>\n<li style=\"font-weight: 400;\" aria-level=\"1\"><span style=\"font-weight: 400;\">Recordamos al Estado de Nicaragua que el derecho a la libertad de expresi\u00f3n e informaci\u00f3n es parte fundamental del funcionamiento de las sociedades democr\u00e1ticas. Acceder a la informaci\u00f3n p\u00fablica es un derecho de las personas; adem\u00e1s la difusi\u00f3n libre de informaci\u00f3n, sin ninguna censura, es la llave para ejercer otros derechos fundamentales, consagrados en diversos instrumentos de protecci\u00f3n de los Derechos Humanos. \u00a0\u00a0<\/span><\/li>\n<\/ul>\n<p style=\"text-align: justify;\"><span style=\"font-weight: 400;\">Firman:<\/span><\/p>\n<p style=\"text-align: justify;\"><span style=\"font-weight: 400;\">Instituto Internacional sobre Raza, Igualdad y Derechos Humanos<\/span><\/p>\n<p style=\"text-align: justify;\"><span style=\"font-weight: 400;\">IFEX-ALC\u00a0<\/span><\/p>\n<p style=\"text-align: justify;\"><span style=\"font-weight: 400;\">PEN Internacional\u00a0<\/span><\/p>\n<p style=\"text-align: justify;\"><span style=\"font-weight: 400;\">Voces del Sur<\/span><\/p>\n<p style=\"text-align: justify;\">\n","protected":false},"excerpt":{"rendered":"<p>Las Am\u00e9ricas, Enero 10, 2022.-\u00a0Las organizaciones que suscribimos el presente pronunciamiento expresamos nuestro rechazo a los\u00a0 m\u00faltiples intentos realizados por el gobierno de Nicaragua para silenciar y amedrentar a la [&hellip;]<\/p>\n","protected":false},"author":15,"featured_media":14033,"parent":0,"menu_order":0,"template":"","format":"standard","categories":[1169],"resources_country":[1199],"resources_language":[],"resources_audience":[],"resources_format":[],"resources_topic":[1109],"resources_year":[],"class_list":["post-14032","resources","type-resources","status-publish","format-standard","has-post-thumbnail","hentry","category-nicaragua","resources_country-nicaragua-es","resources_topic-raza-e-igualdad"],"acf":[],"aioseo_notices":[],"_links":{"self":[{"href":"https:\/\/raceandequality.org\/es\/wp-json\/wp\/v2\/resources\/14032","targetHints":{"allow":["GET"]}}],"collection":[{"href":"https:\/\/raceandequality.org\/es\/wp-json\/wp\/v2\/resources"}],"about":[{"href":"https:\/\/raceandequality.org\/es\/wp-json\/wp\/v2\/types\/resources"}],"author":[{"embeddable":true,"href":"https:\/\/raceandequality.org\/es\/wp-json\/wp\/v2\/users\/15"}],"wp:featuredmedia":[{"embeddable":true,"href":"https:\/\/raceandequality.org\/es\/wp-json\/wp\/v2\/media\/14033"}],"wp:attachment":[{"href":"https:\/\/raceandequality.org\/es\/wp-json\/wp\/v2\/media?parent=14032"}],"wp:term":[{"taxonomy":"category","embeddable":true,"href":"https:\/\/raceandequality.org\/es\/wp-json\/wp\/v2\/categories?post=14032"},{"taxonomy":"resources_country","embeddable":true,"href":"https:\/\/raceandequality.org\/es\/wp-json\/wp\/v2\/resources_country?post=14032"},{"taxonomy":"resources_language","embeddable":true,"href":"https:\/\/raceandequality.org\/es\/wp-json\/wp\/v2\/resources_language?post=14032"},{"taxonomy":"resources_audience","embeddable":true,"href":"https:\/\/raceandequality.org\/es\/wp-json\/wp\/v2\/resources_audience?post=14032"},{"taxonomy":"resources_format","embeddable":true,"href":"https:\/\/raceandequality.org\/es\/wp-json\/wp\/v2\/resources_format?post=14032"},{"taxonomy":"resources_topic","embeddable":true,"href":"https:\/\/raceandequality.org\/es\/wp-json\/wp\/v2\/resources_topic?post=14032"},{"taxonomy":"resources_year","embeddable":true,"href":"https:\/\/raceandequality.org\/es\/wp-json\/wp\/v2\/resources_year?post=14032"}],"curies":[{"name":"wp","href":"https:\/\/api.w.org\/{rel}","templated":true}]}}