{"id":14196,"date":"2022-04-18T21:11:36","date_gmt":"2022-04-18T21:11:36","guid":{"rendered":"http:\/\/race01.wp\/resources\/oeneges-nicaraguenses-la-justicia-para-nicaragua-va-a-llegar\/"},"modified":"2023-05-10T11:33:08","modified_gmt":"2023-05-10T11:33:08","slug":"oeneges-nicaraguenses-la-justicia-para-nicaragua-va-a-llegar","status":"publish","type":"resources","link":"https:\/\/raceandequality.org\/es\/resources\/oeneges-nicaraguenses-la-justicia-para-nicaragua-va-a-llegar\/","title":{"rendered":"Oeneg\u00e9s nicarag\u00fcenses: \u201cLa justicia para Nicaragua va a llegar\u201d"},"content":{"rendered":"<p>Son innumerables las violaciones a los derechos humanos que el r\u00e9gimen de Daniel Ortega ha cometido en contra de las personas opositoras en Nicaragua desde el estallido de las <a href=\"https:\/\/raceandequality.org\/1408\" target=\"_blank\" rel=\"noopener\">protestas de abril de 2018<\/a> a las que respondi\u00f3 con represi\u00f3n, violencia, tortura, detenciones arbitrarias y juicios espurios. La represi\u00f3n dej\u00f3 como saldo 355 v\u00edctimas letales, 1614 detenciones arbitrarias cuyos casos todav\u00eda se encuentran en la impunidad, adem\u00e1s de obligar a m\u00e1s de 110,000 nicarag\u00fcenses a exiliarse.<\/p>\n<p>Cuatro a\u00f1os han pasado y aunque la situaci\u00f3n sea cr\u00edtica para la oposici\u00f3n nicarag\u00fcense, las organizaciones de la sociedad civil contin\u00faan documentando casos, ya sea en el pa\u00eds o desde el exilio, para poder llevarlos ante la justicia internacional y lograr reparaci\u00f3n para\u00a0 las v\u00edctimas\u00a0 entre las que se cuentan m\u00e1s de 181 presos pol\u00edticos.<\/p>\n<p>El <b>Instituto Sobre Raza, Igualdad y Derechos Humanos (Raza e Igualdad),<\/b> convers\u00f3 con Alexandra Salazar, Coordinadora\u00a0 de la <a href=\"https:\/\/raceandequality.org\/1409\" target=\"_blank\" rel=\"noopener\">Unidad de Defensa Jur\u00eddica (UDJ),<\/a> quien trabaja en los procesos judiciales que se realizan a personas presas pol\u00edticas en Nicaragua y Wendy Flores, coordinadora del <a href=\"https:\/\/raceandequality.org\/489\" target=\"_blank\" rel=\"noopener\">Colectivo de Derechos Humanos Nicaragua Nunca +<\/a>, sobre el trabajo de acompa\u00f1amiento a las v\u00edctimas de la represi\u00f3n en Nicaragua en su b\u00fasqueda de justicia, los procesos que se han realizado para llevar los casos ante los organismos internacionales y los pasos que vienen a continuaci\u00f3n para que en en el pa\u00eds haya justicia y reparaci\u00f3n.<\/p>\n<p>Salazar considera que la renovaci\u00f3n del mandato a la Alta Comisionada de Derechos Humanos y la creaci\u00f3n del grupo de expertos para Nicaragua contribuir\u00e1n a impulsar investigaciones que permitan garantizar la justicia a todas las v\u00edctimas de la represi\u00f3n de Ortega desde abril de 2018.<\/p>\n<p>La documentaci\u00f3n de todos los hechos es uno de los pasos\u00a0 m\u00e1s importantes para alcanzar la justicia. Al respecto, Salazar considera que tal documentaci\u00f3n es un desaf\u00edo para las organizaciones nacionales e internacionales que ya no tienen acceso directo a los procesos que se realizan dentro de la Polic\u00eda Nacional que conllevan a la judicializaci\u00f3n de opositores en Nicaragua. Pese a la falta de acceso, Salazar indica que continuar\u00e1n realizando la documentaci\u00f3n que es tan necesaria para poder asignar responsabilidad o se\u00f1alar violaciones al debido proceso.<\/p>\n<p>\u201cLa represi\u00f3n es tan intensa y persistente\u00a0 que ha conllevado a un silencio, a un miedo profundo a la denuncia por temor a represalias que pueden derivar en\u00a0 detenciones\u201d, advierte Salazar, a pesar de ello, los familiares y las v\u00edctimas contin\u00faan denunciando y aportando pruebas que se espera presentar en juicios imparciales de jurisdicci\u00f3n interna e internacional.<\/p>\n<p><b>En contra de la impunidad<\/b><\/p>\n<p>En 2019 el r\u00e9gimen de Daniel Ortega aprob\u00f3 la cuestionada Ley de Amnist\u00eda (Ley n\u00b0 996), con la que liberaron a los presos pol\u00edticos que a\u00fan permanec\u00edan en las c\u00e1rceles luego de las manifestaciones de 2018 y no hab\u00edan sido excarcelados previamente, acci\u00f3n que benefici\u00f3 a todas aquellas personas capturadas ilegalmente.<\/p>\n<p>Sin embargo, Flores record\u00f3 que la amnist\u00eda, tambi\u00e9n tuvo como prop\u00f3sito principal dejar en \u201cla impunidad los cr\u00edmenes de lesa humanidad y graves violaciones a los derechos humanos\u201d cometidos por el r\u00e9gimen en contra de la poblaci\u00f3n civil.\u00a0 Pero si algo ha permitido que esos cr\u00edmenes no desaparezcan de la mente de las personas, es que sus familiares, apoyados por las organizaciones que velan por los derechos humanos, contin\u00faan denunciando y documentando los hechos.<\/p>\n<p>\u201cLa comunidad internacional, tiene la oportunidad a trav\u00e9s de sus distintos mecanismos y procedimientos, de determinar la responsabilidad del Estado de Nicaragua por las graves violaciones de derechos humanos cometidas en 2018 hasta la actualidad, pero tambi\u00e9n de enrumbar acciones dirigidas a que los autores intelectuales y materiales de estos cr\u00edmenes sean debidamente juzgados\u201d, detall\u00f3 Flores.<\/p>\n<p><b>Siguen sumando presos pol\u00edticos<\/b><\/p>\n<p>En las c\u00e1rceles de Ortega se encuentran 181 personas presas pol\u00edticas.\u00a0 Algunas de ellas se encuentran privadas de libertad desde 2018, mientras que otras est\u00e1n por cumplir su primer a\u00f1o tras las rejas. Recientemente, varios prisioneros pol\u00edticos fueron condenados bajo procesos cuestionados por la <a href=\"https:\/\/raceandequality.org\/1410\" target=\"_blank\" rel=\"noopener\">falta de imparcialidad del Poder Judicial nicarag\u00fcense y una Fiscal\u00eda encargada de falsificar<\/a> pruebas en contra de los detenidos, seg\u00fan documentaron los medios de comunicaci\u00f3n independientes.<\/p>\n<p>La cantidad de personas presas pol\u00edticas sigue aumentando y una semana antes de que se cumpla un cuarto aniversario de abril de 2018, la Polic\u00eda contin\u00faa asediando las casas de las familias de v\u00edctimas de la represi\u00f3n letal de 2018 y deteniendo a ciudadanos por el solo hecho de ser identificados como opositores y opositoras.<\/p>\n<p>Flores recuerda que desde 2018 en Nicaragua se han realizado m\u00e1s de 800 juicios penales \u201cen contra de manifestantes, activistas, periodistas, defensores y defensoras de derechos humanos, opositores-ras pol\u00edticos-as, empresarios y cualquier persona que disienta p\u00fablicamente del Gobierno\u201d.<\/p>\n<p>Los organismos han identificado patrones dentro de estos procesos que var\u00edan, dependiendo la etapa de represi\u00f3n que est\u00e9 desarrollando el r\u00e9gimen. Por ejemplo, los primeros juicios ten\u00edan la caracter\u00edstica de que los procesados eran acusados por terrorismo, obstrucci\u00f3n de funciones, da\u00f1os a la propiedad, asesinatos, entre otros; mientras que en una segunda etapa \u201cse les acus\u00f3 por delitos comunes como robos, tr\u00e1fico de estupefacientes, y en esta etapa represiva actual; nos encontramos con delitos relacionados con la Ley de Ciberdelitos y la Ley de Soberan\u00eda\u201d, apunta Flores.<\/p>\n<p><b>Procesos no cumplen est\u00e1ndares internacionales<\/b><\/p>\n<p>Salazar agreg\u00f3 que\u00a0 ninguno de los procesos realizados en contra de miembros de la oposici\u00f3n, personas defensoras, activistas y periodistas, ha cumplido con los est\u00e1ndares internacionales y a las personas detenidas no se les brinda informaci\u00f3n sobre las causas por las que se las llevan, les violan su derecho de contar con\u00a0 una defensa t\u00e9cnica efectiva, acceso oportuno a los expedientes y mucho menos la indispensable representaci\u00f3n durante las audiencias.<\/p>\n<p>Sumado a eso, las personas presas pol\u00edticas son v\u00edctimas de torturas psicol\u00f3gicas, apunt\u00f3 Salazar, pues la Polic\u00eda les realiza interrogatorios diariamente y se les priva de una alimentaci\u00f3n adecuada y , de acuerdo a las denuncias de sus familiares, hasta de frazadas que les ayuden a protegerse del fr\u00edo de la noche.<\/p>\n<p>\u201cHemos presentado apelaciones en contra de las sentencias y hemos presentado recursos de casaci\u00f3n, todos han sido ineficaces y se observa\u00a0 una coordinaci\u00f3n plena y ninguna en pro de la garant\u00eda del acceso a la justicia efectiva y real para las personas presas pol\u00edticas\u201d, comenta Salazar.<\/p>\n<p><b>En Pro de la liberaci\u00f3n de las personas presas pol\u00edticas en Nicaragua\u00a0<\/b><\/p>\n<p>En marzo de 2022, el <a href=\"https:\/\/raceandequality.org\/1411\" target=\"_blank\" rel=\"noopener\">Consejo de Derechos Humanos de las Naciones Unidas adopt\u00f3 una resoluci\u00f3n sobre Nicaragua<\/a> para establecer un grupo de expertos que deber\u00e1 \u201crealizar investigaciones exhaustivas e independientes sobre todas las presuntas violaciones de derechos humanos\u201d, cometidas en el pa\u00eds desde abril de 2018.<\/p>\n<p>Esto, seg\u00fan Flores, permitir\u00e1 a la ONU conocer los hechos y \u201cresponsabilizar a los perpetradores o autores materiales\u201d de estas violaciones, lo cual es un paso positivo para poder llevar justicia a las familias de las v\u00edctimas.<\/p>\n<p>\u201cLos resultados de esta investigaci\u00f3n podr\u00edan derivar en potenciales aperturas de procesos bajo la jurisdicci\u00f3n universal o bien, que en el futuro y con un cambio de Gobierno, se pueda aceptar la competencia de la Corte Penal Internacional y reconocer estos cr\u00edmenes cometidos a efectos de que sean debidamente sancionados\u201d, menciona Flores, mientras que Salazar agrega: \u201ctenemos las voces de las propias v\u00edctimas\u201d, como testigos de los cr\u00edmenes.<\/p>\n<p><b>\u201cEsta generaci\u00f3n no acepta borr\u00f3n y cuenta nueva\u201d<\/b><\/p>\n<p>Aunque hayan pasado cuatro a\u00f1os desde el inicio de la represi\u00f3n y la vida de miles de nicarag\u00fcenses haya cambiado como consecuencia de la persecuci\u00f3n pol\u00edtica, las violaciones a los derechos humanos y la violencia generalizada, las organizaciones que trabajan en pro de los derechos humanos llaman a no perder la esperanza de que la justicia llegar\u00e1 a Nicaragua.<\/p>\n<p>Salazar menciona que \u201ctenemos plena certeza que tarde o temprano la justicia para Nicaragua va a llegar y tiene que ser real, verdadera y bajo mecanismos que logren generar la certeza y la confianza de que los procesos son imparciales\u201d.<\/p>\n<p>\u201cA diferencia del pasado o de nuestra historia como nicarag\u00fcenses, esta generaci\u00f3n no acepta como receta el \u201cperd\u00f3n y olvido\u201d o el \u201cborr\u00f3n y cuenta nueva\u201d, por ello, deben mantener la esperanza de que sus voces, sus demandas y sus luchas constantes, contribuir\u00e1n a los diferentes procesos de b\u00fasqueda de verdad, justicia y reparaci\u00f3n\u201d, alent\u00f3 Flores.<\/p>\n","protected":false},"excerpt":{"rendered":"<p>Son innumerables las violaciones a los derechos humanos que el r\u00e9gimen de Daniel Ortega ha cometido en contra de las personas opositoras en Nicaragua desde el estallido de las protestas [&hellip;]<\/p>\n","protected":false},"author":15,"featured_media":14197,"parent":0,"menu_order":0,"template":"","format":"standard","categories":[1169],"resources_country":[1199],"resources_language":[],"resources_audience":[],"resources_format":[],"resources_topic":[],"resources_year":[],"class_list":["post-14196","resources","type-resources","status-publish","format-standard","has-post-thumbnail","hentry","category-nicaragua","resources_country-nicaragua-es"],"acf":[],"aioseo_notices":[],"_links":{"self":[{"href":"https:\/\/raceandequality.org\/es\/wp-json\/wp\/v2\/resources\/14196","targetHints":{"allow":["GET"]}}],"collection":[{"href":"https:\/\/raceandequality.org\/es\/wp-json\/wp\/v2\/resources"}],"about":[{"href":"https:\/\/raceandequality.org\/es\/wp-json\/wp\/v2\/types\/resources"}],"author":[{"embeddable":true,"href":"https:\/\/raceandequality.org\/es\/wp-json\/wp\/v2\/users\/15"}],"wp:featuredmedia":[{"embeddable":true,"href":"https:\/\/raceandequality.org\/es\/wp-json\/wp\/v2\/media\/14197"}],"wp:attachment":[{"href":"https:\/\/raceandequality.org\/es\/wp-json\/wp\/v2\/media?parent=14196"}],"wp:term":[{"taxonomy":"category","embeddable":true,"href":"https:\/\/raceandequality.org\/es\/wp-json\/wp\/v2\/categories?post=14196"},{"taxonomy":"resources_country","embeddable":true,"href":"https:\/\/raceandequality.org\/es\/wp-json\/wp\/v2\/resources_country?post=14196"},{"taxonomy":"resources_language","embeddable":true,"href":"https:\/\/raceandequality.org\/es\/wp-json\/wp\/v2\/resources_language?post=14196"},{"taxonomy":"resources_audience","embeddable":true,"href":"https:\/\/raceandequality.org\/es\/wp-json\/wp\/v2\/resources_audience?post=14196"},{"taxonomy":"resources_format","embeddable":true,"href":"https:\/\/raceandequality.org\/es\/wp-json\/wp\/v2\/resources_format?post=14196"},{"taxonomy":"resources_topic","embeddable":true,"href":"https:\/\/raceandequality.org\/es\/wp-json\/wp\/v2\/resources_topic?post=14196"},{"taxonomy":"resources_year","embeddable":true,"href":"https:\/\/raceandequality.org\/es\/wp-json\/wp\/v2\/resources_year?post=14196"}],"curies":[{"name":"wp","href":"https:\/\/api.w.org\/{rel}","templated":true}]}}