{"id":14209,"date":"2022-04-26T18:05:33","date_gmt":"2022-04-26T18:05:33","guid":{"rendered":"http:\/\/race01.wp\/resources\/26a-dia-de-la-visibilidad-lesbica-desafiando-al-heteropatriarcado\/"},"modified":"2023-05-15T05:03:24","modified_gmt":"2023-05-15T05:03:24","slug":"26a-dia-de-la-visibilidad-lesbica-desafiando-al-heteropatriarcado","status":"publish","type":"resources","link":"https:\/\/raceandequality.org\/es\/resources\/26a-dia-de-la-visibilidad-lesbica-desafiando-al-heteropatriarcado\/","title":{"rendered":"#26A D\u00eda de la Visibilidad L\u00e9sbica: desafiando al heteropatriarcado"},"content":{"rendered":"<p style=\"text-align: justify;\"><span data-contrast=\"auto\"><strong>Washington D.C., 26 de abril de 2022.-<\/strong> En varios pa\u00edses del mundo, cada 26 de abril se conmemora el D\u00eda de la Visibilidad L\u00e9sbica. Tal y como se concibe la fecha, es un acto pol\u00edtico que reivindica la presencia y el papel de las personas lesbianas en los espacios p\u00fablicos. Es tambi\u00e9n una oportunidad para continuar luchando\u00a0por los derechos humanos<\/span> <span data-contrast=\"auto\">y para visibilizar los m\u00faltiples desaf\u00edos que enfrentan desde la sociedad y el Estado.<\/span><span data-ccp-props=\"{&quot;201341983&quot;:0,&quot;335551550&quot;:6,&quot;335551620&quot;:6,&quot;335559739&quot;:160,&quot;335559740&quot;:257}\">\u00a0<\/span><\/p>\n<p style=\"text-align: justify;\"><span data-contrast=\"auto\">El Instituto sobre Raza, Igualdad y Derechos Humanos (Raza e Igualdad), adem\u00e1s de reiterar su compromiso con la promoci\u00f3n y defensa de los derechos humanos de la poblaci\u00f3n LGBTI+, da especial reconocimiento a <strong>las vidas lesbianas que se rebelan y enfrentan al mandado de la heteronormatividad<\/strong>, un sistema que normaliza e institucionaliza la violencia contra las diversidades sexuales e identitarias. A lo largo del tiempo, dicha contribuci\u00f3n ha sido y es de suma importancia para la lucha por los derechos humanos y la vida digna.<\/span><span data-ccp-props=\"{&quot;201341983&quot;:0,&quot;335551550&quot;:6,&quot;335551620&quot;:6,&quot;335559739&quot;:160,&quot;335559740&quot;:257}\">\u00a0<\/span><\/p>\n<p style=\"text-align: justify;\"><span data-contrast=\"auto\">Esta tambi\u00e9n es una oportunidad para recordar las valerosas luchas del movimiento l\u00e9sbico y las tareas pendientes que los diversos Estados de Am\u00e9rica Latina y el Caribe tienen con las lesbianas. En la historia de Per\u00fa, por ejemplo, este a\u00f1o por primera vez una pareja de madres y esposas lesbianas, Jenny Trujillo y Darling Delf\u00edn, demandaron al Estado Peruano ante la Comisi\u00f3n Interamericana de Derechos Humanos (CIDH) \u201c<\/span><strong><a href=\"https:\/\/raceandequality.org\/649\">tras esperar casi 5 a\u00f1os a que la justicia peruana garantice los derechos de su hijo y de ellas como lesbianas y madres<\/a><\/strong><span data-contrast=\"auto\">\u201d, como indica el portal web de Demus, organizaci\u00f3n que litiga el caso. El Registro Nacional de Identificaci\u00f3n y Estado Civil (RENIEC) del pa\u00eds se niega a registrarlas a ambas en el documento de identidad de su hijo como sus madres, pese a que, en primera instancia, el Poder Judicial le orden\u00f3 hacerlo. Actualmente, el caso tiene una petici\u00f3n y solicitud de medida cautelar en curso dentro del Sistema Interamericano. En Per\u00fa, las familias homoparentales siguen siendo tab\u00fa y no gozan de los derechos que les corresponde por ley. A menudo, las madres lesbianas son criminalizadas por sus exparejas hombres y por la justicia peruana que durante los procesos de tenencia pretenden quitarles a sus hijos\/as. Por ello, el caso de Jenny y Darling marcar\u00eda un gran precedente en el reconocimiento legal de familias diversas. <\/span><span data-ccp-props=\"{&quot;201341983&quot;:0,&quot;335551550&quot;:6,&quot;335551620&quot;:6,&quot;335559739&quot;:160,&quot;335559740&quot;:257}\">\u00a0<\/span><\/p>\n<p style=\"text-align: justify;\"><span data-contrast=\"auto\">En Colombia, el <\/span><strong><a href=\"https:\/\/raceandequality.org\/650\">caso de Marta Luc\u00eda \u00c1lvarez Giraldo<\/a><\/strong><span data-contrast=\"auto\"> tambi\u00e9n lleg\u00f3 a la CIDH y tuvo un precedente importante. Ella estuvo privada de su libertad en el Centro de Reclusi\u00f3n Dosquebradas \u00abLa Badea\u00bb, en Pereira, cuando demand\u00f3 al Estado porque las autoridades penitenciarias se negaron a autorizar el ejercicio de su derecho a la visita \u00edntima debido a su orientaci\u00f3n sexual. Como resultado de un proceso legal de 9 a\u00f1os y una Soluci\u00f3n Amistosa en el Sistema Interamericano, el Estado tuvo que pedir <\/span><span data-contrast=\"auto\">\u00a0<\/span><span data-contrast=\"auto\">disculpas por discriminarla e implementar una reforma al reglamento del Instituto Nacional Penitenciario y Carcelario (INPEC) para prohibir que se sancionen las manifestaciones de afecto entre integrantes de los sectores LGBTI+ al interior de las c\u00e1rceles. <\/span><span data-ccp-props=\"{&quot;201341983&quot;:0,&quot;335551550&quot;:6,&quot;335551620&quot;:6,&quot;335559739&quot;:160,&quot;335559740&quot;:257}\">\u00a0<\/span><\/p>\n<p style=\"text-align: justify;\"><span data-contrast=\"auto\">Por otro lado, en Rep\u00fablica Dominicana, organizaciones de promoci\u00f3n y defensa de los derechos de las personas LGBTI+ como TRANSSA, el Observatorio de Derechos Humanos de Personas Trans y el Voluntariado GLBT se encargan de documentar y producir data sobre situaciones de violencia y discriminaci\u00f3n por orientaci\u00f3n sexual e identidad de g\u00e9nero, una labor que en general los Estados de la regi\u00f3n no desempe\u00f1an.\u00a0 En su \u00faltimo informe titulado \u201c<\/span><strong><a href=\"https:\/\/raceandequality.org\/651\">Homicidios de Lesbianas, Gais, Bisexuales, Trans e Intersex en la Rep\u00fablica Dominicana<\/a><\/strong><span data-contrast=\"auto\">\u201d se\u00f1alan que entre 2020 y 2021, en este pa\u00eds asesinaron a dos mujeres lesbianas, una en cada a\u00f1o. <\/span><span data-ccp-props=\"{&quot;201341983&quot;:0,&quot;335551550&quot;:6,&quot;335551620&quot;:6,&quot;335559739&quot;:160,&quot;335559740&quot;:257}\">\u00a0<\/span><\/p>\n<p style=\"text-align: justify;\"><span data-contrast=\"auto\">La falta de un sistema de registro estatal que recopile datos sobre las violencias contra las personas LGBTI+ dificulta la formulaci\u00f3n de pol\u00edticas p\u00fablicas de prevenci\u00f3n y atenci\u00f3n, e imposibilita producir datos estad\u00edsticos para visibilizar y abordar la violencia adecuadamente.<\/span><span data-ccp-props=\"{&quot;201341983&quot;:0,&quot;335551550&quot;:6,&quot;335551620&quot;:6,&quot;335559739&quot;:160,&quot;335559740&quot;:257}\">\u00a0<\/span><\/p>\n<p style=\"text-align: justify;\"><span data-contrast=\"auto\">Por su parte, Nicaragua vive una crisis sociopol\u00edtica y de derechos humanos que agrava la situaci\u00f3n de aquellos grupos que han sido hist\u00f3ricamente vulnerados, como las personas LGBTI+, y m\u00e1s a\u00fan si participan en espacios pol\u00edticos y de defensa de los derechos humanos. Por ejemplo, desde el estallido de la rebeli\u00f3n c\u00edvica en abril de 2018, <strong>m\u00e1s de 70 personas de la diversidad sexual y de g\u00e9nero han sido v\u00edctimas de campa\u00f1as de odio, y m\u00e1s de 4 personas estuvieron encarceladas por motivos pol\u00edticos<\/strong> y en condiciones discriminatorias por su orientaci\u00f3n sexual e identidad de g\u00e9nero. Dos lideresas lesbianas de la Mesa Nacional LGBTIQ+ de Nicaragua que se encuentran en el exilio aseguraron que, en los espacios pol\u00edticos nicarag\u00fcenses, tanto oficialistas como de oposici\u00f3n, se invisibilizan las demandas de las mujeres lesbianas y no se priorizan medidas que garanticen sus derechos. Adem\u00e1s, manifestaron que las mujeres lesbianas no tienen acceso real a los espacios de toma de decisiones y m\u00e1s si son j\u00f3venes. <\/span><span data-ccp-props=\"{&quot;201341983&quot;:0,&quot;335551550&quot;:6,&quot;335551620&quot;:6,&quot;335559739&quot;:160,&quot;335559740&quot;:257}\">\u00a0<\/span><\/p>\n<p style=\"text-align: justify;\"><span data-contrast=\"auto\">En Cuba desde 2002, Las Isabelas -primer grupo de activismo formado por mujeres no heterosexuales de Cuba- vienen reclamando el reconocimiento de sus uniones y familias, sus derechos patrimoniales como pareja, a visitas conyugales para mujeres lesbianas en las c\u00e1rceles, la Educaci\u00f3n Integral de la Sexualidad y la perspectiva de g\u00e9nero.\u00a0 Actualmente, el gobierno de este pa\u00eds promueve una serie de reuniones para dar a conocer y debatir los alcances del <\/span><strong><a href=\"https:\/\/raceandequality.org\/652\">proyecto de ley del C\u00f3digo de las Familias<\/a><\/strong><span data-contrast=\"auto\">. Sin embargo, esta iniciativa que reconoce a las familias diversas se someter\u00e1 a consulta popular, una situaci\u00f3n ins\u00f3lita porque los derechos humanos no se supeditan a votaci\u00f3n. <\/span><span data-ccp-props=\"{&quot;201341983&quot;:0,&quot;335551550&quot;:6,&quot;335551620&quot;:6,&quot;335559739&quot;:160,&quot;335559740&quot;:257}\">\u00a0<\/span><\/p>\n<p style=\"text-align: justify;\"><span data-contrast=\"auto\">Desde Raza e Igualdad seguimos trabajando a favor de los derechos de las personas LGBTI+ y de la mano con diversas organizaciones a fin de erradicar los estereotipos, prejuicios y normas sociales que discriminan y normalizan la violencia contra las lesbianas en espacios p\u00fablicos y privados. Trabajaremos para derribar la heterosexualidad obligatoria que perpet\u00faa el bullying lesbof\u00f3bico, las terapias de conversi\u00f3n, las violaciones correctivas entre otros cr\u00edmenes de odio. \u00a1Los derechos LGBTI+ son derechos humanos!<\/span><span data-ccp-props=\"{&quot;201341983&quot;:0,&quot;335551550&quot;:6,&quot;335551620&quot;:6,&quot;335559739&quot;:160,&quot;335559740&quot;:257}\">\u00a0<\/span><\/p>\n<p style=\"text-align: justify;\"><strong>En ese sentido, recomendamos a los Estados:\u00a0<\/strong><\/p>\n<ul>\n<li style=\"text-align: justify;\" data-leveltext=\"\uf0b7\" data-font=\"Symbol\" data-listid=\"1\" aria-setsize=\"-1\" data-aria-posinset=\"1\" data-aria-level=\"1\"><span data-contrast=\"auto\">Implementar las pol\u00edticas de Educaci\u00f3n Sexual Integral bajo un enfoque de derechos humanos a fin de <\/span><span data-contrast=\"none\">que se reconozca y respete la diversidad sexual y las identidades de g\u00e9nero.<\/span><span data-ccp-props=\"{&quot;134233279&quot;:true,&quot;201341983&quot;:0,&quot;335551550&quot;:6,&quot;335551620&quot;:6,&quot;335559739&quot;:160,&quot;335559740&quot;:257}\">\u00a0<\/span><\/li>\n<li style=\"text-align: justify;\" data-leveltext=\"\uf0b7\" data-font=\"Symbol\" data-listid=\"1\" aria-setsize=\"-1\" data-aria-posinset=\"2\" data-aria-level=\"1\"><span data-contrast=\"none\">Garantizar el trato digno hacia las mujeres lesbianas y personas GBTI+ en todos los servicios p\u00fablicos y privados del pa\u00eds a trav\u00e9s del fortalecimiento de los programas de capacitaci\u00f3n a autoridades, operadores de justicia, funcionarios p\u00fablicos y personal administrativo, y a trav\u00e9s de la adecuaci\u00f3n de los protocolos de atenci\u00f3n.<\/span><span data-ccp-props=\"{&quot;134233279&quot;:true,&quot;201341983&quot;:0,&quot;335551550&quot;:6,&quot;335551620&quot;:6,&quot;335559739&quot;:160,&quot;335559740&quot;:257}\">\u00a0<\/span><\/li>\n<li style=\"text-align: justify;\" data-leveltext=\"\uf0b7\" data-font=\"Symbol\" data-listid=\"1\" aria-setsize=\"-1\" data-aria-posinset=\"3\" data-aria-level=\"1\"><span data-contrast=\"none\">Registrar, documentar y analizar las violencias contra lesbianas y personas GBTI+ a fin de ilustrar mejor las situaciones de violencia y, posteriormente, formular pol\u00edticas de prevenci\u00f3n y atenci\u00f3n.<\/span><span data-ccp-props=\"{&quot;134233279&quot;:true,&quot;201341983&quot;:0,&quot;335551550&quot;:6,&quot;335551620&quot;:6,&quot;335559739&quot;:160,&quot;335559740&quot;:257}\">\u00a0<\/span><\/li>\n<li style=\"text-align: justify;\" data-leveltext=\"\uf0b7\" data-font=\"Symbol\" data-listid=\"1\" aria-setsize=\"-1\" data-aria-posinset=\"4\" data-aria-level=\"1\"><span data-contrast=\"auto\">Garantizar el acceso a la justicia a trav\u00e9s de la investigaci\u00f3n y sanci\u00f3n de la discriminaci\u00f3n y los cr\u00edmenes cometidos contra las mujeres lesbianas y personas GBTI+. Asimismo, elaborar mecanismos que evite la criminalizaci\u00f3n de las madres lesbianas en procesos de tenencias de sus hijos\/as.<\/span><span data-ccp-props=\"{&quot;134233279&quot;:true,&quot;201341983&quot;:0,&quot;335551550&quot;:6,&quot;335551620&quot;:6,&quot;335559739&quot;:160,&quot;335559740&quot;:257}\">\u00a0<\/span><\/li>\n<li style=\"text-align: justify;\" data-leveltext=\"\uf0b7\" data-font=\"Symbol\" data-listid=\"1\" aria-setsize=\"-1\" data-aria-posinset=\"5\" data-aria-level=\"1\"><span data-contrast=\"auto\">Garantizar y defender los derechos civiles y el derecho a la familia de las lesbianas y personas LGBTI+ a trav\u00e9s del acceso al matrimonio igualitario y el reconocimiento legal de madres lesbianas y familias diversas. En ese sentido, respetar tambi\u00e9n los derechos adquiridos en el extranjero. <\/span><span data-ccp-props=\"{&quot;134233279&quot;:true,&quot;201341983&quot;:0,&quot;335551550&quot;:6,&quot;335551620&quot;:6,&quot;335559739&quot;:160,&quot;335559740&quot;:257}\">\u00a0<\/span><\/li>\n<li style=\"text-align: justify;\" data-leveltext=\"\uf0b7\" data-font=\"Symbol\" data-listid=\"1\" aria-setsize=\"-1\" data-aria-posinset=\"6\" data-aria-level=\"1\"><span data-contrast=\"auto\">Promover el acceso de lesbianas y personas GBTI+ a espacios pol\u00edticos y cargos de poder a fin de garantizar el derecho a la participaci\u00f3n pol\u00edtica sin violencia y la representaci\u00f3n de identidades. <\/span><span data-ccp-props=\"{&quot;134233279&quot;:true,&quot;201341983&quot;:0,&quot;335551550&quot;:6,&quot;335551620&quot;:6,&quot;335559739&quot;:160,&quot;335559740&quot;:257}\">\u00a0<\/span><\/li>\n<\/ul>\n","protected":false},"excerpt":{"rendered":"<p>Washington D.C., 26 de abril de 2022.- En varios pa\u00edses del mundo, cada 26 de abril se conmemora el D\u00eda de la Visibilidad L\u00e9sbica. Tal y como se concibe la [&hellip;]<\/p>\n","protected":false},"author":15,"featured_media":14210,"parent":0,"menu_order":0,"template":"","format":"standard","categories":[1162,1122,1123,1138,1154,1172,1169,1124],"resources_country":[1191,1193,1199,1201,1195],"resources_language":[],"resources_audience":[],"resources_format":[],"resources_topic":[1100,1104],"resources_year":[],"class_list":["post-14209","resources","type-resources","status-publish","format-standard","has-post-thumbnail","hentry","category-cidh","category-colombia","category-cuba","category-dominican-republic","category-espanol","category-lgbti","category-nicaragua","category-peru","resources_country-colombia-es","resources_country-cuba-es","resources_country-nicaragua-es","resources_country-peru-es","resources_country-republica-dominicana","resources_topic-cidh","resources_topic-lgbti-es"],"acf":[],"aioseo_notices":[],"_links":{"self":[{"href":"https:\/\/raceandequality.org\/es\/wp-json\/wp\/v2\/resources\/14209","targetHints":{"allow":["GET"]}}],"collection":[{"href":"https:\/\/raceandequality.org\/es\/wp-json\/wp\/v2\/resources"}],"about":[{"href":"https:\/\/raceandequality.org\/es\/wp-json\/wp\/v2\/types\/resources"}],"author":[{"embeddable":true,"href":"https:\/\/raceandequality.org\/es\/wp-json\/wp\/v2\/users\/15"}],"wp:featuredmedia":[{"embeddable":true,"href":"https:\/\/raceandequality.org\/es\/wp-json\/wp\/v2\/media\/14210"}],"wp:attachment":[{"href":"https:\/\/raceandequality.org\/es\/wp-json\/wp\/v2\/media?parent=14209"}],"wp:term":[{"taxonomy":"category","embeddable":true,"href":"https:\/\/raceandequality.org\/es\/wp-json\/wp\/v2\/categories?post=14209"},{"taxonomy":"resources_country","embeddable":true,"href":"https:\/\/raceandequality.org\/es\/wp-json\/wp\/v2\/resources_country?post=14209"},{"taxonomy":"resources_language","embeddable":true,"href":"https:\/\/raceandequality.org\/es\/wp-json\/wp\/v2\/resources_language?post=14209"},{"taxonomy":"resources_audience","embeddable":true,"href":"https:\/\/raceandequality.org\/es\/wp-json\/wp\/v2\/resources_audience?post=14209"},{"taxonomy":"resources_format","embeddable":true,"href":"https:\/\/raceandequality.org\/es\/wp-json\/wp\/v2\/resources_format?post=14209"},{"taxonomy":"resources_topic","embeddable":true,"href":"https:\/\/raceandequality.org\/es\/wp-json\/wp\/v2\/resources_topic?post=14209"},{"taxonomy":"resources_year","embeddable":true,"href":"https:\/\/raceandequality.org\/es\/wp-json\/wp\/v2\/resources_year?post=14209"}],"curies":[{"name":"wp","href":"https:\/\/api.w.org\/{rel}","templated":true}]}}