{"id":14216,"date":"2022-04-27T21:24:51","date_gmt":"2022-04-27T21:24:51","guid":{"rendered":"http:\/\/race01.wp\/resources\/lo-que-esta-sucediendo-es-un-exilio-forzado-activista-cubana-anamely-ramos\/"},"modified":"2023-05-15T04:43:34","modified_gmt":"2023-05-15T04:43:34","slug":"lo-que-esta-sucediendo-es-un-exilio-forzado-activista-cubana-anamely-ramos","status":"publish","type":"resources","link":"https:\/\/raceandequality.org\/es\/resources\/lo-que-esta-sucediendo-es-un-exilio-forzado-activista-cubana-anamely-ramos\/","title":{"rendered":"\u201cLo que est\u00e1 sucediendo es un exilio forzado\u201d: Activista cubana Anamely Ramos"},"content":{"rendered":"<p style=\"text-align: justify;\"><strong><span style=\"vertical-align: inherit;\"><span style=\"vertical-align: inherit;\"><span style=\"vertical-align: inherit;\"><span style=\"vertical-align: inherit;\">Washington DC, 27 de abril de 2022.<\/span><\/span><\/span><\/span><\/strong><span style=\"vertical-align: inherit;\"><span style=\"vertical-align: inherit;\"><span style=\"vertical-align: inherit;\"><span style=\"vertical-align: inherit;\"> \u2013 Desde que le fue negado su retorno a Cuba, la historiadora del arte y activista cubana Anamely Ramos se encuentra en un limbo migratorio. <\/span><\/span><\/span><span style=\"vertical-align: inherit;\"><span style=\"vertical-align: inherit;\"><span style=\"vertical-align: inherit;\">En sus planes no est\u00e1 exiliarse en Estados Unidos, pero la visa que le permite estar en este pa\u00eds como turista vence este mes de abril. <\/span><\/span><\/span><span style=\"vertical-align: inherit;\"><span style=\"vertical-align: inherit;\"><span style=\"vertical-align: inherit;\">\u201cYo no, \u00e9l decidi\u00f3 emigrar. <\/span><\/span><\/span><span style=\"vertical-align: inherit;\"><span style=\"vertical-align: inherit;\"><span style=\"vertical-align: inherit;\">Yo sal\u00ed de Cuba a estudiar, pero luego iba a regresar. <\/span><\/span><\/span><span style=\"vertical-align: inherit;\"><span style=\"vertical-align: inherit;\"><span style=\"vertical-align: inherit;\">Lo que est\u00e1 sucediendo es un exilio forzado\u201d, expresa en una conversaci\u00f3n sostenida con el Instituto sobre Raza, Igualdad y Derechos Humanos (Raza e Igualdad).<\/span><\/span><\/span><\/span><\/p>\n<p style=\"text-align: justify;\"><span style=\"vertical-align: inherit;\"><span style=\"vertical-align: inherit;\"><span style=\"vertical-align: inherit;\"><span style=\"vertical-align: inherit;\">Actualmente se encuentra en Washington DC, pero antes estuvo en Nueva Jersey y Miami, aloj\u00e1ndose en casas de amigos y contactando a organizaciones de derechos humanos para denunciar su situaci\u00f3n. <\/span><\/span><\/span><span style=\"vertical-align: inherit;\"><span style=\"vertical-align: inherit;\"><span style=\"vertical-align: inherit;\">En la capital estadounidense, Anamely se plant\u00f3 10 d\u00edas afuera de la embajada de Cuba, exigiendo que el Gobierno cubano le explicara por qu\u00e9 orient\u00f3 a la aerol\u00ednea American Airlines para que no la dejara abordar el avi\u00f3n que el pasado 16 de abril la llevar\u00eda de regreso a la Isla. <\/span><\/span><\/span><span style=\"vertical-align: inherit;\"><span style=\"vertical-align: inherit;\"><span style=\"vertical-align: inherit;\">Anamely Ramos ha estado un a\u00f1o y tres meses fuera de Cuba por el Doctorado en Antropolog\u00eda que realiza en M\u00e9xico.<\/span><\/span><\/span><\/span><\/p>\n<p style=\"text-align: justify;\"><span style=\"vertical-align: inherit;\"><span style=\"vertical-align: inherit;\"><span style=\"vertical-align: inherit;\"><span style=\"vertical-align: inherit;\">Antes de llegar a Estados Unidos, es decir, estuvo m\u00e1s de 10 meses en M\u00e9xico, pero su visa de residente ya expir\u00f3. <\/span><\/span><\/span><span style=\"vertical-align: inherit;\"><span style=\"vertical-align: inherit;\"><span style=\"vertical-align: inherit;\">\u201cVine (a Estados Unidos) a recoger un premio de Luis Manuel Otero (artista cubano que se encuentra detenido desde julio de 2021) y a hacer otras cosas, ten\u00eda algunas reuniones. <\/span><\/span><\/span><span style=\"vertical-align: inherit;\"><span style=\"vertical-align: inherit;\"><span style=\"vertical-align: inherit;\">Y estando ac\u00e1 decid\u00ed volver unos meses a Cuba, a realizar varios pendientes personales, entre esos renovar mi pasaporte, que se vence en junio\u201d, cuenta Ramos, quien adem\u00e1s tiene m\u00e1s de dos a\u00f1os de no ver a su hijo adolescente por encontrarse en distintos pa\u00edses.<\/span><\/span><\/span><\/span><\/p>\n<p style=\"text-align: justify;\"><span style=\"vertical-align: inherit;\"><span style=\"vertical-align: inherit;\"><span style=\"vertical-align: inherit;\"><span style=\"vertical-align: inherit;\">En esta entrevista, la curadora de arte y activista cubana tambi\u00e9n habla sobre las violaciones sistem\u00e1ticas a los derechos humanos en Cuba, situaci\u00f3n que se ha agravado por las detenciones arbitrarias y las restricciones a la libertad de expresi\u00f3n y de asociaci\u00f3n que ha impuesto el Gobierno desde las marchas del 11 de julio de 2021.<\/span><\/span><\/span><\/span><\/p>\n<p style=\"text-align: justify;\"><strong><span style=\"vertical-align: inherit;\"><span style=\"vertical-align: inherit;\"><span style=\"vertical-align: inherit;\"><span style=\"vertical-align: inherit;\">\u00bfExiliarse en Estados es una posibilidad?<\/span><\/span><\/span><\/span><\/strong><\/p>\n<p style=\"text-align: justify;\"><span style=\"vertical-align: inherit;\"><span style=\"vertical-align: inherit;\"><span style=\"vertical-align: inherit;\"><span style=\"vertical-align: inherit;\">Lo del exilio es una decisi\u00f3n que toma cada persona, yo no decid\u00ed migrar. <\/span><\/span><\/span><span style=\"vertical-align: inherit;\"><span style=\"vertical-align: inherit;\"><span style=\"vertical-align: inherit;\">Yo sal\u00ed de Cuba a estudiar, pero luego iba a regresar. <\/span><\/span><\/span><span style=\"vertical-align: inherit;\"><span style=\"vertical-align: inherit;\"><span style=\"vertical-align: inherit;\">Lo que est\u00e1 sucediendo es un exilio forzado que no deber\u00eda estar ocurriendo. <\/span><\/span><\/span><span style=\"vertical-align: inherit;\"><span style=\"vertical-align: inherit;\"><span style=\"vertical-align: inherit;\">Si yo me acojo a la Ley de Ajuste Cubano, al a\u00f1o y un d\u00eda; <\/span><\/span><\/span><span style=\"vertical-align: inherit;\"><span style=\"vertical-align: inherit;\"><span style=\"vertical-align: inherit;\">si yo me quedara ilegal como hacen muchos cubanos que esperan un a\u00f1o y un d\u00eda, si yo hago eso, entonces yo estoy convirtiendo mi caso en otro tipo de caso, estoy normaliz\u00e1ndolo. <\/span><\/span><\/span><span style=\"vertical-align: inherit;\"><span style=\"vertical-align: inherit;\"><span style=\"vertical-align: inherit;\">Yo ped\u00ed extender mi visa para ganar tiempo y que no se invalide la violaci\u00f3n que se est\u00e1 ejerciendo sobre m\u00ed. <\/span><\/span><\/span><span style=\"vertical-align: inherit;\"><span style=\"vertical-align: inherit;\"><span style=\"vertical-align: inherit;\">Por eso quiero denunciarlo ante la ONU, por eso quiero conseguir un pasaporte, que, ya que no puede ser el cubano, que sea otro tipo de pasaporte que dan a las personas a las que les niegan este documento.<\/span><\/span><\/span><\/span><\/p>\n<p style=\"text-align: justify;\"><strong><span style=\"vertical-align: inherit;\"><span style=\"vertical-align: inherit;\"><span style=\"vertical-align: inherit;\"><span style=\"vertical-align: inherit;\">\u00bfC\u00f3mo te sientes frente a todo lo que est\u00e1s viviendo?<\/span><\/span><\/span><\/span><\/strong><\/p>\n<p style=\"text-align: justify;\"><span style=\"vertical-align: inherit;\"><span style=\"vertical-align: inherit;\"><span style=\"vertical-align: inherit;\"><span style=\"vertical-align: inherit;\">El exilio es dif\u00edcil siempre, pero m\u00e1s a\u00fan cuando t\u00fa no lo has decidido, cuando te lo est\u00e1n imponiendo y yo s\u00e9 que en mi caso lo est\u00e1n haciendo para silenciarme, para neutralizar mi voz. <\/span><\/span><\/span><span style=\"vertical-align: inherit;\"><span style=\"vertical-align: inherit;\"><span style=\"vertical-align: inherit;\">Lo que est\u00e1n tratando de hacer es un caso ejemplarizante tambi\u00e9n para que los activistas que est\u00e1n dentro de Cuba tengan miedo de salir, porque si salen, les puede pasar lo mismo que a m\u00ed. <\/span><\/span><\/span><span style=\"vertical-align: inherit;\"><span style=\"vertical-align: inherit;\"><span style=\"vertical-align: inherit;\">Es reforzar la idea de la frontera del aislamiento de todas las personas que nos involucramos para tratar de defender los derechos humanos, de denunciar las cosas que pasan.<\/span><\/span><\/span><span style=\"vertical-align: inherit;\"><span style=\"vertical-align: inherit;\"><span style=\"vertical-align: inherit;\">La decisi\u00f3n es muy dif\u00edcil porque yo no tengo lugar donde regresar, yo necesito estabilidad para poder trabajar y para eso necesito legalizarme, pero al mismo tiempo no quiero invisibilizar lo que me est\u00e1 pasando, porque no soy solo yo, son tambi\u00e9n otras activistas, <\/span><\/span><\/span><span style=\"vertical-align: inherit;\"><span style=\"vertical-align: inherit;\"><span style=\"vertical-align: inherit;\">es tambien la gente que esta en peligro en cuba, sobre todo los presos. <\/span><\/span><\/span><span style=\"vertical-align: inherit;\"><span style=\"vertical-align: inherit;\"><span style=\"vertical-align: inherit;\">A nivel personal es una decisi\u00f3n muy dif\u00edcil.<\/span><\/span><\/span><\/span><\/p>\n<p style=\"text-align: justify;\"><strong><span style=\"vertical-align: inherit;\"><span style=\"vertical-align: inherit;\"><span style=\"vertical-align: inherit;\"><span style=\"vertical-align: inherit;\">\u00bfQu\u00e9 pas\u00f3 el a\u00f1o pasado? <\/span><\/span><\/span><span style=\"vertical-align: inherit;\"><span style=\"vertical-align: inherit;\"><span style=\"vertical-align: inherit;\">\u00bfPor qu\u00e9 la gente sali\u00f3 a las calles?<\/span><\/span><\/span><\/span><\/strong><\/p>\n<p style=\"text-align: justify;\"><span style=\"vertical-align: inherit;\"><span style=\"vertical-align: inherit;\"><span style=\"vertical-align: inherit;\"><span style=\"vertical-align: inherit;\">Hubo razones econ\u00f3micas. <\/span><\/span><\/span><span style=\"vertical-align: inherit;\"><span style=\"vertical-align: inherit;\"><span style=\"vertical-align: inherit;\">Estamos hablando de un sistema que no se sostiene por s\u00ed mismo, que siempre ha estado parasitario de otro sistema, en su momento de la Uni\u00f3n Sovi\u00e9tica, luego de Venezuela, China, Rusia. <\/span><\/span><\/span><span style=\"vertical-align: inherit;\"><span style=\"vertical-align: inherit;\"><span style=\"vertical-align: inherit;\">La gesti\u00f3n econ\u00f3mica en Cuba es mal\u00edsima, todo lo quiere controlar el Estado. <\/span><\/span><\/span><span style=\"vertical-align: inherit;\"><span style=\"vertical-align: inherit;\"><span style=\"vertical-align: inherit;\">Ellos tienen mucho miedo de que los emprendedores cubanos tengan un poder econ\u00f3mico real, que tambi\u00e9n pueden derivar un poder pol\u00edtico. <\/span><\/span><\/span><span style=\"vertical-align: inherit;\"><span style=\"vertical-align: inherit;\"><span style=\"vertical-align: inherit;\">Hay una raz\u00f3n econ\u00f3mica de base y hay otra raz\u00f3n que tiene que ver con el hecho de que las personas no pueden participar en el destino pol\u00edtico del pa\u00eds. <\/span><\/span><\/span><span style=\"vertical-align: inherit;\"><span style=\"vertical-align: inherit;\"><span style=\"vertical-align: inherit;\">No hay forma de organizarse de manera legal, no hay forma de manifestarse de manera legal. <\/span><\/span><\/span><span style=\"vertical-align: inherit;\"><span style=\"vertical-align: inherit;\"><span style=\"vertical-align: inherit;\">Salir a la calle con un cartel te puede costar a\u00f1os de prisi\u00f3n.<\/span><\/span><\/span><span style=\"vertical-align: inherit;\"><span style=\"vertical-align: inherit;\"><span style=\"vertical-align: inherit;\">Todas esas tensiones juntas se acumularon, para colmo la pandemia con los toques de queda, la crisis de desabastecimiento, <\/span><\/span><\/span><span style=\"vertical-align: inherit;\"><span style=\"vertical-align: inherit;\"><span style=\"vertical-align: inherit;\">el colapso de los hospitales, la gente se vio simplemente perdida, la gente se vio sin futuro, que es lo que est\u00e1 pasando en Cuba , donde la gente se est\u00e1 yendo por millas. <\/span><\/span><\/span><span style=\"vertical-align: inherit;\"><span style=\"vertical-align: inherit;\"><span style=\"vertical-align: inherit;\">La gente se canso de vivir en la miseria.<\/span><\/span><\/span><\/span><\/p>\n<p style=\"text-align: justify;\"><strong><span style=\"vertical-align: inherit;\"><span style=\"vertical-align: inherit;\"><span style=\"vertical-align: inherit;\"><span style=\"vertical-align: inherit;\">\u00bfQu\u00e9 sabes de Maykel Osorbo y Luis Manuel Otero?<\/span><\/span><\/span><\/span><\/strong><\/p>\n<p style=\"text-align: justify;\"><span style=\"vertical-align: inherit;\"><span style=\"vertical-align: inherit;\"><span style=\"vertical-align: inherit;\"><span style=\"vertical-align: inherit;\">El auto del tribunal sali\u00f3 hace como 15 d\u00edas y lo que no ha llegado a los abogados son las peticiones fiscales. <\/span><\/span><\/span><span style=\"vertical-align: inherit;\"><span style=\"vertical-align: inherit;\"><span style=\"vertical-align: inherit;\">De hecho, ya ellos mismos est\u00e1n violando los t\u00e9rminos de la propia Ley de Procedimiento Penal cubano. <\/span><\/span><\/span><span style=\"vertical-align: inherit;\"><span style=\"vertical-align: inherit;\"><span style=\"vertical-align: inherit;\">Ya los abogados cumplieron con esas peticiones. <\/span><\/span><\/span><span style=\"vertical-align: inherit;\"><span style=\"vertical-align: inherit;\"><span style=\"vertical-align: inherit;\">Con Maykel yo logr\u00e9 hablar hace m\u00e1s de una semana, \u00e9l est\u00e1 muy desanimado porque est\u00e1 enfermo, no hemos obtenido un diagn\u00f3stico certero de lo que tiene, se le han inflamado los ganglios. <\/span><\/span><\/span><span style=\"vertical-align: inherit;\"><span style=\"vertical-align: inherit;\"><span style=\"vertical-align: inherit;\">En el caso de Luis, estuvo en una huelga de hambre y estuvo muchas semanas sin llamar, solo ayer empez\u00f3 a hablar de nuevo, estuvo incomunicado durante semanas y \u00e9l ya sabe lo del juicio, y ya se sabe que van a ser condenados como han sido sentenciados todos los manifestantes del 11 de julio.<\/span><\/span><\/span><\/span><\/p>\n<ul style=\"text-align: justify;\">\n<li><em><span style=\"vertical-align: inherit;\"><span style=\"vertical-align: inherit;\"><span style=\"vertical-align: inherit;\"><span style=\"vertical-align: inherit;\">Esta entrevista se realiz\u00f3 a principios de abril, por lo que esta respuesta se conoci\u00f3 antes de que se supieran las penas de c\u00e1rcel que, al parecer, pagar\u00edan ambos artistas. <\/span><\/span><\/span><span style=\"vertical-align: inherit;\"><span style=\"vertical-align: inherit;\"><span style=\"vertical-align: inherit;\">La Fiscal\u00eda de Cuba pidi\u00f3 10 a\u00f1os de prisi\u00f3n para el cantante Maykel Osorbo y 7 a\u00f1os para el artista Luis Manuel Otero, quienes pertenecen al Movimiento San Isidro. <\/span><\/span><\/span><span style=\"vertical-align: inherit;\"><span style=\"vertical-align: inherit;\"><span style=\"vertical-align: inherit;\">Familiares de los dos han denunciado que ellos han estado muy mal de salud dentro del centro penitenciario.<\/span><\/span><\/span><\/span><\/em><\/li>\n<\/ul>\n<p style=\"text-align: justify;\"><strong><span style=\"vertical-align: inherit;\"><span style=\"vertical-align: inherit;\"><span style=\"vertical-align: inherit;\"><span style=\"vertical-align: inherit;\">\u00bfQu\u00e9 pasa con la libertad de expresi\u00f3n en la Isla?<\/span><\/span><\/span><\/span><\/strong><\/p>\n<p style=\"text-align: justify;\"><span style=\"vertical-align: inherit;\"><span style=\"vertical-align: inherit;\">Hay una larga historia de censura por parte del Estado cubano sobre todas las libertades de expresi\u00f3n. <\/span><span style=\"vertical-align: inherit;\">Todas las formas de autonom\u00eda, de hacer un proyecto independiente a las instituciones del Estado y que re\u00fana personas, es inmediatamente cortado. <\/span><span style=\"vertical-align: inherit;\">Es vigilado, monitoreado y en alg\u00fan momento es cortado porque saben que es la semilla para que se regenere el tejido social. <\/span><span style=\"vertical-align: inherit;\">Todas las formas de expresi\u00f3n, todas las formas de generar comunidad, de intentar luchar por determinados derechos, son coartadas.<\/span><\/span><\/p>\n<p style=\"text-align: justify;\"><strong><span style=\"vertical-align: inherit;\"><span style=\"vertical-align: inherit;\">Las autoridades de la Isla tambi\u00e9n detuvieron a menores de edad en las marchas de julio de 2021, \u00bfqu\u00e9 piensas de todo esto?<\/span><\/span><\/strong><\/p>\n<p style=\"text-align: justify;\"><span style=\"vertical-align: inherit;\"><span style=\"vertical-align: inherit;\">Son 55 menores de edad, algunos han cumplido 18 a\u00f1os en las c\u00e1rceles porque ya llevan m\u00e1s de seis meses presos, y algunos tienen detenci\u00f3n domiciliaria, pero igual es injusto y las condenas que est\u00e1n saliendo son terribles. <\/span><span style=\"vertical-align: inherit;\">J\u00f3venes de 17 a\u00f1os que los est\u00e1n condenando a 19 a\u00f1os de prisi\u00f3n, m\u00e1s de la edad de la que tienen. <\/span><span style=\"vertical-align: inherit;\">Cuba se est\u00e1 quedando con la poblaci\u00f3n anciana, todos los j\u00f3venes se van y los que est\u00e1n dentro y salen a las calles y critican, los est\u00e1n metiendo presos. <\/span><span style=\"vertical-align: inherit;\">Es un gobierno que le est\u00e1 cerrando las puertas a su propia juventud, a los que supuestamente deben continuar la labor del pa\u00eds, y para colmo cogen a las madres que est\u00e1n solo defendiendo los derechos de sus hijos, las amenazan, las frustran, las interrogan . <\/span><span style=\"vertical-align: inherit;\">Es un gobierno que se est\u00e1 yendo en contra de su propia juventud y en contra de las madres,<\/span><\/span><\/p>\n<p style=\"text-align: justify;\"><strong><span style=\"vertical-align: inherit;\"><span style=\"vertical-align: inherit;\">Despu\u00e9s de todo esto, \u00bfc\u00f3mo ves la situaci\u00f3n en Cuba?<\/span><\/span><\/strong><\/p>\n<p style=\"text-align: justify;\"><span style=\"vertical-align: inherit;\"><span style=\"vertical-align: inherit;\">Ahora mismo la situaci\u00f3n es cr\u00edtica, las calles siguen siendo militarizadas, los juicios no se est\u00e1n cubriendo, no dejan llegar a la prensa, siguen amenazando a las familias, y las sentencias son irracionales. <\/span><span style=\"vertical-align: inherit;\">No sabemos si el gobierno de Cuba est\u00e1 tratando de negociar algo a cambio, porque al final esas personas son rehenes del Estado, y esto es grav\u00edsimo. <\/span><span style=\"vertical-align: inherit;\">Muchas personas est\u00e1n presas porque es lo \u00fanico que tiene el gobierno cubano para cambiarlo a otro gobierno por un cr\u00e9dito, por lo que sea que ellos necesiten, como que se quiten algunas restricciones de Estados Unidos. <\/span><span style=\"vertical-align: inherit;\">Cuba va a negociar esas personas por algo a cambio.<\/span><\/span><\/p>\n<p style=\"text-align: justify;\"><strong><span style=\"vertical-align: inherit;\"><span style=\"vertical-align: inherit;\">Frente a lo que est\u00e1 ocurriendo, \u00bfqu\u00e9 mensaje le env\u00eda al gobierno cubano?<\/span><\/span><\/strong><\/p>\n<p style=\"text-align: justify;\"><span style=\"vertical-align: inherit;\"><span style=\"vertical-align: inherit;\">Yo al Estado cubano no le dir\u00eda absolutamente nada porque ellos no van a escuchar. <\/span><span style=\"vertical-align: inherit;\">Yo lo que s\u00ed creo es que hay que exigir que la libertad de esas personas y hay que exigir derechos, leyes que permitan la libertad de prensa y la oportunidad de manifestarse en las calles. <\/span><span style=\"vertical-align: inherit;\">Ahora \u00bfc\u00f3mo vamos a hacer esto? <\/span><span style=\"vertical-align: inherit;\">no tengo la menor idea porque cada vez que alguien logra impulsar alg\u00fan movimiento y tiene \u00e9xito, el gobierno va y reprime muy seguramente porque tienen una maquinaria represiva para eso. <\/span><span style=\"vertical-align: inherit;\">El mundo ha venido denunciado, pero no a la altura de la gravedad del asunto. <\/span><span style=\"vertical-align: inherit;\">El mundo no acaba de entender que al gobierno cubano hay que cerrarle el paso porque es una dictadura y est\u00e1 matando gente, ya los que no los est\u00e1 botando del pa\u00eds.<\/span><\/span><\/p>\n<p style=\"text-align: justify;\"><em><span style=\"vertical-align: inherit;\"><span style=\"vertical-align: inherit;\"><span style=\"vertical-align: inherit;\"><span style=\"vertical-align: inherit;\">Desde Raza e Igualdad rechazamos que se le proh\u00edba volver a la Isla a la activista cubana Anamely Ramos. <\/span><\/span><\/span><span style=\"vertical-align: inherit;\"><span style=\"vertical-align: inherit;\"><span style=\"vertical-align: inherit;\">Exhortamos al gobierno de Cuba que permita el retorno de la historiadora del arte y de otras personas de este pa\u00eds, que les han negado regresar al archipi\u00e9lago por ejercer su derecho a la libertad de expresi\u00f3n y de asociaci\u00f3n.<\/span><\/span><\/span><\/span><\/em><\/p>\n","protected":false},"excerpt":{"rendered":"<p>Washington DC, 27 de abril de 2022. \u2013 Desde que le fue negado su retorno a Cuba, la historiadora del arte y activista cubana Anamely Ramos se encuentra en un [&hellip;]<\/p>\n","protected":false},"author":15,"featured_media":14217,"parent":0,"menu_order":0,"template":"","format":"standard","categories":[1165,1123],"resources_country":[1193],"resources_language":[],"resources_audience":[],"resources_format":[],"resources_topic":[1109],"resources_year":[],"class_list":["post-14216","resources","type-resources","status-publish","format-standard","has-post-thumbnail","hentry","category-blog-es","category-cuba","resources_country-cuba-es","resources_topic-raza-e-igualdad"],"acf":[],"aioseo_notices":[],"_links":{"self":[{"href":"https:\/\/raceandequality.org\/es\/wp-json\/wp\/v2\/resources\/14216","targetHints":{"allow":["GET"]}}],"collection":[{"href":"https:\/\/raceandequality.org\/es\/wp-json\/wp\/v2\/resources"}],"about":[{"href":"https:\/\/raceandequality.org\/es\/wp-json\/wp\/v2\/types\/resources"}],"author":[{"embeddable":true,"href":"https:\/\/raceandequality.org\/es\/wp-json\/wp\/v2\/users\/15"}],"wp:featuredmedia":[{"embeddable":true,"href":"https:\/\/raceandequality.org\/es\/wp-json\/wp\/v2\/media\/14217"}],"wp:attachment":[{"href":"https:\/\/raceandequality.org\/es\/wp-json\/wp\/v2\/media?parent=14216"}],"wp:term":[{"taxonomy":"category","embeddable":true,"href":"https:\/\/raceandequality.org\/es\/wp-json\/wp\/v2\/categories?post=14216"},{"taxonomy":"resources_country","embeddable":true,"href":"https:\/\/raceandequality.org\/es\/wp-json\/wp\/v2\/resources_country?post=14216"},{"taxonomy":"resources_language","embeddable":true,"href":"https:\/\/raceandequality.org\/es\/wp-json\/wp\/v2\/resources_language?post=14216"},{"taxonomy":"resources_audience","embeddable":true,"href":"https:\/\/raceandequality.org\/es\/wp-json\/wp\/v2\/resources_audience?post=14216"},{"taxonomy":"resources_format","embeddable":true,"href":"https:\/\/raceandequality.org\/es\/wp-json\/wp\/v2\/resources_format?post=14216"},{"taxonomy":"resources_topic","embeddable":true,"href":"https:\/\/raceandequality.org\/es\/wp-json\/wp\/v2\/resources_topic?post=14216"},{"taxonomy":"resources_year","embeddable":true,"href":"https:\/\/raceandequality.org\/es\/wp-json\/wp\/v2\/resources_year?post=14216"}],"curies":[{"name":"wp","href":"https:\/\/api.w.org\/{rel}","templated":true}]}}