{"id":14228,"date":"2022-05-03T19:23:13","date_gmt":"2022-05-03T19:23:13","guid":{"rendered":"http:\/\/race01.wp\/resources\/dia-mundial-de-la-libertad-de-prensa-periodismo-en-resistencia-dentro-y-fuera-de-nicaragua\/"},"modified":"2023-05-10T11:32:49","modified_gmt":"2023-05-10T11:32:49","slug":"dia-mundial-de-la-libertad-de-prensa-periodismo-en-resistencia-dentro-y-fuera-de-nicaragua","status":"publish","type":"resources","link":"https:\/\/raceandequality.org\/es\/resources\/dia-mundial-de-la-libertad-de-prensa-periodismo-en-resistencia-dentro-y-fuera-de-nicaragua\/","title":{"rendered":"D\u00eda Mundial de la Libertad de Prensa: Periodismo en resistencia dentro y fuera de Nicaragua"},"content":{"rendered":"<p style=\"text-align: justify;\"><b>Washington D.C., 3 de mayo de 2022.-<\/b><span style=\"font-weight: 400;\"> Este 3 de mayo, se conmemora el D\u00eda Mundial de la Libertad de Prensa; sin embargo en Nicaragua, los medios de comunicaci\u00f3n Confidencial, 100% Noticias y La Prensa est\u00e1n confiscados; Radio Dar\u00edo vive bajo permanente asedio de la polic\u00eda, periodistas, comentaristas, trabajadores de medios y colaboradores de organizaciones promotoras de la Libertad de Prensa est\u00e1n arbitrariamente en la c\u00e1rcel; el asesinato del periodista \u00c1ngel Gahona contin\u00faa en la impunidad; m\u00e1s de 100 periodistas informan desde el exilio, y las y los periodistas que reportan desde el terreno lo hacen desde la clandestinidad debido a las represalias.\u00a0<\/span><\/p>\n<p style=\"text-align: justify;\"><span style=\"font-weight: 400;\">Por ello, con el objetivo de denunciar el grave deterioro de la Libertad de Prensa en Nicaragua, el Instituto sobre Raza, Igualdad y Derechos Humanos (Raza e Igualdad) convers\u00f3 con tres periodistas nicarag\u00fcenses exiliados sobre los patrones represivos contra la prensa, su decisi\u00f3n de exiliarse, los retos y oportunidades de informar desde dentro y fuera del pa\u00eds, entre otros aspectos. A continuaci\u00f3n sus comentarios sobre la situaci\u00f3n.\u00a0<\/span><\/p>\n<p style=\"text-align: justify;\">\n<p style=\"text-align: justify;\"><b>Mar\u00eda Lilly Delgado: Hay una nueva versi\u00f3n del periodismo de catacumbas<\/b><span style=\"font-weight: 400;\">\u00a0<\/span><\/p>\n<p style=\"text-align: justify;\"><span style=\"font-weight: 400;\">Mar\u00eda Lilly Delgado es una periodista nicarag\u00fcense con larga trayectoria en medios nacionales e internacionales que, como corresponsal para la cadena internacional Univisi\u00f3n, cubri\u00f3 las protestas de abril del a\u00f1o 2018. En mayo del a\u00f1o 2021, Delgado fue citada a la Fiscal\u00eda como \u201ctestigo\u201d por el caso de supuesto lavado de dinero de la Fundaci\u00f3n Violeta Barrios de Chamorro. Posteriormente, cuando solicit\u00f3 la presencia de un abogado en la cita, las autoridades cambiaron su condici\u00f3n a \u201cinvestigada\u201d y le aplicaron restricci\u00f3n migratoria y \u201cprohibici\u00f3n a salir a lugares p\u00fablicos y reuniones\u201d. Actualmente se encuentra exiliada en Estados Unidos.\u00a0<\/span><\/p>\n<p style=\"text-align: justify;\"><span style=\"font-weight: 400;\">Para Delgado, en Nicaragua, la prensa y los periodistas independientes son perseguidos por pensar y expresarse diferente a la narrativa oficial del r\u00e9gimen, por informar la demanda de justicia de los familiares de las v\u00edctimas de la represi\u00f3n estatal y los familiares de las personas presas pol\u00edticas. \u201cEl r\u00e9gimen quiere aniquilar o silenciar toda voz disidente y cr\u00edtica\u201d, denunci\u00f3.<\/span><\/p>\n<p style=\"text-align: justify;\"><span style=\"font-weight: 400;\">\u201cHay una nueva versi\u00f3n del periodismo de catacumbas a trav\u00e9s de la social media y la web\u201d, afirm\u00f3 refiri\u00e9ndose a que, ante el peligro inminente, las y los periodistas operan de forma an\u00f3nima y \u201cpr\u00e1cticamente clandestina\u201d a lo interno del pa\u00eds.\u00a0<\/span><\/p>\n<p style=\"text-align: justify;\"><span style=\"font-weight: 400;\">Sobre informar desde el exilio, Delgado considera que representa \u201cun enorme reto\u201d porque las mujeres y los hombres de prensa no solo deben reinventarse y expandirse, tambi\u00e9n deben explorar alianzas, hacer periodismo colaborativo con el objetivo de seguir elevando la calidad del contenido period\u00edstico, buscar la sostenibilidad; y adicionalmente, garantizar la seguridad de quienes reportan a lo interno.<\/span><\/p>\n<p style=\"text-align: justify;\"><span style=\"font-weight: 400;\">Pese a los momentos dif\u00edciles que est\u00e1 viviendo el periodismo nicarag\u00fcense, la periodista cree que <\/span><b>es el momento de renovar el compromiso con los principios de la \u00e9tica period\u00edstica, como son la verdad y precisi\u00f3n, independencia y humanidad.<\/b><span style=\"font-weight: 400;\"> \u201cDesde donde estemos intentemos poner nuestro grano de arena con este enorme ej\u00e9rcito de periodistas que desde dentro y fuera de Nicaragua reivindican su derecho a informar sobre la crisis de derechos humanos\u201d, finaliz\u00f3.<\/span><\/p>\n<p style=\"text-align: justify;\">\n<p style=\"text-align: justify;\"><b>Jos\u00e9 Denis Cruz: El r\u00e9gimen no quiere una prensa cr\u00edtica sino una que sea el altoparlante de su discurso<\/b><\/p>\n<p style=\"text-align: justify;\"><span style=\"font-weight: 400;\">Jos\u00e9 Denis Cruz es un periodista nicarag\u00fcense que se encuentra exiliado en Espa\u00f1a. Trabaj\u00f3 en La Prensa y El Nuevo Diario, dos peri\u00f3dicos de edici\u00f3n nacional que cesaron de circular debido a la pol\u00edtica represiva del r\u00e9gimen autoritario de Daniel Ortega y Rosario Murillo. Decidi\u00f3 exiliarse en el a\u00f1o 2018, luego de cubrir las protestas sociales, exponerse a golpizas, balas y otros ataques, y tras concluir que \u201cNicaragua ya no era un pa\u00eds seguro para los periodistas\u201d. Actualmente labora en un medio espa\u00f1ol de fact-checking y verificaci\u00f3n de noticias falsas.\u00a0<\/span><\/p>\n<p style=\"text-align: justify;\"><span style=\"font-weight: 400;\">Para Cruz, ejercer la libertad de prensa sin sufrir represalias es dif\u00edcil. Los medios y periodistas nicarag\u00fcenses han sufrido asedio, censura, amenazas, exilio forzoso, criminalizaci\u00f3n y en el peor de los casos, asesinato. \u201cEse ha sido el costo que ha pagado el periodismo por ejercer la libertad de prensa\u201d, lament\u00f3.\u00a0<\/span><\/p>\n<p style=\"text-align: justify;\"><span style=\"font-weight: 400;\">\u201c<\/span><b>El r\u00e9gimen no quiere una prensa cr\u00edtica <\/b><span style=\"font-weight: 400;\">sino una que sea el altoparlante de su discurso, y el periodismo independiente ha sido valiente en desafiarlo. Las y los periodistas, como toda sociedad que quiere un cambio, defendemos los valores de libertad, justicia y democracia\u201d, expres\u00f3.<\/span><\/p>\n<p style=\"text-align: justify;\"><span style=\"font-weight: 400;\">Sobre informar desde el exilio, Cruz considera que los medios de comunicaci\u00f3n que han surgido desde fuera son admirables, se adelantaron a los tiempos con nuevos formatos como las entrevistas a trav\u00e9s de la plataforma ZOOM y las reuniones editoriales virtuales. Las y los periodistas se las ingenian para contar las noticias desde nuevas narrativas como podcasts y explainers. \u201c<\/span><b>Hay una reinvenci\u00f3n del periodismo <\/b><span style=\"font-weight: 400;\">y por primera vez vemos\u00a0 medios que no est\u00e1n ligados a grupos de poder\u201d. Sin\u00a0 embargo, considera que siempre estar\u00e1 presente el <\/span><b>reto de mantener la calidad, y encontrar el equilibrio entre la salud mental y la sostenibilidad de los medios<\/b><span style=\"font-weight: 400;\">.\u00a0<\/span><\/p>\n<p style=\"text-align: justify;\"><span style=\"font-weight: 400;\">Finalmente, Jos\u00e9 Denis env\u00eda el siguiente mensaje para quienes contin\u00faan informando desde Nicaragua: \u201cTengan cuidado. No queremos m\u00e1s m\u00e1rtires\u2026 Valoramos su valent\u00eda, sin ustedes no supi\u00e9ramos c\u00f3mo va el pa\u00eds\u201d. Para sus colegas en el exilio, env\u00eda un mensaje de resistencia: \u201cSigamos resistiendo y denunciando, desde cualquier espacio, las violaciones a los derechos humanos que comete el r\u00e9gimen\u201d.<\/span><\/p>\n<p style=\"text-align: justify;\">\n<p style=\"text-align: justify;\"><b>Carlos Eddy Monterrey: Este r\u00e9gimen es capaz de todo, es un r\u00e9gimen represivo<\/b><\/p>\n<p style=\"text-align: justify;\"><span style=\"font-weight: 400;\">Carlos Eddy Monterrey es un periodista radial que trabaj\u00f3 como comentarista del noticiero \u201cTras La Noticia\u201d de Radio La Coste\u00f1\u00edsima, el \u00fanico medio de comunicaci\u00f3n independiente en la ciudad de Bluefields, en la Regi\u00f3n Aut\u00f3noma del Caribe Sur de Nicaragua. En su programa radial, Monterrey abordaba la crisis sociopoli\u0301tica y econo\u0301mica, la autonomi\u0301a regional, el debilitamiento de las instituciones, entre otros temas de intere\u0301s regional y local. Como consecuencia de esta labor, el periodista fue agredido verbalmente por un ex Secretario Poli\u0301tico del Frente Sandinista de Liberacio\u0301n Nacional (FSLN) y simpatizantes de dicho partido, tambi\u00e9n sufri\u00f3 constante acoso policial, amenazas y campa\u00f1as de desprestigio. Actualmente est\u00e1 exiliado.<\/span><\/p>\n<p style=\"text-align: justify;\"><span style=\"font-weight: 400;\">Para Monterrey, ejercer la libertad de prensa es \u201cla libertad de informar, tener acceso a la informaci\u00f3n de parte de organismos e instituciones del Estado sin represi\u00f3n, ni censura\u201d, pero esto no sucede en Nicaragua, \u201cel r\u00e9gimen est\u00e1 desafiando todos los acuerdos internacionales\u201d, lament\u00f3.\u00a0<\/span><\/p>\n<p style=\"text-align: justify;\"><span style=\"font-weight: 400;\">El periodista comparti\u00f3 que, pese a que la Comisi\u00f3n Interamericana de Derechos Humanos (CIDH) le extendi\u00f3 medidas cautelares porque su vida e integridad personal se encuentran bajo riesgo y urgencia, \u201cesto definitivamente no ha sido acatado por el Gobierno, por el Estado\u201d. Asimismo, lament\u00f3 que personas con medidas cautelares de la CIDH hayan sido encarceladas.<\/span><\/p>\n<p style=\"text-align: justify;\"><span style=\"font-weight: 400;\">Sobre los retos que enfrentan las y los periodistas en el exilio, Monterrey lament\u00f3 las dificultades econ\u00f3micas, as\u00ed como la necesidad de mantener un \u201cbajo perfil\u201d, no identificarse o evitar hacer publicaciones por miedo a que el r\u00e9gimen tome acciones contra sus familiares.\u00a0<\/span><\/p>\n<p style=\"text-align: justify;\"><span style=\"font-weight: 400;\">Ya sabemos que este r\u00e9gimen es capaz de todo, es un r\u00e9gimen represivo, criminal y viola totalmente todos los derechos humanos, civiles y pol\u00edticos de todos los ciudadanos nicarag\u00fcenses\u201d.\u00a0<\/span><\/p>\n<p style=\"text-align: justify;\"><span style=\"font-weight: 400;\">Por otro lado, denunci\u00f3 que las y los periodistas que contin\u00faan trabajando desde el terreno se enfrentan a acoso constante y amenazas de fan\u00e1ticos; pero tambi\u00e9n destac\u00f3 que tienen una gran capacidad para \u201cingeni\u00e1rselas\u201d, tomar medidas de seguridad, e informar a trav\u00e9s de plataformas digitales. \u201cEsa es la manera en que la poblaci\u00f3n nicarag\u00fcense se da cuenta de lo que ocurre\u201d.\u00a0<\/span><\/p>\n<p style=\"text-align: justify;\"><span style=\"font-weight: 400;\">Finalmente, su llamado es a \u201cseguir resistiendo e informando a un pueblo \u00e1vido de informaci\u00f3n y \u00e1vido de conocer la verdad de lo que realmente est\u00e1 ocurriendo, que es lo que trata de ocultar el r\u00e9gimen Ortega Murillo (&#8230;) que se divulgue la verdad y que seamos cr\u00edticos contra todas las atrocidades y barbaridades que cometen\u201d.<\/span><\/p>\n<p style=\"text-align: justify;\">\n<p style=\"text-align: justify;\"><b>Pronunciamiento<\/b><\/p>\n<p style=\"text-align: justify;\"><span style=\"font-weight: 400;\">En este d\u00eda, Raza e Igualdad se solidariza con las y los periodistas nicarag\u00fcenses que se encuentran dentro y fuera del pa\u00eds; as\u00ed como con las personas trabajadoras de medios de comunicaci\u00f3n, las personas defensoras de la libertad de prensa y sus familias. La continuidad de su labor es fundamental para el restablecimiento de la democracia en Nicaragua as\u00ed como para que las v\u00edctimas y sus familias accedan a la justicia, verdad, reparaci\u00f3n y garant\u00edas de no repetici\u00f3n.<\/span><\/p>\n<p style=\"text-align: justify;\"><span style=\"font-weight: 400;\">Demandamos la liberaci\u00f3n inmediata y sin condiciones de todas las personas presas pol\u00edticas, incluidas personas periodistas, trabajadoras de medios y de organizaciones defensoras de libertad de expresi\u00f3n y libertad de prensa que han sido injustamente condenadas.<\/span><\/p>\n<p style=\"text-align: justify;\"><span style=\"font-weight: 400;\">Instamos al Gobierno de Nicaragua a respetar la libertad de prensa, brindando condiciones para que las y los periodistas desarrollen su trabajo sin enfrentar asedio policial, persecuci\u00f3n, amenazas, judicializaci\u00f3n, exilio, e incluso la muerte.<\/span><\/p>\n<p style=\"text-align: justify;\"><span style=\"font-weight: 400;\">Demandamos la derogaci\u00f3n de la Ley Especial de Ciberdelitos, la Ley de Regulaci\u00f3n de Agentes Extranjeros y otras leyes con las que se ha criminalizado el ejercicio de la libertad de expresi\u00f3n, la libertad de prensa y el derecho de informar.\u00a0 <\/span><\/p>\n<p style=\"text-align: justify;\">\n","protected":false},"excerpt":{"rendered":"<p>Washington D.C., 3 de mayo de 2022.- Este 3 de mayo, se conmemora el D\u00eda Mundial de la Libertad de Prensa; sin embargo en Nicaragua, los medios de comunicaci\u00f3n Confidencial, [&hellip;]<\/p>\n","protected":false},"author":15,"featured_media":14229,"parent":0,"menu_order":0,"template":"","format":"standard","categories":[1169],"resources_country":[1199],"resources_language":[],"resources_audience":[],"resources_format":[],"resources_topic":[],"resources_year":[],"class_list":["post-14228","resources","type-resources","status-publish","format-standard","has-post-thumbnail","hentry","category-nicaragua","resources_country-nicaragua-es"],"acf":[],"aioseo_notices":[],"_links":{"self":[{"href":"https:\/\/raceandequality.org\/es\/wp-json\/wp\/v2\/resources\/14228","targetHints":{"allow":["GET"]}}],"collection":[{"href":"https:\/\/raceandequality.org\/es\/wp-json\/wp\/v2\/resources"}],"about":[{"href":"https:\/\/raceandequality.org\/es\/wp-json\/wp\/v2\/types\/resources"}],"author":[{"embeddable":true,"href":"https:\/\/raceandequality.org\/es\/wp-json\/wp\/v2\/users\/15"}],"wp:featuredmedia":[{"embeddable":true,"href":"https:\/\/raceandequality.org\/es\/wp-json\/wp\/v2\/media\/14229"}],"wp:attachment":[{"href":"https:\/\/raceandequality.org\/es\/wp-json\/wp\/v2\/media?parent=14228"}],"wp:term":[{"taxonomy":"category","embeddable":true,"href":"https:\/\/raceandequality.org\/es\/wp-json\/wp\/v2\/categories?post=14228"},{"taxonomy":"resources_country","embeddable":true,"href":"https:\/\/raceandequality.org\/es\/wp-json\/wp\/v2\/resources_country?post=14228"},{"taxonomy":"resources_language","embeddable":true,"href":"https:\/\/raceandequality.org\/es\/wp-json\/wp\/v2\/resources_language?post=14228"},{"taxonomy":"resources_audience","embeddable":true,"href":"https:\/\/raceandequality.org\/es\/wp-json\/wp\/v2\/resources_audience?post=14228"},{"taxonomy":"resources_format","embeddable":true,"href":"https:\/\/raceandequality.org\/es\/wp-json\/wp\/v2\/resources_format?post=14228"},{"taxonomy":"resources_topic","embeddable":true,"href":"https:\/\/raceandequality.org\/es\/wp-json\/wp\/v2\/resources_topic?post=14228"},{"taxonomy":"resources_year","embeddable":true,"href":"https:\/\/raceandequality.org\/es\/wp-json\/wp\/v2\/resources_year?post=14228"}],"curies":[{"name":"wp","href":"https:\/\/api.w.org\/{rel}","templated":true}]}}