{"id":14310,"date":"2022-06-15T21:04:33","date_gmt":"2022-06-15T21:04:33","guid":{"rendered":"http:\/\/race01.wp\/resources\/brian-nichols-en-presos-por-que-detencion-y-juicios-por-motivos-politicos-a-manifestantes-son-una-afrenta-para-la-democracia-en-cuba-nicaragua-y-venezuela\/"},"modified":"2023-10-18T17:21:59","modified_gmt":"2023-10-18T17:21:59","slug":"brian-nichols-en-presos-por-que-detencion-y-juicios-por-motivos-politicos-a-manifestantes-son-una-afrenta-para-la-democracia-en-cuba-nicaragua-y-venezuela","status":"publish","type":"resources","link":"https:\/\/raceandequality.org\/es\/resources\/brian-nichols-en-presos-por-que-detencion-y-juicios-por-motivos-politicos-a-manifestantes-son-una-afrenta-para-la-democracia-en-cuba-nicaragua-y-venezuela\/","title":{"rendered":"Brian Nichols en \u201c\u00bfPresos Por Qu\u00e9?\u201d: Detenci\u00f3n y juicios por motivos pol\u00edticos a manifestantes son una afrenta para la democracia en Cuba, Nicaragua y Venezuela"},"content":{"rendered":"<p style=\"text-align: justify;\"><b>Washington DC, 15 de junio de 2022.- <\/b><span style=\"font-weight: 400;\">Las detenciones de manifestantes pac\u00edficos en Cuba, Nicaragua y Venezuela son una afrenta para la democracia y los juicios buscan silenciar la libertad de expresi\u00f3n, resalt\u00f3 el<\/span> <span style=\"font-weight: 400;\">Subsecretario de Estado para Asuntos d<\/span><span style=\"font-weight: 400;\">el Hemisferio Occidental, <\/span><b>Brian A. Nichols<\/b><span style=\"font-weight: 400;\">, durante el evento <\/span><b>\u201c\u00bfPresos por qu\u00e9?: Personas presas por motivos pol\u00edticos en Cuba, Nicaragua y Venezuela\u201d<\/b><span style=\"font-weight: 400;\">, organizado por el Consorcio Latinoamericano de Derechos Humanos, del cual forma parte el <\/span><b>Instituto sobre Raza, Igualdad y Derechos Humanos (Raza e Igualdad)<\/b><span style=\"font-weight: 400;\">.<\/span><\/p>\n<p style=\"text-align: justify;\"><span style=\"font-weight: 400;\">Este evento se realiz\u00f3 en el marco de la IX <\/span><b>Cumbre de las Am\u00e9ricas<\/b><span style=\"font-weight: 400;\"> con el <\/span><span style=\"font-weight: 400;\">objetivo de generar un espacio de reflexi\u00f3n y di\u00e1logo sobre las circunstancias y condiciones que experimentan las personas privadas de libertad en el ejercicio de sus derechos fundamentales en esos tres pa\u00edses. Aparte de Nichols, en este espacio particip\u00f3 el\u00a0 Relator de la Comisi\u00f3n Interamericana de Derechos Humanos (CIDH) sobre los Derechos de las Personas Privadas de Libertad y para la Prevenci\u00f3n y Combate a la Tortura, Edgar Stuardo Ral\u00f3n, as\u00ed como familiares de personas presas pol\u00edticas y activistas.<\/span><\/p>\n<p style=\"text-align: justify;\"><span style=\"font-weight: 400;\">\u201cEstados Unidos, junto con sus socios y aliados en todo el mundo, sigue presionando para que se libere a todas las personas detenidas injustamente por motivos pol\u00edticos y para que se ponga fin a las violaciones de derechos humanos y para que se den las condiciones para la celebraci\u00f3n de elecciones libres y justas que permitan a los venezolanos, cubanos y nicarag\u00fcenses elegir por s\u00ed mismos a sus dirigentes\u201d, expres\u00f3 Nichols.<\/span><\/p>\n<p style=\"text-align: justify;\"><b>Stuardo Ral\u00f3n: \u201c<\/b><b>La CIDH quiere reiterar el compromiso de condenar esta situaci\u00f3n\u201d<\/b><\/p>\n<p style=\"text-align: justify;\"><span style=\"font-weight: 400;\">Por su parte, <\/span><span style=\"font-weight: 400;\">el Relator de la CIDH sobre los Derechos de las Personas Privadas de Libertad y para la Prevenci\u00f3n y Combate a la Tortura, <\/span><b>Edgar Stuardo Ral\u00f3n, asegur\u00f3 que l<\/b><b>as c\u00e1rceles en las que se encuentran las personas presas pol\u00edticas <\/b><span style=\"font-weight: 400;\">\u201cse caracterizan por altos niveles de hacinamiento, alojamiento en celdas con deficiencias estructurales y condiciones insalubres; empleo de medidas de aislamiento, falta de acceso a agua potable; alimentaci\u00f3n adecuada y medicamentos; empleo de pr\u00e1cticas de tortura y otros malos tratos\u201d.<\/span><\/p>\n<p style=\"text-align: justify;\"><span style=\"font-weight: 400;\">Ral\u00f3n dijo que la situaci\u00f3n en los tres pa\u00edses es grave y particularmente en Cuba se volvi\u00f3 mucho m\u00e1s complicada a ra\u00edz de las protestas del 11 y 12 de julio de 2021, que el r\u00e9gimen reprimi\u00f3 con violencia; tal cual ocurri\u00f3 en las manifestaciones pac\u00edficas de Nicaragua en 2018 y Venezuela en 2014.<\/span><\/p>\n<p style=\"text-align: justify;\"><span style=\"font-weight: 400;\">\u201cLa Comisi\u00f3n Interamericana de Derechos Humanos quiere reiterar el compromiso de condenar esta situaci\u00f3n y exigir la liberaci\u00f3n de todos los presos pol\u00edticos. El compromiso de la Comisi\u00f3n es de visibilizar todas estas situaciones con todos los instrumentos a su alcance, sean estos comunicados de prensa, medidas cautelares para poner fin a este r\u00e9gimen de represi\u00f3n\u201d.\u00a0<\/span><\/p>\n<p style=\"text-align: justify;\"><b>Anamely Ramos: \u201c<\/b><b>En Cuba, los presos pol\u00edticos no solo son v\u00edctimas, tambi\u00e9n son h\u00e9roes\u201d<\/b><\/p>\n<p style=\"text-align: justify;\"><span style=\"font-weight: 400;\">En Cuba hay m\u00e1s de 1400 personas presas pol\u00edticas a ra\u00edz de las manifestaciones del 11 y 12 de julio y las condiciones en que se encuentran son inhumanas completamente, seg\u00fan datos de las organizaciones Cubalex y Justicia11J.<\/span><\/p>\n<p style=\"text-align: justify;\"><b>Anamely Ramos<\/b><span style=\"font-weight: 400;\">, artista cubana y defensora de derechos humanos expres\u00f3 que la situaci\u00f3n es dif\u00edcil para todas las personas presas pol\u00edticas, pero especialmente para las mujeres. \u201cLas mujeres que est\u00e1n presas, adem\u00e1s que la mitad son madres que est\u00e1n separadas de sus hijos, son sometidas a actos degradantes y todo tipo de humillaciones\u201d, expres\u00f3, y solicit\u00f3 que se de acceso a las prisiones para constatar la condici\u00f3n de salud de las personas presas pol\u00edticas, m\u00e1s apoyo a la sociedad civil, mayor visibilizaci\u00f3n al encarcelamiento de menores de edad y denunciar la complicidad de los sistemas de justicia de los tres pa\u00edses en favor de sus reg\u00edmenes.\u00a0<\/span><\/p>\n<p style=\"text-align: justify;\"><span style=\"font-weight: 400;\">\u00abEn Cuba, los presos pol\u00edticos no solo son v\u00edctimas, tambi\u00e9n son h\u00e9roes. No comenzaron a ser presos cuando fueron detenidos, sino desde que nacieron\u00bb, resalt\u00f3 Ramos.<\/span><span style=\"font-weight: 400;\"><br \/>\n<\/span><\/p>\n<p style=\"text-align: justify;\"><b>Victoria C\u00e1rdenas de Nicaragua: <\/b><b>\u201cUn\u00e1monos al grito de Libertad\u201d<\/b><\/p>\n<p style=\"text-align: justify;\"><span style=\"font-weight: 400;\">Un 8 de junio, pero de 2021, el precandidato presidencial Juan Sebasti\u00e1n Chamorro fue detenido por la Polic\u00eda del r\u00e9gimen de Daniel Ortega y su esposa, la empresaria Victoria C\u00e1rdenas, tuvo que exiliarse para no ser apresada tambi\u00e9n. En prisi\u00f3n, Chamorro ha perdido m\u00e1s de 50 libras de peso y se encuentra irreconocible, seg\u00fan las personas que han logrado visitarlo s\u00f3lo siete veces en el \u00faltimo a\u00f1o.<\/span><\/p>\n<p style=\"text-align: justify;\"><span style=\"font-weight: 400;\">Hasta inicios del mes de junio en Nicaragua hab\u00edan 184 personas presas pol\u00edticas y de ellas, 180 ya hab\u00edan recibido una condena en juicios carentes del debido proceso y en los cuales se utilizaron a polic\u00edas como testigos.\u00a0<\/span><\/p>\n<p style=\"text-align: justify;\"><span style=\"font-weight: 400;\">\u201cInvito a todos a alzar nuestras voces por todas esas voces que reg\u00edmenes autoritarios como el de Cuba, Venezuela y Nicaragua quisieron callar. Un\u00e1monos al grito de libertad.\u00a0 Hago un llamado a la comunidad internacional, a los jefes de Estado, a los organismos internacionales de derechos humanos, a la sociedad civil, al empresariado del continente y del mundo y a las personas de buena voluntad, a hacer todo lo necesario para conseguir que se cumpla con lo que la Corte Interamericana de Derechos Humanos ha ordenado y se les libere inmediatamente\u201d, agreg\u00f3 C\u00e1rdenas.\u00a0<\/span><\/p>\n<p style=\"text-align: justify;\"><span style=\"font-weight: 400;\">Sobre la situaci\u00f3n de Nicaragua, el director de Raza e Igualdad, Carlos Quesada, recalc\u00f3 que desde el inicio de las protestas de abril de 2018, al menos 1,614 nicarag\u00fcenses fueron detenidos arbitrariamente hasta mayo de 2020. \u201cEn la mayor\u00eda de los casos lo que se ha criminalizado es el derecho a la libertad de expresi\u00f3n\u00bb, dijo Quesada.<\/span><\/p>\n<p style=\"text-align: justify;\"><span style=\"font-weight: 400;\">Para finalizar, Quesada asegur\u00f3 que seguir\u00e1n denunciando las violaciones a los derechos humanos que comete el r\u00e9gimen de Ortega en Nicaragua en contra de las m\u00e1s de 180 personas presas pol\u00edticas y para ello lanzar\u00e1n la campa\u00f1a \u201cNicas Libres Ya\u201d que busca visibilizar sus historias y lograr el apoyo necesario para su pronta liberaci\u00f3n.\u00a0<\/span><\/p>\n<p style=\"text-align: justify;\"><b>Munira Mu\u00f1oz<\/b><span style=\"font-weight: 400;\">:<\/span><b> \u201cEn Venezuela tenemos 235 personas presas pol\u00edticas\u201d<\/b><\/p>\n<p style=\"text-align: justify;\"><b>Munira Mu\u00f1oz<\/b><span style=\"font-weight: 400;\">, abogada y coordinadora de la organizaci\u00f3n Foro Penal USA\/Venezuela, record\u00f3 que \u201cen Venezuela tenemos 235 personas presas pol\u00edticas de las cuales 15 son mujeres\u201d. <\/span><span style=\"font-weight: 400;\">En este pa\u00eds han muerto por lo menos 10 personas presas pol\u00edticas desde el a\u00f1o 2014, y muchas de ellas son confinadas junto a presos comunes.\u00a0<\/span><\/p>\n<p style=\"text-align: justify;\"><span style=\"font-weight: 400;\">Mu\u00f1\u00f3z mencion\u00f3 el caso de la presa pol\u00edtica Emirlendris Ben\u00edtez, de 41 a\u00f1os, quien fue arrestada en agosto de 2018. \u201cSe le imputaron delitos de terrorismo, asociaci\u00f3n para delinquir, homicidio intencional en grado de frustraci\u00f3n en contra <\/span><span style=\"font-weight: 400;\">del Presidente de la Rep\u00fablica, homicidio intencional con alevos\u00eda en contra del alto mando militar, da\u00f1os a la propiedad p\u00fablica y detentaci\u00f3n de artefactos explosivos. Ella se encontraba dando un servicio de transporte con su esposo quien tambi\u00e9n se encuentra preso\u201d.\u00a0<\/span><\/p>\n<p style=\"text-align: justify;\"><span style=\"font-weight: 400;\">Ben\u00edtez perdi\u00f3 la movilidad de sus piernas tras sufrir un aborto por el maltrato recibido al momento de su detenci\u00f3n y en 2021 su hermana denunci\u00f3 que su situaci\u00f3n de salud era bastante delicada.<\/span><\/p>\n<p style=\"text-align: justify;\"><b>Situaci\u00f3n grave para personas defensoras de derechos humanos<\/b><\/p>\n<p style=\"text-align: justify;\"><span style=\"font-weight: 400;\">El Director Ejecutivo de Raza e Igualdad, Carlos Quesada, relat\u00f3 que la situaci\u00f3n es grave para todas las personas de los tres pa\u00edses, pero especialmente para los defensores y defensoras de derechos humanos y las personas activistas que, incluso cuando pretend\u00edan ir a Los \u00c1ngeles para participar en la Cumbre de las Am\u00e9ricas, fueron impedidas por las autoridades cubanas.\u00a0<\/span><\/p>\n<p style=\"text-align: justify;\"><span style=\"font-weight: 400;\">\u201cEn particular se imponen (restricciones) para impedir la participaci\u00f3n (de activistas) en foros internacionales donde se pretende exponer violaciones a los derechos humanos por parte del r\u00e9gimen cubano\u201d, agreg\u00f3 Quesada.<\/span><\/p>\n<p style=\"text-align: justify;\"><span style=\"font-weight: 400;\">Esta situaci\u00f3n se ha registrado en Nicaragua, Cuba y Venezuela, cuyos Gobiernos limitan los viajes de quienes consideran oposici\u00f3n pol\u00edtica para evitar las denuncias a nivel internacional sobre las violaciones a los derechos humanos.\u00a0<\/span><\/p>\n<p style=\"text-align: justify;\"><b>Pronunciamiento<\/b><\/p>\n<p style=\"text-align: justify;\"><span style=\"font-weight: 400;\">Desde el Instituto sobre Raza, Igualdad y Derechos Humanos (Raza e Igualdad) no cesamos en demandar la liberaci\u00f3n inmediata y sin condiciones de todas las personas presas pol\u00edticas de Cuba, Nicaragua y Venezuela. Asimismo, instamos a los Estados a cumplir con las Reglas Mi\u0301nimas de las Naciones Unidas para el Tratamiento de las Personas Reclusas (Reglas Nelson Mandela) en los centros penitenciarios.\u00a0<\/span><\/p>\n<p style=\"text-align: justify;\"><span style=\"font-weight: 400;\">Es imperativo que estos pa\u00edses acaten las recomendaciones de la Corte Interamericana de Derechos Humanos (Corte-IDH), la Comisi\u00f3n Interamericana de Derechos Humanos (CIDH), el Consejo de Derechos Humanos de Naciones Unidas (CDH), \u00f3rganos de los tratados y los procedimientos especiales.\u00a0<\/span><\/p>\n<p style=\"text-align: justify;\"><span style=\"font-weight: 400;\">\u00a1Libertad para las personas presas pol\u00edticas!<\/span><\/p>\n","protected":false},"excerpt":{"rendered":"<p>Washington DC, 15 de junio de 2022.- Las detenciones de manifestantes pac\u00edficos en Cuba, Nicaragua y Venezuela son una afrenta para la democracia y los juicios buscan silenciar la libertad [&hellip;]<\/p>\n","protected":false},"author":15,"featured_media":11001,"parent":0,"menu_order":0,"template":"","format":"standard","categories":[1123,1169],"resources_country":[1193,1199],"resources_language":[],"resources_audience":[],"resources_format":[],"resources_topic":[1208],"resources_year":[],"class_list":["post-14310","resources","type-resources","status-publish","format-standard","has-post-thumbnail","hentry","category-cuba","category-nicaragua","resources_country-cuba-es","resources_country-nicaragua-es","resources_topic-consorcio-de-derechos-humanos"],"acf":[],"aioseo_notices":[],"_links":{"self":[{"href":"https:\/\/raceandequality.org\/es\/wp-json\/wp\/v2\/resources\/14310","targetHints":{"allow":["GET"]}}],"collection":[{"href":"https:\/\/raceandequality.org\/es\/wp-json\/wp\/v2\/resources"}],"about":[{"href":"https:\/\/raceandequality.org\/es\/wp-json\/wp\/v2\/types\/resources"}],"author":[{"embeddable":true,"href":"https:\/\/raceandequality.org\/es\/wp-json\/wp\/v2\/users\/15"}],"wp:featuredmedia":[{"embeddable":true,"href":"https:\/\/raceandequality.org\/es\/wp-json\/wp\/v2\/media\/11001"}],"wp:attachment":[{"href":"https:\/\/raceandequality.org\/es\/wp-json\/wp\/v2\/media?parent=14310"}],"wp:term":[{"taxonomy":"category","embeddable":true,"href":"https:\/\/raceandequality.org\/es\/wp-json\/wp\/v2\/categories?post=14310"},{"taxonomy":"resources_country","embeddable":true,"href":"https:\/\/raceandequality.org\/es\/wp-json\/wp\/v2\/resources_country?post=14310"},{"taxonomy":"resources_language","embeddable":true,"href":"https:\/\/raceandequality.org\/es\/wp-json\/wp\/v2\/resources_language?post=14310"},{"taxonomy":"resources_audience","embeddable":true,"href":"https:\/\/raceandequality.org\/es\/wp-json\/wp\/v2\/resources_audience?post=14310"},{"taxonomy":"resources_format","embeddable":true,"href":"https:\/\/raceandequality.org\/es\/wp-json\/wp\/v2\/resources_format?post=14310"},{"taxonomy":"resources_topic","embeddable":true,"href":"https:\/\/raceandequality.org\/es\/wp-json\/wp\/v2\/resources_topic?post=14310"},{"taxonomy":"resources_year","embeddable":true,"href":"https:\/\/raceandequality.org\/es\/wp-json\/wp\/v2\/resources_year?post=14310"}],"curies":[{"name":"wp","href":"https:\/\/api.w.org\/{rel}","templated":true}]}}